{"id":1317,"date":"2025-10-27T11:22:02","date_gmt":"2025-10-27T10:22:02","guid":{"rendered":"https:\/\/www.archimbaudopticien.com\/blog\/?page_id=1317"},"modified":"2025-11-19T16:06:46","modified_gmt":"2025-11-19T15:06:46","slug":"les-mois-de-la-vision-solidaire","status":"publish","type":"page","link":"https:\/\/www.archimbaudopticien.com\/blog\/les-mois-de-la-vision-solidaire","title":{"rendered":"Les Mois de la Vision Solidaire"},"content":{"rendered":"[vc_row type=\u00a0\u00bbin_container\u00a0\u00bb full_screen_row_position=\u00a0\u00bbmiddle\u00a0\u00bb column_margin=\u00a0\u00bbdefault\u00a0\u00bb column_direction=\u00a0\u00bbdefault\u00a0\u00bb column_direction_tablet=\u00a0\u00bbdefault\u00a0\u00bb column_direction_phone=\u00a0\u00bbdefault\u00a0\u00bb scene_position=\u00a0\u00bbcenter\u00a0\u00bb top_padding=\u00a0\u00bb2%\u00a0\u00bb constrain_group_1=\u00a0\u00bbyes\u00a0\u00bb bottom_padding=\u00a0\u00bb2%\u00a0\u00bb left_padding_desktop=\u00a0\u00bb10%\u00a0\u00bb constrain_group_2=\u00a0\u00bbyes\u00a0\u00bb right_padding_desktop=\u00a0\u00bb10%\u00a0\u00bb top_margin=\u00a0\u00bb0&Prime; text_color=\u00a0\u00bblight\u00a0\u00bb text_align=\u00a0\u00bbleft\u00a0\u00bb row_border_radius=\u00a0\u00bbnone\u00a0\u00bb row_border_radius_applies=\u00a0\u00bbbg\u00a0\u00bb zindex=\u00a0\u00bb100&Prime; overflow=\u00a0\u00bbhidden\u00a0\u00bb enable_gradient=\u00a0\u00bbtrue\u00a0\u00bb advanced_gradient_angle=\u00a0\u00bb0&Prime; overlay_strength=\u00a0\u00bb0.3&Prime; gradient_direction=\u00a0\u00bbradial\u00a0\u00bb shape_divider_position=\u00a0\u00bbbottom\u00a0\u00bb bg_image_animation=\u00a0\u00bbfade-in\u00a0\u00bb mobile_disable_bg_image_animation=\u00a0\u00bbtrue\u00a0\u00bb shape_type=\u00a0\u00bb\u00a0\u00bb gradient_type=\u00a0\u00bbdefault\u00a0\u00bb][vc_column column_padding=\u00a0\u00bbno-extra-padding\u00a0\u00bb column_padding_tablet=\u00a0\u00bbinherit\u00a0\u00bb column_padding_phone=\u00a0\u00bbinherit\u00a0\u00bb column_padding_position=\u00a0\u00bbtop-bottom\u00a0\u00bb column_element_direction_desktop=\u00a0\u00bbdefault\u00a0\u00bb column_element_spacing=\u00a0\u00bb0px\u00a0\u00bb desktop_text_alignment=\u00a0\u00bbdefault\u00a0\u00bb tablet_text_alignment=\u00a0\u00bbdefault\u00a0\u00bb phone_text_alignment=\u00a0\u00bbdefault\u00a0\u00bb background_color_opacity=\u00a0\u00bb1&Prime; background_hover_color_opacity=\u00a0\u00bb1&Prime; column_backdrop_filter=\u00a0\u00bbnone\u00a0\u00bb column_shadow=\u00a0\u00bbnone\u00a0\u00bb column_border_radius=\u00a0\u00bbnone\u00a0\u00bb column_link_target=\u00a0\u00bb_self\u00a0\u00bb column_position=\u00a0\u00bbstatic\u00a0\u00bb advanced_gradient_angle=\u00a0\u00bb0&Prime; gradient_direction=\u00a0\u00bbleft_to_right\u00a0\u00bb overlay_strength=\u00a0\u00bb0.3&Prime; width=\u00a0\u00bb1\/1&Prime; tablet_width_inherit=\u00a0\u00bbdefault\u00a0\u00bb animation_type=\u00a0\u00bbdefault\u00a0\u00bb bg_image_animation=\u00a0\u00bbnone\u00a0\u00bb border_type=\u00a0\u00bbsimple\u00a0\u00bb column_border_width=\u00a0\u00bbnone\u00a0\u00bb column_border_style=\u00a0\u00bbsolid\u00a0\u00bb gradient_type=\u00a0\u00bbdefault\u00a0\u00bb column_padding_type=\u00a0\u00bbdefault\u00a0\u00bb][image_with_animation image_url=\u00a0\u00bb1318&Prime; image_size=\u00a0\u00bbfull\u00a0\u00bb max_width=\u00a0\u00bb75%\u00a0\u00bb max_width_mobile=\u00a0\u00bbdefault\u00a0\u00bb animation_type=\u00a0\u00bbentrance\u00a0\u00bb animation=\u00a0\u00bbNone\u00a0\u00bb animation_movement_type=\u00a0\u00bbtransform_y\u00a0\u00bb hover_animation=\u00a0\u00bbnone\u00a0\u00bb alignment=\u00a0\u00bbcenter\u00a0\u00bb border_radius=\u00a0\u00bbnone\u00a0\u00bb box_shadow=\u00a0\u00bbnone\u00a0\u00bb image_loading=\u00a0\u00bbdefault\u00a0\u00bb][\/vc_column][\/vc_row][vc_row type=\u00a0\u00bbin_container\u00a0\u00bb full_screen_row_position=\u00a0\u00bbmiddle\u00a0\u00bb column_margin=\u00a0\u00bbdefault\u00a0\u00bb column_direction=\u00a0\u00bbdefault\u00a0\u00bb column_direction_tablet=\u00a0\u00bbdefault\u00a0\u00bb column_direction_phone=\u00a0\u00bbdefault\u00a0\u00bb scene_position=\u00a0\u00bbcenter\u00a0\u00bb left_padding_desktop=\u00a0\u00bb4%\u00a0\u00bb constrain_group_2=\u00a0\u00bbyes\u00a0\u00bb right_padding_desktop=\u00a0\u00bb4%\u00a0\u00bb text_color=\u00a0\u00bbdark\u00a0\u00bb text_align=\u00a0\u00bbleft\u00a0\u00bb row_border_radius=\u00a0\u00bbnone\u00a0\u00bb row_border_radius_applies=\u00a0\u00bbbg\u00a0\u00bb overflow=\u00a0\u00bbvisible\u00a0\u00bb overlay_strength=\u00a0\u00bb0.3&Prime; gradient_direction=\u00a0\u00bbleft_to_right\u00a0\u00bb shape_divider_position=\u00a0\u00bbbottom\u00a0\u00bb bg_image_animation=\u00a0\u00bbnone\u00a0\u00bb gradient_type=\u00a0\u00bbdefault\u00a0\u00bb shape_type=\u00a0\u00bb\u00a0\u00bb][vc_column column_padding=\u00a0\u00bbpadding-5-percent\u00a0\u00bb column_padding_tablet=\u00a0\u00bbinherit\u00a0\u00bb column_padding_phone=\u00a0\u00bbpadding-3-percent\u00a0\u00bb column_padding_position=\u00a0\u00bbtop-bottom\u00a0\u00bb column_element_direction_desktop=\u00a0\u00bbdefault\u00a0\u00bb column_element_spacing=\u00a0\u00bbdefault\u00a0\u00bb desktop_text_alignment=\u00a0\u00bbdefault\u00a0\u00bb tablet_text_alignment=\u00a0\u00bbdefault\u00a0\u00bb phone_text_alignment=\u00a0\u00bbdefault\u00a0\u00bb background_color_opacity=\u00a0\u00bb1&Prime; background_hover_color_opacity=\u00a0\u00bb1&Prime; column_backdrop_filter=\u00a0\u00bbnone\u00a0\u00bb column_shadow=\u00a0\u00bbnone\u00a0\u00bb column_border_radius=\u00a0\u00bbnone\u00a0\u00bb column_link_target=\u00a0\u00bb_self\u00a0\u00bb column_position=\u00a0\u00bbdefault\u00a0\u00bb gradient_direction=\u00a0\u00bbleft_to_right\u00a0\u00bb overlay_strength=\u00a0\u00bb0.3&Prime; width=\u00a0\u00bb1\/1&Prime; tablet_width_inherit=\u00a0\u00bbdefault\u00a0\u00bb animation_type=\u00a0\u00bbdefault\u00a0\u00bb bg_image_animation=\u00a0\u00bbnone\u00a0\u00bb border_type=\u00a0\u00bbsimple\u00a0\u00bb column_border_width=\u00a0\u00bbnone\u00a0\u00bb column_border_style=\u00a0\u00bbsolid\u00a0\u00bb column_padding_type=\u00a0\u00bbdefault\u00a0\u00bb gradient_type=\u00a0\u00bbdefault\u00a0\u00bb][split_line_heading animation_type=\u00a0\u00bbline-reveal-by-space\u00a0\u00bb font_style=\u00a0\u00bbh1&Prime; text_color=\u00a0\u00bb#333333&Prime; line_reveal_by_space_text_effect=\u00a0\u00bbletter-reveal-bottom\u00a0\u00bb content_alignment=\u00a0\u00bbdefault\u00a0\u00bb mobile_content_alignment=\u00a0\u00bbinherit\u00a0\u00bb link_target=\u00a0\u00bb_self\u00a0\u00bb text_content=\u00a0\u00bbLes Mois de la Vision Solidaire\u00a0\u00bb text_direction=\u00a0\u00bbdefault\u00a0\u00bb][\/split_line_heading][divider line_type=\u00a0\u00bbNo Line\u00a0\u00bb custom_height=\u00a0\u00bb15px\u00a0\u00bb][vc_column_text css=\u00a0\u00bb\u00a0\u00bb text_direction=\u00a0\u00bbdefault\u00a0\u00bb]<strong>Un engagement pour votre vue et pour les autres<\/strong><\/p>\n<p>Chaque ann\u00e9e, Archimbaud Opticien organise \u201cLes Mois de la Vision Solidaire\u201d, une op\u00e9ration unique alliant confort visuel, \u00e9conomie et solidarit\u00e9.<br \/>\nRapportez vos anciennes lunettes et b\u00e9n\u00e9ficiez d\u2019une reprise jusqu\u2019\u00e0 200 \u20ac sur votre nouvel \u00e9quipement optique, tout en donnant une seconde vie \u00e0 vos montures.[\/vc_column_text][divider line_type=\u00a0\u00bbNo Line\u00a0\u00bb custom_height=\u00a0\u00bb50px\u00a0\u00bb][split_line_heading animation_type=\u00a0\u00bbline-reveal-by-space\u00a0\u00bb font_style=\u00a0\u00bbh2&Prime; text_color=\u00a0\u00bb#333333&Prime; line_reveal_by_space_text_effect=\u00a0\u00bbnone\u00a0\u00bb content_alignment=\u00a0\u00bbdefault\u00a0\u00bb mobile_content_alignment=\u00a0\u00bbinherit\u00a0\u00bb link_target=\u00a0\u00bb_self\u00a0\u00bb text_content=\u00a0\u00bbPourquoi participer \u00e0 l\u2019op\u00e9ration ?\u00a0\u00bb text_direction=\u00a0\u00bbdefault\u00a0\u00bb][\/split_line_heading][divider line_type=\u00a0\u00bbFull Width Line\u00a0\u00bb line_thickness=\u00a0\u00bb1&Prime; divider_color=\u00a0\u00bbaccent-color\u00a0\u00bb][divider line_type=\u00a0\u00bbNo Line\u00a0\u00bb custom_height=\u00a0\u00bb15px\u00a0\u00bb][vc_row_inner equal_height=\u00a0\u00bbyes\u00a0\u00bb content_placement=\u00a0\u00bbmiddle\u00a0\u00bb column_margin=\u00a0\u00bbdefault\u00a0\u00bb column_direction=\u00a0\u00bbdefault\u00a0\u00bb column_direction_tablet=\u00a0\u00bbdefault\u00a0\u00bb column_direction_phone=\u00a0\u00bbdefault\u00a0\u00bb text_align=\u00a0\u00bbleft\u00a0\u00bb row_position=\u00a0\u00bbdefault\u00a0\u00bb row_position_tablet=\u00a0\u00bbinherit\u00a0\u00bb row_position_phone=\u00a0\u00bbinherit\u00a0\u00bb overflow=\u00a0\u00bbvisible\u00a0\u00bb pointer_events=\u00a0\u00bball\u00a0\u00bb el_id=\u00a0\u00bbReprise\u00a0\u00bb][vc_column_inner column_padding=\u00a0\u00bbno-extra-padding\u00a0\u00bb column_padding_tablet=\u00a0\u00bbinherit\u00a0\u00bb column_padding_phone=\u00a0\u00bbinherit\u00a0\u00bb column_padding_position=\u00a0\u00bball\u00a0\u00bb column_element_direction_desktop=\u00a0\u00bbdefault\u00a0\u00bb column_element_spacing=\u00a0\u00bbdefault\u00a0\u00bb desktop_text_alignment=\u00a0\u00bbdefault\u00a0\u00bb tablet_text_alignment=\u00a0\u00bbdefault\u00a0\u00bb phone_text_alignment=\u00a0\u00bbdefault\u00a0\u00bb background_color_opacity=\u00a0\u00bb1&Prime; background_hover_color_opacity=\u00a0\u00bb1&Prime; column_backdrop_filter=\u00a0\u00bbnone\u00a0\u00bb column_shadow=\u00a0\u00bbnone\u00a0\u00bb column_border_radius=\u00a0\u00bbnone\u00a0\u00bb column_link_target=\u00a0\u00bb_self\u00a0\u00bb overflow=\u00a0\u00bbvisible\u00a0\u00bb gradient_direction=\u00a0\u00bbleft_to_right\u00a0\u00bb overlay_strength=\u00a0\u00bb0.3&Prime; width=\u00a0\u00bb1\/2&Prime; tablet_width_inherit=\u00a0\u00bbdefault\u00a0\u00bb animation_type=\u00a0\u00bbdefault\u00a0\u00bb bg_image_animation=\u00a0\u00bbnone\u00a0\u00bb border_type=\u00a0\u00bbsimple\u00a0\u00bb column_border_width=\u00a0\u00bbnone\u00a0\u00bb column_border_style=\u00a0\u00bbsolid\u00a0\u00bb][vc_column_text css=\u00a0\u00bb\u00a0\u00bb text_direction=\u00a0\u00bbdefault\u00a0\u00bb]\n<h3><strong>Reprise de vos anciennes lunettes<\/strong><\/h3>\n<p>Vous souhaitez changer de lunettes ? C\u2019est le moment id\u00e9al !<\/p>\n<p>Apportez votre ancienne paire dans l\u2019un de nos magasins Archimbaud Opticien \u00e0 Marseille 2e, Marseille 12e ou Salon-de-Provence, et recevez jusqu\u2019\u00e0 200 \u20ac de reprise \u00e0 valoir sur votre nouvel \u00e9quipement avec verres correcteurs.<\/p>\n<ul>\n<li>200 \u20ac* pour l\u2019achat d\u2019un \u00e9quipement progressif complet (monture + verres).<\/li>\n<li>100 \u20ac* pour l\u2019achat d\u2019un \u00e9quipement unifocal complet (monture + verres).<\/li>\n<\/ul>\n<p>Vos anciennes lunettes seront ensuite<strong> remises \u00e0 des associations partenaires ou recycl\u00e9es de mani\u00e8re responsable<\/strong>, selon leur \u00e9tat, afin de r\u00e9duire notre impact environnemental.[\/vc_column_text][\/vc_column_inner][vc_column_inner column_padding=\u00a0\u00bbno-extra-padding\u00a0\u00bb column_padding_tablet=\u00a0\u00bbinherit\u00a0\u00bb column_padding_phone=\u00a0\u00bbinherit\u00a0\u00bb column_padding_position=\u00a0\u00bball\u00a0\u00bb column_element_direction_desktop=\u00a0\u00bbdefault\u00a0\u00bb column_element_spacing=\u00a0\u00bbdefault\u00a0\u00bb desktop_text_alignment=\u00a0\u00bbdefault\u00a0\u00bb tablet_text_alignment=\u00a0\u00bbdefault\u00a0\u00bb phone_text_alignment=\u00a0\u00bbdefault\u00a0\u00bb background_color_opacity=\u00a0\u00bb1&Prime; background_hover_color_opacity=\u00a0\u00bb1&Prime; column_backdrop_filter=\u00a0\u00bbnone\u00a0\u00bb column_shadow=\u00a0\u00bbnone\u00a0\u00bb column_border_radius=\u00a0\u00bbnone\u00a0\u00bb column_link_target=\u00a0\u00bb_self\u00a0\u00bb overflow=\u00a0\u00bbvisible\u00a0\u00bb gradient_direction=\u00a0\u00bbleft_to_right\u00a0\u00bb overlay_strength=\u00a0\u00bb0.3&Prime; width=\u00a0\u00bb1\/2&Prime; tablet_width_inherit=\u00a0\u00bbdefault\u00a0\u00bb animation_type=\u00a0\u00bbdefault\u00a0\u00bb bg_image_animation=\u00a0\u00bbnone\u00a0\u00bb border_type=\u00a0\u00bbsimple\u00a0\u00bb column_border_width=\u00a0\u00bbnone\u00a0\u00bb column_border_style=\u00a0\u00bbsolid\u00a0\u00bb][image_with_animation image_url=\u00a0\u00bb1323&Prime; image_size=\u00a0\u00bbfull\u00a0\u00bb max_width=\u00a0\u00bb100%\u00a0\u00bb max_width_mobile=\u00a0\u00bbdefault\u00a0\u00bb animation_type=\u00a0\u00bbentrance\u00a0\u00bb animation=\u00a0\u00bbNone\u00a0\u00bb animation_movement_type=\u00a0\u00bbtransform_y\u00a0\u00bb hover_animation=\u00a0\u00bbnone\u00a0\u00bb alignment=\u00a0\u00bbcenter\u00a0\u00bb img_link_large=\u00a0\u00bbyes\u00a0\u00bb border_radius=\u00a0\u00bbnone\u00a0\u00bb box_shadow=\u00a0\u00bbnone\u00a0\u00bb image_loading=\u00a0\u00bbdefault\u00a0\u00bb][\/vc_column_inner][\/vc_row_inner][divider line_type=\u00a0\u00bbNo Line\u00a0\u00bb custom_height=\u00a0\u00bb50px\u00a0\u00bb][vc_row_inner equal_height=\u00a0\u00bbyes\u00a0\u00bb content_placement=\u00a0\u00bbmiddle\u00a0\u00bb column_margin=\u00a0\u00bbdefault\u00a0\u00bb column_direction=\u00a0\u00bbdefault\u00a0\u00bb column_direction_tablet=\u00a0\u00bbdefault\u00a0\u00bb column_direction_phone=\u00a0\u00bbdefault\u00a0\u00bb text_align=\u00a0\u00bbleft\u00a0\u00bb row_position=\u00a0\u00bbdefault\u00a0\u00bb row_position_tablet=\u00a0\u00bbinherit\u00a0\u00bb row_position_phone=\u00a0\u00bbinherit\u00a0\u00bb overflow=\u00a0\u00bbvisible\u00a0\u00bb pointer_events=\u00a0\u00bball\u00a0\u00bb][vc_column_inner column_padding=\u00a0\u00bbno-extra-padding\u00a0\u00bb column_padding_tablet=\u00a0\u00bbinherit\u00a0\u00bb column_padding_phone=\u00a0\u00bbinherit\u00a0\u00bb column_padding_position=\u00a0\u00bball\u00a0\u00bb column_element_direction_desktop=\u00a0\u00bbdefault\u00a0\u00bb column_element_spacing=\u00a0\u00bbdefault\u00a0\u00bb desktop_text_alignment=\u00a0\u00bbdefault\u00a0\u00bb tablet_text_alignment=\u00a0\u00bbdefault\u00a0\u00bb phone_text_alignment=\u00a0\u00bbdefault\u00a0\u00bb background_color_opacity=\u00a0\u00bb1&Prime; background_hover_color_opacity=\u00a0\u00bb1&Prime; column_backdrop_filter=\u00a0\u00bbnone\u00a0\u00bb column_shadow=\u00a0\u00bbnone\u00a0\u00bb column_border_radius=\u00a0\u00bbnone\u00a0\u00bb column_link_target=\u00a0\u00bb_self\u00a0\u00bb overflow=\u00a0\u00bbvisible\u00a0\u00bb gradient_direction=\u00a0\u00bbleft_to_right\u00a0\u00bb overlay_strength=\u00a0\u00bb0.3&Prime; width=\u00a0\u00bb1\/2&Prime; tablet_width_inherit=\u00a0\u00bbdefault\u00a0\u00bb animation_type=\u00a0\u00bbdefault\u00a0\u00bb bg_image_animation=\u00a0\u00bbnone\u00a0\u00bb border_type=\u00a0\u00bbsimple\u00a0\u00bb column_border_width=\u00a0\u00bbnone\u00a0\u00bb column_border_style=\u00a0\u00bbsolid\u00a0\u00bb][vc_column_text css=\u00a0\u00bb\u00a0\u00bb text_direction=\u00a0\u00bbdefault\u00a0\u00bb]\n<h3><strong>Un contr\u00f4le de vue offert<\/strong><\/h3>\n<p>Parce que votre vision \u00e9volue au fil du temps, il est essentiel de v\u00e9rifier r\u00e9guli\u00e8rement votre correction.<br \/>\nDurant Les Mois de la Vision Solidaire, nos opticiens dipl\u00f4m\u00e9s et form\u00e9s aux derni\u00e8res technologies de mesure vous offrent un bilan visuel complet et personnalis\u00e9.<\/p>\n<p>Ce contr\u00f4le de vue, r\u00e9alis\u00e9 sur place dans l\u2019un de nos magasins, permet d\u2019\u00e9valuer avec pr\u00e9cision votre acuit\u00e9 visuelle, votre confort de vision de pr\u00e8s comme de loin, ainsi que la qualit\u00e9 de votre \u00e9quipement actuel.<br \/>\nGr\u00e2ce \u00e0 des instruments de haute pr\u00e9cision et \u00e0 notre expertise reconnue, nous ajustons vos verres \u00e0 vos besoins r\u00e9els \u2014 qu\u2019il s\u2019agisse de fatigue visuelle, de presbytie, de myopie ou d\u2019un simple changement de correction.<\/p>\n<p>Un moment d\u2019\u00e9coute et de conseil, pens\u00e9 pour que vous puissiez retrouver le plaisir d\u2019une vision nette, stable et confortable au quotidien.<br \/>\nChez Archimbaud Opticien, chaque examen de vue est avant tout une rencontre humaine, o\u00f9 la pr\u00e9cision optique s\u2019allie \u00e0 la bienveillance.[\/vc_column_text][\/vc_column_inner][vc_column_inner column_padding=\u00a0\u00bbno-extra-padding\u00a0\u00bb column_padding_tablet=\u00a0\u00bbinherit\u00a0\u00bb column_padding_phone=\u00a0\u00bbinherit\u00a0\u00bb column_padding_position=\u00a0\u00bball\u00a0\u00bb column_element_direction_desktop=\u00a0\u00bbdefault\u00a0\u00bb column_element_spacing=\u00a0\u00bbdefault\u00a0\u00bb desktop_text_alignment=\u00a0\u00bbdefault\u00a0\u00bb tablet_text_alignment=\u00a0\u00bbdefault\u00a0\u00bb phone_text_alignment=\u00a0\u00bbdefault\u00a0\u00bb background_color_opacity=\u00a0\u00bb1&Prime; background_hover_color_opacity=\u00a0\u00bb1&Prime; column_backdrop_filter=\u00a0\u00bbnone\u00a0\u00bb column_shadow=\u00a0\u00bbnone\u00a0\u00bb column_border_radius=\u00a0\u00bbnone\u00a0\u00bb column_link_target=\u00a0\u00bb_self\u00a0\u00bb overflow=\u00a0\u00bbvisible\u00a0\u00bb gradient_direction=\u00a0\u00bbleft_to_right\u00a0\u00bb overlay_strength=\u00a0\u00bb0.3&Prime; width=\u00a0\u00bb1\/2&Prime; tablet_width_inherit=\u00a0\u00bbdefault\u00a0\u00bb animation_type=\u00a0\u00bbdefault\u00a0\u00bb bg_image_animation=\u00a0\u00bbnone\u00a0\u00bb border_type=\u00a0\u00bbsimple\u00a0\u00bb column_border_width=\u00a0\u00bbnone\u00a0\u00bb column_border_style=\u00a0\u00bbsolid\u00a0\u00bb][image_with_animation image_url=\u00a0\u00bb1324&Prime; image_size=\u00a0\u00bbfull\u00a0\u00bb max_width=\u00a0\u00bb100%\u00a0\u00bb max_width_mobile=\u00a0\u00bbdefault\u00a0\u00bb animation_type=\u00a0\u00bbentrance\u00a0\u00bb animation=\u00a0\u00bbNone\u00a0\u00bb animation_movement_type=\u00a0\u00bbtransform_y\u00a0\u00bb hover_animation=\u00a0\u00bbnone\u00a0\u00bb alignment=\u00a0\u00bbcenter\u00a0\u00bb img_link_large=\u00a0\u00bbyes\u00a0\u00bb border_radius=\u00a0\u00bbnone\u00a0\u00bb box_shadow=\u00a0\u00bbnone\u00a0\u00bb image_loading=\u00a0\u00bbdefault\u00a0\u00bb][\/vc_column_inner][\/vc_row_inner][divider line_type=\u00a0\u00bbNo Line\u00a0\u00bb custom_height=\u00a0\u00bb50px\u00a0\u00bb][vc_row_inner equal_height=\u00a0\u00bbyes\u00a0\u00bb content_placement=\u00a0\u00bbmiddle\u00a0\u00bb column_margin=\u00a0\u00bbdefault\u00a0\u00bb column_direction=\u00a0\u00bbdefault\u00a0\u00bb column_direction_tablet=\u00a0\u00bbdefault\u00a0\u00bb column_direction_phone=\u00a0\u00bbdefault\u00a0\u00bb text_align=\u00a0\u00bbleft\u00a0\u00bb row_position=\u00a0\u00bbdefault\u00a0\u00bb row_position_tablet=\u00a0\u00bbinherit\u00a0\u00bb row_position_phone=\u00a0\u00bbinherit\u00a0\u00bb overflow=\u00a0\u00bbvisible\u00a0\u00bb pointer_events=\u00a0\u00bball\u00a0\u00bb][vc_column_inner column_padding=\u00a0\u00bbno-extra-padding\u00a0\u00bb column_padding_tablet=\u00a0\u00bbinherit\u00a0\u00bb column_padding_phone=\u00a0\u00bbinherit\u00a0\u00bb column_padding_position=\u00a0\u00bball\u00a0\u00bb column_element_direction_desktop=\u00a0\u00bbdefault\u00a0\u00bb column_element_spacing=\u00a0\u00bbdefault\u00a0\u00bb desktop_text_alignment=\u00a0\u00bbdefault\u00a0\u00bb tablet_text_alignment=\u00a0\u00bbdefault\u00a0\u00bb phone_text_alignment=\u00a0\u00bbdefault\u00a0\u00bb background_color_opacity=\u00a0\u00bb1&Prime; background_hover_color_opacity=\u00a0\u00bb1&Prime; column_backdrop_filter=\u00a0\u00bbnone\u00a0\u00bb column_shadow=\u00a0\u00bbnone\u00a0\u00bb column_border_radius=\u00a0\u00bbnone\u00a0\u00bb column_link_target=\u00a0\u00bb_self\u00a0\u00bb overflow=\u00a0\u00bbvisible\u00a0\u00bb gradient_direction=\u00a0\u00bbleft_to_right\u00a0\u00bb overlay_strength=\u00a0\u00bb0.3&Prime; width=\u00a0\u00bb1\/2&Prime; tablet_width_inherit=\u00a0\u00bbdefault\u00a0\u00bb animation_type=\u00a0\u00bbdefault\u00a0\u00bb bg_image_animation=\u00a0\u00bbnone\u00a0\u00bb border_type=\u00a0\u00bbsimple\u00a0\u00bb column_border_width=\u00a0\u00bbnone\u00a0\u00bb column_border_style=\u00a0\u00bbsolid\u00a0\u00bb][vc_column_text css=\u00a0\u00bb\u00a0\u00bb text_direction=\u00a0\u00bbdefault\u00a0\u00bb]\n<h3><strong>Un geste solidaire et durable<\/strong><\/h3>\n<p>En participant \u00e0 l\u2019op\u00e9ration, vous faites bien plus qu\u2019un simple achat : vous posez un geste solidaire et responsable.<br \/>\nVos anciennes lunettes, souvent oubli\u00e9es au fond d\u2019un tiroir, peuvent encore transformer le quotidien de quelqu\u2019un.<\/p>\n<p>Collect\u00e9es par nos soins, elles sont tri\u00e9es, nettoy\u00e9es, r\u00e9par\u00e9es et reconditionn\u00e9es avant d\u2019\u00eatre remises \u00e0 nos associations partenaires qui les redistribuent \u00e0 des personnes en situation de pr\u00e9carit\u00e9, en France ou \u00e0 l\u2019international.<br \/>\nChaque paire d\u00e9pos\u00e9e devient ainsi un relais de g\u00e9n\u00e9rosit\u00e9 et d\u2019utilit\u00e9, contribuant \u00e0 offrir une nouvelle vision du monde \u00e0 celles et ceux qui n\u2019y ont pas acc\u00e8s.<\/p>\n<p>Et parce que la solidarit\u00e9 va de pair avec la responsabilit\u00e9, les montures irr\u00e9parables sont recycl\u00e9es dans une fili\u00e8re sp\u00e9cialis\u00e9e, afin de r\u00e9duire l\u2019impact environnemental de la lunetterie.<br \/>\nUn engagement \u00e9cologique qui compl\u00e8te notre volont\u00e9 d\u2019une vision durable, humaine et respectueuse de la plan\u00e8te.<\/p>\n<p>En choisissant Archimbaud Opticien, vous faites le choix d\u2019une d\u00e9marche o\u00f9 bien voir rime avec bien faire.[\/vc_column_text][\/vc_column_inner][vc_column_inner column_padding=\u00a0\u00bbno-extra-padding\u00a0\u00bb column_padding_tablet=\u00a0\u00bbinherit\u00a0\u00bb column_padding_phone=\u00a0\u00bbinherit\u00a0\u00bb column_padding_position=\u00a0\u00bball\u00a0\u00bb column_element_direction_desktop=\u00a0\u00bbdefault\u00a0\u00bb column_element_spacing=\u00a0\u00bbdefault\u00a0\u00bb desktop_text_alignment=\u00a0\u00bbdefault\u00a0\u00bb tablet_text_alignment=\u00a0\u00bbdefault\u00a0\u00bb phone_text_alignment=\u00a0\u00bbdefault\u00a0\u00bb background_color_opacity=\u00a0\u00bb1&Prime; background_hover_color_opacity=\u00a0\u00bb1&Prime; column_backdrop_filter=\u00a0\u00bbnone\u00a0\u00bb column_shadow=\u00a0\u00bbnone\u00a0\u00bb column_border_radius=\u00a0\u00bbnone\u00a0\u00bb column_link_target=\u00a0\u00bb_self\u00a0\u00bb overflow=\u00a0\u00bbvisible\u00a0\u00bb gradient_direction=\u00a0\u00bbleft_to_right\u00a0\u00bb overlay_strength=\u00a0\u00bb0.3&Prime; width=\u00a0\u00bb1\/2&Prime; tablet_width_inherit=\u00a0\u00bbdefault\u00a0\u00bb animation_type=\u00a0\u00bbdefault\u00a0\u00bb bg_image_animation=\u00a0\u00bbnone\u00a0\u00bb border_type=\u00a0\u00bbsimple\u00a0\u00bb column_border_width=\u00a0\u00bbnone\u00a0\u00bb column_border_style=\u00a0\u00bbsolid\u00a0\u00bb][image_with_animation image_url=\u00a0\u00bb1325&Prime; image_size=\u00a0\u00bbfull\u00a0\u00bb max_width=\u00a0\u00bb100%\u00a0\u00bb max_width_mobile=\u00a0\u00bbdefault\u00a0\u00bb animation_type=\u00a0\u00bbentrance\u00a0\u00bb animation=\u00a0\u00bbNone\u00a0\u00bb animation_movement_type=\u00a0\u00bbtransform_y\u00a0\u00bb hover_animation=\u00a0\u00bbnone\u00a0\u00bb alignment=\u00a0\u00bbcenter\u00a0\u00bb img_link_large=\u00a0\u00bbyes\u00a0\u00bb border_radius=\u00a0\u00bbnone\u00a0\u00bb box_shadow=\u00a0\u00bbnone\u00a0\u00bb image_loading=\u00a0\u00bbdefault\u00a0\u00bb][\/vc_column_inner][\/vc_row_inner][divider line_type=\u00a0\u00bbNo Line\u00a0\u00bb custom_height=\u00a0\u00bb50px\u00a0\u00bb][split_line_heading animation_type=\u00a0\u00bbline-reveal-by-space\u00a0\u00bb font_style=\u00a0\u00bbh2&Prime; text_color=\u00a0\u00bb#333333&Prime; line_reveal_by_space_text_effect=\u00a0\u00bbnone\u00a0\u00bb content_alignment=\u00a0\u00bbdefault\u00a0\u00bb mobile_content_alignment=\u00a0\u00bbinherit\u00a0\u00bb link_target=\u00a0\u00bb_self\u00a0\u00bb text_content=\u00a0\u00bbComment en profiter ?\u00a0\u00bb text_direction=\u00a0\u00bbdefault\u00a0\u00bb][\/split_line_heading][divider line_type=\u00a0\u00bbFull Width Line\u00a0\u00bb line_thickness=\u00a0\u00bb1&Prime; divider_color=\u00a0\u00bbaccent-color\u00a0\u00bb][divider line_type=\u00a0\u00bbNo Line\u00a0\u00bb custom_height=\u00a0\u00bb15px\u00a0\u00bb][vc_column_text css=\u00a0\u00bb\u00a0\u00bb text_direction=\u00a0\u00bbdefault\u00a0\u00bb]\n<h3><strong>Rendez-vous en magasin<\/strong><\/h3>\n<p>Pr\u00e9sentez-vous avec vos anciennes lunettes dans l\u2019un de nos points de vente durant les dates de l&rsquo;op\u00e9ration en cours :<\/p>\n<ul>\n<li><strong>Archimbaud Opticien Marseille 12e<\/strong> \u2013 31 Rue Montaigne, 13012 Marseille<\/li>\n<li><strong>Archimbaud Opticien Marseille 2e<\/strong> (Les Docks Village) \u2013 10 place de la Joliette, 13002 Marseille<\/li>\n<li><strong>Archimbaud Opticien Salon-de-Provence<\/strong> \u2013 32 place de l\u2019H\u00f4tel de Ville, 13300 Salon-de-Provence<\/li>\n<\/ul>\n<h3><strong>Confiez vos anciennes lunettes<\/strong><\/h3>\n<p>Nos \u00e9quipes s\u2019occupent du tri, de la remise en \u00e9tat et de la redistribution \u00e0 nos associations partenaires.<\/p>\n<h3><strong>Profitez de votre avantage reprise<\/strong><\/h3>\n<p>Recevez imm\u00e9diatement votre reprise jusqu\u2019\u00e0 200 \u20ac \u00e0 valoir sur votre nouvelle paire de lunettes avec verres correcteurs.[\/vc_column_text][divider line_type=\u00a0\u00bbNo Line\u00a0\u00bb custom_height=\u00a0\u00bb50px\u00a0\u00bb][split_line_heading animation_type=\u00a0\u00bbline-reveal-by-space\u00a0\u00bb font_style=\u00a0\u00bbh2&Prime; text_color=\u00a0\u00bb#333333&Prime; line_reveal_by_space_text_effect=\u00a0\u00bbnone\u00a0\u00bb content_alignment=\u00a0\u00bbdefault\u00a0\u00bb mobile_content_alignment=\u00a0\u00bbinherit\u00a0\u00bb link_target=\u00a0\u00bb_self\u00a0\u00bb text_content=\u00a0\u00bbUne d\u00e9marche \u00e9thique et responsable\u00a0\u00bb text_direction=\u00a0\u00bbdefault\u00a0\u00bb][\/split_line_heading][divider line_type=\u00a0\u00bbFull Width Line\u00a0\u00bb line_thickness=\u00a0\u00bb1&Prime; divider_color=\u00a0\u00bbaccent-color\u00a0\u00bb][divider line_type=\u00a0\u00bbNo Line\u00a0\u00bb custom_height=\u00a0\u00bb15px\u00a0\u00bb][vc_column_text css=\u00a0\u00bb\u00a0\u00bb text_direction=\u00a0\u00bbdefault\u00a0\u00bb]Chez <strong>Archimbaud Opticien<\/strong>, nous croyons que voir mieux, c\u2019est aussi agir mieux.<br \/>\n\u00c0 travers Les Mois de la Vision Solidaire, nous affirmons notre engagement autour de trois piliers qui donnent du sens \u00e0 chaque paire collect\u00e9e :<\/p>\n<ul>\n<li>\n<h3>Une vision durable<\/h3>\n<\/li>\n<\/ul>\n<p>Nous donnons une seconde vie aux lunettes gr\u00e2ce \u00e0 un circuit de collecte responsable. Toutes les montures r\u00e9cup\u00e9r\u00e9es sont confi\u00e9es \u00e0 <strong>La Ruche Solidaire<\/strong>, une association engag\u00e9e dans la r\u00e9duction des d\u00e9chets et l\u2019\u00e9conomie circulaire. Son \u00e9quipe trie, contr\u00f4le et remet en \u00e9tat les lunettes afin qu\u2019elles puissent \u00eatre redistribu\u00e9es \u00e0 des personnes en situation de pr\u00e9carit\u00e9, en France comme \u00e0 l\u2019\u00e9tranger.<\/p>\n<ul>\n<li>\n<h3>Une solidarit\u00e9 active<\/h3>\n<\/li>\n<\/ul>\n<p><strong>La Ruche Solidaire<\/strong> travaille main dans la main avec des structures sociales locales, des associations partenaires et des acteurs de l\u2019inclusion. Leur mission va bien au-del\u00e0 de la redistribution : elle s\u2019inscrit dans un accompagnement global des publics fragiles, en favorisant l\u2019acc\u00e8s \u00e0 l\u2019\u00e9quipement optique, mais aussi en soutenant des actions qui renforcent l\u2019autonomie et la dignit\u00e9 de chacun.<\/p>\n<ul>\n<li>\n<h3>Un accompagnement de proximit\u00e9<\/h3>\n<\/li>\n<\/ul>\n<p>Nos opticiens dipl\u00f4m\u00e9s se mobilisent pour accueillir, informer et accompagner chaque personne participant \u00e0 l\u2019op\u00e9ration. Gr\u00e2ce \u00e0 cette collaboration avec <strong>La Ruche Solidaire<\/strong>, nous garantissons que chaque paire de lunettes confi\u00e9e trouve r\u00e9ellement un nouveau regard auquel elle pourra \u00eatre utile.[\/vc_column_text][divider line_type=\u00a0\u00bbNo Line\u00a0\u00bb custom_height=\u00a0\u00bb15px\u00a0\u00bb][image_with_animation image_url=\u00a0\u00bb1512&Prime; image_size=\u00a0\u00bbmedium\u00a0\u00bb max_width=\u00a0\u00bbcustom\u00a0\u00bb animation_type=\u00a0\u00bbentrance\u00a0\u00bb animation=\u00a0\u00bbNone\u00a0\u00bb animation_movement_type=\u00a0\u00bbtransform_y\u00a0\u00bb hover_animation=\u00a0\u00bbnone\u00a0\u00bb alignment=\u00a0\u00bb\u00a0\u00bb img_link_large=\u00a0\u00bbyes\u00a0\u00bb border_radius=\u00a0\u00bbnone\u00a0\u00bb box_shadow=\u00a0\u00bbnone\u00a0\u00bb image_loading=\u00a0\u00bbdefault\u00a0\u00bb max_width_custom=\u00a0\u00bb35%\u00a0\u00bb][divider line_type=\u00a0\u00bbNo Line\u00a0\u00bb custom_height=\u00a0\u00bb50px\u00a0\u00bb][split_line_heading animation_type=\u00a0\u00bbline-reveal-by-space\u00a0\u00bb font_style=\u00a0\u00bbh2&Prime; text_color=\u00a0\u00bb#333333&Prime; line_reveal_by_space_text_effect=\u00a0\u00bbnone\u00a0\u00bb content_alignment=\u00a0\u00bbdefault\u00a0\u00bb mobile_content_alignment=\u00a0\u00bbinherit\u00a0\u00bb link_target=\u00a0\u00bb_self\u00a0\u00bb text_content=\u00a0\u00bbMentions l\u00e9gales de l\u2019offre\u00a0\u00bb text_direction=\u00a0\u00bbdefault\u00a0\u00bb][\/split_line_heading][divider line_type=\u00a0\u00bbFull Width Line\u00a0\u00bb line_thickness=\u00a0\u00bb1&Prime; divider_color=\u00a0\u00bbaccent-color\u00a0\u00bb][divider line_type=\u00a0\u00bbNo Line\u00a0\u00bb custom_height=\u00a0\u00bb15px\u00a0\u00bb][toggles style=\u00a0\u00bbminimal_shadow\u00a0\u00bb accordion=\u00a0\u00bbtrue\u00a0\u00bb accordion_starting_functionality=\u00a0\u00bbclosed\u00a0\u00bb border_radius=\u00a0\u00bb5px\u00a0\u00bb][toggle color=\u00a0\u00bbAccent-Color\u00a0\u00bb heading_tag=\u00a0\u00bbh3&Prime; heading_tag_functionality=\u00a0\u00bbchange_html_tag\u00a0\u00bb title=\u00a0\u00bbConditions de l\u2019offre\u00a0\u00bb][nectar_responsive_text inherited_font_style=\u00a0\u00bbdefault\u00a0\u00bb font_size_min=\u00a0\u00bb14px\u00a0\u00bb font_size_max=\u00a0\u00bb20px\u00a0\u00bb font_size_desktop=\u00a0\u00bb1.1vw\u00a0\u00bb font_line_height=\u00a0\u00bb1.6&Prime; text_direction=\u00a0\u00bbdefault\u00a0\u00bb]\n<ul>\n<li>Offre valable du 10 septembre au 10 novembre 2025 inclus, dans les magasins Archimbaud Opticien Marseille 2e, Marseille 12e et Salon-de-Provence.<\/li>\n<li>Reprise jusqu\u2019\u00e0 200 \u20ac pour l\u2019achat d\u2019un \u00e9quipement progressif complet (monture + deux verres correcteurs) et jusqu\u2019\u00e0 100 \u20ac pour l\u2019achat d\u2019un \u00e9quipement unifocal complet (monture + deux verres correcteurs).<\/li>\n<li>La remise s\u2019applique uniquement sur la facture d\u2019achat du nouvel \u00e9quipement au moment de la reprise de l\u2019ancien.<\/li>\n<li>Offre non cumulable avec d\u2019autres promotions en cours, remises professionnelles ou offres partenaires.<\/li>\n<li>Une seule reprise par client pendant la p\u00e9riode de validit\u00e9 de l\u2019op\u00e9ration.<\/li>\n<li>L\u2019ancien \u00e9quipement d\u00e9pos\u00e9 devient propri\u00e9t\u00e9 d\u2019Archimbaud Opticien et ne pourra \u00eatre restitu\u00e9.<\/li>\n<li>Les lunettes collect\u00e9es seront soit recycl\u00e9es, soit remises \u00e0 des associations partenaires selon leur \u00e9tat.<\/li>\n<\/ul>\n[\/nectar_responsive_text][\/toggle][toggle color=\u00a0\u00bbAccent-Color\u00a0\u00bb heading_tag=\u00a0\u00bbh3&Prime; heading_tag_functionality=\u00a0\u00bbchange_html_tag\u00a0\u00bb title=\u00a0\u00bbContr\u00f4le de vue gratuit\u00a0\u00bb][nectar_responsive_text inherited_font_style=\u00a0\u00bbdefault\u00a0\u00bb font_size_min=\u00a0\u00bb14px\u00a0\u00bb font_size_max=\u00a0\u00bb20px\u00a0\u00bb font_size_desktop=\u00a0\u00bb1.1vw\u00a0\u00bb font_line_height=\u00a0\u00bb1.6&Prime; text_direction=\u00a0\u00bbdefault\u00a0\u00bb]\n<ul>\n<li>Le contr\u00f4le de vue est offert dans le cadre de l\u2019op\u00e9ration, uniquement sur rendez-vous en magasin, et ne remplace pas un examen m\u00e9dical ophtalmologique.<\/li>\n<li>R\u00e9alis\u00e9 par un opticien dipl\u00f4m\u00e9, il permet de v\u00e9rifier votre acuit\u00e9 visuelle pour l\u2019adaptation de vos verres correcteurs.<\/li>\n<\/ul>\n[\/nectar_responsive_text][\/toggle][toggle color=\u00a0\u00bbAccent-Color\u00a0\u00bb heading_tag=\u00a0\u00bbh3&Prime; heading_tag_functionality=\u00a0\u00bbchange_html_tag\u00a0\u00bb title=\u00a0\u00bbEngagement solidaire\u00a0\u00bb][nectar_responsive_text inherited_font_style=\u00a0\u00bbdefault\u00a0\u00bb font_size_min=\u00a0\u00bb14px\u00a0\u00bb font_size_max=\u00a0\u00bb20px\u00a0\u00bb font_size_desktop=\u00a0\u00bb1.1vw\u00a0\u00bb font_line_height=\u00a0\u00bb1.6&Prime; text_direction=\u00a0\u00bbdefault\u00a0\u00bb]\n<ul>\n<li>Archimbaud Opticien s\u2019engage \u00e0 remettre les montures collect\u00e9es \u00e0 des associations reconnues pour leur action aupr\u00e8s des personnes en difficult\u00e9 d\u2019acc\u00e8s aux soins visuels.<\/li>\n<li>Une partie des montures non r\u00e9utilisables fera l\u2019objet d\u2019un recyclage responsable.<\/li>\n<\/ul>\n[\/nectar_responsive_text][\/toggle][\/toggles][divider line_type=\u00a0\u00bbNo Line\u00a0\u00bb custom_height=\u00a0\u00bb50px\u00a0\u00bb][split_line_heading animation_type=\u00a0\u00bbline-reveal-by-space\u00a0\u00bb font_style=\u00a0\u00bbh2&Prime; text_color=\u00a0\u00bb#333333&Prime; line_reveal_by_space_text_effect=\u00a0\u00bbnone\u00a0\u00bb content_alignment=\u00a0\u00bbdefault\u00a0\u00bb mobile_content_alignment=\u00a0\u00bbinherit\u00a0\u00bb link_target=\u00a0\u00bb_self\u00a0\u00bb text_content=\u00a0\u00bbUn rendez-vous annuel \u00e0 ne pas manquer\u00a0\u00bb text_direction=\u00a0\u00bbdefault\u00a0\u00bb][\/split_line_heading][divider line_type=\u00a0\u00bbFull Width Line\u00a0\u00bb line_thickness=\u00a0\u00bb1&Prime; divider_color=\u00a0\u00bbaccent-color\u00a0\u00bb][divider line_type=\u00a0\u00bbNo Line\u00a0\u00bb custom_height=\u00a0\u00bb15px\u00a0\u00bb][vc_column_text css=\u00a0\u00bb\u00a0\u00bb text_direction=\u00a0\u00bbdefault\u00a0\u00bb]\u201cLes Mois de la Vision Solidaire\u201d sont bien plus qu\u2019une op\u00e9ration commerciale :<br \/>\nc\u2019est un <strong>mouvement collectif<\/strong> en faveur d\u2019une vision plus <strong>humaine<\/strong>, <strong>durable<\/strong> et <strong>responsable<\/strong>.<br \/>\nRejoignez-nous et faites de votre changement de lunettes un geste utile, engag\u00e9 et porteur de sens.[\/vc_column_text][divider line_type=\u00a0\u00bbNo Line\u00a0\u00bb custom_height=\u00a0\u00bb50px\u00a0\u00bb][vc_column_text css=\u00a0\u00bb\u00a0\u00bb text_direction=\u00a0\u00bbdefault\u00a0\u00bb]\n<h3><strong>Archimbaud Opticien \u2013 Voir mieux, c\u2019est aussi agir mieux.<\/strong><\/h3>\n[\/vc_column_text][\/vc_column][\/vc_row]\n","protected":false},"excerpt":{"rendered":"<p>[vc_row type=\u00a0\u00bbin_container\u00a0\u00bb full_screen_row_position=\u00a0\u00bbmiddle\u00a0\u00bb column_margin=\u00a0\u00bbdefault\u00a0\u00bb column_direction=\u00a0\u00bbdefault\u00a0\u00bb column_direction_tablet=\u00a0\u00bbdefault\u00a0\u00bb column_direction_phone=\u00a0\u00bbdefault\u00a0\u00bb scene_position=\u00a0\u00bbcenter\u00a0\u00bb top_padding=\u00a0\u00bb2%\u00a0\u00bb constrain_group_1=\u00a0\u00bbyes\u00a0\u00bb bottom_padding=\u00a0\u00bb2%\u00a0\u00bb left_padding_desktop=\u00a0\u00bb10%\u00a0\u00bb constrain_group_2=\u00a0\u00bbyes\u00a0\u00bb right_padding_desktop=\u00a0\u00bb10%\u00a0\u00bb top_margin=\u00a0\u00bb0&Prime; text_color=\u00a0\u00bblight\u00a0\u00bb text_align=\u00a0\u00bbleft\u00a0\u00bb row_border_radius=\u00a0\u00bbnone\u00a0\u00bb row_border_radius_applies=\u00a0\u00bbbg\u00a0\u00bb zindex=\u00a0\u00bb100&Prime; overflow=\u00a0\u00bbhidden\u00a0\u00bb enable_gradient=\u00a0\u00bbtrue\u00a0\u00bb advanced_gradient_angle=\u00a0\u00bb0&Prime; overlay_strength=\u00a0\u00bb0.3&Prime; gradient_direction=\u00a0\u00bbradial\u00a0\u00bb shape_divider_position=\u00a0\u00bbbottom\u00a0\u00bb bg_image_animation=\u00a0\u00bbfade-in\u00a0\u00bb mobile_disable_bg_image_animation=\u00a0\u00bbtrue\u00a0\u00bb shape_type=\u00a0\u00bb\u00a0\u00bb gradient_type=\u00a0\u00bbdefault\u00a0\u00bb][vc_column&#8230;<\/p>\n","protected":false},"author":4,"featured_media":1346,"parent":0,"menu_order":0,"comment_status":"closed","ping_status":"closed","template":"","meta":{"footnotes":""},"class_list":["post-1317","page","type-page","status-publish","has-post-thumbnail"],"yoast_head":"<!-- This site is optimized with the Yoast SEO plugin v27.0 - https:\/\/yoast.com\/product\/yoast-seo-wordpress\/ -->\n<title>Les Mois de la Vision Solidaire | Archimbaud Opticien Blog<\/title>\n<meta name=\"description\" content=\"Profitez de l\u2019op\u00e9ration \u201cLes Mois de la Vision Solidaire\u201d chez Archimbaud Opticien. Jusqu\u2019\u00e0 200 \u20ac de reprise sur vos anciennes lunettes, contr\u00f4le de vue offert et geste solidaire au profit d\u2019associations.\" \/>\n<meta name=\"robots\" content=\"index, follow, max-snippet:-1, max-image-preview:large, max-video-preview:-1\" \/>\n<link rel=\"canonical\" href=\"https:\/\/www.archimbaudopticien.com\/blog\/les-mois-de-la-vision-solidaire\" \/>\n<meta property=\"og:locale\" content=\"fr_FR\" \/>\n<meta property=\"og:type\" content=\"article\" \/>\n<meta property=\"og:title\" content=\"Les Mois de la Vision Solidaire | Archimbaud Opticien Blog\" \/>\n<meta property=\"og:description\" content=\"Profitez de l\u2019op\u00e9ration \u201cLes Mois de la Vision Solidaire\u201d chez Archimbaud Opticien. Jusqu\u2019\u00e0 200 \u20ac de reprise sur vos anciennes lunettes, contr\u00f4le de vue offert et geste solidaire au profit d\u2019associations.\" \/>\n<meta property=\"og:url\" content=\"https:\/\/www.archimbaudopticien.com\/blog\/les-mois-de-la-vision-solidaire\" \/>\n<meta property=\"og:site_name\" content=\"Archimbaud Opticien Blog\" \/>\n<meta property=\"article:publisher\" content=\"https:\/\/www.facebook.com\/archimbaudopticien\" \/>\n<meta property=\"article:modified_time\" content=\"2025-11-19T15:06:46+00:00\" \/>\n<meta property=\"og:image\" content=\"https:\/\/www.archimbaudopticien.com\/blog\/wp-content\/uploads\/2025\/10\/LOGO-VISION-SOLIDAIRE-COUV.jpg\" \/>\n\t<meta property=\"og:image:width\" content=\"1200\" \/>\n\t<meta property=\"og:image:height\" content=\"603\" \/>\n\t<meta property=\"og:image:type\" content=\"image\/jpeg\" \/>\n<meta name=\"twitter:card\" content=\"summary_large_image\" \/>\n<meta name=\"twitter:label1\" content=\"Dur\u00e9e de lecture estim\u00e9e\" \/>\n\t<meta name=\"twitter:data1\" content=\"7 minutes\" \/>\n<script type=\"application\/ld+json\" class=\"yoast-schema-graph\">{\"@context\":\"https:\/\/schema.org\",\"@graph\":[{\"@type\":\"WebPage\",\"@id\":\"https:\/\/www.archimbaudopticien.com\/blog\/les-mois-de-la-vision-solidaire\",\"url\":\"https:\/\/www.archimbaudopticien.com\/blog\/les-mois-de-la-vision-solidaire\",\"name\":\"Les Mois de la Vision Solidaire | Archimbaud Opticien Blog\",\"isPartOf\":{\"@id\":\"https:\/\/www.archimbaudopticien.com\/blog\/#website\"},\"primaryImageOfPage\":{\"@id\":\"https:\/\/www.archimbaudopticien.com\/blog\/les-mois-de-la-vision-solidaire#primaryimage\"},\"image\":{\"@id\":\"https:\/\/www.archimbaudopticien.com\/blog\/les-mois-de-la-vision-solidaire#primaryimage\"},\"thumbnailUrl\":\"https:\/\/www.archimbaudopticien.com\/blog\/wp-content\/uploads\/2025\/10\/LOGO-VISION-SOLIDAIRE-COUV.jpg\",\"datePublished\":\"2025-10-27T10:22:02+00:00\",\"dateModified\":\"2025-11-19T15:06:46+00:00\",\"description\":\"Profitez de l\u2019op\u00e9ration \u201cLes Mois de la Vision Solidaire\u201d chez Archimbaud Opticien. Jusqu\u2019\u00e0 200 \u20ac de reprise sur vos anciennes lunettes, contr\u00f4le de vue offert et geste solidaire au profit d\u2019associations.\",\"breadcrumb\":{\"@id\":\"https:\/\/www.archimbaudopticien.com\/blog\/les-mois-de-la-vision-solidaire#breadcrumb\"},\"inLanguage\":\"fr-FR\",\"potentialAction\":[{\"@type\":\"ReadAction\",\"target\":[\"https:\/\/www.archimbaudopticien.com\/blog\/les-mois-de-la-vision-solidaire\"]}]},{\"@type\":\"ImageObject\",\"inLanguage\":\"fr-FR\",\"@id\":\"https:\/\/www.archimbaudopticien.com\/blog\/les-mois-de-la-vision-solidaire#primaryimage\",\"url\":\"https:\/\/www.archimbaudopticien.com\/blog\/wp-content\/uploads\/2025\/10\/LOGO-VISION-SOLIDAIRE-COUV.jpg\",\"contentUrl\":\"https:\/\/www.archimbaudopticien.com\/blog\/wp-content\/uploads\/2025\/10\/LOGO-VISION-SOLIDAIRE-COUV.jpg\",\"width\":1200,\"height\":603},{\"@type\":\"BreadcrumbList\",\"@id\":\"https:\/\/www.archimbaudopticien.com\/blog\/les-mois-de-la-vision-solidaire#breadcrumb\",\"itemListElement\":[{\"@type\":\"ListItem\",\"position\":1,\"name\":\"Accueil\",\"item\":\"https:\/\/www.archimbaudopticien.com\/blog\/\"},{\"@type\":\"ListItem\",\"position\":2,\"name\":\"Les Mois de la Vision Solidaire\"}]},{\"@type\":\"WebSite\",\"@id\":\"https:\/\/www.archimbaudopticien.com\/blog\/#website\",\"url\":\"https:\/\/www.archimbaudopticien.com\/blog\/\",\"name\":\"Archimbaud Opticien\",\"description\":\"\",\"publisher\":{\"@id\":\"https:\/\/www.archimbaudopticien.com\/blog\/#organization\"},\"potentialAction\":[{\"@type\":\"SearchAction\",\"target\":{\"@type\":\"EntryPoint\",\"urlTemplate\":\"https:\/\/www.archimbaudopticien.com\/blog\/?s={search_term_string}\"},\"query-input\":{\"@type\":\"PropertyValueSpecification\",\"valueRequired\":true,\"valueName\":\"search_term_string\"}}],\"inLanguage\":\"fr-FR\"},{\"@type\":\"Organization\",\"@id\":\"https:\/\/www.archimbaudopticien.com\/blog\/#organization\",\"name\":\"Blog d'Archimbaud Opticien\",\"url\":\"https:\/\/www.archimbaudopticien.com\/blog\/\",\"logo\":{\"@type\":\"ImageObject\",\"inLanguage\":\"fr-FR\",\"@id\":\"https:\/\/www.archimbaudopticien.com\/blog\/#\/schema\/logo\/image\/\",\"url\":\"https:\/\/www.archimbaudopticien.com\/blog\/wp-content\/uploads\/2025\/09\/Logo-Noir-transparent-scaled.png\",\"contentUrl\":\"https:\/\/www.archimbaudopticien.com\/blog\/wp-content\/uploads\/2025\/09\/Logo-Noir-transparent-scaled.png\",\"width\":2560,\"height\":1979,\"caption\":\"Blog d'Archimbaud Opticien\"},\"image\":{\"@id\":\"https:\/\/www.archimbaudopticien.com\/blog\/#\/schema\/logo\/image\/\"},\"sameAs\":[\"https:\/\/www.facebook.com\/archimbaudopticien\",\"https:\/\/www.instagram.com\/archimbaudopticien\/\"]}]}<\/script>\n<!-- \/ Yoast SEO plugin. -->","yoast_head_json":{"title":"Les Mois de la Vision Solidaire | Archimbaud Opticien Blog","description":"Profitez de l\u2019op\u00e9ration \u201cLes Mois de la Vision Solidaire\u201d chez Archimbaud Opticien. Jusqu\u2019\u00e0 200 \u20ac de reprise sur vos anciennes lunettes, contr\u00f4le de vue offert et geste solidaire au profit d\u2019associations.","robots":{"index":"index","follow":"follow","max-snippet":"max-snippet:-1","max-image-preview":"max-image-preview:large","max-video-preview":"max-video-preview:-1"},"canonical":"https:\/\/www.archimbaudopticien.com\/blog\/les-mois-de-la-vision-solidaire","og_locale":"fr_FR","og_type":"article","og_title":"Les Mois de la Vision Solidaire | Archimbaud Opticien Blog","og_description":"Profitez de l\u2019op\u00e9ration \u201cLes Mois de la Vision Solidaire\u201d chez Archimbaud Opticien. Jusqu\u2019\u00e0 200 \u20ac de reprise sur vos anciennes lunettes, contr\u00f4le de vue offert et geste solidaire au profit d\u2019associations.","og_url":"https:\/\/www.archimbaudopticien.com\/blog\/les-mois-de-la-vision-solidaire","og_site_name":"Archimbaud Opticien Blog","article_publisher":"https:\/\/www.facebook.com\/archimbaudopticien","article_modified_time":"2025-11-19T15:06:46+00:00","og_image":[{"width":1200,"height":603,"url":"https:\/\/www.archimbaudopticien.com\/blog\/wp-content\/uploads\/2025\/10\/LOGO-VISION-SOLIDAIRE-COUV.jpg","type":"image\/jpeg"}],"twitter_card":"summary_large_image","twitter_misc":{"Dur\u00e9e de lecture estim\u00e9e":"7 minutes"},"schema":{"@context":"https:\/\/schema.org","@graph":[{"@type":"WebPage","@id":"https:\/\/www.archimbaudopticien.com\/blog\/les-mois-de-la-vision-solidaire","url":"https:\/\/www.archimbaudopticien.com\/blog\/les-mois-de-la-vision-solidaire","name":"Les Mois de la Vision Solidaire | Archimbaud Opticien Blog","isPartOf":{"@id":"https:\/\/www.archimbaudopticien.com\/blog\/#website"},"primaryImageOfPage":{"@id":"https:\/\/www.archimbaudopticien.com\/blog\/les-mois-de-la-vision-solidaire#primaryimage"},"image":{"@id":"https:\/\/www.archimbaudopticien.com\/blog\/les-mois-de-la-vision-solidaire#primaryimage"},"thumbnailUrl":"https:\/\/www.archimbaudopticien.com\/blog\/wp-content\/uploads\/2025\/10\/LOGO-VISION-SOLIDAIRE-COUV.jpg","datePublished":"2025-10-27T10:22:02+00:00","dateModified":"2025-11-19T15:06:46+00:00","description":"Profitez de l\u2019op\u00e9ration \u201cLes Mois de la Vision Solidaire\u201d chez Archimbaud Opticien. Jusqu\u2019\u00e0 200 \u20ac de reprise sur vos anciennes lunettes, contr\u00f4le de vue offert et geste solidaire au profit d\u2019associations.","breadcrumb":{"@id":"https:\/\/www.archimbaudopticien.com\/blog\/les-mois-de-la-vision-solidaire#breadcrumb"},"inLanguage":"fr-FR","potentialAction":[{"@type":"ReadAction","target":["https:\/\/www.archimbaudopticien.com\/blog\/les-mois-de-la-vision-solidaire"]}]},{"@type":"ImageObject","inLanguage":"fr-FR","@id":"https:\/\/www.archimbaudopticien.com\/blog\/les-mois-de-la-vision-solidaire#primaryimage","url":"https:\/\/www.archimbaudopticien.com\/blog\/wp-content\/uploads\/2025\/10\/LOGO-VISION-SOLIDAIRE-COUV.jpg","contentUrl":"https:\/\/www.archimbaudopticien.com\/blog\/wp-content\/uploads\/2025\/10\/LOGO-VISION-SOLIDAIRE-COUV.jpg","width":1200,"height":603},{"@type":"BreadcrumbList","@id":"https:\/\/www.archimbaudopticien.com\/blog\/les-mois-de-la-vision-solidaire#breadcrumb","itemListElement":[{"@type":"ListItem","position":1,"name":"Accueil","item":"https:\/\/www.archimbaudopticien.com\/blog\/"},{"@type":"ListItem","position":2,"name":"Les Mois de la Vision Solidaire"}]},{"@type":"WebSite","@id":"https:\/\/www.archimbaudopticien.com\/blog\/#website","url":"https:\/\/www.archimbaudopticien.com\/blog\/","name":"Archimbaud Opticien","description":"","publisher":{"@id":"https:\/\/www.archimbaudopticien.com\/blog\/#organization"},"potentialAction":[{"@type":"SearchAction","target":{"@type":"EntryPoint","urlTemplate":"https:\/\/www.archimbaudopticien.com\/blog\/?s={search_term_string}"},"query-input":{"@type":"PropertyValueSpecification","valueRequired":true,"valueName":"search_term_string"}}],"inLanguage":"fr-FR"},{"@type":"Organization","@id":"https:\/\/www.archimbaudopticien.com\/blog\/#organization","name":"Blog d'Archimbaud Opticien","url":"https:\/\/www.archimbaudopticien.com\/blog\/","logo":{"@type":"ImageObject","inLanguage":"fr-FR","@id":"https:\/\/www.archimbaudopticien.com\/blog\/#\/schema\/logo\/image\/","url":"https:\/\/www.archimbaudopticien.com\/blog\/wp-content\/uploads\/2025\/09\/Logo-Noir-transparent-scaled.png","contentUrl":"https:\/\/www.archimbaudopticien.com\/blog\/wp-content\/uploads\/2025\/09\/Logo-Noir-transparent-scaled.png","width":2560,"height":1979,"caption":"Blog d'Archimbaud Opticien"},"image":{"@id":"https:\/\/www.archimbaudopticien.com\/blog\/#\/schema\/logo\/image\/"},"sameAs":["https:\/\/www.facebook.com\/archimbaudopticien","https:\/\/www.instagram.com\/archimbaudopticien\/"]}]}},"_links":{"self":[{"href":"https:\/\/www.archimbaudopticien.com\/blog\/wp-json\/wp\/v2\/pages\/1317","targetHints":{"allow":["GET"]}}],"collection":[{"href":"https:\/\/www.archimbaudopticien.com\/blog\/wp-json\/wp\/v2\/pages"}],"about":[{"href":"https:\/\/www.archimbaudopticien.com\/blog\/wp-json\/wp\/v2\/types\/page"}],"author":[{"embeddable":true,"href":"https:\/\/www.archimbaudopticien.com\/blog\/wp-json\/wp\/v2\/users\/4"}],"replies":[{"embeddable":true,"href":"https:\/\/www.archimbaudopticien.com\/blog\/wp-json\/wp\/v2\/comments?post=1317"}],"version-history":[{"count":31,"href":"https:\/\/www.archimbaudopticien.com\/blog\/wp-json\/wp\/v2\/pages\/1317\/revisions"}],"predecessor-version":[{"id":1518,"href":"https:\/\/www.archimbaudopticien.com\/blog\/wp-json\/wp\/v2\/pages\/1317\/revisions\/1518"}],"wp:featuredmedia":[{"embeddable":true,"href":"https:\/\/www.archimbaudopticien.com\/blog\/wp-json\/wp\/v2\/media\/1346"}],"wp:attachment":[{"href":"https:\/\/www.archimbaudopticien.com\/blog\/wp-json\/wp\/v2\/media?parent=1317"}],"curies":[{"name":"wp","href":"https:\/\/api.w.org\/{rel}","templated":true}]}}