{"id":170,"date":"2026-01-06T14:15:36","date_gmt":"2026-01-06T13:15:36","guid":{"rendered":"https:\/\/archimbaudopticien.com\/diag\/?page_id=170"},"modified":"2026-02-04T22:07:27","modified_gmt":"2026-02-04T21:07:27","slug":"acheter-essilor-eyezen","status":"publish","type":"page","link":"https:\/\/www.archimbaudopticien.com\/diag\/acheter-essilor-eyezen\/","title":{"rendered":"Acheter un verre Essilor\u00ae Eyezen\u00ae"},"content":{"rendered":"\t\t<div data-elementor-type=\"wp-page\" data-elementor-id=\"170\" class=\"elementor elementor-170\" data-elementor-post-type=\"page\">\n\t\t\t\t<div class=\"elementor-element elementor-element-90bdf51 e-flex e-con-boxed e-con e-parent\" data-id=\"90bdf51\" data-element_type=\"container\" data-e-type=\"container\">\n\t\t\t\t\t<div class=\"e-con-inner\">\n\t\t\t\t<div class=\"elementor-element elementor-element-1d0aecb8 elementor-widget elementor-widget-shortcode\" data-id=\"1d0aecb8\" data-element_type=\"widget\" data-e-type=\"widget\" data-widget_type=\"shortcode.default\">\n\t\t\t\t\t\t\t<div class=\"elementor-shortcode\"><div class=\"calculateur-layout is-style-wide\" data-gamme=\"2\">\r\n    <div class=\"rc-progress-scrollbar-container\">\r\n        <div class=\"rc-progress-scrollbar-steps\">\r\n            <div class=\"rc-progress-scrollbar-indicator\"><\/div>\r\n            <div class=\"steps\">\r\n                <div class=\"step\" data-step=\"1\"><span><\/span><\/div>\r\n                <div class=\"step\" data-step=\"2\"><span><\/span><\/div>\r\n                <div class=\"step\" data-step=\"3\"><span><\/span><\/div>\r\n                <div class=\"step\" data-step=\"4\"><span><\/span><\/div>\r\n                <div class=\"step\" data-step=\"5\"><span><\/span><\/div>\r\n                <div class=\"step\" data-step=\"6\"><span><\/span><\/div>\r\n            <\/div>\r\n        <\/div>\r\n    <\/div>\r\n    <div class=\"header-infos\">\r\n        <div class=\"bloc-ttl\">\r\n            <h2 class=\"gamme-ttl\">Essilor Eyezen\u00ae<\/h2>\r\n            <div class=\"dyn-info info-dynamic\" data-dtotalprice=\"0\" data-mns=\"4\">\u00c0 partir de <span class=\"dyn-price\"><\/span> ou <span class=\"dyn-mensualite\"><\/span>\/mois pour <span class=\"mensualite\">4<\/span> mois \u00e0 0% taux d\u00e9biteur**<\/div>\r\n        <\/div>\r\n    <\/div>\r\n    <div class=\"bloc-desc\">Les verres Essilor\u00ae Eyezen\u00ae sont des verres unifocaux optimis\u00e9s qui reposent et prot\u00e8gent vos yeux.<\/div>\r\n    <div class=\"option-line\">\r\n        <div class=\"option-label\">\r\n            <strong>Monture.<\/strong>\r\n            <span>Quel mod\u00e8le vous faut-il ?<\/span>\r\n        <\/div>\r\n        <input type=\"text\" id=\"monture-1\" class=\"option-price-input\" placeholder=\"0\" value=\"\">\r\n        <span class=\"currency\">\u20ac<\/span>\r\n    <\/div>\r\n\r\n    <div class=\"calculateur-left\">\r\n        <div class=\"sticky-image\">\r\n            <div class=\"slide for-step-1\"><a href=\"https:\/\/www.archimbaudopticien.com\/diag\/wp-content\/uploads\/2026\/01\/eyezen-boost-cz-sapphire-hr-1024x683.jpg\" data-fancybox=\"gallery\"><img decoding=\"async\" src=\"https:\/\/www.archimbaudopticien.com\/diag\/wp-content\/uploads\/2026\/01\/eyezen-boost-cz-sapphire-hr-1024x683.jpg\" alt=\"\"><\/a><\/div>\r\n        <\/div>\r\n    <\/div>\r\n    <div class=\"calculateur-right\">\r\n        <form class=\"calculateur-form\" id=\"request-form\">\r\n            <input type=\"hidden\" name=\"monture-1-val\" id=\"monture-1-val\" value=\"0\" \/>\r\n            <input type=\"hidden\" name=\"mensualite\" value=\"4\" \/>\r\n            <div class=\"cu-step\" id=\"step-1\">\r\n                <div class=\"step-sttl\"><p>Choisissez la version adapt\u00e9e \u00e0 vos besoins.<\/p>\n<\/div>\r\n                <div class=\"steps-elements\">\r\n                    <div class=\"img-mobile\"><a href=\"https:\/\/www.archimbaudopticien.com\/diag\/wp-content\/uploads\/2026\/01\/eyezen-boost-cz-sapphire-hr-1024x683.jpg\" data-fancybox=\"gallery-mobile\"><img decoding=\"async\" src=\"https:\/\/www.archimbaudopticien.com\/diag\/wp-content\/uploads\/2026\/01\/eyezen-boost-cz-sapphire-hr-1024x683.jpg\" alt=\"\"><\/a><\/div>\r\n                                            <label class=\"calc-radio\">\r\n                            <input type=\"radio\" data-label=\"Essilor\u00ae Eyezen\u00ae Boost\" data-pricex2=\"218\" data-price=\"109\"\r\n                                name=\"step1\"\r\n                                value=\"118\"\r\n                                data-image=\"https:\/\/www.archimbaudopticien.com\/diag\/wp-content\/uploads\/2026\/01\/eyezen-boost-cz-sapphire-hr-1024x683.jpg\">\r\n\r\n                            <span class=\"step-title\">Eyezen\u00ae Boost<\/span>\r\n                            <span class=\"step-price\">\r\n                                \u00c0 partir de <span class=\"dyp\">109\u20ac<\/span> ou <br \/> <span class=\"dym\">27.25\u20ac<\/span>\/mois \u00e0 0%                            <\/span>\r\n                        <\/label>\r\n                                            <label class=\"calc-radio\">\r\n                            <input type=\"radio\" data-label=\"Essilor\u00ae Eyezen\u00ae Start\" data-pricex2=\"198\" data-price=\"99\"\r\n                                name=\"step1\"\r\n                                value=\"116\"\r\n                                data-image=\"https:\/\/www.archimbaudopticien.com\/diag\/wp-content\/uploads\/2026\/01\/eyezen-start-cz-sapphire-hr-1024x683.jpg\">\r\n\r\n                            <span class=\"step-title\">Eyezen\u00ae Start<\/span>\r\n                            <span class=\"step-price\">\r\n                                \u00c0 partir de <span class=\"dyp\">99\u20ac<\/span> ou <br \/> <span class=\"dym\">24.75\u20ac<\/span>\/mois \u00e0 0%                            <\/span>\r\n                        <\/label>\r\n                                            <label class=\"calc-radio\">\r\n                            <input type=\"radio\" data-label=\"Essilor\u00ae\" data-pricex2=\"98\" data-price=\"49\"\r\n                                name=\"step1\"\r\n                                value=\"1081\"\r\n                                data-image=\"https:\/\/www.archimbaudopticien.com\/diag\/wp-content\/uploads\/2026\/04\/essilor-chrono-new-1024x683.jpg\">\r\n\r\n                            <span class=\"step-title\">Essilor\u00ae Chrono<\/span>\r\n                            <span class=\"step-price\">\r\n                                \u00c0 partir de <span class=\"dyp\">49\u20ac<\/span> ou <br \/> <span class=\"dym\">12.25\u20ac<\/span>\/mois \u00e0 0%                            <\/span>\r\n                        <\/label>\r\n                                    <\/div>\r\n                                    <div class=\"step-instruct\">\r\n                        <p class=\"instru-ttl\">Besoin d\u2019aide pour choisir la version ?<\/p><p class=\"sttl-ttl\">D\u00e9couvrez les diff\u00e9rences principales entre Eyezen Start et Eyezen Boost<\/p><div class=\"info-icon\"><\/div><div class=\"info-popup\" style=\"display:none;\"><hr style=\"border: none;border-top: 1px solid #ffffff;margin: 18px 0\" \/>\n<div style=\"text-align: center\">\n<p style=\"text-align: center;margin: 0 0 20px 0;font-size: clamp(28px, 5vw, 40px);line-height: 1.2;color: #000000\"><strong>Quels verres vous faut-il ?<\/strong><\/p>\n<hr style=\"border: none;border-top: 1px solid #ffffff;margin: 50px 0\" \/>\n<table style=\"margin: 0 0 14px 0;width: 100%;border-collapse: collapse\" role=\"presentation\" width=\"100%\" cellspacing=\"0\" cellpadding=\"0\">\n<tbody>\n<tr>\n<td style=\"width: 25%\"><\/td>\n<td style=\"width: 25%;text-align: center\"><img decoding=\"async\" style=\"margin: 0 auto;width: 60%;height: auto\" src=\"https:\/\/www.archimbaudopticien.com\/blog\/wp-content\/uploads\/2025\/12\/Eyezen-BOOST-noir.jpg\" alt=\"Eyezen Boost\" \/><\/td>\n<td style=\"width: 25%;text-align: center\"><img decoding=\"async\" style=\"margin: 0 auto;width: 60%;height: auto\" src=\"https:\/\/www.archimbaudopticien.com\/blog\/wp-content\/uploads\/2025\/12\/Eyezen-START-noir.jpg\" alt=\"Eyezen Start\" \/><\/td>\n<td style=\"width: 25%;text-align: center\"><img decoding=\"async\" style=\"margin: 0 auto;width: 60%;height: auto\" src=\"https:\/\/www.archimbaudopticien.com\/diag\/wp-content\/uploads\/2026\/04\/Essilor-Chrono-noir.jpg\" alt=\"Essilor Chrono\" \/><\/td>\n<\/tr>\n<\/tbody>\n<\/table>\n<table style=\"border-collapse: collapse;width: 100%\" role=\"presentation\" width=\"100%\" cellspacing=\"0\" cellpadding=\"10\">\n<tbody>\n<tr>\n<td style=\"width: 25%;text-align: left;vertical-align: middle;font-size: 13px;line-height: 1.25\"><strong>Contraste am\u00e9lior\u00e9<\/strong><\/td>\n<td style=\"width: 25%;text-align: center;vertical-align: middle;line-height: 0\"><img decoding=\"async\" class=\"aligncenter\" style=\"height: 22px\" src=\"https:\/\/www.archimbaudopticien.com\/blog\/wp-content\/uploads\/2025\/12\/icon-check-triple.png\" alt=\"\" \/><\/td>\n<td style=\"width: 25%;text-align: center;vertical-align: middle;line-height: 0\"><img decoding=\"async\" class=\"aligncenter\" style=\"height: 22px\" src=\"https:\/\/www.archimbaudopticien.com\/blog\/wp-content\/uploads\/2025\/12\/icon-check-triple.png\" alt=\"\" \/><\/td>\n<td style=\"width: 25%;text-align: center;vertical-align: middle;line-height: 0\"><img decoding=\"async\" class=\"aligncenter\" style=\"height: 22px\" src=\"https:\/\/www.archimbaudopticien.com\/blog\/wp-content\/uploads\/2025\/12\/icon-check-double.png\" alt=\"\" \/><\/td>\n<\/tr>\n<tr>\n<td style=\"border-top: 1px solid #ffffff;text-align: left;vertical-align: middle;font-size: 13px\"><strong>Soulage vos yeux au quotidien<\/strong><\/td>\n<td style=\"border-top: 1px solid #ffffff;text-align: center;vertical-align: middle;line-height: 0\"><img decoding=\"async\" class=\"aligncenter\" style=\"height: 22px\" src=\"https:\/\/www.archimbaudopticien.com\/blog\/wp-content\/uploads\/2025\/12\/icon-check-triple.png\" alt=\"\" \/><\/td>\n<td style=\"border-top: 1px solid #ffffff;text-align: center;vertical-align: middle;line-height: 0\"><img decoding=\"async\" class=\"aligncenter\" style=\"height: 22px\" src=\"https:\/\/www.archimbaudopticien.com\/blog\/wp-content\/uploads\/2025\/12\/icon-check-double.png\" alt=\"\" \/><\/td>\n<td style=\"border-top: 1px solid #ffffff;text-align: center;vertical-align: middle;line-height: 0\"><img decoding=\"async\" class=\"aligncenter\" style=\"height: 22px\" src=\"https:\/\/www.archimbaudopticien.com\/blog\/wp-content\/uploads\/2025\/12\/icon-check.png\" alt=\"\" \/><\/td>\n<\/tr>\n<tr>\n<td style=\"border-top: 1px solid #ffffff;text-align: left;vertical-align: middle;font-size: 13px\"><strong>R\u00e9duction de la fatigue visuelle<\/strong><\/td>\n<td style=\"border-top: 1px solid #ffffff;text-align: center;vertical-align: middle;line-height: 0\"><img decoding=\"async\" class=\"aligncenter\" style=\"height: 22px\" src=\"https:\/\/www.archimbaudopticien.com\/blog\/wp-content\/uploads\/2025\/12\/icon-check-triple.png\" alt=\"\" \/><\/td>\n<td style=\"border-top: 1px solid #ffffff;text-align: center;vertical-align: middle;line-height: 0\"><img decoding=\"async\" class=\"aligncenter\" style=\"height: 22px\" src=\"https:\/\/www.archimbaudopticien.com\/blog\/wp-content\/uploads\/2025\/12\/icon-check.png\" alt=\"\" \/><\/td>\n<td style=\"border-top: 1px solid #ffffff;text-align: center;vertical-align: middle;line-height: 0\"><img decoding=\"async\" class=\"aligncenter\" style=\"height: 22px\" src=\"https:\/\/www.archimbaudopticien.com\/blog\/wp-content\/uploads\/2025\/12\/icon-no.png\" alt=\"\" \/><\/td>\n<\/tr>\n<tr>\n<td style=\"border-top: 1px solid #ffffff;text-align: left;vertical-align: middle;font-size: 13px\"><strong>Meilleure visibilit\u00e9 des petits caract\u00e8res<\/strong><\/td>\n<td style=\"border-top: 1px solid #ffffff;text-align: center;vertical-align: middle;line-height: 0\"><img decoding=\"async\" class=\"aligncenter\" style=\"height: 22px\" src=\"https:\/\/www.archimbaudopticien.com\/blog\/wp-content\/uploads\/2025\/12\/icon-check-triple.png\" alt=\"\" \/><\/td>\n<td style=\"border-top: 1px solid #ffffff;text-align: center;vertical-align: middle;line-height: 0\"><img decoding=\"async\" class=\"aligncenter\" style=\"height: 22px\" src=\"https:\/\/www.archimbaudopticien.com\/blog\/wp-content\/uploads\/2025\/12\/icon-check.png\" alt=\"\" \/><\/td>\n<td style=\"border-top: 1px solid #ffffff;text-align: center;vertical-align: middle;line-height: 0\"><img decoding=\"async\" class=\"aligncenter\" style=\"height: 22px\" src=\"https:\/\/www.archimbaudopticien.com\/blog\/wp-content\/uploads\/2025\/12\/icon-no.png\" alt=\"\" \/><\/td>\n<\/tr>\n<tr>\n<td style=\"border-top: 1px solid #ffffff;text-align: left;vertical-align: middle;font-size: 13px\"><strong>Id\u00e9al pour\u2026<\/strong><\/td>\n<td style=\"border-top: 1px solid #ffffff;text-align: center;font-size: 12px;color: #000000\"><em>Usage digital intensif &amp; performance visuelle renforc\u00e9e<\/em><\/td>\n<td style=\"border-top: 1px solid #ffffff;text-align: center;font-size: 12px;color: #000000\"><em>Usage digital mod\u00e9r\u00e9 &amp; confort visuel moderne<\/em><\/td>\n<td style=\"border-top: 1px solid #ffffff;text-align: center;font-size: 12px;color: #000000\"><em>Usage visuelle classique<\/em><\/td>\n<\/tr>\n<\/tbody>\n<\/table>\n<p style=\"text-align: center;margin: 18px 0 0 0\"><a style=\"color: #000000;text-decoration: none\" href=\"https:\/\/www.archimbaudopticien.com\/blog\/nos-verres-essilor\/essilor-eyezen\/eyezen-start-vs-eyezen-boost\" target=\"_blank\" rel=\"noopener noreferrer\"><br \/>\n<span style=\"text-decoration: underline\"><strong>En savoir plus &gt;<\/strong><\/span><br \/>\n<\/a><\/p>\n<\/div>\n<\/div>                    <\/div>\r\n                            <\/div>\r\n                                <div class=\"cu-step disbaled\" id=\"step-2\">\r\n                <div class=\"step-sttl\"><p>Optimisez vos verres.<\/p>\n<\/div>\r\n                <div class=\"steps-elements\">\r\n                                    <\/div>\r\n                                    <div class=\"step-instruct\">\r\n                        <p class=\"instru-ttl\">Quelle mati\u00e8re pour mes verres ?<\/p><p class=\"sttl-ttl\">Visualisez les diff\u00e9rences principales entre les mati\u00e8res.<\/p><div class=\"info-icon\"><\/div><div class=\"info-popup\" style=\"display:none;\"><hr style=\"border: none;border-top: 1px solid #ffffff;margin: 18px 0\" \/>\n<div style=\"text-align: center\">\n<p style=\"text-align: center;margin: 0 0 20px 0;font-size: clamp(22px, 5vw, 32px);line-height: 1.2;color: #000000\"><strong>Quelle mati\u00e8re choisir pour optimiser vos verres ?<\/strong><\/p>\n<hr style=\"border: none;border-top: 1px solid #ffffff;margin: 50px 0\" \/>\n<table style=\"border-collapse: collapse;margin: 0 0 14px 0;width: 100%\" role=\"presentation\" width=\"100%\" cellspacing=\"0\" cellpadding=\"0\">\n<tbody>\n<tr>\n<td style=\"width: 28%\"><\/td>\n<td style=\"text-align: center;width: 18%\"><strong>Ormix<\/strong><\/td>\n<td style=\"text-align: center;width: 18%\"><strong>Stylis<\/strong><\/td>\n<td style=\"text-align: center;width: 18%\"><strong>Lin\u00e9is<\/strong><\/td>\n<td style=\"text-align: center;width: 18%\"><strong>Orma<\/strong><\/td>\n<\/tr>\n<\/tbody>\n<\/table>\n<table style=\"border-collapse: collapse;width: 100%\" role=\"presentation\" width=\"100%\" cellspacing=\"0\" cellpadding=\"10\">\n<tbody>\n<tr>\n<td style=\"width: 28%;text-align: left;vertical-align: middle;font-size: 13px;line-height: 1.25\"><strong>Protection UV<\/strong><\/td>\n<td style=\"width: 18%;text-align: center;vertical-align: middle;line-height: 0\"><img decoding=\"async\" style=\"margin: 0 auto;height: 22px;width: auto\" src=\"https:\/\/www.archimbaudopticien.com\/blog\/wp-content\/uploads\/2025\/12\/icon-check-triple.png\" alt=\"\" \/><\/td>\n<td style=\"width: 18%;text-align: center;vertical-align: middle;line-height: 0\"><img decoding=\"async\" style=\"margin: 0 auto;height: 22px;width: auto\" src=\"https:\/\/www.archimbaudopticien.com\/blog\/wp-content\/uploads\/2025\/12\/icon-check-triple.png\" alt=\"\" \/><\/td>\n<td style=\"width: 18%;text-align: center;vertical-align: middle;line-height: 0\"><img decoding=\"async\" style=\"margin: 0 auto;height: 22px;width: auto\" src=\"https:\/\/www.archimbaudopticien.com\/blog\/wp-content\/uploads\/2025\/12\/icon-check-triple.png\" alt=\"\" \/><\/td>\n<td style=\"width: 18%;text-align: center;vertical-align: middle;line-height: 0\"><img decoding=\"async\" style=\"margin: 0 auto;height: 22px;width: auto\" src=\"https:\/\/www.archimbaudopticien.com\/blog\/wp-content\/uploads\/2025\/12\/icon-check.png\" alt=\"\" \/><\/td>\n<\/tr>\n<tr>\n<td style=\"width: 28%;text-align: left;vertical-align: middle;font-size: 13px;line-height: 1.25\"><strong>R\u00e9sistance aux chocs<\/strong><\/td>\n<td style=\"width: 18%;text-align: center;vertical-align: middle;line-height: 0\"><img decoding=\"async\" style=\"margin: 0 auto;height: 22px;width: auto\" src=\"https:\/\/www.archimbaudopticien.com\/blog\/wp-content\/uploads\/2025\/12\/icon-check-triple.png\" alt=\"\" \/><\/td>\n<td style=\"width: 18%;text-align: center;vertical-align: middle;line-height: 0\"><img decoding=\"async\" style=\"margin: 0 auto;height: 22px;width: auto\" src=\"https:\/\/www.archimbaudopticien.com\/blog\/wp-content\/uploads\/2025\/12\/icon-check-double.png\" alt=\"\" \/><\/td>\n<td style=\"width: 18%;text-align: center;vertical-align: middle;line-height: 0\"><img decoding=\"async\" style=\"margin: 0 auto;height: 22px;width: auto\" src=\"https:\/\/www.archimbaudopticien.com\/blog\/wp-content\/uploads\/2025\/12\/icon-check-double.png\" alt=\"\" \/><\/td>\n<td style=\"width: 18%;text-align: center;vertical-align: middle;line-height: 0\"><img decoding=\"async\" style=\"margin: 0 auto;height: 22px;width: auto\" src=\"https:\/\/www.archimbaudopticien.com\/blog\/wp-content\/uploads\/2025\/12\/icon-check.png\" alt=\"\" \/><\/td>\n<\/tr>\n<tr>\n<td style=\"width: 28%;text-align: left;vertical-align: middle;font-size: 13px;line-height: 1.25\"><strong>L\u00e9g\u00e8ret\u00e9<\/strong><\/td>\n<td style=\"width: 18%;text-align: center;vertical-align: middle;line-height: 0\"><img decoding=\"async\" style=\"margin: 0 auto;height: 22px;width: auto\" src=\"https:\/\/www.archimbaudopticien.com\/blog\/wp-content\/uploads\/2025\/12\/icon-check-double.png\" alt=\"\" \/><\/td>\n<td style=\"width: 18%;text-align: center;vertical-align: middle;line-height: 0\"><img decoding=\"async\" style=\"margin: 0 auto;height: 22px;width: auto\" src=\"https:\/\/www.archimbaudopticien.com\/blog\/wp-content\/uploads\/2025\/12\/icon-check-triple.png\" alt=\"\" \/><\/td>\n<td style=\"width: 18%;text-align: center;vertical-align: middle;line-height: 0\"><img decoding=\"async\" style=\"margin: 0 auto;height: 22px;width: auto\" src=\"https:\/\/www.archimbaudopticien.com\/blog\/wp-content\/uploads\/2025\/12\/icon-check-triple.png\" alt=\"\" \/><\/td>\n<td style=\"width: 18%;text-align: center;vertical-align: middle;line-height: 0\"><img decoding=\"async\" style=\"margin: 0 auto;height: 22px;width: auto\" src=\"https:\/\/www.archimbaudopticien.com\/blog\/wp-content\/uploads\/2025\/12\/icon-no.png\" alt=\"\" \/><\/td>\n<\/tr>\n<tr>\n<td style=\"width: 28%;text-align: left;vertical-align: middle;font-size: 13px;line-height: 1.25\"><strong>Aminci<\/strong><\/td>\n<td style=\"width: 18%;text-align: center;vertical-align: middle;line-height: 0\"><img decoding=\"async\" style=\"margin: 0 auto;height: 22px;width: auto\" src=\"https:\/\/www.archimbaudopticien.com\/blog\/wp-content\/uploads\/2025\/12\/icon-check.png\" alt=\"\" \/><\/td>\n<td style=\"width: 18%;text-align: center;vertical-align: middle;line-height: 0\"><img decoding=\"async\" style=\"margin: 0 auto;height: 22px;width: auto\" src=\"https:\/\/www.archimbaudopticien.com\/blog\/wp-content\/uploads\/2025\/12\/icon-check-double.png\" alt=\"\" \/><\/td>\n<td style=\"width: 18%;text-align: center;vertical-align: middle;line-height: 0\"><img decoding=\"async\" style=\"margin: 0 auto;height: 22px;width: auto\" src=\"https:\/\/www.archimbaudopticien.com\/blog\/wp-content\/uploads\/2025\/12\/icon-check-triple.png\" alt=\"\" \/><\/td>\n<td style=\"width: 18%;text-align: center;vertical-align: middle;line-height: 0\"><img decoding=\"async\" style=\"margin: 0 auto;height: 22px;width: auto\" src=\"https:\/\/www.archimbaudopticien.com\/blog\/wp-content\/uploads\/2025\/12\/icon-no.png\" alt=\"\" \/><\/td>\n<\/tr>\n<\/tbody>\n<\/table>\n<p style=\"text-align: center;margin: 18px 0 0 0\"><a style=\"color: #000000;text-decoration: underline\" href=\"https:\/\/www.archimbaudopticien.com\/blog\/nos-verres-essilor\/orma-vs-ormix-vs-stylis-vs-lineis\" target=\"_blank\" rel=\"noopener\"><br \/>\n<strong>En savoir plus &gt;<\/strong><br \/>\n<\/a><\/p>\n<\/div>\n<\/div>                    <\/div>\r\n                            <\/div>\r\n                                <div class=\"cu-step disbaled\" id=\"step-3\">\r\n                <div class=\"step-sttl\"><p>Choisissez la finition que vous souhaitez.<\/p>\n<\/div>\r\n                <div class=\"steps-elements\">\r\n                                                <label class=\"calc-radio\">\r\n                                                                    <input type=\"radio\" data-label=\"EPS Crizal\u00ae Sapphire\u2122 HR\" data-price=\"50\"\r\n                                        name=\"step3\"\r\n                                        value=\"420\"\r\n                                        data-image=\"https:\/\/www.archimbaudopticien.com\/diag\/wp-content\/uploads\/2026\/01\/eyezen-boost-cz-sapphire-hr-1024x683.jpg\">\r\n                                                                <span class=\"step-title\">EPS Crizal\u00ae Sapphire\u2122 HR<\/span>\r\n                                <!-- <span class=\"step-price\"><\/span> -->\r\n                            <\/label>\r\n                                                <label class=\"calc-radio\">\r\n                                                                    <input type=\"radio\" data-label=\"EPS Crizal\u00ae Easy Pro\" data-price=\"\"\r\n                                        name=\"step3\"\r\n                                        value=\"417\"\r\n                                        data-image=\"https:\/\/www.archimbaudopticien.com\/diag\/wp-content\/uploads\/2026\/01\/eyezen-boost-easy-pro-new-1024x683.jpg\">\r\n                                                                <span class=\"step-title\">EPS Crizal\u00ae Easy Pro<\/span>\r\n                                <!-- <span class=\"step-price\"><\/span> -->\r\n                            <\/label>\r\n                                    <\/div>\r\n                                    <div class=\"step-instruct\">\r\n                        <p class=\"instru-ttl\">Vous ne savez pas quelle finition choisir ?<\/p><p class=\"sttl-ttl\">Voici nos conseils de traitement de surface<\/p><div class=\"info-icon\"><\/div><div class=\"info-popup\" style=\"display:none;\"><hr style=\"border: none;border-top: 1px solid #ffffff;margin: 18px 0\" \/>\n<div style=\"text-align: center\">\n<p style=\"text-align: center;margin: 0 0 20px 0;font-size: clamp(28px, 5vw, 40px);line-height: 1.2;color: #000000\"><strong>Quel traitement de surface pour mes verres ?<\/strong><\/p>\n<hr style=\"border: none;border-top: 1px solid #ffffff;margin: 50px 0\" \/>\n<table style=\"margin: 0 0 14px 0;width: 100%;border-collapse: collapse\" role=\"presentation\" width=\"100%\" cellspacing=\"0\" cellpadding=\"0\">\n<tbody>\n<tr>\n<td width=\"33%\"><\/td>\n<td style=\"text-align: center\" width=\"33%\"><img decoding=\"async\" class=\"aligncenter\" style=\"max-width: 50%;height: auto\" src=\"https:\/\/www.archimbaudopticien.com\/blog\/wp-content\/uploads\/2025\/12\/Crizal-Sapphire-HR-noir.jpg\" alt=\"Crizal Sapphire HR\" \/><\/td>\n<td style=\"text-align: center\" width=\"33%\"><img decoding=\"async\" class=\"aligncenter\" style=\"max-width: 50%;height: auto\" src=\"https:\/\/www.archimbaudopticien.com\/blog\/wp-content\/uploads\/2025\/12\/Crizal-Easy-Pro-noir.jpg\" alt=\"Crizal Easy Pro\" \/><\/td>\n<\/tr>\n<\/tbody>\n<\/table>\n<table style=\"border-collapse: collapse;width: 100%\" role=\"presentation\" width=\"100%\" cellspacing=\"0\" cellpadding=\"10\">\n<tbody>\n<tr>\n<td style=\"width: 33%;text-align: left;vertical-align: middle;font-size: 13px;line-height: 1.25\"><strong>Protection UV<\/strong><\/td>\n<td style=\"width: 33%;text-align: center;line-height: 0\"><img decoding=\"async\" class=\"aligncenter\" style=\"height: 22px\" src=\"https:\/\/www.archimbaudopticien.com\/blog\/wp-content\/uploads\/2025\/12\/icon-check-triple.png\" alt=\"\" \/><\/td>\n<td style=\"width: 33%;text-align: center;line-height: 0\"><img decoding=\"async\" class=\"aligncenter\" style=\"height: 22px\" src=\"https:\/\/www.archimbaudopticien.com\/blog\/wp-content\/uploads\/2025\/12\/icon-check-double.png\" alt=\"\" \/><\/td>\n<\/tr>\n<tr>\n<td style=\"width: 33%;text-align: left;vertical-align: middle;font-size: 13px;line-height: 1.25\"><strong>Facilit\u00e9 de nettoyage<\/strong><\/td>\n<td style=\"width: 33%;text-align: center;line-height: 0\"><img decoding=\"async\" class=\"aligncenter\" style=\"height: 22px\" src=\"https:\/\/www.archimbaudopticien.com\/blog\/wp-content\/uploads\/2025\/12\/icon-check-triple.png\" alt=\"\" \/><\/td>\n<td style=\"width: 33%;text-align: center;line-height: 0\"><img decoding=\"async\" class=\"aligncenter\" style=\"height: 22px\" src=\"https:\/\/www.archimbaudopticien.com\/blog\/wp-content\/uploads\/2025\/12\/icon-check.png\" alt=\"\" \/><\/td>\n<\/tr>\n<tr>\n<td style=\"width: 33%;text-align: left;vertical-align: middle;font-size: 13px;line-height: 1.25\"><strong>Haute transparence<\/strong><\/td>\n<td style=\"width: 33%;text-align: center;line-height: 0\"><img decoding=\"async\" class=\"aligncenter\" style=\"height: 22px\" src=\"https:\/\/www.archimbaudopticien.com\/blog\/wp-content\/uploads\/2025\/12\/icon-check-triple.png\" alt=\"\" \/><\/td>\n<td style=\"width: 33%;text-align: center;line-height: 0\"><img decoding=\"async\" class=\"aligncenter\" style=\"height: 22px\" src=\"https:\/\/www.archimbaudopticien.com\/blog\/wp-content\/uploads\/2025\/12\/icon-check.png\" alt=\"\" \/><\/td>\n<\/tr>\n<tr>\n<td style=\"width: 33%;text-align: left;vertical-align: middle;font-size: 13px;line-height: 1.25\"><strong>Haute r\u00e9sistance<\/strong><\/td>\n<td style=\"width: 33%;text-align: center;line-height: 0\"><img decoding=\"async\" class=\"aligncenter\" style=\"height: 22px\" src=\"https:\/\/www.archimbaudopticien.com\/blog\/wp-content\/uploads\/2025\/12\/icon-check-triple.png\" alt=\"\" \/><\/td>\n<td style=\"width: 33%;text-align: center;line-height: 0\"><img decoding=\"async\" class=\"aligncenter\" style=\"height: 22px\" src=\"https:\/\/www.archimbaudopticien.com\/blog\/wp-content\/uploads\/2025\/12\/icon-check.png\" alt=\"\" \/><\/td>\n<\/tr>\n<tr>\n<td style=\"width: 33%;text-align: left;vertical-align: middle;font-size: 13px;line-height: 1.25\"><strong>Vision naturelle<\/strong><\/td>\n<td style=\"width: 33%;text-align: center;line-height: 0\"><img decoding=\"async\" class=\"aligncenter\" style=\"height: 22px\" src=\"https:\/\/www.archimbaudopticien.com\/blog\/wp-content\/uploads\/2025\/12\/icon-check-triple.png\" alt=\"\" \/><\/td>\n<td style=\"width: 33%;text-align: center;line-height: 0\"><img decoding=\"async\" class=\"aligncenter\" style=\"height: 22px\" src=\"https:\/\/www.archimbaudopticien.com\/blog\/wp-content\/uploads\/2025\/12\/icon-check.png\" alt=\"\" \/><\/td>\n<\/tr>\n<\/tbody>\n<\/table>\n<p style=\"text-align: center;margin: 18px 0 0 0\"><a class=\"aligncenter\" style=\"color: #000000;text-decoration: none\" href=\"https:\/\/www.archimbaudopticien.com\/blog\/nos-verres-essilor\/essilor-traitements\/crizal-sapphire-vs-crizal-easy-pro\" target=\"_blank\" rel=\"noopener noreferrer\"><br \/>\n<span style=\"text-decoration: underline\"><strong>En savoir plus &gt;<\/strong><\/span><br \/>\n<\/a><\/p>\n<\/div>\n<\/div>                    <\/div>\r\n                            <\/div>\r\n\r\n                        <div class=\"cu-step disbaled\" id=\"step-4\">\r\n                <div class=\"step-sttl\"><p>Prot\u00e9gez vos yeux.<\/p>\n<\/div>\r\n                <div class=\"steps-elements\">\r\n                                        <label class=\"calc-radio st4\">\r\n                        <div class=\"wrp-trans\">\r\n                            <span class=\"step-title\">Transitions\u00ae<\/span>\r\n                            <input type=\"hidden\" class=\"step-id\" value=\"438\" \/>\r\n                            <div class=\"teintes-palette\">                                    <label class=\"teinte-item\">\r\n                                        <input type=\"radio\" data-label=\"Transitions\u00ae GEN S\u2122 Graphite Green\" name=\"step4\" value=\"Transitions\u00ae GEN S\u2122 Graphite Green\" data-price=\"1\" data-image=\"\">\r\n                                        <span class=\"teinte-color\" title=\"Graphite Green\" style=\"--teinte-color: rgb(54,69,44);\"><\/span>\r\n                                    <\/label>\r\n                                                                <label class=\"teinte-item\">\r\n                                        <input type=\"radio\" data-label=\"Transitions\u00ae GEN S\u2122 Brun\" name=\"step4\" value=\"Transitions\u00ae GEN S\u2122 Brun\" data-price=\"1\" data-image=\"\">\r\n                                        <span class=\"teinte-color\" title=\"Brown\" style=\"--teinte-color: rgb(81,53,44);\"><\/span>\r\n                                    <\/label>\r\n                                                                <label class=\"teinte-item\">\r\n                                        <input type=\"radio\" data-label=\"Transitions\u00ae GEN S\u2122 Gris\" name=\"step4\" value=\"Transitions\u00ae GEN S\u2122 Gris\" data-price=\"1\" data-image=\"\">\r\n                                        <span class=\"teinte-color\" title=\"Grey\" style=\"--teinte-color: rgb(115,125,119);\"><\/span>\r\n                                    <\/label>\r\n                                                                <label class=\"teinte-item\">\r\n                                        <input type=\"radio\" data-label=\"Transitions\u00ae GEN S\u2122 Saphir\" name=\"step4\" value=\"Transitions\u00ae GEN S\u2122 Saphir\" data-price=\"1\" data-image=\"\">\r\n                                        <span class=\"teinte-color\" title=\"Sapphire\" style=\"--teinte-color:  #1d4469;\"><\/span>\r\n                                    <\/label>\r\n                                                                <label class=\"teinte-item\">\r\n                                        <input type=\"radio\" data-label=\"Transitions\u00ae GEN S\u2122 \u00c9meraude\" name=\"step4\" value=\"Transitions\u00ae GEN S\u2122 \u00c9meraude\" data-price=\"1\" data-image=\"\">\r\n                                        <span class=\"teinte-color\" title=\"Emerald\" style=\"--teinte-color: rgb(8,87,63);\"><\/span>\r\n                                    <\/label>\r\n                                                                <label class=\"teinte-item\">\r\n                                        <input type=\"radio\" data-label=\"Transitions\u00ae GEN S\u2122 Ambre\" name=\"step4\" value=\"Transitions\u00ae GEN S\u2122 Ambre\" data-price=\"1\" data-image=\"\">\r\n                                        <span class=\"teinte-color\" title=\"Amber\" style=\"--teinte-color: rgb(153,128,82);\"><\/span>\r\n                                    <\/label>\r\n                                                                <label class=\"teinte-item\">\r\n                                        <input type=\"radio\" data-label=\"Transitions\u00ae GEN S\u2122 Rubis\" name=\"step4\" value=\"Transitions\u00ae GEN S\u2122 Rubis\" data-price=\"1\" data-image=\"\">\r\n                                        <span class=\"teinte-color\" title=\"Ruby\" style=\"--teinte-color: rgb(134,22,65);\"><\/span>\r\n                                    <\/label>\r\n                                                                <label class=\"teinte-item\">\r\n                                        <input type=\"radio\" data-label=\"Transitions\u00ae GEN S\u2122 Am\u00e9thyste\" name=\"step4\" value=\"Transitions\u00ae GEN S\u2122 Am\u00e9thyste\" data-price=\"1\" data-image=\"\">\r\n                                        <span class=\"teinte-color\" title=\"Amethyst\" style=\"--teinte-color: rgb(121,70,128);\"><\/span>\r\n                                    <\/label>\r\n                            <\/div>                        <\/div>\r\n                                                        <div class=\"wrp-sans-trans\">\r\n                                    <span class=\"step-title sans-trans\">Sans transition<\/span>\r\n                                    <div class=\"teintes-palette\">\r\n                                        <label class=\"teinte-item\">\r\n                                            <input type=\"radio\" data-label=\"Blanc\" name=\"step4\" value=\"Blanc\" data-price=\"0\" data-image=\"\">\r\n                                            <span class=\"teinte-color\" title=\"Blanc\" style=\"--teinte-color: rgb(255,255,255);\"><\/span>\r\n                                        <\/label>\r\n                                    <\/div>\r\n                                <\/div>\r\n                                            <\/label>\r\n                            <\/div>\r\n                                    <div class=\"step-instruct\">\r\n                        <p class=\"instru-ttl\">Vous voulez visualiser les diff\u00e9rentes teintes ?<\/p><p class=\"sttl-ttl\">D\u00e9couvrez les diff\u00e9rentes teintes disponibles<\/p><div class=\"info-icon\"><\/div><div class=\"info-popup\" style=\"display:none;\"><hr style=\"border: none;border-top: 1px solid #ffffff;margin: 18px 0\" \/>\n<div style=\"text-align: center\">\n<p style=\"text-align: center;margin: 0 0 20px 0;font-size: clamp(28px, 5vw, 40px);line-height: 1.2;color: #000000\"><strong>Prot\u00e9gez vos yeux avec Transitions\u00ae Gen S\u2122<\/strong><\/p>\n<hr style=\"border: none;border-top: 1px solid #ffffff;margin: 50px 0\" \/>\n<div style=\"margin: 0 0 54px 0\">\n<p style=\"margin: 0 0 10px 0\"><img decoding=\"async\" style=\"width: 32px;height: 32px;margin: 0 auto\" src=\"https:\/\/www.archimbaudopticien.com\/blog\/wp-content\/uploads\/2026\/01\/grey.png.webp\" alt=\"Ic\u00f4ne Transitions Gris\" \/><\/p>\n<p style=\"margin: 0 0 10px 0;text-align: center\"><strong>Transitions\u00ae Gris<\/strong><\/p>\n<p style=\"margin: 0\"><img decoding=\"async\" style=\"max-width: 75%;height: auto;margin: 0 auto\" src=\"https:\/\/www.archimbaudopticien.com\/blog\/wp-content\/uploads\/2026\/01\/Eyezen-Transitions-Grey.jpg\" alt=\"Teinte Transitions Gris\" \/><\/p>\n<\/div>\n<div style=\"margin: 0 0 54px 0\">\n<p style=\"margin: 0 0 10px 0\"><img decoding=\"async\" style=\"width: 32px;height: 32px;margin: 0 auto\" src=\"https:\/\/www.archimbaudopticien.com\/blog\/wp-content\/uploads\/2026\/01\/brown.png.webp\" alt=\"Ic\u00f4ne Transitions Brun\" \/><\/p>\n<p style=\"margin: 0 0 10px 0;text-align: center\"><strong>Transitions\u00ae Brun<\/strong><\/p>\n<p style=\"margin: 0\"><img decoding=\"async\" style=\"max-width: 75%;height: auto;margin: 0 auto\" src=\"https:\/\/www.archimbaudopticien.com\/blog\/wp-content\/uploads\/2026\/01\/Eyezen-Transitions-Brown.jpg\" alt=\"Teinte Transitions Brun\" \/><\/p>\n<\/div>\n<div style=\"margin: 0 0 54px 0\">\n<p style=\"margin: 0 0 10px 0\"><img decoding=\"async\" style=\"width: 32px;height: 32px;margin: 0 auto\" src=\"https:\/\/www.archimbaudopticien.com\/blog\/wp-content\/uploads\/2026\/01\/graphite-green.png.webp\" alt=\"Ic\u00f4ne Transitions Graphite Green\" \/><\/p>\n<p style=\"margin: 0 0 10px 0;text-align: center\"><strong>Transitions\u00ae Graphite Green<\/strong><\/p>\n<p style=\"margin: 0\"><img decoding=\"async\" style=\"max-width: 75%;height: auto;margin: 0 auto\" src=\"https:\/\/www.archimbaudopticien.com\/blog\/wp-content\/uploads\/2026\/01\/Eyezen-Transitions-Graphite-Green.jpg\" alt=\"Teinte Transitions Graphite Green\" \/><\/p>\n<\/div>\n<div style=\"margin: 0 0 54px 0\">\n<p style=\"margin: 0 0 10px 0\"><img decoding=\"async\" style=\"width: 32px;height: 32px;margin: 0 auto\" src=\"https:\/\/www.archimbaudopticien.com\/blog\/wp-content\/uploads\/2026\/01\/sapphire.png.webp\" alt=\"Ic\u00f4ne Transitions Saphir\" \/><\/p>\n<p style=\"margin: 0 0 10px 0;text-align: center\"><strong>Transitions\u00ae Saphir<\/strong><\/p>\n<p style=\"margin: 0\"><img decoding=\"async\" style=\"max-width: 75%;height: auto;margin: 0 auto\" src=\"https:\/\/www.archimbaudopticien.com\/blog\/wp-content\/uploads\/2026\/01\/Eyezen-Transitions-Saphire.jpg\" alt=\"Teinte Transitions Saphir\" \/><\/p>\n<\/div>\n<div style=\"margin: 0 0 54px 0\">\n<p style=\"margin: 0 0 10px 0\"><img decoding=\"async\" style=\"width: 32px;height: 32px;margin: 0 auto\" src=\"https:\/\/www.archimbaudopticien.com\/blog\/wp-content\/uploads\/2026\/01\/amethyst.png.webp\" alt=\"Ic\u00f4ne Transitions Am\u00e9thyste\" \/><\/p>\n<p style=\"margin: 0 0 10px 0;text-align: center\"><strong>Transitions\u00ae Am\u00e9thyste<\/strong><\/p>\n<p style=\"margin: 0\"><img decoding=\"async\" style=\"max-width: 75%;height: auto;margin: 0 auto\" src=\"https:\/\/www.archimbaudopticien.com\/blog\/wp-content\/uploads\/2026\/01\/Eyezen-Transitions-Amethyst.jpg\" alt=\"Teinte Transitions Am\u00e9thyste\" \/><\/p>\n<\/div>\n<div style=\"margin: 0 0 54px 0\">\n<p style=\"margin: 0 0 10px 0\"><img decoding=\"async\" style=\"width: 32px;height: 32px;margin: 0 auto\" src=\"https:\/\/www.archimbaudopticien.com\/blog\/wp-content\/uploads\/2026\/01\/emerald.png.webp\" alt=\"Ic\u00f4ne Transitions \u00c9meraude\" \/><\/p>\n<p style=\"margin: 0 0 10px 0;text-align: center\"><strong>Transitions\u00ae \u00c9meraude<\/strong><\/p>\n<p style=\"margin: 0\"><img decoding=\"async\" style=\"max-width: 75%;height: auto;margin: 0 auto\" src=\"https:\/\/www.archimbaudopticien.com\/blog\/wp-content\/uploads\/2026\/01\/Eyezen-Transitions-Emerald.jpg\" alt=\"Teinte Transitions \u00c9meraude\" \/><\/p>\n<\/div>\n<div style=\"margin: 0 0 54px 0\">\n<p style=\"margin: 0 0 10px 0\"><img decoding=\"async\" style=\"width: 32px;height: 32px;margin: 0 auto\" src=\"https:\/\/www.archimbaudopticien.com\/blog\/wp-content\/uploads\/2026\/01\/amber.png.webp\" alt=\"Ic\u00f4ne Transitions Ambre\" \/><\/p>\n<p style=\"margin: 0 0 10px 0;text-align: center\"><strong>Transitions\u00ae Ambre<\/strong><\/p>\n<p style=\"margin: 0\"><img decoding=\"async\" style=\"max-width: 75%;height: auto;margin: 0 auto\" src=\"https:\/\/www.archimbaudopticien.com\/blog\/wp-content\/uploads\/2026\/01\/Eyezen-Transitions-Amber.jpg\" alt=\"Teinte Transitions Ambre\" \/><\/p>\n<\/div>\n<div style=\"margin: 0 0 54px 0\">\n<p style=\"margin: 0 0 10px 0\"><img decoding=\"async\" style=\"width: 32px;height: 32px;margin: 0 auto\" src=\"https:\/\/www.archimbaudopticien.com\/blog\/wp-content\/uploads\/2026\/01\/ruby.png.webp\" alt=\"Ic\u00f4ne Transitions Rubis\" \/><\/p>\n<p style=\"margin: 0 0 10px 0;text-align: center\"><strong>Transitions\u00ae Rubis<\/strong><\/p>\n<p style=\"margin: 0\"><img decoding=\"async\" style=\"max-width: 75%;height: auto;margin: 0 auto\" src=\"https:\/\/www.archimbaudopticien.com\/blog\/wp-content\/uploads\/2026\/01\/Eyezen-Transitions-Ruby.jpg\" alt=\"Teinte Transitions Rubis\" \/><\/p>\n<\/div>\n<p style=\"text-align: center;margin: 18px 0 0 0\"><a style=\"color: #000000;text-decoration: none\" href=\"https:\/\/www.archimbaudopticien.com\/blog\/nos-verres-essilor\/transitions-gen-s-teintes\" target=\"_blank\" rel=\"noopener noreferrer\"><br \/>\n<span style=\"text-decoration: underline\"><br \/>\n<strong>En savoir plus &gt;<\/strong><br \/>\n<\/span><br \/>\n<\/a><\/p>\n<\/div>\n<\/div>                    <\/div>\r\n                            <\/div>\r\n            <!-- <div class=\"cu-step disbaled\" id=\"step-5\"> -->\r\n                        <div class=\"cu-step disbaled\" id=\"step-5\">\r\n                <div class=\"step-sttl\"><p>Votre 2\u00e8me paire.<\/p>\n<\/div>\r\n                                    <div class=\"option-line\">\r\n                        <div class=\"option-label\">\r\n                            <strong>Monture.<\/strong>\r\n                        <\/div>\r\n                        <input type=\"text\" id=\"monture-2\" name=\"monture-2-val\" class=\"option-price-input\" placeholder=\"0\" value=\"\">\r\n                        <span class=\"currency\">\u20ac<\/span>\r\n                    <\/div>\r\n                                <div class=\"steps-elements\">\r\n                                        <label class=\"calc-radio\">\r\n                        <input type=\"radio\" data-label=\"+ 2\u00e8me paire\" data-price=\"40\"\r\n                            name=\"step5\"\r\n                            value=\"1129\"\r\n                            data-image=\"\">\r\n\r\n                        <span class=\"step-title\">Pack Vision<\/span>\r\n                    <\/label>\r\n                                <label class=\"calc-radio\">\r\n                        <input type=\"radio\" data-label=\"+ 2\u00e8me paire\" data-price=\"60\"\r\n                            name=\"step5\"\r\n                            value=\"1130\"\r\n                            data-image=\"\">\r\n\r\n                        <span class=\"step-title\">Pack Vision Aminci<\/span>\r\n                    <\/label>\r\n                                <label class=\"calc-radio\">\r\n                        <input type=\"radio\" data-label=\"+ 2\u00e8me paire solaire\" data-price=\"20\"\r\n                            name=\"step5\"\r\n                            value=\"393\"\r\n                            data-image=\"\">\r\n\r\n                        <span class=\"step-title\">Pack Sun Lite<\/span>\r\n                    <\/label>\r\n                                <label class=\"calc-radio\">\r\n                        <input type=\"radio\" data-label=\"+ 2\u00e8me paire solaire\" data-price=\"80\"\r\n                            name=\"step5\"\r\n                            value=\"394\"\r\n                            data-image=\"\">\r\n\r\n                        <span class=\"step-title\">Pack Sun Pro<\/span>\r\n                    <\/label>\r\n                                <label class=\"calc-radio\">\r\n                        <input type=\"radio\" data-label=\"+ 2\u00e8me paire solaire\" data-price=\"120\"\r\n                            name=\"step5\"\r\n                            value=\"395\"\r\n                            data-image=\"\">\r\n\r\n                        <span class=\"step-title\">Pack Sun Pro Aminci<\/span>\r\n                    <\/label>\r\n                                <label class=\"calc-radio\">\r\n                        <input type=\"radio\" data-label=\"Pas de 2\u00e8me paire\" data-price=\"\"\r\n                            name=\"step5\"\r\n                            value=\"439\"\r\n                            data-image=\"\">\r\n\r\n                        <span class=\"step-title\">Pas de 2\u00e8me paire<\/span>\r\n                    <\/label>\r\n                            <\/div>\r\n                                    <div class=\"step-instruct\">\r\n                        <p class=\"instru-ttl\">Quels verres vous faut-il ?<\/p><p class=\"sttl-ttl\">D\u00e9couvrez les caract\u00e9ristiques de nos pack AO.<\/p><div class=\"info-icon\"><\/div><div class=\"info-popup\" style=\"display:none;\"><div style=\"text-align: center\">\n<p style=\"text-align: center;margin: 0 0 20px 0;font-size: clamp(28px, 5vw, 40px);line-height: 1.2;color: #000000\"><strong>Quels verres pour votre 2\u00e8me paire ?<\/strong><\/p>\n<hr style=\"border: none;border-top: 1px solid #ffffff;margin: 50px 0\" \/>\n<p style=\"text-align: left;margin: 0 0 10px 0;font-size: 20px;color: #000000\"><strong>Pack Vision<\/strong><\/p>\n<hr style=\"border: none;border-top: 1px solid #000000;margin: 0 0 40px 0\" \/>\n<table style=\"width: 100%;border-collapse: collapse;border: none !important;box-shadow: none !important\" role=\"presentation\" width=\"100%\" cellspacing=\"0\" cellpadding=\"0\">\n<tbody style=\"border: none !important;box-shadow: none !important\">\n<tr style=\"border: none !important\">\n<td style=\"width: 33.33%;vertical-align: top;padding: 0 10px 54px 10px;border: none !important;box-shadow: none !important\">\n<p style=\"margin: 0 0 10px 0;text-align: center\"><strong>Orma Trio Clean<\/strong><\/p>\n<p><img decoding=\"async\" style=\"margin: 0 auto;width: 50%;height: auto\" src=\"https:\/\/www.archimbaudopticien.com\/diag\/wp-content\/uploads\/2026\/04\/orma-ormix-trio-clean.jpg\" alt=\"Trio Clean\" \/><\/td>\n<td style=\"width: 33.33%;vertical-align: top;padding: 0 10px 54px 10px;border: none !important;box-shadow: none !important\"><\/td>\n<td style=\"width: 33.33%;vertical-align: top;padding: 0 10px 54px 10px;border: none !important;box-shadow: none !important\"><\/td>\n<\/tr>\n<\/tbody>\n<\/table>\n<hr style=\"border: none;border-top: 1px solid #ffffff;margin: 50px 0\" \/>\n<p style=\"text-align: left;margin: 0 0 10px 0;font-size: 20px;color: #000000\"><strong>Pack Vision Aminci<\/strong><\/p>\n<hr style=\"border: none;border-top: 1px solid #000000;margin: 0 0 40px 0\" \/>\n<table style=\"width: 100%;border-collapse: collapse;border: none !important;box-shadow: none !important\" role=\"presentation\" width=\"100%\" cellspacing=\"0\" cellpadding=\"0\">\n<tbody style=\"border: none !important;box-shadow: none !important\">\n<tr style=\"border: none !important\">\n<td style=\"width: 33.33%;vertical-align: top;padding: 0 10px 54px 10px;border: none !important;box-shadow: none !important\">\n<p style=\"margin: 0 0 10px 0;text-align: center\"><strong>Ormix Trio Clean<\/strong><\/p>\n<p><img decoding=\"async\" style=\"margin: 0 auto;width: 50%;height: auto\" src=\"https:\/\/www.archimbaudopticien.com\/diag\/wp-content\/uploads\/2026\/04\/orma-ormix-trio-clean.jpg\" alt=\"Trio Clean\" \/><\/td>\n<td style=\"width: 33.33%;vertical-align: top;padding: 0 10px 54px 10px;border: none !important;box-shadow: none !important\"><\/td>\n<td style=\"width: 33.33%;vertical-align: top;padding: 0 10px 54px 10px;border: none !important;box-shadow: none !important\"><\/td>\n<\/tr>\n<\/tbody>\n<\/table>\n<hr style=\"border: none;border-top: 1px solid #ffffff;margin: 50px 0\" \/>\n<p style=\"text-align: left;margin: 0 0 10px 0;font-size: 20px;color: #000000\"><strong>Pack Sun Lite <\/strong><em>Orma Sun Chrono Supra \/ Cz Sun<\/em><\/p>\n<hr style=\"border: none;border-top: 1px solid #000000;margin: 0 0 40px 0\" \/>\n<table style=\"width: 100%;border-collapse: collapse;border: none !important;box-shadow: none !important\" role=\"presentation\" width=\"100%\" cellspacing=\"0\" cellpadding=\"0\">\n<tbody style=\"border: none !important;box-shadow: none !important\">\n<tr style=\"border: none !important\">\n<td style=\"width: 33.33%;vertical-align: top;padding: 0 10px 54px 10px;border: none !important;box-shadow: none !important\">\n<p style=\"margin: 0 0 10px 0;text-align: center\"><strong>Xperio\u00ae Brun<\/strong><\/p>\n<p><img decoding=\"async\" style=\"margin: 0 auto;width: 50%;height: auto\" src=\"https:\/\/www.archimbaudopticien.com\/modules\/jscomposer\/uploads\/Verres%20Essilor\/brun-3.jpg\" alt=\"Teinte Brun\" \/><\/td>\n<td style=\"width: 33.33%;vertical-align: top;padding: 0 10px 54px 10px;border: none !important;box-shadow: none !important\">\n<p style=\"margin: 0 0 10px 0;text-align: center\"><strong>Xperio\u00ae Gris<\/strong><\/p>\n<p><img decoding=\"async\" style=\"margin: 0 auto;width: 50%;height: auto\" src=\"https:\/\/www.archimbaudopticien.com\/modules\/jscomposer\/uploads\/Verres%20Essilor\/gris-3.jpg\" alt=\"Teinte Gris\" \/><\/td>\n<td style=\"width: 33.33%;vertical-align: top;padding: 0 10px 54px 10px;border: none !important;box-shadow: none !important\">\n<p style=\"margin: 0 0 10px 0;text-align: center\"><strong>Xperio\u00ae XV<\/strong><\/p>\n<p><img decoding=\"async\" style=\"margin: 0 auto;width: 50%;height: auto\" src=\"https:\/\/www.archimbaudopticien.com\/modules\/jscomposer\/uploads\/Verres%20Essilor\/XV-3.jpg\" alt=\"Teinte XV\" \/><\/td>\n<\/tr>\n<tr style=\"border: none !important\">\n<td style=\"width: 33.33%;vertical-align: top;padding: 0 10px 54px 10px;border: none !important;box-shadow: none !important\">\n<p style=\"margin: 0 0 10px 0;text-align: center\"><strong>Xperio\u00ae Black<\/strong><\/p>\n<p><img decoding=\"async\" style=\"margin: 0 auto;width: 50%;height: auto\" src=\"https:\/\/www.archimbaudopticien.com\/modules\/jscomposer\/uploads\/Verres%20Essilor\/black-3.jpg\" alt=\"Teinte Black\" \/><\/td>\n<\/tr>\n<\/tbody>\n<\/table>\n<div style=\"height: 40px;line-height: 40px\"><\/div>\n<p style=\"text-align: left;margin: 0 0 10px 0;font-size: 20px;color: #000000\"><strong>Pack Sun Pro <\/strong><em>Orma Sun Xperio Supra \/ Cz Sun \/ Pola<\/em><\/p>\n<hr style=\"border: none;border-top: 1px solid #000000;margin: 0 0 40px 0\" \/>\n<table style=\"width: 100%;border-collapse: collapse;border: none !important;box-shadow: none !important\" role=\"presentation\" width=\"100%\" cellspacing=\"0\" cellpadding=\"0\">\n<tbody style=\"border: none !important;box-shadow: none !important\">\n<tr style=\"border: none !important\">\n<td style=\"width: 33.33%;vertical-align: top;padding: 0 10px 54px 10px;border: none !important;box-shadow: none !important\">\n<p style=\"margin: 0 0 10px 0;text-align: center\"><strong>Xperio\u00ae Brun<\/strong><\/p>\n<p><img decoding=\"async\" style=\"margin: 0 auto;width: 50%;height: auto\" src=\"https:\/\/www.archimbaudopticien.com\/modules\/jscomposer\/uploads\/Verres%20Essilor\/brun-3.jpg\" alt=\"Teinte Brun\" \/><\/td>\n<td style=\"width: 33.33%;vertical-align: top;padding: 0 10px 54px 10px;border: none !important;box-shadow: none !important\">\n<p style=\"margin: 0 0 10px 0;text-align: center\"><strong>Xperio\u00ae Gris<\/strong><\/p>\n<p><img decoding=\"async\" style=\"margin: 0 auto;width: 50%;height: auto\" src=\"https:\/\/www.archimbaudopticien.com\/modules\/jscomposer\/uploads\/Verres%20Essilor\/gris-3.jpg\" alt=\"Teinte Gris\" \/><\/td>\n<td style=\"width: 33.33%;vertical-align: top;padding: 0 10px 54px 10px;border: none !important;box-shadow: none !important\">\n<p style=\"margin: 0 0 10px 0;text-align: center\"><strong>Xperio\u00ae XV<\/strong><\/p>\n<p><img decoding=\"async\" style=\"margin: 0 auto;width: 50%;height: auto\" src=\"https:\/\/www.archimbaudopticien.com\/modules\/jscomposer\/uploads\/Verres%20Essilor\/XV-3.jpg\" alt=\"Teinte XV\" \/><\/td>\n<\/tr>\n<tr style=\"border: none !important\">\n<td style=\"width: 33.33%;vertical-align: top;padding: 0 10px 54px 10px;border: none !important;box-shadow: none !important\">\n<p style=\"margin: 0 0 10px 0;text-align: center\"><strong>Xperio\u00ae Black<\/strong><\/p>\n<p><img decoding=\"async\" style=\"margin: 0 auto;width: 50%;height: auto\" src=\"https:\/\/www.archimbaudopticien.com\/modules\/jscomposer\/uploads\/Verres%20Essilor\/black-3.jpg\" alt=\"Teinte Black\" \/><\/td>\n<td style=\"width: 33.33%;vertical-align: top;padding: 0 10px 54px 10px;border: none !important;box-shadow: none !important\">\n<p style=\"margin: 0 0 10px 0;text-align: center\"><strong>Xperio\u00ae Blue Ink<\/strong><\/p>\n<p><img decoding=\"async\" style=\"margin: 0 auto;width: 50%;height: auto\" src=\"https:\/\/www.archimbaudopticien.com\/modules\/jscomposer\/uploads\/Verres%20Essilor\/blueink-3.jpg\" alt=\"Teinte Blue Ink\" \/><\/td>\n<td style=\"width: 33.33%;vertical-align: top;padding: 0 10px 54px 10px;border: none !important;box-shadow: none !important\">\n<p style=\"margin: 0 0 10px 0;text-align: center\"><strong>Xperio\u00ae Burgundy<\/strong><\/p>\n<p><img decoding=\"async\" style=\"margin: 0 auto;width: 50%;height: auto\" src=\"https:\/\/www.archimbaudopticien.com\/modules\/jscomposer\/uploads\/Verres%20Essilor\/burgundy-3.jpg\" alt=\"Teinte Burgundy\" \/><\/td>\n<\/tr>\n<tr style=\"border: none !important\">\n<td style=\"width: 33.33%;vertical-align: top;padding: 0 10px 54px 10px;border: none !important;box-shadow: none !important\">\n<p style=\"margin: 0 0 10px 0;text-align: center\"><strong>Xperio\u00ae Herbal<\/strong><\/p>\n<p><img decoding=\"async\" style=\"margin: 0 auto;width: 50%;height: auto\" src=\"https:\/\/www.archimbaudopticien.com\/modules\/jscomposer\/uploads\/Verres%20Essilor\/HERBAL-3.jpg\" alt=\"Teinte Herbal\" \/><\/td>\n<td style=\"width: 33.33%;vertical-align: top;padding: 0 10px 54px 10px;border: none !important;box-shadow: none !important\">\n<p style=\"margin: 0 0 10px 0;text-align: center\"><strong>Xperio\u00ae Chocolate<\/strong><\/p>\n<p><img decoding=\"async\" style=\"margin: 0 auto;width: 50%;height: auto\" src=\"https:\/\/www.archimbaudopticien.com\/modules\/jscomposer\/uploads\/Verres%20Essilor\/chocolate-3.jpg\" alt=\"Teinte Chocolate\" \/><\/td>\n<td style=\"width: 33.33%;vertical-align: top;padding: 0 10px 54px 10px;border: none !important;box-shadow: none !important\"><\/td>\n<\/tr>\n<tr style=\"border: none !important\">\n<td style=\"width: 33.33%;vertical-align: top;padding: 0 10px 54px 10px;border: none !important;box-shadow: none !important\">\n<p style=\"margin: 0 0 10px 0;text-align: center\"><strong>Xperio\u00ae Brun D\u00e9grad\u00e9<\/strong><\/p>\n<p><img decoding=\"async\" style=\"margin: 0 auto;width: 50%;height: auto\" src=\"https:\/\/www.archimbaudopticien.com\/modules\/jscomposer\/uploads\/Verres%20Essilor\/brun-d-grad-.jpg\" alt=\"Teinte Brun Deg\" \/><\/td>\n<td style=\"width: 33.33%;vertical-align: top;padding: 0 10px 54px 10px;border: none !important;box-shadow: none !important\">\n<p style=\"margin: 0 0 10px 0;text-align: center\"><strong>Xperio\u00ae Gris D\u00e9grad\u00e9<\/strong><\/p>\n<p><img decoding=\"async\" style=\"margin: 0 auto;width: 50%;height: auto\" src=\"https:\/\/www.archimbaudopticien.com\/modules\/jscomposer\/uploads\/Verres%20Essilor\/gris-d-grad-.jpg\" alt=\"Teinte Gris Deg\" \/><\/td>\n<td style=\"width: 33.33%;vertical-align: top;padding: 0 10px 54px 10px;border: none !important;box-shadow: none !important\">\n<p style=\"margin: 0 0 10px 0;text-align: center\"><strong>Xperio\u00ae XV D\u00e9grad\u00e9<\/strong><\/p>\n<p><img decoding=\"async\" style=\"margin: 0 auto;width: 50%;height: auto\" src=\"https:\/\/www.archimbaudopticien.com\/modules\/jscomposer\/uploads\/Verres%20Essilor\/XV-DEGRADE.jpg\" alt=\"Teinte XV Deg\" \/><\/td>\n<\/tr>\n<tr style=\"border: none !important\">\n<td style=\"width: 33.33%;vertical-align: top;padding: 0 10px 54px 10px;border: none !important;box-shadow: none !important\">\n<p style=\"margin: 0 0 10px 0;text-align: center\"><strong>Xperio\u00ae Black D\u00e9grad\u00e9<\/strong><\/p>\n<p><img decoding=\"async\" style=\"margin: 0 auto;width: 50%;height: auto\" src=\"https:\/\/www.archimbaudopticien.com\/modules\/jscomposer\/uploads\/Verres%20Essilor\/black-d-grad-.jpg\" alt=\"Teinte Black Deg\" \/><\/td>\n<td style=\"width: 33.33%;vertical-align: top;padding: 0 10px 54px 10px;border: none !important;box-shadow: none !important\">\n<p style=\"margin: 0 0 10px 0;text-align: center\"><strong>Xperio\u00ae Blue Ink D\u00e9grad\u00e9<\/strong><\/p>\n<p><img decoding=\"async\" style=\"margin: 0 auto;width: 50%;height: auto\" src=\"https:\/\/www.archimbaudopticien.com\/modules\/jscomposer\/uploads\/Verres%20Essilor\/blueink-d-grad-.jpg\" alt=\"Teinte Blue Ink Deg\" \/><\/td>\n<td style=\"width: 33.33%;vertical-align: top;padding: 0 10px 54px 10px;border: none !important;box-shadow: none !important\">\n<p style=\"margin: 0 0 10px 0;text-align: center\"><strong>Xperio\u00ae Burgundy D\u00e9grad\u00e9<\/strong><\/p>\n<p><img decoding=\"async\" style=\"margin: 0 auto;width: 50%;height: auto\" src=\"https:\/\/www.archimbaudopticien.com\/modules\/jscomposer\/uploads\/Verres%20Essilor\/burgundy-d-grad-.jpg\" alt=\"Teinte Burgundy Deg\" \/><\/td>\n<\/tr>\n<tr style=\"border: none !important\">\n<td style=\"width: 33.33%;vertical-align: top;padding: 0 10px 54px 10px;border: none !important;box-shadow: none !important\">\n<p style=\"margin: 0 0 10px 0;text-align: center\"><strong>Xperio\u00ae Herbal D\u00e9grad\u00e9<\/strong><\/p>\n<p><img decoding=\"async\" style=\"margin: 0 auto;width: 50%;height: auto\" src=\"https:\/\/www.archimbaudopticien.com\/modules\/jscomposer\/uploads\/Verres%20Essilor\/HERBAL-DEGRADE.jpg\" alt=\"Teinte Herbal Deg\" \/><\/td>\n<td style=\"width: 33.33%;vertical-align: top;padding: 0 10px 54px 10px;border: none !important;box-shadow: none !important\">\n<p style=\"margin: 0 0 10px 0;text-align: center\"><strong>Xperio\u00ae Chocolate D\u00e9grad\u00e9<\/strong><\/p>\n<p><img decoding=\"async\" style=\"margin: 0 auto;width: 50%;height: auto\" src=\"https:\/\/www.archimbaudopticien.com\/modules\/jscomposer\/uploads\/Verres%20Essilor\/chocolate-degrade.jpg\" alt=\"Teinte Chocolate Deg\" \/><\/td>\n<td style=\"width: 33.33%;vertical-align: top;padding: 0 10px 54px 10px;border: none !important;box-shadow: none !important\"><\/td>\n<\/tr>\n<tr style=\"border: none !important\">\n<td style=\"width: 33.33%;vertical-align: top;padding: 0 10px 54px 10px;border: none !important;box-shadow: none !important\">\n<p style=\"margin: 0 0 10px 0;text-align: center\"><strong>Xperio\u00ae Brun Pola<\/strong><\/p>\n<p><img decoding=\"async\" style=\"margin: 0 auto;width: 50%;height: auto\" src=\"https:\/\/www.archimbaudopticien.com\/modules\/jscomposer\/uploads\/Verres%20Essilor\/xperio-pola-brun3.jpg\" alt=\"Teinte Brun Pola\" \/><\/td>\n<td style=\"width: 33.33%;vertical-align: top;padding: 0 10px 54px 10px;border: none !important;box-shadow: none !important\">\n<p style=\"margin: 0 0 10px 0;text-align: center\"><strong>Xperio\u00ae Gris Pola<\/strong><\/p>\n<p><img decoding=\"async\" style=\"margin: 0 auto;width: 50%;height: auto\" src=\"https:\/\/www.archimbaudopticien.com\/modules\/jscomposer\/uploads\/Verres%20Essilor\/xperio-pola-grey3.jpg\" alt=\"Teinte Gris Pola\" \/><\/td>\n<td style=\"width: 33.33%;vertical-align: top;padding: 0 10px 54px 10px;border: none !important;box-shadow: none !important\">\n<p style=\"margin: 0 0 10px 0;text-align: center\"><strong>Xperio\u00ae Gris-Vert Pola<\/strong><\/p>\n<p><img decoding=\"async\" style=\"margin: 0 auto;width: 50%;height: auto\" src=\"https:\/\/www.archimbaudopticien.com\/modules\/jscomposer\/uploads\/Verres%20Essilor\/xperio-pola-greygreen3.jpg\" alt=\"Teinte Gris-Vert Pola\" \/><\/td>\n<\/tr>\n<tr style=\"border: none !important\">\n<td style=\"width: 33.33%;vertical-align: top;padding: 0 10px 54px 10px;border: none !important;box-shadow: none !important\">\n<p style=\"margin: 0 0 10px 0;text-align: center\"><strong>Xperio\u00ae Blue Ink Pola<\/strong><\/p>\n<p><img decoding=\"async\" style=\"margin: 0 auto;width: 50%;height: auto\" src=\"https:\/\/www.archimbaudopticien.com\/modules\/jscomposer\/uploads\/Verres%20Essilor\/xperio-pola-blueink3.jpg\" alt=\"Teinte Blue Ink Pola\" \/><\/td>\n<td style=\"width: 33.33%;vertical-align: top;padding: 0 10px 54px 10px;border: none !important;box-shadow: none !important\">\n<p style=\"margin: 0 0 10px 0;text-align: center\"><strong>Xperio\u00ae Pourpre Pola<\/strong><\/p>\n<p><img decoding=\"async\" style=\"margin: 0 auto;width: 50%;height: auto\" src=\"https:\/\/www.archimbaudopticien.com\/modules\/jscomposer\/uploads\/Verres%20Essilor\/xperio-pola-pourpre3.jpg\" alt=\"Teinte Pourpre Pola\" \/><\/td>\n<td style=\"width: 33.33%;vertical-align: top;padding: 0 10px 54px 10px;border: none !important;box-shadow: none !important\">\n<p style=\"margin: 0 0 10px 0;text-align: center\"><strong>Xperio\u00ae Violet Pola<\/strong><\/p>\n<p><img decoding=\"async\" style=\"margin: 0 auto;width: 50%;height: auto\" src=\"https:\/\/www.archimbaudopticien.com\/modules\/jscomposer\/uploads\/Verres%20Essilor\/xperio-pola-violet3.jpg\" alt=\"Teinte Violet Pola\" \/><\/td>\n<\/tr>\n<tr style=\"border: none !important\">\n<td style=\"width: 33.33%;vertical-align: top;padding: 0 10px 54px 10px;border: none !important;box-shadow: none !important\">\n<p style=\"margin: 0 0 10px 0;text-align: center\"><strong>Xperio\u00ae Bleu Pola<\/strong><\/p>\n<p><img decoding=\"async\" style=\"margin: 0 auto;width: 50%;height: auto\" src=\"https:\/\/www.archimbaudopticien.com\/modules\/jscomposer\/uploads\/Verres%20Essilor\/xperio-pola-bleu3.jpg\" alt=\"Teinte Bleu Pola\" \/><\/td>\n<td style=\"width: 33.33%;vertical-align: top;padding: 0 10px 54px 10px;border: none !important;box-shadow: none !important\">\n<p style=\"margin: 0 0 10px 0;text-align: center\"><strong>Xperio\u00ae Chocolate Pola<\/strong><\/p>\n<p><img decoding=\"async\" style=\"margin: 0 auto;width: 50%;height: auto\" src=\"https:\/\/www.archimbaudopticien.com\/modules\/jscomposer\/uploads\/Verres%20Essilor\/chocolate-3.jpg\" alt=\"Teinte Chocolate Pola\" \/><\/td>\n<td style=\"width: 33.33%;vertical-align: top;padding: 0 10px 54px 10px;border: none !important;box-shadow: none !important\">\n<p style=\"margin: 0 0 10px 0;text-align: center\"><strong>Xperio\u00ae Herbal Pola<\/strong><\/p>\n<p><img decoding=\"async\" style=\"margin: 0 auto;width: 50%;height: auto\" src=\"https:\/\/www.archimbaudopticien.com\/modules\/jscomposer\/uploads\/Verres%20Essilor\/xperio-pola-herbal3.jpg\" alt=\"Teinte Herbal Pola\" \/><\/td>\n<\/tr>\n<tr style=\"border: none !important\">\n<td style=\"width: 33.33%;vertical-align: top;padding: 0 10px 54px 10px;border: none !important;box-shadow: none !important\">\n<p style=\"margin: 0 0 10px 0;text-align: center\"><strong>Xperio\u00ae Brun D\u00e9grad\u00e9 Pola<\/strong><\/p>\n<p><img decoding=\"async\" style=\"margin: 0 auto;width: 50%;height: auto\" src=\"https:\/\/www.archimbaudopticien.com\/modules\/jscomposer\/uploads\/Verres%20Essilor\/xperio-pola-brun-degrade.jpg\" alt=\"Teinte Brun Deg Pola\" \/><\/td>\n<td style=\"width: 33.33%;vertical-align: top;padding: 0 10px 54px 10px;border: none !important;box-shadow: none !important\">\n<p style=\"margin: 0 0 10px 0;text-align: center\"><strong>Xperio\u00ae Gris D\u00e9grad\u00e9 Pola<\/strong><\/p>\n<p><img decoding=\"async\" style=\"margin: 0 auto;width: 50%;height: auto\" src=\"https:\/\/www.archimbaudopticien.com\/modules\/jscomposer\/uploads\/Verres%20Essilor\/xperio-pola-grey-degrade.jpg\" alt=\"Teinte Gris Deg Pola\" \/><\/td>\n<td style=\"width: 33.33%;vertical-align: top;padding: 0 10px 54px 10px;border: none !important;box-shadow: none !important\">\n<p style=\"margin: 0 0 10px 0;text-align: center\"><strong>Xperio\u00ae Gris-Vert D\u00e9grad\u00e9 Pola<\/strong><\/p>\n<p><img decoding=\"async\" style=\"margin: 0 auto;width: 50%;height: auto\" src=\"https:\/\/www.archimbaudopticien.com\/modules\/jscomposer\/uploads\/Verres%20Essilor\/xperio-pola-greygreen-degrade.jpg\" alt=\"Teinte Gris-Vert Deg Pola\" \/><\/td>\n<\/tr>\n<tr style=\"border: none !important\">\n<td style=\"width: 33.33%;vertical-align: top;padding: 0 10px 54px 10px;border: none !important;box-shadow: none !important\">\n<p style=\"margin: 0 0 10px 0;text-align: center\"><strong>Xperio\u00ae Blue Ink D\u00e9grad\u00e9 Pola<\/strong><\/p>\n<p><img decoding=\"async\" style=\"margin: 0 auto;width: 50%;height: auto\" src=\"https:\/\/www.archimbaudopticien.com\/modules\/jscomposer\/uploads\/Verres%20Essilor\/xperio-pola-blueink-degrade.jpg\" alt=\"Teinte Blue Ink Deg Pola\" \/><\/td>\n<td style=\"width: 33.33%;vertical-align: top;padding: 0 10px 54px 10px;border: none !important;box-shadow: none !important\">\n<p style=\"margin: 0 0 10px 0;text-align: center\"><strong>Xperio\u00ae Pourpre D\u00e9grad\u00e9 Pola<\/strong><\/p>\n<p><img decoding=\"async\" style=\"margin: 0 auto;width: 50%;height: auto\" src=\"https:\/\/www.archimbaudopticien.com\/modules\/jscomposer\/uploads\/Verres%20Essilor\/xperio-pola-pourpre-degrade.jpg\" alt=\"Teinte Pourpre Deg Pola\" \/><\/td>\n<td style=\"width: 33.33%;vertical-align: top;padding: 0 10px 54px 10px;border: none !important;box-shadow: none !important\">\n<p style=\"margin: 0 0 10px 0;text-align: center\"><strong>Xperio\u00ae Violet D\u00e9grad\u00e9 Pola<\/strong><\/p>\n<p><img decoding=\"async\" style=\"margin: 0 auto;width: 50%;height: auto\" src=\"https:\/\/www.archimbaudopticien.com\/modules\/jscomposer\/uploads\/Verres%20Essilor\/xperio-pola-violet-degrade.jpg\" alt=\"Teinte Violet Deg Pola\" \/><\/td>\n<\/tr>\n<tr style=\"border: none !important\">\n<td style=\"width: 33.33%;vertical-align: top;padding: 0 10px 54px 10px;border: none !important;box-shadow: none !important\">\n<p style=\"margin: 0 0 10px 0;text-align: center\"><strong>Xperio\u00ae Bleu D\u00e9grad\u00e9 Pola<\/strong><\/p>\n<p><img decoding=\"async\" style=\"margin: 0 auto;width: 50%;height: auto\" src=\"https:\/\/www.archimbaudopticien.com\/modules\/jscomposer\/uploads\/Verres%20Essilor\/xperio-pola-bleu-degrade.jpg\" alt=\"Teinte Bleu Deg Pola\" \/><\/td>\n<td style=\"width: 33.33%;vertical-align: top;padding: 0 10px 54px 10px;border: none !important;box-shadow: none !important\">\n<p style=\"margin: 0 0 10px 0;text-align: center\"><strong>Xperio\u00ae Chocolate D\u00e9grad\u00e9 Pola<\/strong><\/p>\n<p><img decoding=\"async\" style=\"margin: 0 auto;width: 50%;height: auto\" src=\"https:\/\/www.archimbaudopticien.com\/modules\/jscomposer\/uploads\/Verres%20Essilor\/chocolate-degrade.jpg\" alt=\"Teinte Chocolate Deg Pola\" \/><\/td>\n<td style=\"width: 33.33%;vertical-align: top;padding: 0 10px 54px 10px;border: none !important;box-shadow: none !important\">\n<p style=\"margin: 0 0 10px 0;text-align: center\"><strong>Xperio\u00ae Herbal D\u00e9grad\u00e9 Pola<\/strong><\/p>\n<p><img decoding=\"async\" style=\"margin: 0 auto;width: 50%;height: auto\" src=\"https:\/\/www.archimbaudopticien.com\/modules\/jscomposer\/uploads\/Verres%20Essilor\/xperio-pola-herbal-degrade.jpg\" alt=\"Teinte Herbal Deg Pola\" \/><\/td>\n<\/tr>\n<\/tbody>\n<\/table>\n<div style=\"height: 40px;line-height: 40px\"><\/div>\n<p style=\"text-align: left;margin: 0 0 10px 0;font-size: 20px;color: #000000\"><strong>Pack Sun Pro Aminci <\/strong><em>Ormix Sun Xperio Supra \/ Cz Sun \/ Pola<\/em><\/p>\n<hr style=\"border: none;border-top: 1px solid #000000;margin: 0 0 40px 0\" \/>\n<table style=\"width: 100%;border-collapse: collapse;border: none !important;box-shadow: none !important\" role=\"presentation\" width=\"100%\" cellspacing=\"0\" cellpadding=\"0\">\n<tbody style=\"border: none !important;box-shadow: none !important\">\n<tr style=\"border: none !important\">\n<td style=\"width: 33.33%;vertical-align: top;padding: 0 10px 54px 10px;border: none !important;box-shadow: none !important\">\n<p style=\"margin: 0 0 10px 0;text-align: center\"><strong>Xperio\u00ae Brun<\/strong><\/p>\n<p><img decoding=\"async\" style=\"margin: 0 auto;width: 50%;height: auto\" src=\"https:\/\/www.archimbaudopticien.com\/modules\/jscomposer\/uploads\/Verres%20Essilor\/brun-3.jpg\" alt=\"Teinte Brun\" \/><\/td>\n<td style=\"width: 33.33%;vertical-align: top;padding: 0 10px 54px 10px;border: none !important;box-shadow: none !important\">\n<p style=\"margin: 0 0 10px 0;text-align: center\"><strong>Xperio\u00ae Gris<\/strong><\/p>\n<p><img decoding=\"async\" style=\"margin: 0 auto;width: 50%;height: auto\" src=\"https:\/\/www.archimbaudopticien.com\/modules\/jscomposer\/uploads\/Verres%20Essilor\/gris-3.jpg\" alt=\"Teinte Gris\" \/><\/td>\n<td style=\"width: 33.33%;vertical-align: top;padding: 0 10px 54px 10px;border: none !important;box-shadow: none !important\">\n<p style=\"margin: 0 0 10px 0;text-align: center\"><strong>Xperio\u00ae XV<\/strong><\/p>\n<p><img decoding=\"async\" style=\"margin: 0 auto;width: 50%;height: auto\" src=\"https:\/\/www.archimbaudopticien.com\/modules\/jscomposer\/uploads\/Verres%20Essilor\/XV-3.jpg\" alt=\"Teinte XV\" \/><\/td>\n<\/tr>\n<tr style=\"border: none !important\">\n<td style=\"width: 33.33%;vertical-align: top;padding: 0 10px 54px 10px;border: none !important;box-shadow: none !important\">\n<p style=\"margin: 0 0 10px 0;text-align: center\"><strong>Xperio\u00ae Black<\/strong><\/p>\n<p><img decoding=\"async\" style=\"margin: 0 auto;width: 50%;height: auto\" src=\"https:\/\/www.archimbaudopticien.com\/modules\/jscomposer\/uploads\/Verres%20Essilor\/black-3.jpg\" alt=\"Teinte Black\" \/><\/td>\n<td style=\"width: 33.33%;vertical-align: top;padding: 0 10px 54px 10px;border: none !important;box-shadow: none !important\">\n<p style=\"margin: 0 0 10px 0;text-align: center\"><strong>Xperio\u00ae Blue Ink<\/strong><\/p>\n<p><img decoding=\"async\" style=\"margin: 0 auto;width: 50%;height: auto\" src=\"https:\/\/www.archimbaudopticien.com\/modules\/jscomposer\/uploads\/Verres%20Essilor\/blueink-3.jpg\" alt=\"Teinte Blue Ink\" \/><\/td>\n<td style=\"width: 33.33%;vertical-align: top;padding: 0 10px 54px 10px;border: none !important;box-shadow: none !important\">\n<p style=\"margin: 0 0 10px 0;text-align: center\"><strong>Xperio\u00ae Burgundy<\/strong><\/p>\n<p><img decoding=\"async\" style=\"margin: 0 auto;width: 50%;height: auto\" src=\"https:\/\/www.archimbaudopticien.com\/modules\/jscomposer\/uploads\/Verres%20Essilor\/burgundy-3.jpg\" alt=\"Teinte Burgundy\" \/><\/td>\n<\/tr>\n<tr style=\"border: none !important\">\n<td style=\"width: 33.33%;vertical-align: top;padding: 0 10px 54px 10px;border: none !important;box-shadow: none !important\">\n<p style=\"margin: 0 0 10px 0;text-align: center\"><strong>Xperio\u00ae Herbal<\/strong><\/p>\n<p><img decoding=\"async\" style=\"margin: 0 auto;width: 50%;height: auto\" src=\"https:\/\/www.archimbaudopticien.com\/modules\/jscomposer\/uploads\/Verres%20Essilor\/HERBAL-3.jpg\" alt=\"Teinte Herbal\" \/><\/td>\n<td style=\"width: 33.33%;vertical-align: top;padding: 0 10px 54px 10px;border: none !important;box-shadow: none !important\"><\/td>\n<td style=\"width: 33.33%;vertical-align: top;padding: 0 10px 54px 10px;border: none !important;box-shadow: none !important\"><\/td>\n<\/tr>\n<tr style=\"border: none !important\">\n<td style=\"width: 33.33%;vertical-align: top;padding: 0 10px 54px 10px;border: none !important;box-shadow: none !important\">\n<p style=\"margin: 0 0 10px 0;text-align: center\"><strong>Xperio\u00ae Brun D\u00e9grad\u00e9<\/strong><\/p>\n<p><img decoding=\"async\" style=\"margin: 0 auto;width: 50%;height: auto\" src=\"https:\/\/www.archimbaudopticien.com\/modules\/jscomposer\/uploads\/Verres%20Essilor\/brun-d-grad-.jpg\" alt=\"Teinte Brun Deg\" \/><\/td>\n<td style=\"width: 33.33%;vertical-align: top;padding: 0 10px 54px 10px;border: none !important;box-shadow: none !important\">\n<p style=\"margin: 0 0 10px 0;text-align: center\"><strong>Xperio\u00ae Gris D\u00e9grad\u00e9<\/strong><\/p>\n<p><img decoding=\"async\" style=\"margin: 0 auto;width: 50%;height: auto\" src=\"https:\/\/www.archimbaudopticien.com\/modules\/jscomposer\/uploads\/Verres%20Essilor\/gris-d-grad-.jpg\" alt=\"Teinte Gris Deg\" \/><\/td>\n<td style=\"width: 33.33%;vertical-align: top;padding: 0 10px 54px 10px;border: none !important;box-shadow: none !important\">\n<p style=\"margin: 0 0 10px 0;text-align: center\"><strong>Xperio\u00ae XV D\u00e9grad\u00e9<\/strong><\/p>\n<p><img decoding=\"async\" style=\"margin: 0 auto;width: 50%;height: auto\" src=\"https:\/\/www.archimbaudopticien.com\/modules\/jscomposer\/uploads\/Verres%20Essilor\/XV-DEGRADE.jpg\" alt=\"Teinte XV Deg\" \/><\/td>\n<\/tr>\n<tr style=\"border: none !important\">\n<td style=\"width: 33.33%;vertical-align: top;padding: 0 10px 54px 10px;border: none !important;box-shadow: none !important\">\n<p style=\"margin: 0 0 10px 0;text-align: center\"><strong>Xperio\u00ae Black D\u00e9grad\u00e9<\/strong><\/p>\n<p><img decoding=\"async\" style=\"margin: 0 auto;width: 50%;height: auto\" src=\"https:\/\/www.archimbaudopticien.com\/modules\/jscomposer\/uploads\/Verres%20Essilor\/black-d-grad-.jpg\" alt=\"Teinte Black Deg\" \/><\/td>\n<td style=\"width: 33.33%;vertical-align: top;padding: 0 10px 54px 10px;border: none !important;box-shadow: none !important\">\n<p style=\"margin: 0 0 10px 0;text-align: center\"><strong>Xperio\u00ae Blue Ink D\u00e9grad\u00e9<\/strong><\/p>\n<p><img decoding=\"async\" style=\"margin: 0 auto;width: 50%;height: auto\" src=\"https:\/\/www.archimbaudopticien.com\/modules\/jscomposer\/uploads\/Verres%20Essilor\/blueink-d-grad-.jpg\" alt=\"Teinte Blue Ink Deg\" \/><\/td>\n<td style=\"width: 33.33%;vertical-align: top;padding: 0 10px 54px 10px;border: none !important;box-shadow: none !important\">\n<p style=\"margin: 0 0 10px 0;text-align: center\"><strong>Xperio\u00ae Burgundy D\u00e9grad\u00e9<\/strong><\/p>\n<p><img decoding=\"async\" style=\"margin: 0 auto;width: 50%;height: auto\" src=\"https:\/\/www.archimbaudopticien.com\/modules\/jscomposer\/uploads\/Verres%20Essilor\/burgundy-d-grad-.jpg\" alt=\"Teinte Burgundy Deg\" \/><\/td>\n<\/tr>\n<tr style=\"border: none !important\">\n<td style=\"width: 33.33%;vertical-align: top;padding: 0 10px 54px 10px;border: none !important;box-shadow: none !important\">\n<p style=\"margin: 0 0 10px 0;text-align: center\"><strong>Xperio\u00ae Herbal D\u00e9grad\u00e9<\/strong><\/p>\n<p><img decoding=\"async\" style=\"margin: 0 auto;width: 50%;height: auto\" src=\"https:\/\/www.archimbaudopticien.com\/modules\/jscomposer\/uploads\/Verres%20Essilor\/HERBAL-DEGRADE.jpg\" alt=\"Teinte Herbal Deg\" \/><\/td>\n<td style=\"width: 33.33%;vertical-align: top;padding: 0 10px 54px 10px;border: none !important;box-shadow: none !important\"><\/td>\n<td style=\"width: 33.33%;vertical-align: top;padding: 0 10px 54px 10px;border: none !important;box-shadow: none !important\"><\/td>\n<\/tr>\n<tr style=\"border: none !important\">\n<td style=\"width: 33.33%;vertical-align: top;padding: 0 10px 54px 10px;border: none !important;box-shadow: none !important\">\n<p style=\"margin: 0 0 10px 0;text-align: center\"><strong>Xperio\u00ae Brun Pola<\/strong><\/p>\n<p><img decoding=\"async\" style=\"margin: 0 auto;width: 50%;height: auto\" src=\"https:\/\/www.archimbaudopticien.com\/modules\/jscomposer\/uploads\/Verres%20Essilor\/xperio-pola-brun3.jpg\" alt=\"Teinte Brun Pola\" \/><\/td>\n<td style=\"width: 33.33%;vertical-align: top;padding: 0 10px 54px 10px;border: none !important;box-shadow: none !important\">\n<p style=\"margin: 0 0 10px 0;text-align: center\"><strong>Xperio\u00ae Gris Pola<\/strong><\/p>\n<p><img decoding=\"async\" style=\"margin: 0 auto;width: 50%;height: auto\" src=\"https:\/\/www.archimbaudopticien.com\/modules\/jscomposer\/uploads\/Verres%20Essilor\/xperio-pola-grey3.jpg\" alt=\"Teinte Gris Pola\" \/><\/td>\n<td style=\"width: 33.33%;vertical-align: top;padding: 0 10px 54px 10px;border: none !important;box-shadow: none !important\">\n<p style=\"margin: 0 0 10px 0;text-align: center\"><strong>Xperio\u00ae Gris-Vert Pola<\/strong><\/p>\n<p><img decoding=\"async\" style=\"margin: 0 auto;width: 50%;height: auto\" src=\"https:\/\/www.archimbaudopticien.com\/modules\/jscomposer\/uploads\/Verres%20Essilor\/xperio-pola-greygreen3.jpg\" alt=\"Teinte Gris-Vert Pola\" \/><\/td>\n<\/tr>\n<tr style=\"border: none !important\">\n<td style=\"width: 33.33%;vertical-align: top;padding: 0 10px 54px 10px;border: none !important;box-shadow: none !important\">\n<p style=\"margin: 0 0 10px 0;text-align: center\"><strong>Xperio\u00ae Brun D\u00e9grad\u00e9 Pola<\/strong><\/p>\n<p><img decoding=\"async\" style=\"margin: 0 auto;width: 50%;height: auto\" src=\"https:\/\/www.archimbaudopticien.com\/modules\/jscomposer\/uploads\/Verres%20Essilor\/xperio-pola-brun-degrade.jpg\" alt=\"Teinte Brun Deg Pola\" \/><\/td>\n<td style=\"width: 33.33%;vertical-align: top;padding: 0 10px 54px 10px;border: none !important;box-shadow: none !important\">\n<p style=\"margin: 0 0 10px 0;text-align: center\"><strong>Xperio\u00ae Gris D\u00e9grad\u00e9 Pola<\/strong><\/p>\n<p><img decoding=\"async\" style=\"margin: 0 auto;width: 50%;height: auto\" src=\"https:\/\/www.archimbaudopticien.com\/modules\/jscomposer\/uploads\/Verres%20Essilor\/xperio-pola-grey-degrade.jpg\" alt=\"Teinte Gris Deg Pola\" \/><\/td>\n<td style=\"width: 33.33%;vertical-align: top;padding: 0 10px 54px 10px;border: none !important;box-shadow: none !important\">\n<p style=\"margin: 0 0 10px 0;text-align: center\"><strong>Xperio\u00ae Gris-Vert D\u00e9grad\u00e9 Pola<\/strong><\/p>\n<p><img decoding=\"async\" style=\"margin: 0 auto;width: 50%;height: auto\" src=\"https:\/\/www.archimbaudopticien.com\/modules\/jscomposer\/uploads\/Verres%20Essilor\/xperio-pola-greygreen-degrade.jpg\" alt=\"Teinte Gris-Vert Deg Pola\" \/><\/td>\n<\/tr>\n<\/tbody>\n<\/table>\n<hr style=\"border: none;border-top: 1px solid #ffffff;margin: 50px 0\" \/>\n<p style=\"text-align: left;margin: 0 0 10px 0;font-size: 20px;color: #000000\"><strong>Autres solutions 2\u00e8me paire<\/strong><\/p>\n<hr style=\"border: none;border-top: 1px solid #000000;margin: 0 0 40px 0\" \/>\n<ul style=\"text-align: left;font-size: 14px\">\n<li><strong style=\"font-size: 18px\">Offre Qualissime<\/strong><br \/>\nLors de votre commande initiale, b\u00e9n\u00e9ficiez de -50% sur vos verres dans le cadre d\u2019une 2e paire<br \/>\n(hors Pack Sun et Pack Vision)<\/li>\n<li><strong style=\"font-size: 18px\">Pack Compl\u00e9mentaire<\/strong><br \/>\nDans les 12 mois suivant votre achat, b\u00e9n\u00e9ficiez de -30% sur un \u00e9quipement compl\u00e9mentaire<br \/>\n(monture + verres)<\/li>\n<\/ul>\n<\/div>\n<\/div>                    <\/div>\r\n                            <\/div>\r\n            <!-- <div class=\"cu-step disbaled\" id=\"step-6\"> -->\r\n                        <div class=\"cu-step disbaled skip-this\" id=\"step-6\">\r\n                <div class=\"step-sttl tohide\"><p>Les Mois de la Vision Solidaire.<br \/>\n<span class=\"sbttl\">Obtenez un cr\u00e9dit de <span class='dyn-cred'><\/span> sur l&rsquo;achat de vos lunettes.<\/span><\/p>\n<\/div>\r\n                <div class=\"steps-elements\">\r\n                                    <\/div>\r\n                            <\/div>\r\n                            <div id=\"info-compl\" class=\"step-sttl\">\r\n                    <p>Assistance & Services (Inclus)<\/p>\r\n                <\/div>\r\n                <div class=\"step-instruct compl\">\r\n                    <div class=\"ao-protect\">\n<div class=\"ao-ttl\"><strong>AO Protect +<\/strong><\/div>\n<ul>\n<li><strong>Garantie Adaptation :<\/strong> 1 mois<br \/>\n<em>Avec AO Protect +, vous profitez d\u2019un mois complet pour vous habituer \u00e0 vos nouvelles lunettes.<\/em><\/li>\n<li><strong>Garantie Dommages :<\/strong> 24 mois<br \/>\n<em>Vos lunettes sont prot\u00e9g\u00e9es pendant 24 mois, avec un remplacement une fois par \u00e9l\u00e9ment (monture ou verre),<br \/>\navec application d\u2019une franchise.<br \/>\n<\/em><\/li>\n<li><strong>Garantie Changement de vue :<\/strong> 12 mois<br \/>\n<em>AO Protect + inclut un remplacement de vos verres dans les 12 mois, sur pr\u00e9sentation d\u2019une ordonnance mise \u00e0 jour,<br \/>\navec application d\u2019une franchise.<br \/>\n<\/em><\/li>\n<li><strong>Main-d\u2019\u0153uvre &amp; entretien :<\/strong> 24 mois<br \/>\n<em>Vos lunettes m\u00e9ritent le meilleur entretien.<\/em><\/li>\n<\/ul>\n<p style=\"margin-top: 10px;text-align: right\"><a style=\"color: #000000;text-decoration: none\" href=\"https:\/\/www.archimbaudopticien.com\/blog\/garantie-ao-protect\" target=\"_blank\" rel=\"noopener\"><br \/>\nEn savoir plus \u2192<br \/>\n<\/a><\/p>\n<\/div>\n                <\/div>\r\n                        <div class=\"recap-step\">\r\n            <\/div>\r\n                            <div class=\"step-instruct general\">\r\n                    <p><strong>Payer en plusieurs fois avec Alma :<\/strong><br \/>\nVotre \u00e9quipement principal ainsi que vos \u00e9quipements compl\u00e9mentaires.<\/p>\n<div class=\"info-dynamic\">\u00c0 partir de <span class=\"dyn-price\"><\/span> ou <span class=\"dyn-mensualite\"><\/span>\/mois pour <span class=\"mensualite\">4<\/span> mois \u00e0 0% taux d\u00e9biteur**<\/div>                <\/div>\r\n                        <div class=\"infos-step tohide\">\r\n                <div class=\"form-group\">\r\n                    <label for=\"user_email\">Veuillez ajouter votre adresse email<\/label>\r\n                    <input type=\"email\" id=\"user_email\" name=\"user_email\" class=\"form-control\" required>\r\n                <\/div>\r\n            <\/div>\r\n            <button id=\"send-request\" class=\"btn submit-request\" disabled=\"disabled\">Merci pour votre visite<\/button>\r\n            <div id=\"form-feedback\" style=\"margin-top:10px;\"><\/div>\r\n        <\/form>\r\n    <\/div>\r\n<\/div><\/div>\n\t\t\t\t\t\t<\/div>\n\t\t\t\t\t<\/div>\n\t\t\t\t<\/div>\n\t\t<div class=\"elementor-element elementor-element-c0905c6 e-con-full e-flex e-con e-parent\" data-id=\"c0905c6\" data-element_type=\"container\" data-e-type=\"container\">\n\t\t\t\t<div class=\"elementor-element elementor-element-6a27bb7 elementor-widget elementor-widget-text-editor\" data-id=\"6a27bb7\" data-element_type=\"widget\" data-e-type=\"widget\" data-widget_type=\"text-editor.default\">\n\t\t\t\t\t\t\t\t\t<p style=\"text-align: center;\">Un cr\u00e9dit vous engage et doit \u00eatre rembours\u00e9.<br \/>V\u00e9rifiez vos capacit\u00e9s de remboursement avant de vous engager.<\/p><p style=\"text-align: center;\"><strong style=\"font-size: 18px;\">Paiement en plusieurs fois.<\/strong><\/p><p style=\"text-align: center;\">Le paiement en plusieurs fois est propos\u00e9 via notre partenaire Alma. La s\u00e9curisation des paiements est assur\u00e9e par Alma et ses partenaires.<\/p><p style=\"text-align: center;\"><strong>&#8211; Conditions<\/strong> : ce type de paiement est r\u00e9serv\u00e9 aux particuliers r\u00e9sidant en France, titulaires d&rsquo;une carte bancaire Visa ou Mastercard.<br \/><strong>&#8211; Options disponibles<\/strong> : r\u00e8glement en 2x, 3x ou 4x sans frais, uniquement pour vos achats de verres correcteurs.<br \/><strong>&#8211; Frais<\/strong> : aucun frais suppl\u00e9mentaires n&rsquo;est appliqu\u00e9 pour le client.<br \/><strong>&#8211; Sous r\u00e9serve d&rsquo;acceptation par Alma<\/strong> : en cas de refus, vous serez invit\u00e9 \u00e0 choisir un autre mode de r\u00e8glement.<br \/>&#8211; Exemple de financement avec Alma :<br \/>Pour un achat de 200 \u20ac, vous pouvez r\u00e9gler 2 mensualit\u00e9s de 100 \u20ac, ou 3 mensualit\u00e9s de 66,67 \u20ac, ou 4 mensualit\u00e9s de 50 \u20ac.<\/p>\t\t\t\t\t\t\t\t<\/div>\n\t\t\t\t<\/div>\n\t\t<div class=\"elementor-element elementor-element-5da3157 e-flex e-con-boxed e-con e-parent\" data-id=\"5da3157\" data-element_type=\"container\" data-e-type=\"container\">\n\t\t\t\t\t<div class=\"e-con-inner\">\n\t\t\t\t<div class=\"elementor-element elementor-element-50e48f1 elementor-widget-divider--view-line elementor-widget elementor-widget-divider\" data-id=\"50e48f1\" data-element_type=\"widget\" data-e-type=\"widget\" data-widget_type=\"divider.default\">\n\t\t\t\t\t\t\t<div class=\"elementor-divider\">\n\t\t\t<span class=\"elementor-divider-separator\">\n\t\t\t\t\t\t<\/span>\n\t\t<\/div>\n\t\t\t\t\t\t<\/div>\n\t\t\t\t<div class=\"elementor-element elementor-element-6100fe8 elementor-widget elementor-widget-heading\" data-id=\"6100fe8\" data-element_type=\"widget\" data-e-type=\"widget\" data-widget_type=\"heading.default\">\n\t\t\t\t\t<h3 class=\"elementor-heading-title elementor-size-default\">Questions \/ R\u00e9ponses<\/h3>\t\t\t\t<\/div>\n\t\t\t\t<div class=\"elementor-element elementor-element-b2608c1 elementor-widget elementor-widget-n-accordion\" data-id=\"b2608c1\" data-element_type=\"widget\" data-e-type=\"widget\" data-settings=\"{&quot;default_state&quot;:&quot;all_collapsed&quot;,&quot;max_items_expended&quot;:&quot;one&quot;,&quot;n_accordion_animation_duration&quot;:{&quot;unit&quot;:&quot;ms&quot;,&quot;size&quot;:400,&quot;sizes&quot;:[]}}\" data-widget_type=\"nested-accordion.default\">\n\t\t\t\t\t\t\t<div class=\"e-n-accordion\" aria-label=\"Accordion. Open links with Enter or Space, close with Escape, and navigate with Arrow Keys\">\n\t\t\t\t\t\t<details id=\"e-n-accordion-item-1870\" class=\"e-n-accordion-item\" >\n\t\t\t\t<summary class=\"e-n-accordion-item-title\" data-accordion-index=\"1\" tabindex=\"0\" aria-expanded=\"false\" aria-controls=\"e-n-accordion-item-1870\" >\n\t\t\t\t\t<span class='e-n-accordion-item-title-header'><h4 class=\"e-n-accordion-item-title-text\"> Qu\u2019est-ce qu\u2019un verre Essilor\u00ae Eyezen\u00ae ? <\/h4><\/span>\n\t\t\t\t\t\t\t<span class='e-n-accordion-item-title-icon'>\n\t\t\t<span class='e-opened' ><svg aria-hidden=\"true\" class=\"e-font-icon-svg e-fas-minus\" viewBox=\"0 0 448 512\" xmlns=\"http:\/\/www.w3.org\/2000\/svg\"><path d=\"M416 208H32c-17.67 0-32 14.33-32 32v32c0 17.67 14.33 32 32 32h384c17.67 0 32-14.33 32-32v-32c0-17.67-14.33-32-32-32z\"><\/path><\/svg><\/span>\n\t\t\t<span class='e-closed'><svg aria-hidden=\"true\" class=\"e-font-icon-svg e-fas-plus\" viewBox=\"0 0 448 512\" xmlns=\"http:\/\/www.w3.org\/2000\/svg\"><path d=\"M416 208H272V64c0-17.67-14.33-32-32-32h-32c-17.67 0-32 14.33-32 32v144H32c-17.67 0-32 14.33-32 32v32c0 17.67 14.33 32 32 32h144v144c0 17.67 14.33 32 32 32h32c17.67 0 32-14.33 32-32V304h144c17.67 0 32-14.33 32-32v-32c0-17.67-14.33-32-32-32z\"><\/path><\/svg><\/span>\n\t\t<\/span>\n\n\t\t\t\t\t\t<\/summary>\n\t\t\t\t<div role=\"region\" aria-labelledby=\"e-n-accordion-item-1870\" class=\"elementor-element elementor-element-cbf7930 e-con-full e-flex e-con e-child\" data-id=\"cbf7930\" data-element_type=\"container\" data-e-type=\"container\">\n\t\t\t\t<div class=\"elementor-element elementor-element-b526473 elementor-widget elementor-widget-text-editor\" data-id=\"b526473\" data-element_type=\"widget\" data-e-type=\"widget\" data-widget_type=\"text-editor.default\">\n\t\t\t\t\t\t\t\t\t<p>Les verres Eyezen\u00ae sont des verres unifocaux optimis\u00e9s con\u00e7us pour am\u00e9liorer le confort visuel au quotidien, notamment lors des activit\u00e9s de pr\u00e8s et de l\u2019usage intensif des \u00e9crans. D\u00e9velopp\u00e9s par Essilor, ils int\u00e8grent une optimisation sp\u00e9cifique en vision de proximit\u00e9 afin de r\u00e9duire la fatigue visuelle.<\/p>\t\t\t\t\t\t\t\t<\/div>\n\t\t\t\t<\/div>\n\t\t\t\t\t<\/details>\n\t\t\t\t\t\t<details id=\"e-n-accordion-item-1871\" class=\"e-n-accordion-item\" >\n\t\t\t\t<summary class=\"e-n-accordion-item-title\" data-accordion-index=\"2\" tabindex=\"-1\" aria-expanded=\"false\" aria-controls=\"e-n-accordion-item-1871\" >\n\t\t\t\t\t<span class='e-n-accordion-item-title-header'><h4 class=\"e-n-accordion-item-title-text\"> Quelle est la diff\u00e9rence entre Eyezen\u00ae Start et Eyezen\u00ae Boost ? <\/h4><\/span>\n\t\t\t\t\t\t\t<span class='e-n-accordion-item-title-icon'>\n\t\t\t<span class='e-opened' ><svg aria-hidden=\"true\" class=\"e-font-icon-svg e-fas-minus\" viewBox=\"0 0 448 512\" xmlns=\"http:\/\/www.w3.org\/2000\/svg\"><path d=\"M416 208H32c-17.67 0-32 14.33-32 32v32c0 17.67 14.33 32 32 32h384c17.67 0 32-14.33 32-32v-32c0-17.67-14.33-32-32-32z\"><\/path><\/svg><\/span>\n\t\t\t<span class='e-closed'><svg aria-hidden=\"true\" class=\"e-font-icon-svg e-fas-plus\" viewBox=\"0 0 448 512\" xmlns=\"http:\/\/www.w3.org\/2000\/svg\"><path d=\"M416 208H272V64c0-17.67-14.33-32-32-32h-32c-17.67 0-32 14.33-32 32v144H32c-17.67 0-32 14.33-32 32v32c0 17.67 14.33 32 32 32h144v144c0 17.67 14.33 32 32 32h32c17.67 0 32-14.33 32-32V304h144c17.67 0 32-14.33 32-32v-32c0-17.67-14.33-32-32-32z\"><\/path><\/svg><\/span>\n\t\t<\/span>\n\n\t\t\t\t\t\t<\/summary>\n\t\t\t\t<div role=\"region\" aria-labelledby=\"e-n-accordion-item-1871\" class=\"elementor-element elementor-element-781f391 e-con-full e-flex e-con e-child\" data-id=\"781f391\" data-element_type=\"container\" data-e-type=\"container\">\n\t\t\t\t<div class=\"elementor-element elementor-element-6f0b5f4 elementor-widget elementor-widget-text-editor\" data-id=\"6f0b5f4\" data-element_type=\"widget\" data-e-type=\"widget\" data-widget_type=\"text-editor.default\">\n\t\t\t\t\t\t\t\t\t<p>Eyezen\u00ae Start et Eyezen\u00ae Boost r\u00e9pondent \u00e0 des niveaux de besoins visuels diff\u00e9rents :<br \/>&#8211; Eyezen\u00ae Start est destin\u00e9 aux porteurs ressentant une fatigue visuelle l\u00e9g\u00e8re, souvent li\u00e9e \u00e0 l\u2019usage ponctuel des \u00e9crans.<br \/>&#8211; Eyezen\u00ae Boost offre un soutien visuel renforc\u00e9 en vision de pr\u00e8s, adapt\u00e9 aux usages num\u00e9riques intensifs et prolong\u00e9s.<br \/>Le choix d\u00e9pend de l\u2019intensit\u00e9 des sollicitations visuelles et du ressenti du porteur.<\/p>\t\t\t\t\t\t\t\t<\/div>\n\t\t\t\t<\/div>\n\t\t\t\t\t<\/details>\n\t\t\t\t\t\t<details id=\"e-n-accordion-item-1872\" class=\"e-n-accordion-item\" >\n\t\t\t\t<summary class=\"e-n-accordion-item-title\" data-accordion-index=\"3\" tabindex=\"-1\" aria-expanded=\"false\" aria-controls=\"e-n-accordion-item-1872\" >\n\t\t\t\t\t<span class='e-n-accordion-item-title-header'><h4 class=\"e-n-accordion-item-title-text\"> Eyezen\u00ae Boost est-il un verre progressif ? <\/h4><\/span>\n\t\t\t\t\t\t\t<span class='e-n-accordion-item-title-icon'>\n\t\t\t<span class='e-opened' ><svg aria-hidden=\"true\" class=\"e-font-icon-svg e-fas-minus\" viewBox=\"0 0 448 512\" xmlns=\"http:\/\/www.w3.org\/2000\/svg\"><path d=\"M416 208H32c-17.67 0-32 14.33-32 32v32c0 17.67 14.33 32 32 32h384c17.67 0 32-14.33 32-32v-32c0-17.67-14.33-32-32-32z\"><\/path><\/svg><\/span>\n\t\t\t<span class='e-closed'><svg aria-hidden=\"true\" class=\"e-font-icon-svg e-fas-plus\" viewBox=\"0 0 448 512\" xmlns=\"http:\/\/www.w3.org\/2000\/svg\"><path d=\"M416 208H272V64c0-17.67-14.33-32-32-32h-32c-17.67 0-32 14.33-32 32v144H32c-17.67 0-32 14.33-32 32v32c0 17.67 14.33 32 32 32h144v144c0 17.67 14.33 32 32 32h32c17.67 0 32-14.33 32-32V304h144c17.67 0 32-14.33 32-32v-32c0-17.67-14.33-32-32-32z\"><\/path><\/svg><\/span>\n\t\t<\/span>\n\n\t\t\t\t\t\t<\/summary>\n\t\t\t\t<div role=\"region\" aria-labelledby=\"e-n-accordion-item-1872\" class=\"elementor-element elementor-element-d38eb37 e-flex e-con-boxed e-con e-child\" data-id=\"d38eb37\" data-element_type=\"container\" data-e-type=\"container\">\n\t\t\t\t\t<div class=\"e-con-inner\">\n\t\t\t\t<div class=\"elementor-element elementor-element-386333f elementor-widget elementor-widget-text-editor\" data-id=\"386333f\" data-element_type=\"widget\" data-e-type=\"widget\" data-widget_type=\"text-editor.default\">\n\t\t\t\t\t\t\t\t\t<p>Non. Eyezen\u00ae Boost est un verre unifocal optimis\u00e9, et non un verre progressif. Il conserve une vision nette \u00e0 toutes distances tout en apportant un soutien accommodatif discret en vision de pr\u00e8s, sans zone progressive marqu\u00e9e.<\/p>\t\t\t\t\t\t\t\t<\/div>\n\t\t\t\t\t<\/div>\n\t\t\t\t<\/div>\n\t\t\t\t\t<\/details>\n\t\t\t\t\t\t<details id=\"e-n-accordion-item-1873\" class=\"e-n-accordion-item\" >\n\t\t\t\t<summary class=\"e-n-accordion-item-title\" data-accordion-index=\"4\" tabindex=\"-1\" aria-expanded=\"false\" aria-controls=\"e-n-accordion-item-1873\" >\n\t\t\t\t\t<span class='e-n-accordion-item-title-header'><h4 class=\"e-n-accordion-item-title-text\"> \u00c0 qui s\u2019adressent les verres Eyezen\u00ae Start et Boost ? <\/h4><\/span>\n\t\t\t\t\t\t\t<span class='e-n-accordion-item-title-icon'>\n\t\t\t<span class='e-opened' ><svg aria-hidden=\"true\" class=\"e-font-icon-svg e-fas-minus\" viewBox=\"0 0 448 512\" xmlns=\"http:\/\/www.w3.org\/2000\/svg\"><path d=\"M416 208H32c-17.67 0-32 14.33-32 32v32c0 17.67 14.33 32 32 32h384c17.67 0 32-14.33 32-32v-32c0-17.67-14.33-32-32-32z\"><\/path><\/svg><\/span>\n\t\t\t<span class='e-closed'><svg aria-hidden=\"true\" class=\"e-font-icon-svg e-fas-plus\" viewBox=\"0 0 448 512\" xmlns=\"http:\/\/www.w3.org\/2000\/svg\"><path d=\"M416 208H272V64c0-17.67-14.33-32-32-32h-32c-17.67 0-32 14.33-32 32v144H32c-17.67 0-32 14.33-32 32v32c0 17.67 14.33 32 32 32h144v144c0 17.67 14.33 32 32 32h32c17.67 0 32-14.33 32-32V304h144c17.67 0 32-14.33 32-32v-32c0-17.67-14.33-32-32-32z\"><\/path><\/svg><\/span>\n\t\t<\/span>\n\n\t\t\t\t\t\t<\/summary>\n\t\t\t\t<div role=\"region\" aria-labelledby=\"e-n-accordion-item-1873\" class=\"elementor-element elementor-element-fda9981 e-con-full e-flex e-con e-child\" data-id=\"fda9981\" data-element_type=\"container\" data-e-type=\"container\">\n\t\t\t\t<div class=\"elementor-element elementor-element-f8e433c elementor-widget elementor-widget-text-editor\" data-id=\"f8e433c\" data-element_type=\"widget\" data-e-type=\"widget\" data-widget_type=\"text-editor.default\">\n\t\t\t\t\t\t\t\t\t<p>Les verres Eyezen\u00ae s\u2019adressent aux adolescents et aux adultes actifs, avec ou sans correction, expos\u00e9s r\u00e9guli\u00e8rement aux \u00e9crans (ordinateur, smartphone, tablette) et souhaitant pr\u00e9venir ou soulager la fatigue visuelle.<\/p>\t\t\t\t\t\t\t\t<\/div>\n\t\t\t\t<\/div>\n\t\t\t\t\t<\/details>\n\t\t\t\t\t\t<details id=\"e-n-accordion-item-1874\" class=\"e-n-accordion-item\" >\n\t\t\t\t<summary class=\"e-n-accordion-item-title\" data-accordion-index=\"5\" tabindex=\"-1\" aria-expanded=\"false\" aria-controls=\"e-n-accordion-item-1874\" >\n\t\t\t\t\t<span class='e-n-accordion-item-title-header'><h4 class=\"e-n-accordion-item-title-text\"> Les verres Eyezen\u00ae prot\u00e8gent-ils contre la lumi\u00e8re bleue ? <\/h4><\/span>\n\t\t\t\t\t\t\t<span class='e-n-accordion-item-title-icon'>\n\t\t\t<span class='e-opened' ><svg aria-hidden=\"true\" class=\"e-font-icon-svg e-fas-minus\" viewBox=\"0 0 448 512\" xmlns=\"http:\/\/www.w3.org\/2000\/svg\"><path d=\"M416 208H32c-17.67 0-32 14.33-32 32v32c0 17.67 14.33 32 32 32h384c17.67 0 32-14.33 32-32v-32c0-17.67-14.33-32-32-32z\"><\/path><\/svg><\/span>\n\t\t\t<span class='e-closed'><svg aria-hidden=\"true\" class=\"e-font-icon-svg e-fas-plus\" viewBox=\"0 0 448 512\" xmlns=\"http:\/\/www.w3.org\/2000\/svg\"><path d=\"M416 208H272V64c0-17.67-14.33-32-32-32h-32c-17.67 0-32 14.33-32 32v144H32c-17.67 0-32 14.33-32 32v32c0 17.67 14.33 32 32 32h144v144c0 17.67 14.33 32 32 32h32c17.67 0 32-14.33 32-32V304h144c17.67 0 32-14.33 32-32v-32c0-17.67-14.33-32-32-32z\"><\/path><\/svg><\/span>\n\t\t<\/span>\n\n\t\t\t\t\t\t<\/summary>\n\t\t\t\t<div role=\"region\" aria-labelledby=\"e-n-accordion-item-1874\" class=\"elementor-element elementor-element-43eb4f9 e-con-full e-flex e-con e-child\" data-id=\"43eb4f9\" data-element_type=\"container\" data-e-type=\"container\">\n\t\t\t\t<div class=\"elementor-element elementor-element-c9af66f elementor-widget elementor-widget-text-editor\" data-id=\"c9af66f\" data-element_type=\"widget\" data-e-type=\"widget\" data-widget_type=\"text-editor.default\">\n\t\t\t\t\t\t\t\t\t<p>Oui. Les verres Eyezen\u00ae int\u00e8grent l\u2019Eye Protect System\u2122, une technologie visant \u00e0 r\u00e9duire l\u2019exposition \u00e0 certaines longueurs d\u2019onde de la lumi\u00e8re bleue potentiellement nocives, tout en conservant une perception naturelle des couleurs.<\/p>\t\t\t\t\t\t\t\t<\/div>\n\t\t\t\t<\/div>\n\t\t\t\t\t<\/details>\n\t\t\t\t\t\t<details id=\"e-n-accordion-item-1875\" class=\"e-n-accordion-item\" >\n\t\t\t\t<summary class=\"e-n-accordion-item-title\" data-accordion-index=\"6\" tabindex=\"-1\" aria-expanded=\"false\" aria-controls=\"e-n-accordion-item-1875\" >\n\t\t\t\t\t<span class='e-n-accordion-item-title-header'><h4 class=\"e-n-accordion-item-title-text\"> Peut-on porter Eyezen\u00ae toute la journ\u00e9e ? <\/h4><\/span>\n\t\t\t\t\t\t\t<span class='e-n-accordion-item-title-icon'>\n\t\t\t<span class='e-opened' ><svg aria-hidden=\"true\" class=\"e-font-icon-svg e-fas-minus\" viewBox=\"0 0 448 512\" xmlns=\"http:\/\/www.w3.org\/2000\/svg\"><path d=\"M416 208H32c-17.67 0-32 14.33-32 32v32c0 17.67 14.33 32 32 32h384c17.67 0 32-14.33 32-32v-32c0-17.67-14.33-32-32-32z\"><\/path><\/svg><\/span>\n\t\t\t<span class='e-closed'><svg aria-hidden=\"true\" class=\"e-font-icon-svg e-fas-plus\" viewBox=\"0 0 448 512\" xmlns=\"http:\/\/www.w3.org\/2000\/svg\"><path d=\"M416 208H272V64c0-17.67-14.33-32-32-32h-32c-17.67 0-32 14.33-32 32v144H32c-17.67 0-32 14.33-32 32v32c0 17.67 14.33 32 32 32h144v144c0 17.67 14.33 32 32 32h32c17.67 0 32-14.33 32-32V304h144c17.67 0 32-14.33 32-32v-32c0-17.67-14.33-32-32-32z\"><\/path><\/svg><\/span>\n\t\t<\/span>\n\n\t\t\t\t\t\t<\/summary>\n\t\t\t\t<div role=\"region\" aria-labelledby=\"e-n-accordion-item-1875\" class=\"elementor-element elementor-element-1fe7adb e-flex e-con-boxed e-con e-child\" data-id=\"1fe7adb\" data-element_type=\"container\" data-e-type=\"container\">\n\t\t\t\t\t<div class=\"e-con-inner\">\n\t\t\t\t<div class=\"elementor-element elementor-element-0103db2 elementor-widget elementor-widget-text-editor\" data-id=\"0103db2\" data-element_type=\"widget\" data-e-type=\"widget\" data-widget_type=\"text-editor.default\">\n\t\t\t\t\t\t\t\t\t<p>Oui. Les verres Eyezen\u00ae sont con\u00e7us pour un port permanent. Ils s\u2019adaptent aussi bien aux usages num\u00e9riques qu\u2019aux activit\u00e9s courantes de la vie quotidienne, sans contrainte particuli\u00e8re d\u2019adaptation.<\/p>\t\t\t\t\t\t\t\t<\/div>\n\t\t\t\t\t<\/div>\n\t\t\t\t<\/div>\n\t\t\t\t\t<\/details>\n\t\t\t\t\t\t<details id=\"e-n-accordion-item-1876\" class=\"e-n-accordion-item\" >\n\t\t\t\t<summary class=\"e-n-accordion-item-title\" data-accordion-index=\"7\" tabindex=\"-1\" aria-expanded=\"false\" aria-controls=\"e-n-accordion-item-1876\" >\n\t\t\t\t\t<span class='e-n-accordion-item-title-header'><h4 class=\"e-n-accordion-item-title-text\"> Les verres Eyezen\u00ae sont-ils compatibles avec toutes les montures ? <\/h4><\/span>\n\t\t\t\t\t\t\t<span class='e-n-accordion-item-title-icon'>\n\t\t\t<span class='e-opened' ><svg aria-hidden=\"true\" class=\"e-font-icon-svg e-fas-minus\" viewBox=\"0 0 448 512\" xmlns=\"http:\/\/www.w3.org\/2000\/svg\"><path d=\"M416 208H32c-17.67 0-32 14.33-32 32v32c0 17.67 14.33 32 32 32h384c17.67 0 32-14.33 32-32v-32c0-17.67-14.33-32-32-32z\"><\/path><\/svg><\/span>\n\t\t\t<span class='e-closed'><svg aria-hidden=\"true\" class=\"e-font-icon-svg e-fas-plus\" viewBox=\"0 0 448 512\" xmlns=\"http:\/\/www.w3.org\/2000\/svg\"><path d=\"M416 208H272V64c0-17.67-14.33-32-32-32h-32c-17.67 0-32 14.33-32 32v144H32c-17.67 0-32 14.33-32 32v32c0 17.67 14.33 32 32 32h144v144c0 17.67 14.33 32 32 32h32c17.67 0 32-14.33 32-32V304h144c17.67 0 32-14.33 32-32v-32c0-17.67-14.33-32-32-32z\"><\/path><\/svg><\/span>\n\t\t<\/span>\n\n\t\t\t\t\t\t<\/summary>\n\t\t\t\t<div role=\"region\" aria-labelledby=\"e-n-accordion-item-1876\" class=\"elementor-element elementor-element-fa758c9 e-flex e-con-boxed e-con e-child\" data-id=\"fa758c9\" data-element_type=\"container\" data-e-type=\"container\">\n\t\t\t\t\t<div class=\"e-con-inner\">\n\t\t\t\t<div class=\"elementor-element elementor-element-0ae5b89 elementor-widget elementor-widget-text-editor\" data-id=\"0ae5b89\" data-element_type=\"widget\" data-e-type=\"widget\" data-widget_type=\"text-editor.default\">\n\t\t\t\t\t\t\t\t\t<p>La plupart des montures sont compatibles avec les verres Eyezen\u00ae. N\u00e9anmoins, certaines contraintes techniques li\u00e9es \u00e0 la forme ou \u00e0 la taille de la monture peuvent influencer le choix du mat\u00e9riau ou des options associ\u00e9es.<\/p>\t\t\t\t\t\t\t\t<\/div>\n\t\t\t\t\t<\/div>\n\t\t\t\t<\/div>\n\t\t\t\t\t<\/details>\n\t\t\t\t\t<\/div>\n\t\t\t\t\t\t<\/div>\n\t\t\t\t\t<\/div>\n\t\t\t\t<\/div>\n\t\t<div class=\"elementor-element elementor-element-ae9a2f2 ao_basgris e-flex e-con-boxed e-con e-parent\" data-id=\"ae9a2f2\" data-element_type=\"container\" data-e-type=\"container\">\n\t\t\t\t\t<div class=\"e-con-inner\">\n\t\t\t\t<div class=\"elementor-element elementor-element-763820b elementor-widget elementor-widget-text-editor\" data-id=\"763820b\" data-element_type=\"widget\" data-e-type=\"widget\" data-widget_type=\"text-editor.default\">\n\t\t\t\t\t\t\t\t\t<p>1. Appellations Eyezen\u00ae : les d\u00e9nominations Eyezen\u00ae Start et Eyezen\u00ae Boost d\u00e9signent des gammes de verres unifocaux optimis\u00e9s d\u00e9velopp\u00e9es par Essilor.<br \/>2. Finalit\u00e9 des verres : les verres Eyezen\u00ae sont destin\u00e9s \u00e0 am\u00e9liorer le confort visuel, notamment lors des activit\u00e9s de pr\u00e8s et de l\u2019usage des \u00e9crans.<br \/>3. R\u00e9sultats et variabilit\u00e9 individuelle : le confort visuel et le ressenti peuvent varier selon la correction, la morphologie, la monture et les habitudes visuelles du porteur.<br \/>4. Mati\u00e8res de verres : Orma\u00ae 1,50, Ormix\u00ae 1,60, Stylis\u00ae 1,67 et Lin\u00e9is\u00ae 1,74 correspondent \u00e0 diff\u00e9rents mat\u00e9riaux et indices de r\u00e9fraction, s\u00e9lectionn\u00e9s selon la correction et la monture.<br \/>5. EPS\u2122 : Eye Protect System\u2122 contribue \u00e0 r\u00e9duire l\u2019exposition \u00e0 certaines longueurs d\u2019onde de la lumi\u00e8re bleue. Il ne constitue pas un dispositif m\u00e9dical.<br \/>6. Crizal\u00ae : les traitements Crizal\u00ae Sapphire\u2122 HR et Crizal\u00ae Easy Pro am\u00e9liorent la transparence et facilitent l\u2019entretien des verres, sous r\u00e9serve d\u2019un usage conforme.<br \/>7. Transitions\u00ae : les verres Transitions\u00ae adaptent leur teinte en fonction de l\u2019exposition aux UV. Les performances peuvent varier selon l\u2019environnement et les conditions d\u2019utilisation.<br \/>8. Compatibilit\u00e9 montures : toutes les montures ne sont pas compatibles avec l\u2019ensemble des mat\u00e9riaux, traitements ou technologies propos\u00e9s.<br \/>9. Les informations pr\u00e9sent\u00e9es sont donn\u00e9es \u00e0 titre indicatif. Les caract\u00e9ristiques finales de l\u2019\u00e9quipement figurent sur le devis et la facture.<\/p>\t\t\t\t\t\t\t\t<\/div>\n\t\t\t\t\t<\/div>\n\t\t\t\t<\/div>\n\t\t\t\t<\/div>\n\t\t","protected":false},"excerpt":{"rendered":"<p>Un cr\u00e9dit vous engage et doit \u00eatre rembours\u00e9.V\u00e9rifiez vos capacit\u00e9s de remboursement avant de vous engager. Paiement en plusieurs fois. Le paiement en plusieurs fois est propos\u00e9 via notre partenaire Alma. La s\u00e9curisation des paiements est assur\u00e9e par Alma et ses partenaires. &#8211; Conditions : ce type de paiement est r\u00e9serv\u00e9 aux particuliers r\u00e9sidant en [&hellip;]<\/p>\n","protected":false},"author":1,"featured_media":731,"parent":0,"menu_order":0,"comment_status":"closed","ping_status":"closed","template":"","meta":{"_acf_changed":false,"footnotes":""},"class_list":["post-170","page","type-page","status-publish","has-post-thumbnail","hentry"],"acf":[],"yoast_head":"<!-- This site is optimized with the Yoast SEO plugin v27.5 - https:\/\/yoast.com\/product\/yoast-seo-wordpress\/ -->\n<title>Acheter un verre Essilor\u00ae Eyezen\u00ae | Archimbaud Opticien<\/title>\n<meta name=\"description\" content=\"Les verres Essilor\u00ae Eyezen\u00ae soulagent la fatigue visuelle li\u00e9e aux \u00e9crans et am\u00e9liorent le confort au quotidien. Une solution id\u00e9ale pour les usages num\u00e9riques intensifs.\" \/>\n<meta name=\"robots\" content=\"index, follow, max-snippet:-1, max-image-preview:large, max-video-preview:-1\" \/>\n<link rel=\"canonical\" href=\"https:\/\/www.archimbaudopticien.com\/diag\/acheter-essilor-eyezen\/\" \/>\n<meta property=\"og:locale\" content=\"fr_FR\" \/>\n<meta property=\"og:type\" content=\"article\" \/>\n<meta property=\"og:title\" content=\"Acheter un verre Essilor\u00ae Eyezen\u00ae | Archimbaud Opticien\" \/>\n<meta property=\"og:description\" content=\"Les verres Essilor\u00ae Eyezen\u00ae soulagent la fatigue visuelle li\u00e9e aux \u00e9crans et am\u00e9liorent le confort au quotidien. Une solution id\u00e9ale pour les usages num\u00e9riques intensifs.\" \/>\n<meta property=\"og:url\" content=\"https:\/\/www.archimbaudopticien.com\/diag\/acheter-essilor-eyezen\/\" \/>\n<meta property=\"og:site_name\" content=\"Archimbaud Opticien\" \/>\n<meta property=\"article:modified_time\" content=\"2026-02-04T21:07:27+00:00\" \/>\n<meta property=\"og:image\" content=\"https:\/\/www.archimbaudopticien.com\/diag\/wp-content\/uploads\/2026\/02\/essilor-eyezen-gammes-archimbaud.jpg\" \/>\n\t<meta property=\"og:image:width\" content=\"600\" \/>\n\t<meta property=\"og:image:height\" content=\"650\" \/>\n\t<meta property=\"og:image:type\" content=\"image\/jpeg\" \/>\n<meta name=\"twitter:card\" content=\"summary_large_image\" \/>\n<meta name=\"twitter:label1\" content=\"Dur\u00e9e de lecture estim\u00e9e\" \/>\n\t<meta name=\"twitter:data1\" content=\"9 minutes\" \/>\n<script type=\"application\/ld+json\" class=\"yoast-schema-graph\">{\"@context\":\"https:\\\/\\\/schema.org\",\"@graph\":[{\"@type\":\"WebPage\",\"@id\":\"https:\\\/\\\/www.archimbaudopticien.com\\\/diag\\\/acheter-essilor-eyezen\\\/\",\"url\":\"https:\\\/\\\/www.archimbaudopticien.com\\\/diag\\\/acheter-essilor-eyezen\\\/\",\"name\":\"Acheter un verre Essilor\u00ae Eyezen\u00ae | Archimbaud Opticien\",\"isPartOf\":{\"@id\":\"https:\\\/\\\/www.archimbaudopticien.com\\\/diag\\\/#website\"},\"primaryImageOfPage\":{\"@id\":\"https:\\\/\\\/www.archimbaudopticien.com\\\/diag\\\/acheter-essilor-eyezen\\\/#primaryimage\"},\"image\":{\"@id\":\"https:\\\/\\\/www.archimbaudopticien.com\\\/diag\\\/acheter-essilor-eyezen\\\/#primaryimage\"},\"thumbnailUrl\":\"https:\\\/\\\/www.archimbaudopticien.com\\\/diag\\\/wp-content\\\/uploads\\\/2026\\\/02\\\/essilor-eyezen-gammes-archimbaud.jpg\",\"datePublished\":\"2026-01-06T13:15:36+00:00\",\"dateModified\":\"2026-02-04T21:07:27+00:00\",\"description\":\"Les verres Essilor\u00ae Eyezen\u00ae soulagent la fatigue visuelle li\u00e9e aux \u00e9crans et am\u00e9liorent le confort au quotidien. Une solution id\u00e9ale pour les usages num\u00e9riques intensifs.\",\"breadcrumb\":{\"@id\":\"https:\\\/\\\/www.archimbaudopticien.com\\\/diag\\\/acheter-essilor-eyezen\\\/#breadcrumb\"},\"inLanguage\":\"fr-FR\",\"potentialAction\":[{\"@type\":\"ReadAction\",\"target\":[\"https:\\\/\\\/www.archimbaudopticien.com\\\/diag\\\/acheter-essilor-eyezen\\\/\"]}]},{\"@type\":\"ImageObject\",\"inLanguage\":\"fr-FR\",\"@id\":\"https:\\\/\\\/www.archimbaudopticien.com\\\/diag\\\/acheter-essilor-eyezen\\\/#primaryimage\",\"url\":\"https:\\\/\\\/www.archimbaudopticien.com\\\/diag\\\/wp-content\\\/uploads\\\/2026\\\/02\\\/essilor-eyezen-gammes-archimbaud.jpg\",\"contentUrl\":\"https:\\\/\\\/www.archimbaudopticien.com\\\/diag\\\/wp-content\\\/uploads\\\/2026\\\/02\\\/essilor-eyezen-gammes-archimbaud.jpg\",\"width\":600,\"height\":650},{\"@type\":\"BreadcrumbList\",\"@id\":\"https:\\\/\\\/www.archimbaudopticien.com\\\/diag\\\/acheter-essilor-eyezen\\\/#breadcrumb\",\"itemListElement\":[{\"@type\":\"ListItem\",\"position\":1,\"name\":\"Accueil\",\"item\":\"https:\\\/\\\/www.archimbaudopticien.com\\\/diag\\\/\"},{\"@type\":\"ListItem\",\"position\":2,\"name\":\"Acheter un verre Essilor\u00ae Eyezen\u00ae\"}]},{\"@type\":\"WebSite\",\"@id\":\"https:\\\/\\\/www.archimbaudopticien.com\\\/diag\\\/#website\",\"url\":\"https:\\\/\\\/www.archimbaudopticien.com\\\/diag\\\/\",\"name\":\"Archimbaud Opticien\",\"description\":\"\",\"publisher\":{\"@id\":\"https:\\\/\\\/www.archimbaudopticien.com\\\/diag\\\/#organization\"},\"potentialAction\":[{\"@type\":\"SearchAction\",\"target\":{\"@type\":\"EntryPoint\",\"urlTemplate\":\"https:\\\/\\\/www.archimbaudopticien.com\\\/diag\\\/?s={search_term_string}\"},\"query-input\":{\"@type\":\"PropertyValueSpecification\",\"valueRequired\":true,\"valueName\":\"search_term_string\"}}],\"inLanguage\":\"fr-FR\"},{\"@type\":\"Organization\",\"@id\":\"https:\\\/\\\/www.archimbaudopticien.com\\\/diag\\\/#organization\",\"name\":\"Archimbaud Opticien\",\"url\":\"https:\\\/\\\/www.archimbaudopticien.com\\\/diag\\\/\",\"logo\":{\"@type\":\"ImageObject\",\"inLanguage\":\"fr-FR\",\"@id\":\"https:\\\/\\\/www.archimbaudopticien.com\\\/diag\\\/#\\\/schema\\\/logo\\\/image\\\/\",\"url\":\"https:\\\/\\\/www.archimbaudopticien.com\\\/diag\\\/wp-content\\\/uploads\\\/2026\\\/02\\\/logo-1664963842.png\",\"contentUrl\":\"https:\\\/\\\/www.archimbaudopticien.com\\\/diag\\\/wp-content\\\/uploads\\\/2026\\\/02\\\/logo-1664963842.png\",\"width\":600,\"height\":54,\"caption\":\"Archimbaud Opticien\"},\"image\":{\"@id\":\"https:\\\/\\\/www.archimbaudopticien.com\\\/diag\\\/#\\\/schema\\\/logo\\\/image\\\/\"}}]}<\/script>\n<!-- \/ Yoast SEO plugin. -->","yoast_head_json":{"title":"Acheter un verre Essilor\u00ae Eyezen\u00ae | Archimbaud Opticien","description":"Les verres Essilor\u00ae Eyezen\u00ae soulagent la fatigue visuelle li\u00e9e aux \u00e9crans et am\u00e9liorent le confort au quotidien. Une solution id\u00e9ale pour les usages num\u00e9riques intensifs.","robots":{"index":"index","follow":"follow","max-snippet":"max-snippet:-1","max-image-preview":"max-image-preview:large","max-video-preview":"max-video-preview:-1"},"canonical":"https:\/\/www.archimbaudopticien.com\/diag\/acheter-essilor-eyezen\/","og_locale":"fr_FR","og_type":"article","og_title":"Acheter un verre Essilor\u00ae Eyezen\u00ae | Archimbaud Opticien","og_description":"Les verres Essilor\u00ae Eyezen\u00ae soulagent la fatigue visuelle li\u00e9e aux \u00e9crans et am\u00e9liorent le confort au quotidien. Une solution id\u00e9ale pour les usages num\u00e9riques intensifs.","og_url":"https:\/\/www.archimbaudopticien.com\/diag\/acheter-essilor-eyezen\/","og_site_name":"Archimbaud Opticien","article_modified_time":"2026-02-04T21:07:27+00:00","og_image":[{"width":600,"height":650,"url":"https:\/\/www.archimbaudopticien.com\/diag\/wp-content\/uploads\/2026\/02\/essilor-eyezen-gammes-archimbaud.jpg","type":"image\/jpeg"}],"twitter_card":"summary_large_image","twitter_misc":{"Dur\u00e9e de lecture estim\u00e9e":"9 minutes"},"schema":{"@context":"https:\/\/schema.org","@graph":[{"@type":"WebPage","@id":"https:\/\/www.archimbaudopticien.com\/diag\/acheter-essilor-eyezen\/","url":"https:\/\/www.archimbaudopticien.com\/diag\/acheter-essilor-eyezen\/","name":"Acheter un verre Essilor\u00ae Eyezen\u00ae | Archimbaud Opticien","isPartOf":{"@id":"https:\/\/www.archimbaudopticien.com\/diag\/#website"},"primaryImageOfPage":{"@id":"https:\/\/www.archimbaudopticien.com\/diag\/acheter-essilor-eyezen\/#primaryimage"},"image":{"@id":"https:\/\/www.archimbaudopticien.com\/diag\/acheter-essilor-eyezen\/#primaryimage"},"thumbnailUrl":"https:\/\/www.archimbaudopticien.com\/diag\/wp-content\/uploads\/2026\/02\/essilor-eyezen-gammes-archimbaud.jpg","datePublished":"2026-01-06T13:15:36+00:00","dateModified":"2026-02-04T21:07:27+00:00","description":"Les verres Essilor\u00ae Eyezen\u00ae soulagent la fatigue visuelle li\u00e9e aux \u00e9crans et am\u00e9liorent le confort au quotidien. Une solution id\u00e9ale pour les usages num\u00e9riques intensifs.","breadcrumb":{"@id":"https:\/\/www.archimbaudopticien.com\/diag\/acheter-essilor-eyezen\/#breadcrumb"},"inLanguage":"fr-FR","potentialAction":[{"@type":"ReadAction","target":["https:\/\/www.archimbaudopticien.com\/diag\/acheter-essilor-eyezen\/"]}]},{"@type":"ImageObject","inLanguage":"fr-FR","@id":"https:\/\/www.archimbaudopticien.com\/diag\/acheter-essilor-eyezen\/#primaryimage","url":"https:\/\/www.archimbaudopticien.com\/diag\/wp-content\/uploads\/2026\/02\/essilor-eyezen-gammes-archimbaud.jpg","contentUrl":"https:\/\/www.archimbaudopticien.com\/diag\/wp-content\/uploads\/2026\/02\/essilor-eyezen-gammes-archimbaud.jpg","width":600,"height":650},{"@type":"BreadcrumbList","@id":"https:\/\/www.archimbaudopticien.com\/diag\/acheter-essilor-eyezen\/#breadcrumb","itemListElement":[{"@type":"ListItem","position":1,"name":"Accueil","item":"https:\/\/www.archimbaudopticien.com\/diag\/"},{"@type":"ListItem","position":2,"name":"Acheter un verre Essilor\u00ae Eyezen\u00ae"}]},{"@type":"WebSite","@id":"https:\/\/www.archimbaudopticien.com\/diag\/#website","url":"https:\/\/www.archimbaudopticien.com\/diag\/","name":"Archimbaud Opticien","description":"","publisher":{"@id":"https:\/\/www.archimbaudopticien.com\/diag\/#organization"},"potentialAction":[{"@type":"SearchAction","target":{"@type":"EntryPoint","urlTemplate":"https:\/\/www.archimbaudopticien.com\/diag\/?s={search_term_string}"},"query-input":{"@type":"PropertyValueSpecification","valueRequired":true,"valueName":"search_term_string"}}],"inLanguage":"fr-FR"},{"@type":"Organization","@id":"https:\/\/www.archimbaudopticien.com\/diag\/#organization","name":"Archimbaud Opticien","url":"https:\/\/www.archimbaudopticien.com\/diag\/","logo":{"@type":"ImageObject","inLanguage":"fr-FR","@id":"https:\/\/www.archimbaudopticien.com\/diag\/#\/schema\/logo\/image\/","url":"https:\/\/www.archimbaudopticien.com\/diag\/wp-content\/uploads\/2026\/02\/logo-1664963842.png","contentUrl":"https:\/\/www.archimbaudopticien.com\/diag\/wp-content\/uploads\/2026\/02\/logo-1664963842.png","width":600,"height":54,"caption":"Archimbaud Opticien"},"image":{"@id":"https:\/\/www.archimbaudopticien.com\/diag\/#\/schema\/logo\/image\/"}}]}},"_links":{"self":[{"href":"https:\/\/www.archimbaudopticien.com\/diag\/wp-json\/wp\/v2\/pages\/170","targetHints":{"allow":["GET"]}}],"collection":[{"href":"https:\/\/www.archimbaudopticien.com\/diag\/wp-json\/wp\/v2\/pages"}],"about":[{"href":"https:\/\/www.archimbaudopticien.com\/diag\/wp-json\/wp\/v2\/types\/page"}],"author":[{"embeddable":true,"href":"https:\/\/www.archimbaudopticien.com\/diag\/wp-json\/wp\/v2\/users\/1"}],"replies":[{"embeddable":true,"href":"https:\/\/www.archimbaudopticien.com\/diag\/wp-json\/wp\/v2\/comments?post=170"}],"version-history":[{"count":46,"href":"https:\/\/www.archimbaudopticien.com\/diag\/wp-json\/wp\/v2\/pages\/170\/revisions"}],"predecessor-version":[{"id":802,"href":"https:\/\/www.archimbaudopticien.com\/diag\/wp-json\/wp\/v2\/pages\/170\/revisions\/802"}],"wp:featuredmedia":[{"embeddable":true,"href":"https:\/\/www.archimbaudopticien.com\/diag\/wp-json\/wp\/v2\/media\/731"}],"wp:attachment":[{"href":"https:\/\/www.archimbaudopticien.com\/diag\/wp-json\/wp\/v2\/media?parent=170"}],"curies":[{"name":"wp","href":"https:\/\/api.w.org\/{rel}","templated":true}]}}