{"id":265,"date":"2026-01-12T13:45:14","date_gmt":"2026-01-12T12:45:14","guid":{"rendered":"https:\/\/archimbaudopticien.com\/diag\/?page_id=265"},"modified":"2026-02-04T21:50:33","modified_gmt":"2026-02-04T20:50:33","slug":"acheter-essilor-varilux","status":"publish","type":"page","link":"https:\/\/www.archimbaudopticien.com\/diag\/acheter-essilor-varilux\/","title":{"rendered":"Acheter un verre Essilor\u00ae Varilux\u00ae"},"content":{"rendered":"\t\t<div data-elementor-type=\"wp-page\" data-elementor-id=\"265\" class=\"elementor elementor-265\" data-elementor-post-type=\"page\">\n\t\t\t\t<div class=\"elementor-element elementor-element-be8b1d6 e-con-full e-flex e-con e-parent\" data-id=\"be8b1d6\" data-element_type=\"container\" data-e-type=\"container\">\n\t\t\t\t<div class=\"elementor-element elementor-element-30dd6f8f elementor-widget elementor-widget-shortcode\" data-id=\"30dd6f8f\" data-element_type=\"widget\" data-e-type=\"widget\" data-widget_type=\"shortcode.default\">\n\t\t\t\t\t\t\t<div class=\"elementor-shortcode\"><div class=\"calculateur-layout is-style-wide\" data-gamme=\"3\">\r\n    <div class=\"rc-progress-scrollbar-container\">\r\n        <div class=\"rc-progress-scrollbar-steps\">\r\n            <div class=\"rc-progress-scrollbar-indicator\"><\/div>\r\n            <div class=\"steps\">\r\n                <div class=\"step\" data-step=\"1\"><span><\/span><\/div>\r\n                <div class=\"step\" data-step=\"2\"><span><\/span><\/div>\r\n                <div class=\"step\" data-step=\"3\"><span><\/span><\/div>\r\n                <div class=\"step\" data-step=\"4\"><span><\/span><\/div>\r\n                <div class=\"step\" data-step=\"5\"><span><\/span><\/div>\r\n                <div class=\"step\" data-step=\"6\"><span><\/span><\/div>\r\n            <\/div>\r\n        <\/div>\r\n    <\/div>\r\n    <div class=\"header-infos\">\r\n        <div class=\"bloc-ttl\">\r\n            <h2 class=\"gamme-ttl\">Varilux\u00ae<\/h2>\r\n            <div class=\"dyn-info info-dynamic\" data-dtotalprice=\"0\" data-mns=\"4\">\u00c0 partir de <span class=\"dyn-price\"><\/span> ou <span class=\"dyn-mensualite\"><\/span>\/mois pour <span class=\"mensualite\">4<\/span> mois \u00e0 0% taux d\u00e9biteur**<\/div>\r\n        <\/div>\r\n    <\/div>\r\n    <div class=\"bloc-desc\">Les verres Essilor\u00ae Varilux\u00ae offrent une vision nette et fluide \u00e0 toutes les distances, sans compromis sur le confort.<\/div>\r\n    <div class=\"option-line\">\r\n        <div class=\"option-label\">\r\n            <strong>Monture.<\/strong>\r\n            <span>Quel mod\u00e8le vous faut-il ?<\/span>\r\n        <\/div>\r\n        <input type=\"text\" id=\"monture-1\" class=\"option-price-input\" placeholder=\"0\" value=\"\">\r\n        <span class=\"currency\">\u20ac<\/span>\r\n    <\/div>\r\n\r\n    <div class=\"calculateur-left\">\r\n        <div class=\"sticky-image\">\r\n            <div class=\"slide for-step-1\"><a href=\"https:\/\/www.archimbaudopticien.com\/diag\/wp-content\/uploads\/2026\/01\/Varilux-XR-Track-cz-sapphire-1024x683.jpg\" data-fancybox=\"gallery\"><img decoding=\"async\" src=\"https:\/\/www.archimbaudopticien.com\/diag\/wp-content\/uploads\/2026\/01\/Varilux-XR-Track-cz-sapphire-1024x683.jpg\" alt=\"\"><\/a><\/div>\r\n        <\/div>\r\n    <\/div>\r\n    <div class=\"calculateur-right\">\r\n        <form class=\"calculateur-form\" id=\"request-form\">\r\n            <input type=\"hidden\" name=\"monture-1-val\" id=\"monture-1-val\" value=\"0\" \/>\r\n            <input type=\"hidden\" name=\"mensualite\" value=\"4\" \/>\r\n            <div class=\"cu-step\" id=\"step-1\">\r\n                <div class=\"step-sttl\"><p>Choisissez la version adapt\u00e9e \u00e0 vos besoins.<\/p>\n<\/div>\r\n                <div class=\"steps-elements\">\r\n                    <div class=\"img-mobile\"><a href=\"https:\/\/www.archimbaudopticien.com\/diag\/wp-content\/uploads\/2026\/01\/Varilux-XR-Track-cz-sapphire-1024x683.jpg\" data-fancybox=\"gallery-mobile\"><img decoding=\"async\" src=\"https:\/\/www.archimbaudopticien.com\/diag\/wp-content\/uploads\/2026\/01\/Varilux-XR-Track-cz-sapphire-1024x683.jpg\" alt=\"\"><\/a><\/div>\r\n                                            <label class=\"calc-radio\">\r\n                            <input type=\"radio\" data-label=\"Varilux\u00ae XR Track\u2122\" data-pricex2=\"898\" data-price=\"449\"\r\n                                name=\"step1\"\r\n                                value=\"198\"\r\n                                data-image=\"https:\/\/www.archimbaudopticien.com\/diag\/wp-content\/uploads\/2026\/01\/Varilux-XR-Track-cz-sapphire-1024x683.jpg\">\r\n\r\n                            <span class=\"step-title\">Varilux\u00ae XR Track\u2122<\/span>\r\n                            <span class=\"step-price\">\r\n                                \u00c0 partir de <span class=\"dyp\">449\u20ac<\/span> ou <br \/> <span class=\"dym\">112.25\u20ac<\/span>\/mois \u00e0 0%                            <\/span>\r\n                        <\/label>\r\n                                            <label class=\"calc-radio\">\r\n                            <input type=\"radio\" data-label=\"Varilux\u00ae I Plus Design\u2122\" data-pricex2=\"698\" data-price=\"349\"\r\n                                name=\"step1\"\r\n                                value=\"197\"\r\n                                data-image=\"https:\/\/www.archimbaudopticien.com\/diag\/wp-content\/uploads\/2026\/01\/Varilux-I-design-cz-sapphire-1024x683.jpg\">\r\n\r\n                            <span class=\"step-title\">Varilux\u00ae I Plus Design\u2122<\/span>\r\n                            <span class=\"step-price\">\r\n                                \u00c0 partir de <span class=\"dyp\">349\u20ac<\/span> ou <br \/> <span class=\"dym\">87.25\u20ac<\/span>\/mois \u00e0 0%                            <\/span>\r\n                        <\/label>\r\n                                            <label class=\"calc-radio\">\r\n                            <input type=\"radio\" data-label=\"Varilux\u00ae Comfort\u00ae 3.0\" data-pricex2=\"498\" data-price=\"249\"\r\n                                name=\"step1\"\r\n                                value=\"196\"\r\n                                data-image=\"https:\/\/www.archimbaudopticien.com\/diag\/wp-content\/uploads\/2026\/01\/Varliux-Comfort-cz-sapphire-1024x683.jpg\">\r\n\r\n                            <span class=\"step-title\">Varilux\u00ae Comfort\u00ae 3.0<\/span>\r\n                            <span class=\"step-price\">\r\n                                \u00c0 partir de <span class=\"dyp\">249\u20ac<\/span> ou <br \/> <span class=\"dym\">62.25\u20ac<\/span>\/mois \u00e0 0%                            <\/span>\r\n                        <\/label>\r\n                                            <label class=\"calc-radio\">\r\n                            <input type=\"radio\" data-label=\"Essilor\u00ae Prems\u2122\" data-pricex2=\"298\" data-price=\"149\"\r\n                                name=\"step1\"\r\n                                value=\"1068\"\r\n                                data-image=\"https:\/\/www.archimbaudopticien.com\/diag\/wp-content\/uploads\/2026\/04\/essilor-prems-cz-sapphire-new-1024x683.jpg\">\r\n\r\n                            <span class=\"step-title\">Essilor\u00ae Prems\u2122<\/span>\r\n                            <span class=\"step-price\">\r\n                                \u00c0 partir de <span class=\"dyp\">149\u20ac<\/span> ou <br \/> <span class=\"dym\">37.25\u20ac<\/span>\/mois \u00e0 0%                            <\/span>\r\n                        <\/label>\r\n                                    <\/div>\r\n                                    <div class=\"step-instruct\">\r\n                        <p class=\"instru-ttl\">Besoin d\u2019aide pour choisir vos verres ?<\/p><p class=\"sttl-ttl\">D\u00e9couvrez les diff\u00e9rences entre ces verres progressifs Essilor\u00ae<\/p><div class=\"info-icon\"><\/div><div class=\"info-popup\" style=\"display:none;\"><hr style=\"border: none;border-top: 1px solid #ffffff;margin: 18px 0\" \/>\n<div style=\"text-align: center\">\n<p style=\"text-align: center;margin: 0 0 20px 0;font-size: clamp(28px, 5vw, 40px);line-height: 1.2;color: #000000\">\n    <strong>Quels verres progressifs vous faut-il ?<\/strong>\n  <\/p>\n<hr style=\"border: none;border-top: 1px solid #ffffff;margin: 50px 0\" \/>\n<table style=\"margin: 0 0 14px 0;width: 100%;border-collapse: collapse\" role=\"presentation\" width=\"100%\" cellspacing=\"0\" cellpadding=\"0\">\n<tbody>\n<tr>\n<td style=\"width: 20%\"><\/td>\n<td style=\"text-align: center;width: 20%\">\n          <img decoding=\"async\" style=\"margin: 0 auto;width: 75%;height: auto\" src=\"https:\/\/www.archimbaudopticien.com\/blog\/wp-content\/uploads\/2025\/12\/Varilux-XR-Series-noir.jpg\" alt=\"Varilux XR Track\" \/>\n        <\/td>\n<td style=\"text-align: center;width: 20%\">\n          <img decoding=\"async\" style=\"margin: 0 auto;width: 75%;height: auto\" src=\"https:\/\/www.archimbaudopticien.com\/blog\/wp-content\/uploads\/2025\/12\/Varilux-I-Series-noir.jpg\" alt=\"Varilux I Design\" \/>\n        <\/td>\n<td style=\"text-align: center;width: 20%\">\n          <img decoding=\"async\" style=\"margin: 0 auto;width: 75%;height: auto\" src=\"https:\/\/www.archimbaudopticien.com\/blog\/wp-content\/uploads\/2025\/12\/Varilux-Comfort-noir.jpg\" alt=\"Varilux Comfort 3.0\" \/>\n        <\/td>\n<td style=\"text-align: center;width: 20%\">\n          <img decoding=\"async\" style=\"margin: 0 auto;width: 75%;height: auto\" src=\"https:\/\/www.archimbaudopticien.com\/diag\/wp-content\/uploads\/2026\/04\/essilor-prems-noir.jpg\" alt=\"Essilor Prems\" \/>\n        <\/td>\n<\/tr>\n<\/tbody>\n<\/table>\n<table style=\"border-collapse: collapse;width: 100%\" role=\"presentation\" width=\"100%\" cellspacing=\"0\" cellpadding=\"10\">\n<tbody>\n<tr>\n<td style=\"width: 20%;text-align: left;vertical-align: middle;font-size: 13px;line-height: 1.25\">\n          <strong>Confort visuel global<\/strong>\n        <\/td>\n<td style=\"width: 20%;text-align: center;line-height: 0\">\n          <img decoding=\"async\" class=\"aligncenter\" style=\"height: 22px\" src=\"https:\/\/www.archimbaudopticien.com\/blog\/wp-content\/uploads\/2025\/12\/icon-check-triple.png\" alt=\"\" \/>\n        <\/td>\n<td style=\"width: 20%;text-align: center;line-height: 0\">\n          <img decoding=\"async\" class=\"aligncenter\" style=\"height: 22px\" src=\"https:\/\/www.archimbaudopticien.com\/blog\/wp-content\/uploads\/2025\/12\/icon-check-triple.png\" alt=\"\" \/>\n        <\/td>\n<td style=\"width: 20%;text-align: center;line-height: 0\">\n          <img decoding=\"async\" class=\"aligncenter\" style=\"height: 22px\" src=\"https:\/\/www.archimbaudopticien.com\/blog\/wp-content\/uploads\/2025\/12\/icon-check-double.png\" alt=\"\" \/>\n        <\/td>\n<td style=\"width: 20%;text-align: center;line-height: 0\">\n          <img decoding=\"async\" class=\"aligncenter\" style=\"height: 22px\" src=\"https:\/\/www.archimbaudopticien.com\/blog\/wp-content\/uploads\/2025\/12\/icon-check-double.png\" alt=\"\" \/>\n        <\/td>\n<\/tr>\n<tr>\n<td style=\"border-top: 1px solid #ffffff;text-align: left;vertical-align: middle;font-size: 13px;line-height: 1.25\">\n          <strong>Transitions fluides et sans effort<\/strong>\n        <\/td>\n<td style=\"border-top: 1px solid #ffffff;text-align: center;line-height: 0\">\n          <img decoding=\"async\" class=\"aligncenter\" style=\"height: 22px\" src=\"https:\/\/www.archimbaudopticien.com\/blog\/wp-content\/uploads\/2025\/12\/icon-check-triple.png\" alt=\"\" \/>\n        <\/td>\n<td style=\"border-top: 1px solid #ffffff;text-align: center;line-height: 0\">\n          <img decoding=\"async\" class=\"aligncenter\" style=\"height: 22px\" src=\"https:\/\/www.archimbaudopticien.com\/blog\/wp-content\/uploads\/2025\/12\/icon-check-triple.png\" alt=\"\" \/>\n        <\/td>\n<td style=\"border-top: 1px solid #ffffff;text-align: center;line-height: 0\">\n          <img decoding=\"async\" class=\"aligncenter\" style=\"height: 22px\" src=\"https:\/\/www.archimbaudopticien.com\/blog\/wp-content\/uploads\/2025\/12\/icon-check-double.png\" alt=\"\" \/>\n        <\/td>\n<td style=\"border-top: 1px solid #ffffff;text-align: center;line-height: 0\">\n          <img decoding=\"async\" class=\"aligncenter\" style=\"height: 22px\" src=\"https:\/\/www.archimbaudopticien.com\/blog\/wp-content\/uploads\/2025\/12\/icon-check.png\" alt=\"\" \/>\n        <\/td>\n<\/tr>\n<tr>\n<td style=\"border-top: 1px solid #ffffff;text-align: left;vertical-align: middle;font-size: 13px;line-height: 1.25\">\n          <strong>Nettet\u00e9 instantan\u00e9e<\/strong>\n        <\/td>\n<td style=\"border-top: 1px solid #ffffff;text-align: center;line-height: 0\">\n          <img decoding=\"async\" class=\"aligncenter\" style=\"height: 22px\" src=\"https:\/\/www.archimbaudopticien.com\/blog\/wp-content\/uploads\/2025\/12\/icon-check-triple.png\" alt=\"\" \/>\n        <\/td>\n<td style=\"border-top: 1px solid #ffffff;text-align: center;line-height: 0\">\n          <img decoding=\"async\" class=\"aligncenter\" style=\"height: 22px\" src=\"https:\/\/www.archimbaudopticien.com\/blog\/wp-content\/uploads\/2025\/12\/icon-check-triple.png\" alt=\"\" \/>\n        <\/td>\n<td style=\"border-top: 1px solid #ffffff;text-align: center;line-height: 0\">\n          <img decoding=\"async\" class=\"aligncenter\" style=\"height: 22px\" src=\"https:\/\/www.archimbaudopticien.com\/blog\/wp-content\/uploads\/2025\/12\/icon-check-double.png\" alt=\"\" \/>\n        <\/td>\n<td style=\"border-top: 1px solid #ffffff;text-align: center;line-height: 0\">\n          <img decoding=\"async\" class=\"aligncenter\" style=\"height: 22px\" src=\"https:\/\/www.archimbaudopticien.com\/blog\/wp-content\/uploads\/2025\/12\/icon-check.png\" alt=\"\" \/>\n        <\/td>\n<\/tr>\n<tr>\n<td style=\"border-top: 1px solid #ffffff;text-align: left;vertical-align: middle;font-size: 13px;line-height: 1.25\">\n          <strong>Facilit\u00e9 d\u2019adaptation<\/strong>\n        <\/td>\n<td style=\"border-top: 1px solid #ffffff;text-align: center;line-height: 0\">\n          <img decoding=\"async\" class=\"aligncenter\" style=\"height: 22px\" src=\"https:\/\/www.archimbaudopticien.com\/blog\/wp-content\/uploads\/2025\/12\/icon-check-triple.png\" alt=\"\" \/>\n        <\/td>\n<td style=\"border-top: 1px solid #ffffff;text-align: center;line-height: 0\">\n          <img decoding=\"async\" class=\"aligncenter\" style=\"height: 22px\" src=\"https:\/\/www.archimbaudopticien.com\/blog\/wp-content\/uploads\/2025\/12\/icon-check-double.png\" alt=\"\" \/>\n        <\/td>\n<td style=\"border-top: 1px solid #ffffff;text-align: center;line-height: 0\">\n          <img decoding=\"async\" class=\"aligncenter\" style=\"height: 22px\" src=\"https:\/\/www.archimbaudopticien.com\/blog\/wp-content\/uploads\/2025\/12\/icon-check-double.png\" alt=\"\" \/>\n        <\/td>\n<td style=\"border-top: 1px solid #ffffff;text-align: center;line-height: 0\">\n          <img decoding=\"async\" class=\"aligncenter\" style=\"height: 22px\" src=\"https:\/\/www.archimbaudopticien.com\/blog\/wp-content\/uploads\/2025\/12\/icon-check.png\" alt=\"\" \/>\n        <\/td>\n<\/tr>\n<tr>\n<td style=\"border-top: 1px solid #ffffff;text-align: left;vertical-align: middle;font-size: 13px;line-height: 1.25\">\n          <strong>Vision dynamique (en mouvement)<\/strong>\n        <\/td>\n<td style=\"border-top: 1px solid #ffffff;text-align: center;line-height: 0\">\n          <img decoding=\"async\" class=\"aligncenter\" style=\"height: 22px\" src=\"https:\/\/www.archimbaudopticien.com\/blog\/wp-content\/uploads\/2025\/12\/icon-check-triple.png\" alt=\"\" \/>\n        <\/td>\n<td style=\"border-top: 1px solid #ffffff;text-align: center;line-height: 0\">\n          <img decoding=\"async\" class=\"aligncenter\" style=\"height: 22px\" src=\"https:\/\/www.archimbaudopticien.com\/blog\/wp-content\/uploads\/2025\/12\/icon-check-double.png\" alt=\"\" \/>\n        <\/td>\n<td style=\"border-top: 1px solid #ffffff;text-align: center;line-height: 0\">\n          <img decoding=\"async\" class=\"aligncenter\" style=\"height: 22px\" src=\"https:\/\/www.archimbaudopticien.com\/blog\/wp-content\/uploads\/2025\/12\/icon-no.png\" alt=\"\" \/>\n        <\/td>\n<td style=\"border-top: 1px solid #ffffff;text-align: center;line-height: 0\">\n          <img decoding=\"async\" class=\"aligncenter\" style=\"height: 22px\" src=\"https:\/\/www.archimbaudopticien.com\/blog\/wp-content\/uploads\/2025\/12\/icon-no.png\" alt=\"\" \/>\n        <\/td>\n<\/tr>\n<tr>\n<td style=\"border-top: 1px solid #ffffff;text-align: left;vertical-align: middle;font-size: 13px;line-height: 1.25\">\n          <strong>Profondeur de champ optimis\u00e9e<\/strong>\n        <\/td>\n<td style=\"border-top: 1px solid #ffffff;text-align: center;line-height: 0\">\n          <img decoding=\"async\" class=\"aligncenter\" style=\"height: 22px\" src=\"https:\/\/www.archimbaudopticien.com\/blog\/wp-content\/uploads\/2025\/12\/icon-check-triple.png\" alt=\"\" \/>\n        <\/td>\n<td style=\"border-top: 1px solid #ffffff;text-align: center;line-height: 0\">\n          <img decoding=\"async\" class=\"aligncenter\" style=\"height: 22px\" src=\"https:\/\/www.archimbaudopticien.com\/blog\/wp-content\/uploads\/2025\/12\/icon-check.png\" alt=\"\" \/>\n        <\/td>\n<td style=\"border-top: 1px solid #ffffff;text-align: center;line-height: 0\">\n          <img decoding=\"async\" class=\"aligncenter\" style=\"height: 22px\" src=\"https:\/\/www.archimbaudopticien.com\/blog\/wp-content\/uploads\/2025\/12\/icon-no.png\" alt=\"\" \/>\n        <\/td>\n<td style=\"border-top: 1px solid #ffffff;text-align: center;line-height: 0\">\n          <img decoding=\"async\" class=\"aligncenter\" style=\"height: 22px\" src=\"https:\/\/www.archimbaudopticien.com\/blog\/wp-content\/uploads\/2025\/12\/icon-no.png\" alt=\"\" \/>\n        <\/td>\n<\/tr>\n<tr>\n<td style=\"border-top: 1px solid #ffffff;text-align: left;vertical-align: middle;font-size: 13px;line-height: 1.25\">\n          <strong>Comportement visuel intelligent<\/strong>\n        <\/td>\n<td style=\"border-top: 1px solid #ffffff;text-align: center;line-height: 0\">\n          <img decoding=\"async\" class=\"aligncenter\" style=\"height: 22px\" src=\"https:\/\/www.archimbaudopticien.com\/blog\/wp-content\/uploads\/2025\/12\/icon-check-triple.png\" alt=\"\" \/>\n        <\/td>\n<td style=\"border-top: 1px solid #ffffff;text-align: center;line-height: 0\">\n          <img decoding=\"async\" class=\"aligncenter\" style=\"height: 22px\" src=\"https:\/\/www.archimbaudopticien.com\/blog\/wp-content\/uploads\/2025\/12\/icon-no.png\" alt=\"\" \/>\n        <\/td>\n<td style=\"border-top: 1px solid #ffffff;text-align: center;line-height: 0\">\n          <img decoding=\"async\" class=\"aligncenter\" style=\"height: 22px\" src=\"https:\/\/www.archimbaudopticien.com\/blog\/wp-content\/uploads\/2025\/12\/icon-no.png\" alt=\"\" \/>\n        <\/td>\n<td style=\"border-top: 1px solid #ffffff;text-align: center;line-height: 0\">\n          <img decoding=\"async\" class=\"aligncenter\" style=\"height: 22px\" src=\"https:\/\/www.archimbaudopticien.com\/blog\/wp-content\/uploads\/2025\/12\/icon-no.png\" alt=\"\" \/>\n        <\/td>\n<\/tr>\n<tr>\n<td style=\"border-top: 1px solid #ffffff;text-align: left;vertical-align: middle;font-size: 13px;line-height: 1.25\">\n          <strong>Id\u00e9al pour\u2026<\/strong>\n        <\/td>\n<td style=\"border-top: 1px solid #ffffff;text-align: center;color: #000000;font-size: 12px\">\n          <em>Vision intelligente &amp; fluidit\u00e9 in\u00e9gal\u00e9e<\/em>\n        <\/td>\n<td style=\"border-top: 1px solid #ffffff;text-align: center;color: #000000;font-size: 12px\">\n          <em>Vision pr\u00e9cise &amp; confort renforc\u00e9<\/em>\n        <\/td>\n<td style=\"border-top: 1px solid #ffffff;text-align: center;color: #000000;font-size: 12px\">\n          <em>Vision fiable &amp; accessible<\/em>\n        <\/td>\n<td style=\"border-top: 1px solid #ffffff;text-align: center;color: #000000;font-size: 12px\">\n          <em>Vision classique &#038; budget maitris\u00e9<\/em>\n        <\/td>\n<\/tr>\n<\/tbody>\n<\/table>\n<\/div>\n<hr style=\"border: none;border-top: 1px solid #ffffff;margin: 18px 0\" \/>\n<div style=\"text-align: center\">\n<hr style=\"border: none;border-top: 1px solid #ffffff;margin: 50px 0\" \/>\n<div style=\"margin: 0 0 54px 0\">\n<p style=\"margin: 0 0 10px 0\">\n      <img decoding=\"async\" style=\"max-width: 40%;height: auto;margin: 0 auto\" src=\"https:\/\/www.archimbaudopticien.com\/blog\/wp-content\/uploads\/2026\/02\/essilor-varilux-xr-track-archimbaud-opticien.jpg\" alt=\"Logo Vx Xr Track\" \/>\n    <\/p>\n<p style=\"margin: 0\">\n      <img decoding=\"async\" style=\"max-width: 75%;height: auto;margin: 0 auto\" src=\"https:\/\/www.archimbaudopticien.com\/diag\/wp-content\/uploads\/2026\/01\/Varilux-XR-Track-cz-sapphire.jpg\" alt=\"Vx Xr Track\" \/>\n    <\/p>\n<\/p><\/div>\n<div style=\"margin: 0 0 54px 0\">\n<p style=\"margin: 0 0 10px 0\">\n      <img decoding=\"async\" style=\"max-width: 40%;height: auto;margin: 0 auto\" src=\"https:\/\/www.archimbaudopticien.com\/blog\/wp-content\/uploads\/2026\/04\/essilor-varilux-i-plus-design-archimbaud-opticien.jpg\" alt=\"Logo Vx I Plus Design\" \/>\n    <\/p>\n<p style=\"margin: 0\">\n      <img decoding=\"async\" style=\"max-width: 75%;height: auto;margin: 0 auto\" src=\"https:\/\/www.archimbaudopticien.com\/diag\/wp-content\/uploads\/2026\/01\/Varilux-I-design-cz-sapphire.jpg\" alt=\"Vx I plus Design\" \/>\n    <\/p>\n<\/p><\/div>\n<div style=\"margin: 0 0 54px 0\">\n<p style=\"margin: 0 0 10px 0\">\n      <img decoding=\"async\" style=\"max-width: 40%;height: auto;margin: 0 auto\" src=\"https:\/\/www.archimbaudopticien.com\/blog\/wp-content\/uploads\/2026\/02\/essilor-varilux-comfort-archimbaud-opticien.jpg\" alt=\"Logo Vx Comfort\" \/>\n    <\/p>\n<p style=\"margin: 0\">\n      <img decoding=\"async\" style=\"max-width: 75%;height: auto;margin: 0 auto\" src=\"https:\/\/www.archimbaudopticien.com\/diag\/wp-content\/uploads\/2026\/01\/Varliux-Comfort-cz-sapphire.jpg\" alt=\"Vx Comfort\" \/>\n    <\/p>\n<\/p><\/div>\n<div style=\"margin: 0 0 54px 0\">\n<p style=\"margin: 0 0 10px 0\">\n      <img decoding=\"async\" style=\"max-width: 40%;height: auto;margin: 0 auto\" src=\"https:\/\/www.archimbaudopticien.com\/blog\/wp-content\/uploads\/2026\/04\/essilor-prems-archimbaud-opticien.jpg\" alt=\"Logo Essilor Prems\" \/>\n    <\/p>\n<p style=\"margin: 0\">\n      <img decoding=\"async\" style=\"max-width: 75%;height: auto;margin: 0 auto\" src=\"https:\/\/www.archimbaudopticien.com\/diag\/wp-content\/uploads\/2026\/04\/essilor-prems-cz-sapphire-new.jpg\" alt=\"Essilor Prems\" \/>\n    <\/p>\n<\/p><\/div>\n<\/div>\n<\/div>                    <\/div>\r\n                            <\/div>\r\n                                <div class=\"cu-step disbaled\" id=\"step-2\">\r\n                <div class=\"step-sttl\"><p>Optimisez vos verres.<\/p>\n<\/div>\r\n                <div class=\"steps-elements\">\r\n                                    <\/div>\r\n                                    <div class=\"step-instruct\">\r\n                        <p class=\"instru-ttl\">Quelle mati\u00e8re pour mes verres ?<\/p><p class=\"sttl-ttl\">Visualisez les diff\u00e9rences principales entre les mati\u00e8res.<\/p><div class=\"info-icon\"><\/div><div class=\"info-popup\" style=\"display:none;\"><hr style=\"border: none;border-top: 1px solid #ffffff;margin: 18px 0\" \/>\n<div style=\"text-align: center\">\n<p style=\"text-align: center;margin: 0 0 20px 0;font-size: clamp(22px, 5vw, 32px);line-height: 1.2;color: #000000\"><strong>Quelle mati\u00e8re choisir pour optimiser vos verres ?<\/strong><\/p>\n<hr style=\"border: none;border-top: 1px solid #ffffff;margin: 50px 0\" \/>\n<table style=\"border-collapse: collapse;margin: 0 0 14px 0;width: 100%\" role=\"presentation\" width=\"100%\" cellspacing=\"0\" cellpadding=\"0\">\n<tbody>\n<tr>\n<td style=\"width: 28%\"><\/td>\n<td style=\"text-align: center;width: 18%\"><strong>Ormix<\/strong><\/td>\n<td style=\"text-align: center;width: 18%\"><strong>Stylis<\/strong><\/td>\n<td style=\"text-align: center;width: 18%\"><strong>Lin\u00e9is<\/strong><\/td>\n<td style=\"text-align: center;width: 18%\"><strong>Orma<\/strong><\/td>\n<\/tr>\n<\/tbody>\n<\/table>\n<table style=\"border-collapse: collapse;width: 100%\" role=\"presentation\" width=\"100%\" cellspacing=\"0\" cellpadding=\"10\">\n<tbody>\n<tr>\n<td style=\"width: 28%;text-align: left;vertical-align: middle;font-size: 13px;line-height: 1.25\"><strong>Protection UV<\/strong><\/td>\n<td style=\"width: 18%;text-align: center;vertical-align: middle;line-height: 0\"><img decoding=\"async\" style=\"margin: 0 auto;height: 22px;width: auto\" src=\"https:\/\/www.archimbaudopticien.com\/blog\/wp-content\/uploads\/2025\/12\/icon-check-triple.png\" alt=\"\" \/><\/td>\n<td style=\"width: 18%;text-align: center;vertical-align: middle;line-height: 0\"><img decoding=\"async\" style=\"margin: 0 auto;height: 22px;width: auto\" src=\"https:\/\/www.archimbaudopticien.com\/blog\/wp-content\/uploads\/2025\/12\/icon-check-triple.png\" alt=\"\" \/><\/td>\n<td style=\"width: 18%;text-align: center;vertical-align: middle;line-height: 0\"><img decoding=\"async\" style=\"margin: 0 auto;height: 22px;width: auto\" src=\"https:\/\/www.archimbaudopticien.com\/blog\/wp-content\/uploads\/2025\/12\/icon-check-triple.png\" alt=\"\" \/><\/td>\n<td style=\"width: 18%;text-align: center;vertical-align: middle;line-height: 0\"><img decoding=\"async\" style=\"margin: 0 auto;height: 22px;width: auto\" src=\"https:\/\/www.archimbaudopticien.com\/blog\/wp-content\/uploads\/2025\/12\/icon-check.png\" alt=\"\" \/><\/td>\n<\/tr>\n<tr>\n<td style=\"width: 28%;text-align: left;vertical-align: middle;font-size: 13px;line-height: 1.25\"><strong>R\u00e9sistance aux chocs<\/strong><\/td>\n<td style=\"width: 18%;text-align: center;vertical-align: middle;line-height: 0\"><img decoding=\"async\" style=\"margin: 0 auto;height: 22px;width: auto\" src=\"https:\/\/www.archimbaudopticien.com\/blog\/wp-content\/uploads\/2025\/12\/icon-check-triple.png\" alt=\"\" \/><\/td>\n<td style=\"width: 18%;text-align: center;vertical-align: middle;line-height: 0\"><img decoding=\"async\" style=\"margin: 0 auto;height: 22px;width: auto\" src=\"https:\/\/www.archimbaudopticien.com\/blog\/wp-content\/uploads\/2025\/12\/icon-check-double.png\" alt=\"\" \/><\/td>\n<td style=\"width: 18%;text-align: center;vertical-align: middle;line-height: 0\"><img decoding=\"async\" style=\"margin: 0 auto;height: 22px;width: auto\" src=\"https:\/\/www.archimbaudopticien.com\/blog\/wp-content\/uploads\/2025\/12\/icon-check-double.png\" alt=\"\" \/><\/td>\n<td style=\"width: 18%;text-align: center;vertical-align: middle;line-height: 0\"><img decoding=\"async\" style=\"margin: 0 auto;height: 22px;width: auto\" src=\"https:\/\/www.archimbaudopticien.com\/blog\/wp-content\/uploads\/2025\/12\/icon-check.png\" alt=\"\" \/><\/td>\n<\/tr>\n<tr>\n<td style=\"width: 28%;text-align: left;vertical-align: middle;font-size: 13px;line-height: 1.25\"><strong>L\u00e9g\u00e8ret\u00e9<\/strong><\/td>\n<td style=\"width: 18%;text-align: center;vertical-align: middle;line-height: 0\"><img decoding=\"async\" style=\"margin: 0 auto;height: 22px;width: auto\" src=\"https:\/\/www.archimbaudopticien.com\/blog\/wp-content\/uploads\/2025\/12\/icon-check-double.png\" alt=\"\" \/><\/td>\n<td style=\"width: 18%;text-align: center;vertical-align: middle;line-height: 0\"><img decoding=\"async\" style=\"margin: 0 auto;height: 22px;width: auto\" src=\"https:\/\/www.archimbaudopticien.com\/blog\/wp-content\/uploads\/2025\/12\/icon-check-triple.png\" alt=\"\" \/><\/td>\n<td style=\"width: 18%;text-align: center;vertical-align: middle;line-height: 0\"><img decoding=\"async\" style=\"margin: 0 auto;height: 22px;width: auto\" src=\"https:\/\/www.archimbaudopticien.com\/blog\/wp-content\/uploads\/2025\/12\/icon-check-triple.png\" alt=\"\" \/><\/td>\n<td style=\"width: 18%;text-align: center;vertical-align: middle;line-height: 0\"><img decoding=\"async\" style=\"margin: 0 auto;height: 22px;width: auto\" src=\"https:\/\/www.archimbaudopticien.com\/blog\/wp-content\/uploads\/2025\/12\/icon-no.png\" alt=\"\" \/><\/td>\n<\/tr>\n<tr>\n<td style=\"width: 28%;text-align: left;vertical-align: middle;font-size: 13px;line-height: 1.25\"><strong>Aminci<\/strong><\/td>\n<td style=\"width: 18%;text-align: center;vertical-align: middle;line-height: 0\"><img decoding=\"async\" style=\"margin: 0 auto;height: 22px;width: auto\" src=\"https:\/\/www.archimbaudopticien.com\/blog\/wp-content\/uploads\/2025\/12\/icon-check.png\" alt=\"\" \/><\/td>\n<td style=\"width: 18%;text-align: center;vertical-align: middle;line-height: 0\"><img decoding=\"async\" style=\"margin: 0 auto;height: 22px;width: auto\" src=\"https:\/\/www.archimbaudopticien.com\/blog\/wp-content\/uploads\/2025\/12\/icon-check-double.png\" alt=\"\" \/><\/td>\n<td style=\"width: 18%;text-align: center;vertical-align: middle;line-height: 0\"><img decoding=\"async\" style=\"margin: 0 auto;height: 22px;width: auto\" src=\"https:\/\/www.archimbaudopticien.com\/blog\/wp-content\/uploads\/2025\/12\/icon-check-triple.png\" alt=\"\" \/><\/td>\n<td style=\"width: 18%;text-align: center;vertical-align: middle;line-height: 0\"><img decoding=\"async\" style=\"margin: 0 auto;height: 22px;width: auto\" src=\"https:\/\/www.archimbaudopticien.com\/blog\/wp-content\/uploads\/2025\/12\/icon-no.png\" alt=\"\" \/><\/td>\n<\/tr>\n<\/tbody>\n<\/table>\n<p style=\"text-align: center;margin: 18px 0 0 0\"><a style=\"color: #000000;text-decoration: underline\" href=\"https:\/\/www.archimbaudopticien.com\/blog\/nos-verres-essilor\/orma-vs-ormix-vs-stylis-vs-lineis\" target=\"_blank\" rel=\"noopener\"><br \/>\n<strong>En savoir plus &gt;<\/strong><br \/>\n<\/a><\/p>\n<\/div>\n<\/div>                    <\/div>\r\n                            <\/div>\r\n                                <div class=\"cu-step disbaled\" id=\"step-3\">\r\n                <div class=\"step-sttl\"><p>Choisissez la finition que vous souhaitez.<\/p>\n<\/div>\r\n                <div class=\"steps-elements\">\r\n                                                <label class=\"calc-radio\">\r\n                                                                    <input type=\"radio\" data-label=\"EPS Crizal\u00ae Sapphire\u2122 HR\" data-price=\"50\"\r\n                                        name=\"step3\"\r\n                                        value=\"485\"\r\n                                        data-image=\"https:\/\/www.archimbaudopticien.com\/diag\/wp-content\/uploads\/2026\/01\/Varilux-XR-Track-cz-sapphire-1024x683.jpg\">\r\n                                                                <span class=\"step-title\">EPS Crizal\u00ae Sapphire\u2122 HR<\/span>\r\n                                <!-- <span class=\"step-price\"><\/span> -->\r\n                            <\/label>\r\n                                                <label class=\"calc-radio\">\r\n                                                                    <input type=\"radio\" data-label=\"EPS Crizal\u00ae Easy Pro\" data-price=\"\"\r\n                                        name=\"step3\"\r\n                                        value=\"484\"\r\n                                        data-image=\"https:\/\/www.archimbaudopticien.com\/diag\/wp-content\/uploads\/2026\/01\/varilus-xr-track-easy-pro-new2-1024x683.jpg\">\r\n                                                                <span class=\"step-title\">EPS Crizal\u00ae Easy Pro<\/span>\r\n                                <!-- <span class=\"step-price\"><\/span> -->\r\n                            <\/label>\r\n                                    <\/div>\r\n                                    <div class=\"step-instruct\">\r\n                        <p class=\"instru-ttl\">Vous ne savez pas quelle finition choisir ?<\/p><p class=\"sttl-ttl\">Voici nos conseils de traitement de surface<\/p><div class=\"info-icon\"><\/div><div class=\"info-popup\" style=\"display:none;\"><hr style=\"border: none;border-top: 1px solid #ffffff;margin: 18px 0\" \/>\n<div style=\"text-align: center\">\n<p style=\"text-align: center;margin: 0 0 20px 0;font-size: clamp(28px, 5vw, 40px);line-height: 1.2;color: #000000\"><strong>Quel traitement de surface pour mes verres ?<\/strong><\/p>\n<hr style=\"border: none;border-top: 1px solid #ffffff;margin: 50px 0\" \/>\n<table style=\"margin: 0 0 14px 0;width: 100%;border-collapse: collapse\" role=\"presentation\" width=\"100%\" cellspacing=\"0\" cellpadding=\"0\">\n<tbody>\n<tr>\n<td width=\"33%\"><\/td>\n<td style=\"text-align: center\" width=\"33%\"><img decoding=\"async\" class=\"aligncenter\" style=\"max-width: 50%;height: auto\" src=\"https:\/\/www.archimbaudopticien.com\/blog\/wp-content\/uploads\/2025\/12\/Crizal-Sapphire-HR-noir.jpg\" alt=\"Crizal Sapphire HR\" \/><\/td>\n<td style=\"text-align: center\" width=\"33%\"><img decoding=\"async\" class=\"aligncenter\" style=\"max-width: 50%;height: auto\" src=\"https:\/\/www.archimbaudopticien.com\/blog\/wp-content\/uploads\/2025\/12\/Crizal-Easy-Pro-noir.jpg\" alt=\"Crizal Easy Pro\" \/><\/td>\n<\/tr>\n<\/tbody>\n<\/table>\n<table style=\"border-collapse: collapse;width: 100%\" role=\"presentation\" width=\"100%\" cellspacing=\"0\" cellpadding=\"10\">\n<tbody>\n<tr>\n<td style=\"width: 33%;text-align: left;vertical-align: middle;font-size: 13px;line-height: 1.25\"><strong>Protection UV<\/strong><\/td>\n<td style=\"width: 33%;text-align: center;line-height: 0\"><img decoding=\"async\" class=\"aligncenter\" style=\"height: 22px\" src=\"https:\/\/www.archimbaudopticien.com\/blog\/wp-content\/uploads\/2025\/12\/icon-check-triple.png\" alt=\"\" \/><\/td>\n<td style=\"width: 33%;text-align: center;line-height: 0\"><img decoding=\"async\" class=\"aligncenter\" style=\"height: 22px\" src=\"https:\/\/www.archimbaudopticien.com\/blog\/wp-content\/uploads\/2025\/12\/icon-check-double.png\" alt=\"\" \/><\/td>\n<\/tr>\n<tr>\n<td style=\"width: 33%;text-align: left;vertical-align: middle;font-size: 13px;line-height: 1.25\"><strong>Facilit\u00e9 de nettoyage<\/strong><\/td>\n<td style=\"width: 33%;text-align: center;line-height: 0\"><img decoding=\"async\" class=\"aligncenter\" style=\"height: 22px\" src=\"https:\/\/www.archimbaudopticien.com\/blog\/wp-content\/uploads\/2025\/12\/icon-check-triple.png\" alt=\"\" \/><\/td>\n<td style=\"width: 33%;text-align: center;line-height: 0\"><img decoding=\"async\" class=\"aligncenter\" style=\"height: 22px\" src=\"https:\/\/www.archimbaudopticien.com\/blog\/wp-content\/uploads\/2025\/12\/icon-check.png\" alt=\"\" \/><\/td>\n<\/tr>\n<tr>\n<td style=\"width: 33%;text-align: left;vertical-align: middle;font-size: 13px;line-height: 1.25\"><strong>Haute transparence<\/strong><\/td>\n<td style=\"width: 33%;text-align: center;line-height: 0\"><img decoding=\"async\" class=\"aligncenter\" style=\"height: 22px\" src=\"https:\/\/www.archimbaudopticien.com\/blog\/wp-content\/uploads\/2025\/12\/icon-check-triple.png\" alt=\"\" \/><\/td>\n<td style=\"width: 33%;text-align: center;line-height: 0\"><img decoding=\"async\" class=\"aligncenter\" style=\"height: 22px\" src=\"https:\/\/www.archimbaudopticien.com\/blog\/wp-content\/uploads\/2025\/12\/icon-check.png\" alt=\"\" \/><\/td>\n<\/tr>\n<tr>\n<td style=\"width: 33%;text-align: left;vertical-align: middle;font-size: 13px;line-height: 1.25\"><strong>Haute r\u00e9sistance<\/strong><\/td>\n<td style=\"width: 33%;text-align: center;line-height: 0\"><img decoding=\"async\" class=\"aligncenter\" style=\"height: 22px\" src=\"https:\/\/www.archimbaudopticien.com\/blog\/wp-content\/uploads\/2025\/12\/icon-check-triple.png\" alt=\"\" \/><\/td>\n<td style=\"width: 33%;text-align: center;line-height: 0\"><img decoding=\"async\" class=\"aligncenter\" style=\"height: 22px\" src=\"https:\/\/www.archimbaudopticien.com\/blog\/wp-content\/uploads\/2025\/12\/icon-check.png\" alt=\"\" \/><\/td>\n<\/tr>\n<tr>\n<td style=\"width: 33%;text-align: left;vertical-align: middle;font-size: 13px;line-height: 1.25\"><strong>Vision naturelle<\/strong><\/td>\n<td style=\"width: 33%;text-align: center;line-height: 0\"><img decoding=\"async\" class=\"aligncenter\" style=\"height: 22px\" src=\"https:\/\/www.archimbaudopticien.com\/blog\/wp-content\/uploads\/2025\/12\/icon-check-triple.png\" alt=\"\" \/><\/td>\n<td style=\"width: 33%;text-align: center;line-height: 0\"><img decoding=\"async\" class=\"aligncenter\" style=\"height: 22px\" src=\"https:\/\/www.archimbaudopticien.com\/blog\/wp-content\/uploads\/2025\/12\/icon-check.png\" alt=\"\" \/><\/td>\n<\/tr>\n<\/tbody>\n<\/table>\n<p style=\"text-align: center;margin: 18px 0 0 0\"><a class=\"aligncenter\" style=\"color: #000000;text-decoration: none\" href=\"https:\/\/www.archimbaudopticien.com\/blog\/nos-verres-essilor\/essilor-traitements\/crizal-sapphire-vs-crizal-easy-pro\" target=\"_blank\" rel=\"noopener noreferrer\"><br \/>\n<span style=\"text-decoration: underline\"><strong>En savoir plus &gt;<\/strong><\/span><br \/>\n<\/a><\/p>\n<\/div>\n<\/div>                    <\/div>\r\n                            <\/div>\r\n\r\n                        <div class=\"cu-step disbaled\" id=\"step-4\">\r\n                <div class=\"step-sttl\"><p>Prot\u00e9gez vos yeux.<\/p>\n<\/div>\r\n                <div class=\"steps-elements\">\r\n                                        <label class=\"calc-radio st4\">\r\n                        <div class=\"wrp-trans\">\r\n                            <span class=\"step-title\">Transitions\u00ae<\/span>\r\n                            <input type=\"hidden\" class=\"step-id\" value=\"493\" \/>\r\n                            <div class=\"teintes-palette\">                                    <label class=\"teinte-item\">\r\n                                        <input type=\"radio\" data-label=\"Transitions\u00ae GEN S\u2122 Graphite Green\" name=\"step4\" value=\"Transitions\u00ae GEN S\u2122 Graphite Green\" data-price=\"1\" data-image=\"\">\r\n                                        <span class=\"teinte-color\" title=\"Graphite Green\" style=\"--teinte-color: rgb(54,69,44);\"><\/span>\r\n                                    <\/label>\r\n                                                                <label class=\"teinte-item\">\r\n                                        <input type=\"radio\" data-label=\"Transitions\u00ae GEN S\u2122 Brun\" name=\"step4\" value=\"Transitions\u00ae GEN S\u2122 Brun\" data-price=\"1\" data-image=\"\">\r\n                                        <span class=\"teinte-color\" title=\"Brown\" style=\"--teinte-color: rgb(81,53,44);\"><\/span>\r\n                                    <\/label>\r\n                                                                <label class=\"teinte-item\">\r\n                                        <input type=\"radio\" data-label=\"Transitions\u00ae GEN S\u2122 Gris\" name=\"step4\" value=\"Transitions\u00ae GEN S\u2122 Gris\" data-price=\"1\" data-image=\"\">\r\n                                        <span class=\"teinte-color\" title=\"Grey\" style=\"--teinte-color: rgb(115,125,119);\"><\/span>\r\n                                    <\/label>\r\n                                                                <label class=\"teinte-item\">\r\n                                        <input type=\"radio\" data-label=\"Transitions\u00ae GEN S\u2122 Saphir\" name=\"step4\" value=\"Transitions\u00ae GEN S\u2122 Saphir\" data-price=\"1\" data-image=\"\">\r\n                                        <span class=\"teinte-color\" title=\"Sapphire\" style=\"--teinte-color:  #1d4469;\"><\/span>\r\n                                    <\/label>\r\n                                                                <label class=\"teinte-item\">\r\n                                        <input type=\"radio\" data-label=\"Transitions\u00ae GEN S\u2122 \u00c9meraude\" name=\"step4\" value=\"Transitions\u00ae GEN S\u2122 \u00c9meraude\" data-price=\"1\" data-image=\"\">\r\n                                        <span class=\"teinte-color\" title=\"Emerald\" style=\"--teinte-color: rgb(8,87,63);\"><\/span>\r\n                                    <\/label>\r\n                                                                <label class=\"teinte-item\">\r\n                                        <input type=\"radio\" data-label=\"Transitions\u00ae GEN S\u2122 Ambre\" name=\"step4\" value=\"Transitions\u00ae GEN S\u2122 Ambre\" data-price=\"1\" data-image=\"\">\r\n                                        <span class=\"teinte-color\" title=\"Amber\" style=\"--teinte-color: rgb(153,128,82);\"><\/span>\r\n                                    <\/label>\r\n                                                                <label class=\"teinte-item\">\r\n                                        <input type=\"radio\" data-label=\"Transitions\u00ae GEN S\u2122 Rubis\" name=\"step4\" value=\"Transitions\u00ae GEN S\u2122 Rubis\" data-price=\"1\" data-image=\"\">\r\n                                        <span class=\"teinte-color\" title=\"Ruby\" style=\"--teinte-color: rgb(134,22,65);\"><\/span>\r\n                                    <\/label>\r\n                                                                <label class=\"teinte-item\">\r\n                                        <input type=\"radio\" data-label=\"Transitions\u00ae GEN S\u2122 Am\u00e9thyste\" name=\"step4\" value=\"Transitions\u00ae GEN S\u2122 Am\u00e9thyste\" data-price=\"1\" data-image=\"\">\r\n                                        <span class=\"teinte-color\" title=\"Amethyst\" style=\"--teinte-color: rgb(121,70,128);\"><\/span>\r\n                                    <\/label>\r\n                            <\/div>                        <\/div>\r\n                                                        <div class=\"wrp-sans-trans\">\r\n                                    <span class=\"step-title sans-trans\">Sans transition<\/span>\r\n                                    <div class=\"teintes-palette\">\r\n                                        <label class=\"teinte-item\">\r\n                                            <input type=\"radio\" data-label=\"Blanc\" name=\"step4\" value=\"Blanc\" data-price=\"0\" data-image=\"\">\r\n                                            <span class=\"teinte-color\" title=\"Blanc\" style=\"--teinte-color: rgb(255,255,255);\"><\/span>\r\n                                        <\/label>\r\n                                    <\/div>\r\n                                <\/div>\r\n                                            <\/label>\r\n                            <\/div>\r\n                                    <div class=\"step-instruct\">\r\n                        <p class=\"instru-ttl\">Vous h\u00e9sitez entre plusieurs teintes ?<\/p><p class=\"sttl-ttl\">D\u00e9couvrez les diff\u00e9rentes teintes disponibles.<\/p><div class=\"info-icon\"><\/div><div class=\"info-popup\" style=\"display:none;\"><hr style=\"border: none;border-top: 1px solid #ffffff;margin: 18px 0\" \/>\n<div style=\"text-align: center\">\n<p style=\"text-align: center;margin: 0 0 20px 0;font-size: clamp(28px, 5vw, 40px);line-height: 1.2;color: #000000\"><strong>Prot\u00e9gez vos yeux avec Transitions\u00ae Gen S\u2122<\/strong><\/p>\n<hr style=\"border: none;border-top: 1px solid #ffffff;margin: 50px 0\" \/>\n<div style=\"margin: 0 0 54px 0\">\n<p style=\"margin: 0 0 10px 0\"><img decoding=\"async\" style=\"width: 32px;height: 32px;margin: 0 auto\" src=\"https:\/\/www.archimbaudopticien.com\/blog\/wp-content\/uploads\/2026\/01\/grey.png.webp\" alt=\"Ic\u00f4ne Transitions Gris\" \/><\/p>\n<p style=\"margin: 0 0 10px 0;text-align: center\"><strong>Transitions\u00ae Gris<\/strong><\/p>\n<p style=\"margin: 0\"><img decoding=\"async\" style=\"max-width: 75%;height: auto;margin: 0 auto\" src=\"https:\/\/www.archimbaudopticien.com\/diag\/wp-content\/uploads\/2026\/02\/Varilux-transitions-gris1.jpg\" alt=\"Teinte Transitions Gris\" \/><\/p>\n<\/div>\n<div style=\"margin: 0 0 54px 0\">\n<p style=\"margin: 0 0 10px 0\"><img decoding=\"async\" style=\"width: 32px;height: 32px;margin: 0 auto\" src=\"https:\/\/www.archimbaudopticien.com\/blog\/wp-content\/uploads\/2026\/01\/brown.png.webp\" alt=\"Ic\u00f4ne Transitions Brun\" \/><\/p>\n<p style=\"margin: 0 0 10px 0;text-align: center\"><strong>Transitions\u00ae Brun<\/strong><\/p>\n<p style=\"margin: 0\"><img decoding=\"async\" style=\"max-width: 75%;height: auto;margin: 0 auto\" src=\"https:\/\/www.archimbaudopticien.com\/diag\/wp-content\/uploads\/2026\/02\/Varilux-transitions-brown1.jpg\" alt=\"Teinte Transitions Brun\" \/><\/p>\n<\/div>\n<div style=\"margin: 0 0 54px 0\">\n<p style=\"margin: 0 0 10px 0\"><img decoding=\"async\" style=\"width: 32px;height: 32px;margin: 0 auto\" src=\"https:\/\/www.archimbaudopticien.com\/blog\/wp-content\/uploads\/2026\/01\/graphite-green.png.webp\" alt=\"Ic\u00f4ne Transitions Graphite Green\" \/><\/p>\n<p style=\"margin: 0 0 10px 0;text-align: center\"><strong>Transitions\u00ae Graphite Green<\/strong><\/p>\n<p style=\"margin: 0\"><img decoding=\"async\" style=\"max-width: 75%;height: auto;margin: 0 auto\" src=\"https:\/\/www.archimbaudopticien.com\/diag\/wp-content\/uploads\/2026\/02\/Varilux-transitions-graphite-green1.jpg\" alt=\"Teinte Transitions Graphite Green\" \/><\/p>\n<\/div>\n<div style=\"margin: 0 0 54px 0\">\n<p style=\"margin: 0 0 10px 0\"><img decoding=\"async\" style=\"width: 32px;height: 32px;margin: 0 auto\" src=\"https:\/\/www.archimbaudopticien.com\/blog\/wp-content\/uploads\/2026\/01\/sapphire.png.webp\" alt=\"Ic\u00f4ne Transitions Saphir\" \/><\/p>\n<p style=\"margin: 0 0 10px 0;text-align: center\"><strong>Transitions\u00ae Saphir<\/strong><\/p>\n<p style=\"margin: 0\"><img decoding=\"async\" style=\"max-width: 75%;height: auto;margin: 0 auto\" src=\"https:\/\/www.archimbaudopticien.com\/diag\/wp-content\/uploads\/2026\/02\/Varilux-transitions-saphir1.jpg\" alt=\"Teinte Transitions Saphir\" \/><\/p>\n<\/div>\n<div style=\"margin: 0 0 54px 0\">\n<p style=\"margin: 0 0 10px 0\"><img decoding=\"async\" style=\"width: 32px;height: 32px;margin: 0 auto\" src=\"https:\/\/www.archimbaudopticien.com\/blog\/wp-content\/uploads\/2026\/01\/amethyst.png.webp\" alt=\"Ic\u00f4ne Transitions Am\u00e9thyste\" \/><\/p>\n<p style=\"margin: 0 0 10px 0;text-align: center\"><strong>Transitions\u00ae Am\u00e9thyste<\/strong><\/p>\n<p style=\"margin: 0\"><img decoding=\"async\" style=\"max-width: 75%;height: auto;margin: 0 auto\" src=\"https:\/\/www.archimbaudopticien.com\/diag\/wp-content\/uploads\/2026\/02\/Varilux-transitions-amethyst1.jpg\" alt=\"Teinte Transitions Am\u00e9thyste\" \/><\/p>\n<\/div>\n<div style=\"margin: 0 0 54px 0\">\n<p style=\"margin: 0 0 10px 0\"><img decoding=\"async\" style=\"width: 32px;height: 32px;margin: 0 auto\" src=\"https:\/\/www.archimbaudopticien.com\/blog\/wp-content\/uploads\/2026\/01\/emerald.png.webp\" alt=\"Ic\u00f4ne Transitions \u00c9meraude\" \/><\/p>\n<p style=\"margin: 0 0 10px 0;text-align: center\"><strong>Transitions\u00ae \u00c9meraude<\/strong><\/p>\n<p style=\"margin: 0\"><img decoding=\"async\" style=\"max-width: 75%;height: auto;margin: 0 auto\" src=\"https:\/\/www.archimbaudopticien.com\/diag\/wp-content\/uploads\/2026\/02\/Varilux-transitions-emerald1.jpg\" alt=\"Teinte Transitions \u00c9meraude\" \/><\/p>\n<\/div>\n<div style=\"margin: 0 0 54px 0\">\n<p style=\"margin: 0 0 10px 0\"><img decoding=\"async\" style=\"width: 32px;height: 32px;margin: 0 auto\" src=\"https:\/\/www.archimbaudopticien.com\/blog\/wp-content\/uploads\/2026\/01\/amber.png.webp\" alt=\"Ic\u00f4ne Transitions Ambre\" \/><\/p>\n<p style=\"margin: 0 0 10px 0;text-align: center\"><strong>Transitions\u00ae Ambre<\/strong><\/p>\n<p style=\"margin: 0\"><img decoding=\"async\" style=\"max-width: 75%;height: auto;margin: 0 auto\" src=\"https:\/\/www.archimbaudopticien.com\/diag\/wp-content\/uploads\/2026\/02\/Varilux-transitions-amber1.jpg\" alt=\"Teinte Transitions Ambre\" \/><\/p>\n<\/div>\n<div style=\"margin: 0 0 54px 0\">\n<p style=\"margin: 0 0 10px 0\"><img decoding=\"async\" style=\"width: 32px;height: 32px;margin: 0 auto\" src=\"https:\/\/www.archimbaudopticien.com\/blog\/wp-content\/uploads\/2026\/01\/ruby.png.webp\" alt=\"Ic\u00f4ne Transitions Rubis\" \/><\/p>\n<p style=\"margin: 0 0 10px 0;text-align: center\"><strong>Transitions\u00ae Rubis<\/strong><\/p>\n<p style=\"margin: 0\"><img decoding=\"async\" style=\"max-width: 75%;height: auto;margin: 0 auto\" src=\"https:\/\/www.archimbaudopticien.com\/diag\/wp-content\/uploads\/2026\/02\/Varilux-transitions-ruby1.jpg\" alt=\"Teinte Transitions Rubis\" \/><\/p>\n<\/div>\n<p style=\"text-align: center;margin: 18px 0 0 0\"><a style=\"color: #000000;text-decoration: none\" href=\"https:\/\/www.archimbaudopticien.com\/blog\/nos-verres-essilor\/transitions-gen-s-teintes\" target=\"_blank\" rel=\"noopener noreferrer\"><br \/>\n<span style=\"text-decoration: underline\"><br \/>\n<strong>En savoir plus &gt;<\/strong><br \/>\n<\/span><br \/>\n<\/a><\/p>\n<\/div>\n<\/div>                    <\/div>\r\n                            <\/div>\r\n            <!-- <div class=\"cu-step disbaled\" id=\"step-5\"> -->\r\n                        <div class=\"cu-step disbaled\" id=\"step-5\">\r\n                <div class=\"step-sttl\"><p>Votre 2\u00e8me paire.<\/p>\n<\/div>\r\n                                    <div class=\"option-line\">\r\n                        <div class=\"option-label\">\r\n                            <strong>Monture.<\/strong>\r\n                        <\/div>\r\n                        <input type=\"text\" id=\"monture-2\" name=\"monture-2-val\" class=\"option-price-input\" placeholder=\"0\" value=\"\">\r\n                        <span class=\"currency\">\u20ac<\/span>\r\n                    <\/div>\r\n                                <div class=\"steps-elements\">\r\n                                        <label class=\"calc-radio\">\r\n                        <input type=\"radio\" data-label=\"+ 2\u00e8me paire\" data-price=\"40\"\r\n                            name=\"step5\"\r\n                            value=\"1107\"\r\n                            data-image=\"\">\r\n\r\n                        <span class=\"step-title\">Pack Vision VL\/VP<\/span>\r\n                    <\/label>\r\n                                <label class=\"calc-radio\">\r\n                        <input type=\"radio\" data-label=\"+ 2\u00e8me paire\" data-price=\"60\"\r\n                            name=\"step5\"\r\n                            value=\"1108\"\r\n                            data-image=\"\">\r\n\r\n                        <span class=\"step-title\">Pack Vision VL\/VP Aminci<\/span>\r\n                    <\/label>\r\n                                <label class=\"calc-radio\">\r\n                        <input type=\"radio\" data-label=\"+ 2\u00e8me paire solaire\" data-price=\"80\"\r\n                            name=\"step5\"\r\n                            value=\"494\"\r\n                            data-image=\"\">\r\n\r\n                        <span class=\"step-title\">Pack Sun Lite<\/span>\r\n                    <\/label>\r\n                                <label class=\"calc-radio\">\r\n                        <input type=\"radio\" data-label=\"+ 2\u00e8me paire solaire\" data-price=\"180\"\r\n                            name=\"step5\"\r\n                            value=\"495\"\r\n                            data-image=\"\">\r\n\r\n                        <span class=\"step-title\">Pack Sun Pro<\/span>\r\n                    <\/label>\r\n                                <label class=\"calc-radio\">\r\n                        <input type=\"radio\" data-label=\"+ 2\u00e8me paire solaire\" data-price=\"220\"\r\n                            name=\"step5\"\r\n                            value=\"496\"\r\n                            data-image=\"\">\r\n\r\n                        <span class=\"step-title\">Pack AO Sun Pro Aminci<\/span>\r\n                    <\/label>\r\n                                <label class=\"calc-radio\">\r\n                        <input type=\"radio\" data-label=\"Pas de 2\u00e8me paire\" data-price=\"\"\r\n                            name=\"step5\"\r\n                            value=\"497\"\r\n                            data-image=\"\">\r\n\r\n                        <span class=\"step-title\">Pas de 2\u00e8me paire<\/span>\r\n                    <\/label>\r\n                            <\/div>\r\n                                    <div class=\"step-instruct\">\r\n                        <p class=\"instru-ttl\">Quels verres vous faut-il ?<\/p><p class=\"sttl-ttl\">D\u00e9couvrez les caract\u00e9ristiques de nos pack AO.<\/p><div class=\"info-icon\"><\/div><div class=\"info-popup\" style=\"display:none;\"><div style=\"text-align: center\">\n<p style=\"text-align: center;margin: 0 0 20px 0;font-size: clamp(28px, 5vw, 40px);line-height: 1.2;color: #000000\"><strong>Quels verres pour votre 2\u00e8me paire ?<\/strong><\/p>\n<hr style=\"border: none;border-top: 1px solid #ffffff;margin: 50px 0\" \/>\n<p style=\"text-align: left;margin: 0 0 10px 0;font-size: 20px;color: #000000\"><strong>Pack Sun Vision VL\/VP <\/strong><\/p>\n<hr style=\"border: none;border-top: 1px solid #000000;margin: 0 0 40px 0\" \/>\n<table style=\"width: 100%;border-collapse: collapse;border: none !important;box-shadow: none !important\" role=\"presentation\" width=\"100%\" cellspacing=\"0\" cellpadding=\"0\">\n<tbody style=\"border: none !important;box-shadow: none !important\">\n<tr style=\"border: none !important\">\n<td style=\"width: 33.33%;vertical-align: top;padding: 0 10px 54px 10px;border: none !important;box-shadow: none !important\">\n<p style=\"margin: 0 0 10px 0;text-align: center\"><strong>Orma Trio Clean<\/strong><\/p>\n<p><img decoding=\"async\" style=\"margin: 0 auto;width: 50%;height: auto\" src=\"https:\/\/www.archimbaudopticien.com\/diag\/wp-content\/uploads\/2026\/04\/orma-ormix-trio-clean.jpg\" alt=\"Trio Clean\" \/><\/td>\n<td style=\"width: 33.33%;vertical-align: top;padding: 0 10px 54px 10px;border: none !important;box-shadow: none !important\"><\/td>\n<td style=\"width: 33.33%;vertical-align: top;padding: 0 10px 54px 10px;border: none !important;box-shadow: none !important\"><\/td>\n<\/tr>\n<\/tbody>\n<\/table>\n<hr style=\"border: none;border-top: 1px solid #ffffff;margin: 50px 0\" \/>\n<p style=\"text-align: left;margin: 0 0 10px 0;font-size: 20px;color: #000000\"><strong>Pack Sun Vision VL\/VP Aminci<\/strong><\/p>\n<hr style=\"border: none;border-top: 1px solid #000000;margin: 0 0 40px 0\" \/>\n<table style=\"width: 100%;border-collapse: collapse;border: none !important;box-shadow: none !important\" role=\"presentation\" width=\"100%\" cellspacing=\"0\" cellpadding=\"0\">\n<tbody style=\"border: none !important;box-shadow: none !important\">\n<tr style=\"border: none !important\">\n<td style=\"width: 33.33%;vertical-align: top;padding: 0 10px 54px 10px;border: none !important;box-shadow: none !important\">\n<p style=\"margin: 0 0 10px 0;text-align: center\"><strong>Ormix Trio Clean<\/strong><\/p>\n<p><img decoding=\"async\" style=\"margin: 0 auto;width: 50%;height: auto\" src=\"https:\/\/www.archimbaudopticien.com\/diag\/wp-content\/uploads\/2026\/04\/orma-ormix-trio-clean.jpg\" alt=\"Trio Clean\" \/><\/td>\n<td style=\"width: 33.33%;vertical-align: top;padding: 0 10px 54px 10px;border: none !important;box-shadow: none !important\"><\/td>\n<td style=\"width: 33.33%;vertical-align: top;padding: 0 10px 54px 10px;border: none !important;box-shadow: none !important\"><\/td>\n<\/tr>\n<\/tbody>\n<\/table>\n<hr style=\"border: none;border-top: 1px solid #ffffff;margin: 50px 0\" \/>\n<p style=\"text-align: left;margin: 0 0 10px 0;font-size: 20px;color: #000000\"><strong>Pack Sun Lite <\/strong><em>Varilux Sport Airwear Supra<\/em><\/p>\n<hr style=\"border: none;border-top: 1px solid #000000;margin: 0 0 40px 0\" \/>\n<table style=\"width: 100%;border-collapse: collapse;border: none !important;box-shadow: none !important\" role=\"presentation\" width=\"100%\" cellspacing=\"0\" cellpadding=\"0\">\n<tbody style=\"border: none !important;box-shadow: none !important\">\n<tr style=\"border: none !important\">\n<td style=\"width: 33.33%;vertical-align: top;padding: 0 10px 54px 10px;border: none !important;box-shadow: none !important\">\n<p style=\"margin: 0 0 10px 0;text-align: center\"><strong>Xperio\u00ae Brun<\/strong><\/p>\n<p><img decoding=\"async\" style=\"margin: 0 auto;width: 50%;height: auto\" src=\"https:\/\/www.archimbaudopticien.com\/modules\/jscomposer\/uploads\/Verres%20Essilor\/brun-3.jpg\" alt=\"Teinte Brun\" \/><\/td>\n<td style=\"width: 33.33%;vertical-align: top;padding: 0 10px 54px 10px;border: none !important;box-shadow: none !important\">\n<p style=\"margin: 0 0 10px 0;text-align: center\"><strong>Xperio\u00ae Gris<\/strong><\/p>\n<p><img decoding=\"async\" style=\"margin: 0 auto;width: 50%;height: auto\" src=\"https:\/\/www.archimbaudopticien.com\/modules\/jscomposer\/uploads\/Verres%20Essilor\/gris-3.jpg\" alt=\"Teinte Gris\" \/><\/td>\n<td style=\"width: 33.33%;vertical-align: top;padding: 0 10px 54px 10px;border: none !important;box-shadow: none !important\">\n<p style=\"margin: 0 0 10px 0;text-align: center\"><strong>Xperio\u00ae XV<\/strong><\/p>\n<p><img decoding=\"async\" style=\"margin: 0 auto;width: 50%;height: auto\" src=\"https:\/\/www.archimbaudopticien.com\/modules\/jscomposer\/uploads\/Verres%20Essilor\/XV-3.jpg\" alt=\"Teinte XV\" \/><\/td>\n<\/tr>\n<tr style=\"border: none !important\">\n<td style=\"width: 33.33%;vertical-align: top;padding: 0 10px 54px 10px;border: none !important;box-shadow: none !important\">\n<p style=\"margin: 0 0 10px 0;text-align: center\"><strong>Xperio\u00ae Black<\/strong><\/p>\n<p><img decoding=\"async\" style=\"margin: 0 auto;width: 50%;height: auto\" src=\"https:\/\/www.archimbaudopticien.com\/modules\/jscomposer\/uploads\/Verres%20Essilor\/black-3.jpg\" alt=\"Teinte Black\" \/><\/td>\n<\/tr>\n<\/tbody>\n<\/table>\n<div style=\"height: 40px;line-height: 40px\"><\/div>\n<p style=\"text-align: left;margin: 0 0 10px 0;font-size: 20px;color: #000000\"><strong>Sun Pro <\/strong><em>Varilux Comfort Orma Supra \/ Cz Sun<\/em><\/p>\n<hr style=\"border: none;border-top: 1px solid #000000;margin: 0 0 40px 0\" \/>\n<table style=\"width: 100%;border-collapse: collapse;border: none !important;box-shadow: none !important\" role=\"presentation\" width=\"100%\" cellspacing=\"0\" cellpadding=\"0\">\n<tbody style=\"border: none !important;box-shadow: none !important\">\n<tr style=\"border: none !important\">\n<td style=\"width: 33.33%;vertical-align: top;padding: 0 10px 54px 10px;border: none !important;box-shadow: none !important\">\n<p style=\"margin: 0 0 10px 0;text-align: center\"><strong>Xperio\u00ae Brun<\/strong><\/p>\n<p><img decoding=\"async\" style=\"margin: 0 auto;width: 50%;height: auto\" src=\"https:\/\/www.archimbaudopticien.com\/modules\/jscomposer\/uploads\/Verres%20Essilor\/brun-3.jpg\" alt=\"Teinte Brun\" \/><\/td>\n<td style=\"width: 33.33%;vertical-align: top;padding: 0 10px 54px 10px;border: none !important;box-shadow: none !important\">\n<p style=\"margin: 0 0 10px 0;text-align: center\"><strong>Xperio\u00ae Gris<\/strong><\/p>\n<p><img decoding=\"async\" style=\"margin: 0 auto;width: 50%;height: auto\" src=\"https:\/\/www.archimbaudopticien.com\/modules\/jscomposer\/uploads\/Verres%20Essilor\/gris-3.jpg\" alt=\"Teinte Gris\" \/><\/td>\n<td style=\"width: 33.33%;vertical-align: top;padding: 0 10px 54px 10px;border: none !important;box-shadow: none !important\">\n<p style=\"margin: 0 0 10px 0;text-align: center\"><strong>Xperio\u00ae XV<\/strong><\/p>\n<p><img decoding=\"async\" style=\"margin: 0 auto;width: 50%;height: auto\" src=\"https:\/\/www.archimbaudopticien.com\/modules\/jscomposer\/uploads\/Verres%20Essilor\/XV-3.jpg\" alt=\"Teinte XV\" \/><\/td>\n<\/tr>\n<tr style=\"border: none !important\">\n<td style=\"width: 33.33%;vertical-align: top;padding: 0 10px 54px 10px;border: none !important;box-shadow: none !important\">\n<p style=\"margin: 0 0 10px 0;text-align: center\"><strong>Xperio\u00ae Black<\/strong><\/p>\n<p><img decoding=\"async\" style=\"margin: 0 auto;width: 50%;height: auto\" src=\"https:\/\/www.archimbaudopticien.com\/modules\/jscomposer\/uploads\/Verres%20Essilor\/black-3.jpg\" alt=\"Teinte Black\" \/><\/td>\n<td style=\"width: 33.33%;vertical-align: top;padding: 0 10px 54px 10px;border: none !important;box-shadow: none !important\">\n<p style=\"margin: 0 0 10px 0;text-align: center\"><strong>Xperio\u00ae Blue Ink<\/strong><\/p>\n<p><img decoding=\"async\" style=\"margin: 0 auto;width: 50%;height: auto\" src=\"https:\/\/www.archimbaudopticien.com\/modules\/jscomposer\/uploads\/Verres%20Essilor\/blueink-3.jpg\" alt=\"Teinte Blue Ink\" \/><\/td>\n<td style=\"width: 33.33%;vertical-align: top;padding: 0 10px 54px 10px;border: none !important;box-shadow: none !important\">\n<p style=\"margin: 0 0 10px 0;text-align: center\"><strong>Xperio\u00ae Burgundy<\/strong><\/p>\n<p><img decoding=\"async\" style=\"margin: 0 auto;width: 50%;height: auto\" src=\"https:\/\/www.archimbaudopticien.com\/modules\/jscomposer\/uploads\/Verres%20Essilor\/burgundy-3.jpg\" alt=\"Teinte Burgundy\" \/><\/td>\n<\/tr>\n<tr style=\"border: none !important\">\n<td style=\"width: 33.33%;vertical-align: top;padding: 0 10px 54px 10px;border: none !important;box-shadow: none !important\">\n<p style=\"margin: 0 0 10px 0;text-align: center\"><strong>Xperio\u00ae Herbal<\/strong><\/p>\n<p><img decoding=\"async\" style=\"margin: 0 auto;width: 50%;height: auto\" src=\"https:\/\/www.archimbaudopticien.com\/modules\/jscomposer\/uploads\/Verres%20Essilor\/HERBAL-3.jpg\" alt=\"Teinte Herbal\" \/><\/td>\n<td style=\"width: 33.33%;vertical-align: top;padding: 0 10px 54px 10px;border: none !important;box-shadow: none !important\">\n<p style=\"margin: 0 0 10px 0;text-align: center\"><strong>Xperio\u00ae Chocolate<\/strong><\/p>\n<p><img decoding=\"async\" style=\"margin: 0 auto;width: 50%;height: auto\" src=\"https:\/\/www.archimbaudopticien.com\/modules\/jscomposer\/uploads\/Verres%20Essilor\/chocolate-3.jpg\" alt=\"Teinte Chocolate\" \/><\/td>\n<td style=\"width: 33.33%;vertical-align: top;padding: 0 10px 54px 10px;border: none !important;box-shadow: none !important\"><\/td>\n<\/tr>\n<tr style=\"border: none !important\">\n<td style=\"width: 33.33%;vertical-align: top;padding: 0 10px 54px 10px;border: none !important;box-shadow: none !important\">\n<p style=\"margin: 0 0 10px 0;text-align: center\"><strong>Xperio\u00ae Brun D\u00e9grad\u00e9<\/strong><\/p>\n<p><img decoding=\"async\" style=\"margin: 0 auto;width: 50%;height: auto\" src=\"https:\/\/www.archimbaudopticien.com\/modules\/jscomposer\/uploads\/Verres%20Essilor\/brun-d-grad-.jpg\" alt=\"Teinte Brun Deg\" \/><\/td>\n<td style=\"width: 33.33%;vertical-align: top;padding: 0 10px 54px 10px;border: none !important;box-shadow: none !important\">\n<p style=\"margin: 0 0 10px 0;text-align: center\"><strong>Xperio\u00ae Gris D\u00e9grad\u00e9<\/strong><\/p>\n<p><img decoding=\"async\" style=\"margin: 0 auto;width: 50%;height: auto\" src=\"https:\/\/www.archimbaudopticien.com\/modules\/jscomposer\/uploads\/Verres%20Essilor\/gris-d-grad-.jpg\" alt=\"Teinte Gris Deg\" \/><\/td>\n<td style=\"width: 33.33%;vertical-align: top;padding: 0 10px 54px 10px;border: none !important;box-shadow: none !important\">\n<p style=\"margin: 0 0 10px 0;text-align: center\"><strong>Xperio\u00ae XV D\u00e9grad\u00e9<\/strong><\/p>\n<p><img decoding=\"async\" style=\"margin: 0 auto;width: 50%;height: auto\" src=\"https:\/\/www.archimbaudopticien.com\/modules\/jscomposer\/uploads\/Verres%20Essilor\/XV-DEGRADE.jpg\" alt=\"Teinte XV Deg\" \/><\/td>\n<\/tr>\n<tr style=\"border: none !important\">\n<td style=\"width: 33.33%;vertical-align: top;padding: 0 10px 54px 10px;border: none !important;box-shadow: none !important\">\n<p style=\"margin: 0 0 10px 0;text-align: center\"><strong>Xperio\u00ae Black D\u00e9grad\u00e9<\/strong><\/p>\n<p><img decoding=\"async\" style=\"margin: 0 auto;width: 50%;height: auto\" src=\"https:\/\/www.archimbaudopticien.com\/modules\/jscomposer\/uploads\/Verres%20Essilor\/black-d-grad-.jpg\" alt=\"Teinte Black Deg\" \/><\/td>\n<td style=\"width: 33.33%;vertical-align: top;padding: 0 10px 54px 10px;border: none !important;box-shadow: none !important\">\n<p style=\"margin: 0 0 10px 0;text-align: center\"><strong>Xperio\u00ae Blue Ink D\u00e9grad\u00e9<\/strong><\/p>\n<p><img decoding=\"async\" style=\"margin: 0 auto;width: 50%;height: auto\" src=\"https:\/\/www.archimbaudopticien.com\/modules\/jscomposer\/uploads\/Verres%20Essilor\/blueink-d-grad-.jpg\" alt=\"Teinte Blue Ink Deg\" \/><\/td>\n<td style=\"width: 33.33%;vertical-align: top;padding: 0 10px 54px 10px;border: none !important;box-shadow: none !important\">\n<p style=\"margin: 0 0 10px 0;text-align: center\"><strong>Xperio\u00ae Burgundy D\u00e9grad\u00e9<\/strong><\/p>\n<p><img decoding=\"async\" style=\"margin: 0 auto;width: 50%;height: auto\" src=\"https:\/\/www.archimbaudopticien.com\/modules\/jscomposer\/uploads\/Verres%20Essilor\/burgundy-d-grad-.jpg\" alt=\"Teinte Burgundy Deg\" \/><\/td>\n<\/tr>\n<tr style=\"border: none !important\">\n<td style=\"width: 33.33%;vertical-align: top;padding: 0 10px 54px 10px;border: none !important;box-shadow: none !important\">\n<p style=\"margin: 0 0 10px 0;text-align: center\"><strong>Xperio\u00ae Herbal D\u00e9grad\u00e9<\/strong><\/p>\n<p><img decoding=\"async\" style=\"margin: 0 auto;width: 50%;height: auto\" src=\"https:\/\/www.archimbaudopticien.com\/modules\/jscomposer\/uploads\/Verres%20Essilor\/HERBAL-DEGRADE.jpg\" alt=\"Teinte Herbal Deg\" \/><\/td>\n<td style=\"width: 33.33%;vertical-align: top;padding: 0 10px 54px 10px;border: none !important;box-shadow: none !important\">\n<p style=\"margin: 0 0 10px 0;text-align: center\"><strong>Xperio\u00ae Chocolate D\u00e9grad\u00e9<\/strong><\/p>\n<p><img decoding=\"async\" style=\"margin: 0 auto;width: 50%;height: auto\" src=\"https:\/\/www.archimbaudopticien.com\/modules\/jscomposer\/uploads\/Verres%20Essilor\/chocolate-degrade.jpg\" alt=\"Teinte Chocolate Deg\" \/><\/td>\n<td style=\"width: 33.33%;vertical-align: top;padding: 0 10px 54px 10px;border: none !important;box-shadow: none !important\"><\/td>\n<\/tr>\n<tr style=\"border: none !important\">\n<td style=\"width: 33.33%;vertical-align: top;padding: 0 10px 54px 10px;border: none !important;box-shadow: none !important\">\n<p style=\"margin: 0 0 10px 0;text-align: center\"><strong>Xperio\u00ae Brun Pola<\/strong><\/p>\n<p><img decoding=\"async\" style=\"margin: 0 auto;width: 50%;height: auto\" src=\"https:\/\/www.archimbaudopticien.com\/modules\/jscomposer\/uploads\/Verres%20Essilor\/xperio-pola-brun3.jpg\" alt=\"Teinte Brun Pola\" \/><\/td>\n<td style=\"width: 33.33%;vertical-align: top;padding: 0 10px 54px 10px;border: none !important;box-shadow: none !important\">\n<p style=\"margin: 0 0 10px 0;text-align: center\"><strong>Xperio\u00ae Gris Pola<\/strong><\/p>\n<p><img decoding=\"async\" style=\"margin: 0 auto;width: 50%;height: auto\" src=\"https:\/\/www.archimbaudopticien.com\/modules\/jscomposer\/uploads\/Verres%20Essilor\/xperio-pola-grey3.jpg\" alt=\"Teinte Gris Pola\" \/><\/td>\n<td style=\"width: 33.33%;vertical-align: top;padding: 0 10px 54px 10px;border: none !important;box-shadow: none !important\">\n<p style=\"margin: 0 0 10px 0;text-align: center\"><strong>Xperio\u00ae Gris-Vert Pola<\/strong><\/p>\n<p><img decoding=\"async\" style=\"margin: 0 auto;width: 50%;height: auto\" src=\"https:\/\/www.archimbaudopticien.com\/modules\/jscomposer\/uploads\/Verres%20Essilor\/xperio-pola-greygreen3.jpg\" alt=\"Teinte Gris-Vert Pola\" \/><\/td>\n<\/tr>\n<tr style=\"border: none !important\">\n<td style=\"width: 33.33%;vertical-align: top;padding: 0 10px 54px 10px;border: none !important;box-shadow: none !important\">\n<p style=\"margin: 0 0 10px 0;text-align: center\"><strong>Xperio\u00ae Blue Ink Pola<\/strong><\/p>\n<p><img decoding=\"async\" style=\"margin: 0 auto;width: 50%;height: auto\" src=\"https:\/\/www.archimbaudopticien.com\/modules\/jscomposer\/uploads\/Verres%20Essilor\/xperio-pola-blueink3.jpg\" alt=\"Teinte Blue Ink Pola\" \/><\/td>\n<td style=\"width: 33.33%;vertical-align: top;padding: 0 10px 54px 10px;border: none !important;box-shadow: none !important\">\n<p style=\"margin: 0 0 10px 0;text-align: center\"><strong>Xperio\u00ae Pourpre Pola<\/strong><\/p>\n<p><img decoding=\"async\" style=\"margin: 0 auto;width: 50%;height: auto\" src=\"https:\/\/www.archimbaudopticien.com\/modules\/jscomposer\/uploads\/Verres%20Essilor\/xperio-pola-pourpre3.jpg\" alt=\"Teinte Pourpre Pola\" \/><\/td>\n<td style=\"width: 33.33%;vertical-align: top;padding: 0 10px 54px 10px;border: none !important;box-shadow: none !important\">\n<p style=\"margin: 0 0 10px 0;text-align: center\"><strong>Xperio\u00ae Violet Pola<\/strong><\/p>\n<p><img decoding=\"async\" style=\"margin: 0 auto;width: 50%;height: auto\" src=\"https:\/\/www.archimbaudopticien.com\/modules\/jscomposer\/uploads\/Verres%20Essilor\/xperio-pola-violet3.jpg\" alt=\"Teinte Violet Pola\" \/><\/td>\n<\/tr>\n<tr style=\"border: none !important\">\n<td style=\"width: 33.33%;vertical-align: top;padding: 0 10px 54px 10px;border: none !important;box-shadow: none !important\">\n<p style=\"margin: 0 0 10px 0;text-align: center\"><strong>Xperio\u00ae Bleu Pola<\/strong><\/p>\n<p><img decoding=\"async\" style=\"margin: 0 auto;width: 50%;height: auto\" src=\"https:\/\/www.archimbaudopticien.com\/modules\/jscomposer\/uploads\/Verres%20Essilor\/xperio-pola-bleu3.jpg\" alt=\"Teinte Bleu Pola\" \/><\/td>\n<td style=\"width: 33.33%;vertical-align: top;padding: 0 10px 54px 10px;border: none !important;box-shadow: none !important\">\n<p style=\"margin: 0 0 10px 0;text-align: center\"><strong>Xperio\u00ae Chocolate Pola<\/strong><\/p>\n<p><img decoding=\"async\" style=\"margin: 0 auto;width: 50%;height: auto\" src=\"https:\/\/www.archimbaudopticien.com\/modules\/jscomposer\/uploads\/Verres%20Essilor\/chocolate-3.jpg\" alt=\"Teinte Chocolate Pola\" \/><\/td>\n<td style=\"width: 33.33%;vertical-align: top;padding: 0 10px 54px 10px;border: none !important;box-shadow: none !important\">\n<p style=\"margin: 0 0 10px 0;text-align: center\"><strong>Xperio\u00ae Herbal Pola<\/strong><\/p>\n<p><img decoding=\"async\" style=\"margin: 0 auto;width: 50%;height: auto\" src=\"https:\/\/www.archimbaudopticien.com\/modules\/jscomposer\/uploads\/Verres%20Essilor\/xperio-pola-herbal3.jpg\" alt=\"Teinte Herbal Pola\" \/><\/td>\n<\/tr>\n<tr style=\"border: none !important\">\n<td style=\"width: 33.33%;vertical-align: top;padding: 0 10px 54px 10px;border: none !important;box-shadow: none !important\">\n<p style=\"margin: 0 0 10px 0;text-align: center\"><strong>Xperio\u00ae Brun D\u00e9grad\u00e9 Pola<\/strong><\/p>\n<p><img decoding=\"async\" style=\"margin: 0 auto;width: 50%;height: auto\" src=\"https:\/\/www.archimbaudopticien.com\/modules\/jscomposer\/uploads\/Verres%20Essilor\/xperio-pola-brun-degrade.jpg\" alt=\"Teinte Brun Deg Pola\" \/><\/td>\n<td style=\"width: 33.33%;vertical-align: top;padding: 0 10px 54px 10px;border: none !important;box-shadow: none !important\">\n<p style=\"margin: 0 0 10px 0;text-align: center\"><strong>Xperio\u00ae Gris D\u00e9grad\u00e9 Pola<\/strong><\/p>\n<p><img decoding=\"async\" style=\"margin: 0 auto;width: 50%;height: auto\" src=\"https:\/\/www.archimbaudopticien.com\/modules\/jscomposer\/uploads\/Verres%20Essilor\/xperio-pola-grey-degrade.jpg\" alt=\"Teinte Gris Deg Pola\" \/><\/td>\n<td style=\"width: 33.33%;vertical-align: top;padding: 0 10px 54px 10px;border: none !important;box-shadow: none !important\">\n<p style=\"margin: 0 0 10px 0;text-align: center\"><strong>Xperio\u00ae Gris-Vert D\u00e9grad\u00e9 Pola<\/strong><\/p>\n<p><img decoding=\"async\" style=\"margin: 0 auto;width: 50%;height: auto\" src=\"https:\/\/www.archimbaudopticien.com\/modules\/jscomposer\/uploads\/Verres%20Essilor\/xperio-pola-greygreen-degrade.jpg\" alt=\"Teinte Gris-Vert Deg Pola\" \/><\/td>\n<\/tr>\n<tr style=\"border: none !important\">\n<td style=\"width: 33.33%;vertical-align: top;padding: 0 10px 54px 10px;border: none !important;box-shadow: none !important\">\n<p style=\"margin: 0 0 10px 0;text-align: center\"><strong>Xperio\u00ae Blue Ink D\u00e9grad\u00e9 Pola<\/strong><\/p>\n<p><img decoding=\"async\" style=\"margin: 0 auto;width: 50%;height: auto\" src=\"https:\/\/www.archimbaudopticien.com\/modules\/jscomposer\/uploads\/Verres%20Essilor\/xperio-pola-blueink-degrade.jpg\" alt=\"Teinte Blue Ink Deg Pola\" \/><\/td>\n<td style=\"width: 33.33%;vertical-align: top;padding: 0 10px 54px 10px;border: none !important;box-shadow: none !important\">\n<p style=\"margin: 0 0 10px 0;text-align: center\"><strong>Xperio\u00ae Pourpre D\u00e9grad\u00e9 Pola<\/strong><\/p>\n<p><img decoding=\"async\" style=\"margin: 0 auto;width: 50%;height: auto\" src=\"https:\/\/www.archimbaudopticien.com\/modules\/jscomposer\/uploads\/Verres%20Essilor\/xperio-pola-pourpre-degrade.jpg\" alt=\"Teinte Pourpre Deg Pola\" \/><\/td>\n<td style=\"width: 33.33%;vertical-align: top;padding: 0 10px 54px 10px;border: none !important;box-shadow: none !important\">\n<p style=\"margin: 0 0 10px 0;text-align: center\"><strong>Xperio\u00ae Violet D\u00e9grad\u00e9 Pola<\/strong><\/p>\n<p><img decoding=\"async\" style=\"margin: 0 auto;width: 50%;height: auto\" src=\"https:\/\/www.archimbaudopticien.com\/modules\/jscomposer\/uploads\/Verres%20Essilor\/xperio-pola-violet-degrade.jpg\" alt=\"Teinte Violet Deg Pola\" \/><\/td>\n<\/tr>\n<tr style=\"border: none !important\">\n<td style=\"width: 33.33%;vertical-align: top;padding: 0 10px 54px 10px;border: none !important;box-shadow: none !important\">\n<p style=\"margin: 0 0 10px 0;text-align: center\"><strong>Xperio\u00ae Bleu D\u00e9grad\u00e9 Pola<\/strong><\/p>\n<p><img decoding=\"async\" style=\"margin: 0 auto;width: 50%;height: auto\" src=\"https:\/\/www.archimbaudopticien.com\/modules\/jscomposer\/uploads\/Verres%20Essilor\/xperio-pola-bleu-degrade.jpg\" alt=\"Teinte Bleu Deg Pola\" \/><\/td>\n<td style=\"width: 33.33%;vertical-align: top;padding: 0 10px 54px 10px;border: none !important;box-shadow: none !important\">\n<p style=\"margin: 0 0 10px 0;text-align: center\"><strong>Xperio\u00ae Chocolate D\u00e9grad\u00e9 Pola<\/strong><\/p>\n<p><img decoding=\"async\" style=\"margin: 0 auto;width: 50%;height: auto\" src=\"https:\/\/www.archimbaudopticien.com\/modules\/jscomposer\/uploads\/Verres%20Essilor\/chocolate-degrade.jpg\" alt=\"Teinte Chocolate Deg Pola\" \/><\/td>\n<td style=\"width: 33.33%;vertical-align: top;padding: 0 10px 54px 10px;border: none !important;box-shadow: none !important\">\n<p style=\"margin: 0 0 10px 0;text-align: center\"><strong>Xperio\u00ae Herbal D\u00e9grad\u00e9 Pola<\/strong><\/p>\n<p><img decoding=\"async\" style=\"margin: 0 auto;width: 50%;height: auto\" src=\"https:\/\/www.archimbaudopticien.com\/modules\/jscomposer\/uploads\/Verres%20Essilor\/xperio-pola-herbal-degrade.jpg\" alt=\"Teinte Herbal Deg Pola\" \/><\/td>\n<\/tr>\n<\/tbody>\n<\/table>\n<div style=\"height: 40px;line-height: 40px\"><\/div>\n<p style=\"text-align: left;margin: 0 0 10px 0;font-size: 20px;color: #000000\"><strong>Pack Sun Pro Aminci <\/strong><em>Varilux Comfort Ormix Supra \/ Cz Sun<\/em><\/p>\n<hr style=\"border: none;border-top: 1px solid #000000;margin: 0 0 40px 0\" \/>\n<table style=\"width: 100%;border-collapse: collapse;border: none !important;box-shadow: none !important\" role=\"presentation\" width=\"100%\" cellspacing=\"0\" cellpadding=\"0\">\n<tbody style=\"border: none !important;box-shadow: none !important\">\n<tr style=\"border: none !important\">\n<td style=\"width: 33.33%;vertical-align: top;padding: 0 10px 54px 10px;border: none !important;box-shadow: none !important\">\n<p style=\"margin: 0 0 10px 0;text-align: center\"><strong>Xperio\u00ae Brun<\/strong><\/p>\n<p><img decoding=\"async\" style=\"margin: 0 auto;width: 50%;height: auto\" src=\"https:\/\/www.archimbaudopticien.com\/modules\/jscomposer\/uploads\/Verres%20Essilor\/brun-3.jpg\" alt=\"Teinte Brun\" \/><\/td>\n<td style=\"width: 33.33%;vertical-align: top;padding: 0 10px 54px 10px;border: none !important;box-shadow: none !important\">\n<p style=\"margin: 0 0 10px 0;text-align: center\"><strong>Xperio\u00ae Gris<\/strong><\/p>\n<p><img decoding=\"async\" style=\"margin: 0 auto;width: 50%;height: auto\" src=\"https:\/\/www.archimbaudopticien.com\/modules\/jscomposer\/uploads\/Verres%20Essilor\/gris-3.jpg\" alt=\"Teinte Gris\" \/><\/td>\n<td style=\"width: 33.33%;vertical-align: top;padding: 0 10px 54px 10px;border: none !important;box-shadow: none !important\">\n<p style=\"margin: 0 0 10px 0;text-align: center\"><strong>Xperio\u00ae XV<\/strong><\/p>\n<p><img decoding=\"async\" style=\"margin: 0 auto;width: 50%;height: auto\" src=\"https:\/\/www.archimbaudopticien.com\/modules\/jscomposer\/uploads\/Verres%20Essilor\/XV-3.jpg\" alt=\"Teinte XV\" \/><\/td>\n<\/tr>\n<tr style=\"border: none !important\">\n<td style=\"width: 33.33%;vertical-align: top;padding: 0 10px 54px 10px;border: none !important;box-shadow: none !important\">\n<p style=\"margin: 0 0 10px 0;text-align: center\"><strong>Xperio\u00ae Black<\/strong><\/p>\n<p><img decoding=\"async\" style=\"margin: 0 auto;width: 50%;height: auto\" src=\"https:\/\/www.archimbaudopticien.com\/modules\/jscomposer\/uploads\/Verres%20Essilor\/black-3.jpg\" alt=\"Teinte Black\" \/><\/td>\n<td style=\"width: 33.33%;vertical-align: top;padding: 0 10px 54px 10px;border: none !important;box-shadow: none !important\">\n<p style=\"margin: 0 0 10px 0;text-align: center\"><strong>Xperio\u00ae Blue Ink<\/strong><\/p>\n<p><img decoding=\"async\" style=\"margin: 0 auto;width: 50%;height: auto\" src=\"https:\/\/www.archimbaudopticien.com\/modules\/jscomposer\/uploads\/Verres%20Essilor\/blueink-3.jpg\" alt=\"Teinte Blue Ink\" \/><\/td>\n<td style=\"width: 33.33%;vertical-align: top;padding: 0 10px 54px 10px;border: none !important;box-shadow: none !important\">\n<p style=\"margin: 0 0 10px 0;text-align: center\"><strong>Xperio\u00ae Burgundy<\/strong><\/p>\n<p><img decoding=\"async\" style=\"margin: 0 auto;width: 50%;height: auto\" src=\"https:\/\/www.archimbaudopticien.com\/modules\/jscomposer\/uploads\/Verres%20Essilor\/burgundy-3.jpg\" alt=\"Teinte Burgundy\" \/><\/td>\n<\/tr>\n<tr style=\"border: none !important\">\n<td style=\"width: 33.33%;vertical-align: top;padding: 0 10px 54px 10px;border: none !important;box-shadow: none !important\">\n<p style=\"margin: 0 0 10px 0;text-align: center\"><strong>Xperio\u00ae Herbal<\/strong><\/p>\n<p><img decoding=\"async\" style=\"margin: 0 auto;width: 50%;height: auto\" src=\"https:\/\/www.archimbaudopticien.com\/modules\/jscomposer\/uploads\/Verres%20Essilor\/HERBAL-3.jpg\" alt=\"Teinte Herbal\" \/><\/td>\n<td style=\"width: 33.33%;vertical-align: top;padding: 0 10px 54px 10px;border: none !important;box-shadow: none !important\"><\/td>\n<td style=\"width: 33.33%;vertical-align: top;padding: 0 10px 54px 10px;border: none !important;box-shadow: none !important\"><\/td>\n<\/tr>\n<tr style=\"border: none !important\">\n<td style=\"width: 33.33%;vertical-align: top;padding: 0 10px 54px 10px;border: none !important;box-shadow: none !important\">\n<p style=\"margin: 0 0 10px 0;text-align: center\"><strong>Xperio\u00ae Brun D\u00e9grad\u00e9<\/strong><\/p>\n<p><img decoding=\"async\" style=\"margin: 0 auto;width: 50%;height: auto\" src=\"https:\/\/www.archimbaudopticien.com\/modules\/jscomposer\/uploads\/Verres%20Essilor\/brun-d-grad-.jpg\" alt=\"Teinte Brun Deg\" \/><\/td>\n<td style=\"width: 33.33%;vertical-align: top;padding: 0 10px 54px 10px;border: none !important;box-shadow: none !important\">\n<p style=\"margin: 0 0 10px 0;text-align: center\"><strong>Xperio\u00ae Gris D\u00e9grad\u00e9<\/strong><\/p>\n<p><img decoding=\"async\" style=\"margin: 0 auto;width: 50%;height: auto\" src=\"https:\/\/www.archimbaudopticien.com\/modules\/jscomposer\/uploads\/Verres%20Essilor\/gris-d-grad-.jpg\" alt=\"Teinte Gris Deg\" \/><\/td>\n<td style=\"width: 33.33%;vertical-align: top;padding: 0 10px 54px 10px;border: none !important;box-shadow: none !important\">\n<p style=\"margin: 0 0 10px 0;text-align: center\"><strong>Xperio\u00ae XV D\u00e9grad\u00e9<\/strong><\/p>\n<p><img decoding=\"async\" style=\"margin: 0 auto;width: 50%;height: auto\" src=\"https:\/\/www.archimbaudopticien.com\/modules\/jscomposer\/uploads\/Verres%20Essilor\/XV-DEGRADE.jpg\" alt=\"Teinte XV Deg\" \/><\/td>\n<\/tr>\n<tr style=\"border: none !important\">\n<td style=\"width: 33.33%;vertical-align: top;padding: 0 10px 54px 10px;border: none !important;box-shadow: none !important\">\n<p style=\"margin: 0 0 10px 0;text-align: center\"><strong>Xperio\u00ae Black D\u00e9grad\u00e9<\/strong><\/p>\n<p><img decoding=\"async\" style=\"margin: 0 auto;width: 50%;height: auto\" src=\"https:\/\/www.archimbaudopticien.com\/modules\/jscomposer\/uploads\/Verres%20Essilor\/black-d-grad-.jpg\" alt=\"Teinte Black Deg\" \/><\/td>\n<td style=\"width: 33.33%;vertical-align: top;padding: 0 10px 54px 10px;border: none !important;box-shadow: none !important\">\n<p style=\"margin: 0 0 10px 0;text-align: center\"><strong>Xperio\u00ae Blue Ink D\u00e9grad\u00e9<\/strong><\/p>\n<p><img decoding=\"async\" style=\"margin: 0 auto;width: 50%;height: auto\" src=\"https:\/\/www.archimbaudopticien.com\/modules\/jscomposer\/uploads\/Verres%20Essilor\/blueink-d-grad-.jpg\" alt=\"Teinte Blue Ink Deg\" \/><\/td>\n<td style=\"width: 33.33%;vertical-align: top;padding: 0 10px 54px 10px;border: none !important;box-shadow: none !important\">\n<p style=\"margin: 0 0 10px 0;text-align: center\"><strong>Xperio\u00ae Burgundy D\u00e9grad\u00e9<\/strong><\/p>\n<p><img decoding=\"async\" style=\"margin: 0 auto;width: 50%;height: auto\" src=\"https:\/\/www.archimbaudopticien.com\/modules\/jscomposer\/uploads\/Verres%20Essilor\/burgundy-d-grad-.jpg\" alt=\"Teinte Burgundy Deg\" \/><\/td>\n<\/tr>\n<tr style=\"border: none !important\">\n<td style=\"width: 33.33%;vertical-align: top;padding: 0 10px 54px 10px;border: none !important;box-shadow: none !important\">\n<p style=\"margin: 0 0 10px 0;text-align: center\"><strong>Xperio\u00ae Herbal D\u00e9grad\u00e9<\/strong><\/p>\n<p><img decoding=\"async\" style=\"margin: 0 auto;width: 50%;height: auto\" src=\"https:\/\/www.archimbaudopticien.com\/modules\/jscomposer\/uploads\/Verres%20Essilor\/HERBAL-DEGRADE.jpg\" alt=\"Teinte Herbal Deg\" \/><\/td>\n<td style=\"width: 33.33%;vertical-align: top;padding: 0 10px 54px 10px;border: none !important;box-shadow: none !important\"><\/td>\n<td style=\"width: 33.33%;vertical-align: top;padding: 0 10px 54px 10px;border: none !important;box-shadow: none !important\"><\/td>\n<\/tr>\n<tr style=\"border: none !important\">\n<td style=\"width: 33.33%;vertical-align: top;padding: 0 10px 54px 10px;border: none !important;box-shadow: none !important\">\n<p style=\"margin: 0 0 10px 0;text-align: center\"><strong>Xperio\u00ae Brun Pola<\/strong><\/p>\n<p><img decoding=\"async\" style=\"margin: 0 auto;width: 50%;height: auto\" src=\"https:\/\/www.archimbaudopticien.com\/modules\/jscomposer\/uploads\/Verres%20Essilor\/xperio-pola-brun3.jpg\" alt=\"Teinte Brun Pola\" \/><\/td>\n<td style=\"width: 33.33%;vertical-align: top;padding: 0 10px 54px 10px;border: none !important;box-shadow: none !important\">\n<p style=\"margin: 0 0 10px 0;text-align: center\"><strong>Xperio\u00ae Gris Pola<\/strong><\/p>\n<p><img decoding=\"async\" style=\"margin: 0 auto;width: 50%;height: auto\" src=\"https:\/\/www.archimbaudopticien.com\/modules\/jscomposer\/uploads\/Verres%20Essilor\/xperio-pola-grey3.jpg\" alt=\"Teinte Gris Pola\" \/><\/td>\n<td style=\"width: 33.33%;vertical-align: top;padding: 0 10px 54px 10px;border: none !important;box-shadow: none !important\">\n<p style=\"margin: 0 0 10px 0;text-align: center\"><strong>Xperio\u00ae Gris-Vert Pola<\/strong><\/p>\n<p><img decoding=\"async\" style=\"margin: 0 auto;width: 50%;height: auto\" src=\"https:\/\/www.archimbaudopticien.com\/modules\/jscomposer\/uploads\/Verres%20Essilor\/xperio-pola-greygreen3.jpg\" alt=\"Teinte Gris-Vert Pola\" \/><\/td>\n<\/tr>\n<tr style=\"border: none !important\">\n<td style=\"width: 33.33%;vertical-align: top;padding: 0 10px 54px 10px;border: none !important;box-shadow: none !important\">\n<p style=\"margin: 0 0 10px 0;text-align: center\"><strong>Xperio\u00ae Brun D\u00e9grad\u00e9 Pola<\/strong><\/p>\n<p><img decoding=\"async\" style=\"margin: 0 auto;width: 50%;height: auto\" src=\"https:\/\/www.archimbaudopticien.com\/modules\/jscomposer\/uploads\/Verres%20Essilor\/xperio-pola-brun-degrade.jpg\" alt=\"Teinte Brun Deg Pola\" \/><\/td>\n<td style=\"width: 33.33%;vertical-align: top;padding: 0 10px 54px 10px;border: none !important;box-shadow: none !important\">\n<p style=\"margin: 0 0 10px 0;text-align: center\"><strong>Xperio\u00ae Gris D\u00e9grad\u00e9 Pola<\/strong><\/p>\n<p><img decoding=\"async\" style=\"margin: 0 auto;width: 50%;height: auto\" src=\"https:\/\/www.archimbaudopticien.com\/modules\/jscomposer\/uploads\/Verres%20Essilor\/xperio-pola-grey-degrade.jpg\" alt=\"Teinte Gris Deg Pola\" \/><\/td>\n<td style=\"width: 33.33%;vertical-align: top;padding: 0 10px 54px 10px;border: none !important;box-shadow: none !important\">\n<p style=\"margin: 0 0 10px 0;text-align: center\"><strong>Xperio\u00ae Gris-Vert D\u00e9grad\u00e9 Pola<\/strong><\/p>\n<p><img decoding=\"async\" style=\"margin: 0 auto;width: 50%;height: auto\" src=\"https:\/\/www.archimbaudopticien.com\/modules\/jscomposer\/uploads\/Verres%20Essilor\/xperio-pola-greygreen-degrade.jpg\" alt=\"Teinte Gris-Vert Deg Pola\" \/><\/td>\n<\/tr>\n<\/tbody>\n<\/table>\n<hr style=\"border: none;border-top: 1px solid #ffffff;margin: 50px 0\" \/>\n<p style=\"text-align: left;margin: 0 0 10px 0;font-size: 20px;color: #000000\"><strong>Autres solutions 2\u00e8me paire<\/strong><\/p>\n<hr style=\"border: none;border-top: 1px solid #000000;margin: 0 0 40px 0\" \/>\n<ul style=\"text-align: left;font-size: 14px\">\n<li>\n    <strong style=\"font-size: 18px\">Offre Qualissime<\/strong><br \/>\n    Lors de votre commande initiale, b\u00e9n\u00e9ficiez de -50% sur vos verres dans le cadre d\u2019une 2e paire<br \/>\n    (hors Pack Sun et Pack Vision)\n  <\/li>\n<li>\n    <strong style=\"font-size: 18px\">Pack Compl\u00e9mentaire<\/strong><br \/>\n    Dans les 12 mois suivant votre achat, b\u00e9n\u00e9ficiez de -30% sur un \u00e9quipement compl\u00e9mentaire<br \/>\n    (monture + verres)\n  <\/li>\n<\/ul>\n<\/div>\n<\/div>                    <\/div>\r\n                            <\/div>\r\n            <!-- <div class=\"cu-step disbaled\" id=\"step-6\"> -->\r\n                        <div class=\"cu-step disbaled skip-this\" id=\"step-6\">\r\n                <div class=\"step-sttl tohide\"><p>Les Mois de la Vision Solidaire.<br \/>\n<span class=\"sbttl\">Obtenez un cr\u00e9dit de <span class='dyn-cred'><\/span> sur l&rsquo;achat de vos lunettes.<\/span><\/p>\n<\/div>\r\n                <div class=\"steps-elements\">\r\n                                    <\/div>\r\n                            <\/div>\r\n                            <div id=\"info-compl\" class=\"step-sttl\">\r\n                    <p>Assistance & Services (Inclus)<\/p>\r\n                <\/div>\r\n                <div class=\"step-instruct compl\">\r\n                    <div class=\"ao-protect\">\n<div class=\"ao-ttl\"><strong>AO Protect +<\/strong><\/div>\n<ul>\n<li><strong>Garantie Adaptation :<\/strong> 1 mois<br \/>\n<em>Avec AO Protect +, vous profitez d\u2019un mois complet pour vous habituer \u00e0 vos nouvelles lunettes.<\/em><\/li>\n<li><strong>Garantie Dommages :<\/strong> 24 mois<br \/>\n<em>Vos lunettes sont prot\u00e9g\u00e9es pendant 24 mois, avec un remplacement une fois par \u00e9l\u00e9ment (monture ou verre),<br \/>\navec application d\u2019une franchise.<br \/>\n<\/em><\/li>\n<li><strong>Garantie Changement de vue :<\/strong> 12 mois<br \/>\n<em>AO Protect + inclut un remplacement de vos verres dans les 12 mois, sur pr\u00e9sentation d\u2019une ordonnance mise \u00e0 jour,<br \/>\navec application d\u2019une franchise.<br \/>\n<\/em><\/li>\n<li><strong>Main-d\u2019\u0153uvre &amp; entretien :<\/strong> 24 mois<br \/>\n<em>Vos lunettes m\u00e9ritent le meilleur entretien.<\/em><\/li>\n<\/ul>\n<p style=\"margin-top: 10px;text-align: right\"><a style=\"color: #000000;text-decoration: none\" href=\"https:\/\/www.archimbaudopticien.com\/blog\/garantie-ao-protect\" target=\"_blank\" rel=\"noopener\"><br \/>\nEn savoir plus \u2192<br \/>\n<\/a><\/p>\n<\/div>\n                <\/div>\r\n                        <div class=\"recap-step\">\r\n            <\/div>\r\n                            <div class=\"step-instruct general\">\r\n                    <p><strong>Payer en plusieurs fois avec Alma :<\/strong><br \/>\nVotre \u00e9quipement principal ainsi que vos \u00e9quipements compl\u00e9mentaires.<\/p>\n<div class=\"info-dynamic\">\u00c0 partir de <span class=\"dyn-price\"><\/span> ou <span class=\"dyn-mensualite\"><\/span>\/mois pour <span class=\"mensualite\">4<\/span> mois \u00e0 0% taux d\u00e9biteur**<\/div>                <\/div>\r\n                        <div class=\"infos-step tohide\">\r\n                <div class=\"form-group\">\r\n                    <label for=\"user_email\">Veuillez ajouter votre adresse email<\/label>\r\n                    <input type=\"email\" id=\"user_email\" name=\"user_email\" class=\"form-control\" required>\r\n                <\/div>\r\n            <\/div>\r\n            <button id=\"send-request\" class=\"btn submit-request\" disabled=\"disabled\">Merci pour votre visite<\/button>\r\n            <div id=\"form-feedback\" style=\"margin-top:10px;\"><\/div>\r\n        <\/form>\r\n    <\/div>\r\n<\/div><\/div>\n\t\t\t\t\t\t<\/div>\n\t\t\t\t<\/div>\n\t\t<div class=\"elementor-element elementor-element-b1b6e08 e-con-full e-flex e-con e-parent\" data-id=\"b1b6e08\" data-element_type=\"container\" data-e-type=\"container\">\n\t\t\t\t<div class=\"elementor-element elementor-element-000904c elementor-widget elementor-widget-text-editor\" data-id=\"000904c\" data-element_type=\"widget\" data-e-type=\"widget\" data-widget_type=\"text-editor.default\">\n\t\t\t\t\t\t\t\t\t<p style=\"text-align: center;\">Un cr\u00e9dit vous engage et doit \u00eatre rembours\u00e9.<br \/>V\u00e9rifiez vos capacit\u00e9s de remboursement avant de vous engager.<\/p><p style=\"text-align: center;\"><strong style=\"font-size: 18px;\">Paiement en plusieurs fois.<\/strong><\/p><p style=\"text-align: center;\">Le paiement en plusieurs fois est propos\u00e9 via notre partenaire Alma. La s\u00e9curisation des paiements est assur\u00e9e par Alma et ses partenaires.<\/p><p style=\"text-align: center;\"><strong>&#8211; Conditions<\/strong> : ce type de paiement est r\u00e9serv\u00e9 aux particuliers r\u00e9sidant en France, titulaires d&rsquo;une carte bancaire Visa ou Mastercard.<br \/><strong>&#8211; Options disponibles<\/strong> : r\u00e8glement en 2x, 3x ou 4x sans frais, uniquement pour vos achats de verres correcteurs.<br \/><strong>&#8211; Frais<\/strong> : aucun frais suppl\u00e9mentaires n&rsquo;est appliqu\u00e9 pour le client.<br \/><strong>&#8211; Sous r\u00e9serve d&rsquo;acceptation par Alma<\/strong> : en cas de refus, vous serez invit\u00e9 \u00e0 choisir un autre mode de r\u00e8glement.<br \/>&#8211; Exemple de financement avec Alma :<br \/>Pour un achat de 200 \u20ac, vous pouvez r\u00e9gler 2 mensualit\u00e9s de 100 \u20ac, ou 3 mensualit\u00e9s de 66,67 \u20ac, ou 4 mensualit\u00e9s de 50 \u20ac.<\/p>\t\t\t\t\t\t\t\t<\/div>\n\t\t\t\t<\/div>\n\t\t<div class=\"elementor-element elementor-element-a11ceb2 e-flex e-con-boxed e-con e-parent\" data-id=\"a11ceb2\" data-element_type=\"container\" data-e-type=\"container\">\n\t\t\t\t\t<div class=\"e-con-inner\">\n\t\t\t\t<div class=\"elementor-element elementor-element-e4fd924 elementor-widget-divider--view-line elementor-widget elementor-widget-divider\" data-id=\"e4fd924\" data-element_type=\"widget\" data-e-type=\"widget\" data-widget_type=\"divider.default\">\n\t\t\t\t\t\t\t<div class=\"elementor-divider\">\n\t\t\t<span class=\"elementor-divider-separator\">\n\t\t\t\t\t\t<\/span>\n\t\t<\/div>\n\t\t\t\t\t\t<\/div>\n\t\t\t\t<div class=\"elementor-element elementor-element-ff8cd41 elementor-widget elementor-widget-heading\" data-id=\"ff8cd41\" data-element_type=\"widget\" data-e-type=\"widget\" data-widget_type=\"heading.default\">\n\t\t\t\t\t<h3 class=\"elementor-heading-title elementor-size-default\">Questions \/ R\u00e9ponses<\/h3>\t\t\t\t<\/div>\n\t\t\t\t<div class=\"elementor-element elementor-element-f2f029a elementor-widget elementor-widget-n-accordion\" data-id=\"f2f029a\" data-element_type=\"widget\" data-e-type=\"widget\" data-settings=\"{&quot;default_state&quot;:&quot;all_collapsed&quot;,&quot;max_items_expended&quot;:&quot;one&quot;,&quot;n_accordion_animation_duration&quot;:{&quot;unit&quot;:&quot;ms&quot;,&quot;size&quot;:400,&quot;sizes&quot;:[]}}\" data-widget_type=\"nested-accordion.default\">\n\t\t\t\t\t\t\t<div class=\"e-n-accordion\" aria-label=\"Accordion. Open links with Enter or Space, close with Escape, and navigate with Arrow Keys\">\n\t\t\t\t\t\t<details id=\"e-n-accordion-item-2540\" class=\"e-n-accordion-item\" >\n\t\t\t\t<summary class=\"e-n-accordion-item-title\" data-accordion-index=\"1\" tabindex=\"0\" aria-expanded=\"false\" aria-controls=\"e-n-accordion-item-2540\" >\n\t\t\t\t\t<span class='e-n-accordion-item-title-header'><h4 class=\"e-n-accordion-item-title-text\"> Qu\u2019est-ce qu\u2019un verre Essilor\u00ae Varilux\u00ae ? <\/h4><\/span>\n\t\t\t\t\t\t\t<span class='e-n-accordion-item-title-icon'>\n\t\t\t<span class='e-opened' ><svg aria-hidden=\"true\" class=\"e-font-icon-svg e-fas-minus\" viewBox=\"0 0 448 512\" xmlns=\"http:\/\/www.w3.org\/2000\/svg\"><path d=\"M416 208H32c-17.67 0-32 14.33-32 32v32c0 17.67 14.33 32 32 32h384c17.67 0 32-14.33 32-32v-32c0-17.67-14.33-32-32-32z\"><\/path><\/svg><\/span>\n\t\t\t<span class='e-closed'><svg aria-hidden=\"true\" class=\"e-font-icon-svg e-fas-plus\" viewBox=\"0 0 448 512\" xmlns=\"http:\/\/www.w3.org\/2000\/svg\"><path d=\"M416 208H272V64c0-17.67-14.33-32-32-32h-32c-17.67 0-32 14.33-32 32v144H32c-17.67 0-32 14.33-32 32v32c0 17.67 14.33 32 32 32h144v144c0 17.67 14.33 32 32 32h32c17.67 0 32-14.33 32-32V304h144c17.67 0 32-14.33 32-32v-32c0-17.67-14.33-32-32-32z\"><\/path><\/svg><\/span>\n\t\t<\/span>\n\n\t\t\t\t\t\t<\/summary>\n\t\t\t\t<div role=\"region\" aria-labelledby=\"e-n-accordion-item-2540\" class=\"elementor-element elementor-element-a4b04b7 e-con-full e-flex e-con e-child\" data-id=\"a4b04b7\" data-element_type=\"container\" data-e-type=\"container\">\n\t\t\t\t<div class=\"elementor-element elementor-element-4c43771 elementor-widget elementor-widget-text-editor\" data-id=\"4c43771\" data-element_type=\"widget\" data-e-type=\"widget\" data-widget_type=\"text-editor.default\">\n\t\t\t\t\t\t\t\t\t<p>Un verre Essilor\u00ae Varilux\u00ae est un verre progressif destin\u00e9 \u00e0 corriger la presbytie en offrant une vision nette et fluide \u00e0 toutes les distances : vision de loin, interm\u00e9diaire et de pr\u00e8s. D\u00e9velopp\u00e9s par Essilor, les verres Varilux\u00ae sont reconnus pour leur confort, leur stabilit\u00e9 d\u2019image et leur capacit\u00e9 \u00e0 s\u2019adapter aux modes de vie modernes.<\/p>\t\t\t\t\t\t\t\t<\/div>\n\t\t\t\t<\/div>\n\t\t\t\t\t<\/details>\n\t\t\t\t\t\t<details id=\"e-n-accordion-item-2541\" class=\"e-n-accordion-item\" >\n\t\t\t\t<summary class=\"e-n-accordion-item-title\" data-accordion-index=\"2\" tabindex=\"-1\" aria-expanded=\"false\" aria-controls=\"e-n-accordion-item-2541\" >\n\t\t\t\t\t<span class='e-n-accordion-item-title-header'><h4 class=\"e-n-accordion-item-title-text\"> Quelle est la diff\u00e9rence entre Varilux\u00ae XR Track, iDesign et Comfort 3.0 ? <\/h4><\/span>\n\t\t\t\t\t\t\t<span class='e-n-accordion-item-title-icon'>\n\t\t\t<span class='e-opened' ><svg aria-hidden=\"true\" class=\"e-font-icon-svg e-fas-minus\" viewBox=\"0 0 448 512\" xmlns=\"http:\/\/www.w3.org\/2000\/svg\"><path d=\"M416 208H32c-17.67 0-32 14.33-32 32v32c0 17.67 14.33 32 32 32h384c17.67 0 32-14.33 32-32v-32c0-17.67-14.33-32-32-32z\"><\/path><\/svg><\/span>\n\t\t\t<span class='e-closed'><svg aria-hidden=\"true\" class=\"e-font-icon-svg e-fas-plus\" viewBox=\"0 0 448 512\" xmlns=\"http:\/\/www.w3.org\/2000\/svg\"><path d=\"M416 208H272V64c0-17.67-14.33-32-32-32h-32c-17.67 0-32 14.33-32 32v144H32c-17.67 0-32 14.33-32 32v32c0 17.67 14.33 32 32 32h144v144c0 17.67 14.33 32 32 32h32c17.67 0 32-14.33 32-32V304h144c17.67 0 32-14.33 32-32v-32c0-17.67-14.33-32-32-32z\"><\/path><\/svg><\/span>\n\t\t<\/span>\n\n\t\t\t\t\t\t<\/summary>\n\t\t\t\t<div role=\"region\" aria-labelledby=\"e-n-accordion-item-2541\" class=\"elementor-element elementor-element-98222c4 e-con-full e-flex e-con e-child\" data-id=\"98222c4\" data-element_type=\"container\" data-e-type=\"container\">\n\t\t\t\t<div class=\"elementor-element elementor-element-269336a elementor-widget elementor-widget-text-editor\" data-id=\"269336a\" data-element_type=\"widget\" data-e-type=\"widget\" data-widget_type=\"text-editor.default\">\n\t\t\t\t\t\t\t\t\t<p>Ces trois gammes Varilux\u00ae r\u00e9pondent \u00e0 des niveaux de personnalisation et de besoins visuels diff\u00e9rents :<br \/>&#8211; Varilux\u00ae XR Track est la solution la plus avanc\u00e9e. Elle anticipe les mouvements naturels des yeux pour offrir une vision instantan\u00e9ment nette, notamment lors des changements rapides de regard.<br \/>&#8211; Varilux\u00ae iDesign repose sur une conception individualis\u00e9e qui prend en compte la posture et le comportement visuel du porteur pour une exp\u00e9rience plus naturelle au quotidien.<br \/>&#8211; Varilux\u00ae Comfort 3.0 est un verre progressif reconnu pour sa fiabilit\u00e9 et sa facilit\u00e9 d\u2019adaptation, id\u00e9al pour une premi\u00e8re exp\u00e9rience Varilux\u00ae ou un usage classique.<\/p>\t\t\t\t\t\t\t\t<\/div>\n\t\t\t\t<\/div>\n\t\t\t\t\t<\/details>\n\t\t\t\t\t\t<details id=\"e-n-accordion-item-2542\" class=\"e-n-accordion-item\" >\n\t\t\t\t<summary class=\"e-n-accordion-item-title\" data-accordion-index=\"3\" tabindex=\"-1\" aria-expanded=\"false\" aria-controls=\"e-n-accordion-item-2542\" >\n\t\t\t\t\t<span class='e-n-accordion-item-title-header'><h4 class=\"e-n-accordion-item-title-text\"> \u00c0 qui s\u2019adresse Varilux\u00ae XR Track ? <\/h4><\/span>\n\t\t\t\t\t\t\t<span class='e-n-accordion-item-title-icon'>\n\t\t\t<span class='e-opened' ><svg aria-hidden=\"true\" class=\"e-font-icon-svg e-fas-minus\" viewBox=\"0 0 448 512\" xmlns=\"http:\/\/www.w3.org\/2000\/svg\"><path d=\"M416 208H32c-17.67 0-32 14.33-32 32v32c0 17.67 14.33 32 32 32h384c17.67 0 32-14.33 32-32v-32c0-17.67-14.33-32-32-32z\"><\/path><\/svg><\/span>\n\t\t\t<span class='e-closed'><svg aria-hidden=\"true\" class=\"e-font-icon-svg e-fas-plus\" viewBox=\"0 0 448 512\" xmlns=\"http:\/\/www.w3.org\/2000\/svg\"><path d=\"M416 208H272V64c0-17.67-14.33-32-32-32h-32c-17.67 0-32 14.33-32 32v144H32c-17.67 0-32 14.33-32 32v32c0 17.67 14.33 32 32 32h144v144c0 17.67 14.33 32 32 32h32c17.67 0 32-14.33 32-32V304h144c17.67 0 32-14.33 32-32v-32c0-17.67-14.33-32-32-32z\"><\/path><\/svg><\/span>\n\t\t<\/span>\n\n\t\t\t\t\t\t<\/summary>\n\t\t\t\t<div role=\"region\" aria-labelledby=\"e-n-accordion-item-2542\" class=\"elementor-element elementor-element-0589f1f e-con-full e-flex e-con e-child\" data-id=\"0589f1f\" data-element_type=\"container\" data-e-type=\"container\">\n\t\t\t\t<div class=\"elementor-element elementor-element-37d59ae elementor-widget elementor-widget-text-editor\" data-id=\"37d59ae\" data-element_type=\"widget\" data-e-type=\"widget\" data-widget_type=\"text-editor.default\">\n\t\t\t\t\t\t\t\t\t<p>Varilux\u00ae XR Track s\u2019adresse aux presbytes exigeants, actifs et souvent en mouvement, qui souhaitent une vision r\u00e9active et stable sans effort conscient. Ce verre est particuli\u00e8rement adapt\u00e9 aux personnes alternant fr\u00e9quemment entre \u00e9crans, lecture, d\u00e9placements et conduite.<\/p>\t\t\t\t\t\t\t\t<\/div>\n\t\t\t\t<\/div>\n\t\t\t\t\t<\/details>\n\t\t\t\t\t\t<details id=\"e-n-accordion-item-2543\" class=\"e-n-accordion-item\" >\n\t\t\t\t<summary class=\"e-n-accordion-item-title\" data-accordion-index=\"4\" tabindex=\"-1\" aria-expanded=\"false\" aria-controls=\"e-n-accordion-item-2543\" >\n\t\t\t\t\t<span class='e-n-accordion-item-title-header'><h4 class=\"e-n-accordion-item-title-text\"> Varilux\u00ae I Design est-il un verre personnalis\u00e9 ? <\/h4><\/span>\n\t\t\t\t\t\t\t<span class='e-n-accordion-item-title-icon'>\n\t\t\t<span class='e-opened' ><svg aria-hidden=\"true\" class=\"e-font-icon-svg e-fas-minus\" viewBox=\"0 0 448 512\" xmlns=\"http:\/\/www.w3.org\/2000\/svg\"><path d=\"M416 208H32c-17.67 0-32 14.33-32 32v32c0 17.67 14.33 32 32 32h384c17.67 0 32-14.33 32-32v-32c0-17.67-14.33-32-32-32z\"><\/path><\/svg><\/span>\n\t\t\t<span class='e-closed'><svg aria-hidden=\"true\" class=\"e-font-icon-svg e-fas-plus\" viewBox=\"0 0 448 512\" xmlns=\"http:\/\/www.w3.org\/2000\/svg\"><path d=\"M416 208H272V64c0-17.67-14.33-32-32-32h-32c-17.67 0-32 14.33-32 32v144H32c-17.67 0-32 14.33-32 32v32c0 17.67 14.33 32 32 32h144v144c0 17.67 14.33 32 32 32h32c17.67 0 32-14.33 32-32V304h144c17.67 0 32-14.33 32-32v-32c0-17.67-14.33-32-32-32z\"><\/path><\/svg><\/span>\n\t\t<\/span>\n\n\t\t\t\t\t\t<\/summary>\n\t\t\t\t<div role=\"region\" aria-labelledby=\"e-n-accordion-item-2543\" class=\"elementor-element elementor-element-1b1452b e-con-full e-flex e-con e-child\" data-id=\"1b1452b\" data-element_type=\"container\" data-e-type=\"container\">\n\t\t\t\t<div class=\"elementor-element elementor-element-ece2237 elementor-widget elementor-widget-text-editor\" data-id=\"ece2237\" data-element_type=\"widget\" data-e-type=\"widget\" data-widget_type=\"text-editor.default\">\n\t\t\t\t\t\t\t\t\t<p>Oui. Varilux\u00ae I Design est con\u00e7u sur mesure \u00e0 partir de param\u00e8tres individuels tels que la posture de lecture, la distance de travail et les habitudes visuelles. Cette personnalisation permet une transition plus naturelle entre les zones de vision et un confort accru au quotidien.<\/p>\t\t\t\t\t\t\t\t<\/div>\n\t\t\t\t<\/div>\n\t\t\t\t\t<\/details>\n\t\t\t\t\t\t<details id=\"e-n-accordion-item-2544\" class=\"e-n-accordion-item\" >\n\t\t\t\t<summary class=\"e-n-accordion-item-title\" data-accordion-index=\"5\" tabindex=\"-1\" aria-expanded=\"false\" aria-controls=\"e-n-accordion-item-2544\" >\n\t\t\t\t\t<span class='e-n-accordion-item-title-header'><h4 class=\"e-n-accordion-item-title-text\"> Varilux\u00ae Comfort 3.0 convient-il pour une premi\u00e8re paire de progressifs ? <\/h4><\/span>\n\t\t\t\t\t\t\t<span class='e-n-accordion-item-title-icon'>\n\t\t\t<span class='e-opened' ><svg aria-hidden=\"true\" class=\"e-font-icon-svg e-fas-minus\" viewBox=\"0 0 448 512\" xmlns=\"http:\/\/www.w3.org\/2000\/svg\"><path d=\"M416 208H32c-17.67 0-32 14.33-32 32v32c0 17.67 14.33 32 32 32h384c17.67 0 32-14.33 32-32v-32c0-17.67-14.33-32-32-32z\"><\/path><\/svg><\/span>\n\t\t\t<span class='e-closed'><svg aria-hidden=\"true\" class=\"e-font-icon-svg e-fas-plus\" viewBox=\"0 0 448 512\" xmlns=\"http:\/\/www.w3.org\/2000\/svg\"><path d=\"M416 208H272V64c0-17.67-14.33-32-32-32h-32c-17.67 0-32 14.33-32 32v144H32c-17.67 0-32 14.33-32 32v32c0 17.67 14.33 32 32 32h144v144c0 17.67 14.33 32 32 32h32c17.67 0 32-14.33 32-32V304h144c17.67 0 32-14.33 32-32v-32c0-17.67-14.33-32-32-32z\"><\/path><\/svg><\/span>\n\t\t<\/span>\n\n\t\t\t\t\t\t<\/summary>\n\t\t\t\t<div role=\"region\" aria-labelledby=\"e-n-accordion-item-2544\" class=\"elementor-element elementor-element-16b725b e-flex e-con-boxed e-con e-child\" data-id=\"16b725b\" data-element_type=\"container\" data-e-type=\"container\">\n\t\t\t\t\t<div class=\"e-con-inner\">\n\t\t\t\t<div class=\"elementor-element elementor-element-e5f1bc3 elementor-widget elementor-widget-text-editor\" data-id=\"e5f1bc3\" data-element_type=\"widget\" data-e-type=\"widget\" data-widget_type=\"text-editor.default\">\n\t\t\t\t\t\t\t\t\t<p>Absolument. Varilux\u00ae Comfort 3.0 est souvent recommand\u00e9 pour une premi\u00e8re adaptation aux verres progressifs. Sa conception privil\u00e9gie une prise en main visuelle simple, une bonne stabilit\u00e9 d\u2019image et un confort constant dans les usages courants.<\/p>\t\t\t\t\t\t\t\t<\/div>\n\t\t\t\t\t<\/div>\n\t\t\t\t<\/div>\n\t\t\t\t\t<\/details>\n\t\t\t\t\t\t<details id=\"e-n-accordion-item-2545\" class=\"e-n-accordion-item\" >\n\t\t\t\t<summary class=\"e-n-accordion-item-title\" data-accordion-index=\"6\" tabindex=\"-1\" aria-expanded=\"false\" aria-controls=\"e-n-accordion-item-2545\" >\n\t\t\t\t\t<span class='e-n-accordion-item-title-header'><h4 class=\"e-n-accordion-item-title-text\"> Les verres Varilux\u00ae n\u00e9cessitent-ils un temps d\u2019adaptation ? <\/h4><\/span>\n\t\t\t\t\t\t\t<span class='e-n-accordion-item-title-icon'>\n\t\t\t<span class='e-opened' ><svg aria-hidden=\"true\" class=\"e-font-icon-svg e-fas-minus\" viewBox=\"0 0 448 512\" xmlns=\"http:\/\/www.w3.org\/2000\/svg\"><path d=\"M416 208H32c-17.67 0-32 14.33-32 32v32c0 17.67 14.33 32 32 32h384c17.67 0 32-14.33 32-32v-32c0-17.67-14.33-32-32-32z\"><\/path><\/svg><\/span>\n\t\t\t<span class='e-closed'><svg aria-hidden=\"true\" class=\"e-font-icon-svg e-fas-plus\" viewBox=\"0 0 448 512\" xmlns=\"http:\/\/www.w3.org\/2000\/svg\"><path d=\"M416 208H272V64c0-17.67-14.33-32-32-32h-32c-17.67 0-32 14.33-32 32v144H32c-17.67 0-32 14.33-32 32v32c0 17.67 14.33 32 32 32h144v144c0 17.67 14.33 32 32 32h32c17.67 0 32-14.33 32-32V304h144c17.67 0 32-14.33 32-32v-32c0-17.67-14.33-32-32-32z\"><\/path><\/svg><\/span>\n\t\t<\/span>\n\n\t\t\t\t\t\t<\/summary>\n\t\t\t\t<div role=\"region\" aria-labelledby=\"e-n-accordion-item-2545\" class=\"elementor-element elementor-element-8eeb14c e-flex e-con-boxed e-con e-child\" data-id=\"8eeb14c\" data-element_type=\"container\" data-e-type=\"container\">\n\t\t\t\t\t<div class=\"e-con-inner\">\n\t\t\t\t<div class=\"elementor-element elementor-element-dbff4aa elementor-widget elementor-widget-text-editor\" data-id=\"dbff4aa\" data-element_type=\"widget\" data-e-type=\"widget\" data-widget_type=\"text-editor.default\">\n\t\t\t\t\t\t\t\t\t<p>Oui, comme tout verre progressif, un temps d\u2019adaptation est possible. Toutefois, les technologies Varilux\u00ae sont con\u00e7ues pour r\u00e9duire significativement cette phase, notamment gr\u00e2ce \u00e0 une meilleure stabilit\u00e9 de l\u2019image et \u00e0 des champs de vision optimis\u00e9s.<\/p>\t\t\t\t\t\t\t\t<\/div>\n\t\t\t\t\t<\/div>\n\t\t\t\t<\/div>\n\t\t\t\t\t<\/details>\n\t\t\t\t\t\t<details id=\"e-n-accordion-item-2546\" class=\"e-n-accordion-item\" >\n\t\t\t\t<summary class=\"e-n-accordion-item-title\" data-accordion-index=\"7\" tabindex=\"-1\" aria-expanded=\"false\" aria-controls=\"e-n-accordion-item-2546\" >\n\t\t\t\t\t<span class='e-n-accordion-item-title-header'><h4 class=\"e-n-accordion-item-title-text\"> Les verres Varilux\u00ae sont-ils compatibles avec toutes les montures ? <\/h4><\/span>\n\t\t\t\t\t\t\t<span class='e-n-accordion-item-title-icon'>\n\t\t\t<span class='e-opened' ><svg aria-hidden=\"true\" class=\"e-font-icon-svg e-fas-minus\" viewBox=\"0 0 448 512\" xmlns=\"http:\/\/www.w3.org\/2000\/svg\"><path d=\"M416 208H32c-17.67 0-32 14.33-32 32v32c0 17.67 14.33 32 32 32h384c17.67 0 32-14.33 32-32v-32c0-17.67-14.33-32-32-32z\"><\/path><\/svg><\/span>\n\t\t\t<span class='e-closed'><svg aria-hidden=\"true\" class=\"e-font-icon-svg e-fas-plus\" viewBox=\"0 0 448 512\" xmlns=\"http:\/\/www.w3.org\/2000\/svg\"><path d=\"M416 208H272V64c0-17.67-14.33-32-32-32h-32c-17.67 0-32 14.33-32 32v144H32c-17.67 0-32 14.33-32 32v32c0 17.67 14.33 32 32 32h144v144c0 17.67 14.33 32 32 32h32c17.67 0 32-14.33 32-32V304h144c17.67 0 32-14.33 32-32v-32c0-17.67-14.33-32-32-32z\"><\/path><\/svg><\/span>\n\t\t<\/span>\n\n\t\t\t\t\t\t<\/summary>\n\t\t\t\t<div role=\"region\" aria-labelledby=\"e-n-accordion-item-2546\" class=\"elementor-element elementor-element-1ffa4e9 e-flex e-con-boxed e-con e-child\" data-id=\"1ffa4e9\" data-element_type=\"container\" data-e-type=\"container\">\n\t\t\t\t\t<div class=\"e-con-inner\">\n\t\t\t\t<div class=\"elementor-element elementor-element-0fcbbbe elementor-widget elementor-widget-text-editor\" data-id=\"0fcbbbe\" data-element_type=\"widget\" data-e-type=\"widget\" data-widget_type=\"text-editor.default\">\n\t\t\t\t\t\t\t\t\t<p>La majorit\u00e9 des montures sont compatibles avec les verres Varilux\u00ae. N\u00e9anmoins, certaines formes ou hauteurs de monture n\u00e9cessitent un choix pr\u00e9cis du mod\u00e8le de verre afin de garantir un centrage optimal et une performance visuelle maximale.<\/p>\t\t\t\t\t\t\t\t<\/div>\n\t\t\t\t\t<\/div>\n\t\t\t\t<\/div>\n\t\t\t\t\t<\/details>\n\t\t\t\t\t\t<details id=\"e-n-accordion-item-2547\" class=\"e-n-accordion-item\" >\n\t\t\t\t<summary class=\"e-n-accordion-item-title\" data-accordion-index=\"8\" tabindex=\"-1\" aria-expanded=\"false\" aria-controls=\"e-n-accordion-item-2547\" >\n\t\t\t\t\t<span class='e-n-accordion-item-title-header'><h4 class=\"e-n-accordion-item-title-text\"> Pourquoi faire appel \u00e0 un opticien pour choisir ses verres Varilux\u00ae ? <\/h4><\/span>\n\t\t\t\t\t\t\t<span class='e-n-accordion-item-title-icon'>\n\t\t\t<span class='e-opened' ><svg aria-hidden=\"true\" class=\"e-font-icon-svg e-fas-minus\" viewBox=\"0 0 448 512\" xmlns=\"http:\/\/www.w3.org\/2000\/svg\"><path d=\"M416 208H32c-17.67 0-32 14.33-32 32v32c0 17.67 14.33 32 32 32h384c17.67 0 32-14.33 32-32v-32c0-17.67-14.33-32-32-32z\"><\/path><\/svg><\/span>\n\t\t\t<span class='e-closed'><svg aria-hidden=\"true\" class=\"e-font-icon-svg e-fas-plus\" viewBox=\"0 0 448 512\" xmlns=\"http:\/\/www.w3.org\/2000\/svg\"><path d=\"M416 208H272V64c0-17.67-14.33-32-32-32h-32c-17.67 0-32 14.33-32 32v144H32c-17.67 0-32 14.33-32 32v32c0 17.67 14.33 32 32 32h144v144c0 17.67 14.33 32 32 32h32c17.67 0 32-14.33 32-32V304h144c17.67 0 32-14.33 32-32v-32c0-17.67-14.33-32-32-32z\"><\/path><\/svg><\/span>\n\t\t<\/span>\n\n\t\t\t\t\t\t<\/summary>\n\t\t\t\t<div role=\"region\" aria-labelledby=\"e-n-accordion-item-2547\" class=\"elementor-element elementor-element-a53a7be e-flex e-con-boxed e-con e-child\" data-id=\"a53a7be\" data-element_type=\"container\" data-e-type=\"container\">\n\t\t\t\t\t<div class=\"e-con-inner\">\n\t\t\t\t<div class=\"elementor-element elementor-element-8fca8b4 elementor-widget elementor-widget-text-editor\" data-id=\"8fca8b4\" data-element_type=\"widget\" data-e-type=\"widget\" data-widget_type=\"text-editor.default\">\n\t\t\t\t\t\t\t\t\t<p>Le choix d\u2019un verre progressif Varilux\u00ae ne repose pas uniquement sur la correction. Il d\u00e9pend aussi du mode de vie, des habitudes visuelles et du port de la monture. L\u2019opticien joue un r\u00f4le cl\u00e9 dans l\u2019analyse des besoins, la prise de mesures pr\u00e9cises et le suivi de l\u2019adaptation.<\/p>\t\t\t\t\t\t\t\t<\/div>\n\t\t\t\t\t<\/div>\n\t\t\t\t<\/div>\n\t\t\t\t\t<\/details>\n\t\t\t\t\t<\/div>\n\t\t\t\t\t\t<\/div>\n\t\t\t\t\t<\/div>\n\t\t\t\t<\/div>\n\t\t<div class=\"elementor-element elementor-element-ee5bb46 ao_basgris e-flex e-con-boxed e-con e-parent\" data-id=\"ee5bb46\" data-element_type=\"container\" data-e-type=\"container\">\n\t\t\t\t\t<div class=\"e-con-inner\">\n\t\t\t\t<div class=\"elementor-element elementor-element-f89a7d0 elementor-widget elementor-widget-text-editor\" data-id=\"f89a7d0\" data-element_type=\"widget\" data-e-type=\"widget\" data-widget_type=\"text-editor.default\">\n\t\t\t\t\t\t\t\t\t<p>1. Appellations Varilux\u00ae : les d\u00e9nominations Varilux\u00ae XR Track, Varilux\u00ae iDesign et Varilux\u00ae Comfort 3.0 d\u00e9signent des gammes de verres progressifs d\u00e9velopp\u00e9es par Essilor.<br \/>2. Performances visuelles : le confort visuel et le temps d\u2019adaptation peuvent varier selon la correction, la morphologie, la monture et les habitudes visuelles du porteur.<br \/>3. Verres progressifs : les verres Varilux\u00ae sont destin\u00e9s \u00e0 la correction de la presbytie et peuvent n\u00e9cessiter une phase d\u2019adaptation.<br \/>4. Mati\u00e8res de verres : Orma\u00ae 1,50, Ormix\u00ae 1,60, Stylis\u00ae 1,67 et Lin\u00e9is\u00ae 1,74 correspondent \u00e0 diff\u00e9rents mat\u00e9riaux et indices de r\u00e9fraction, choisis selon la correction et la monture.<br \/>5. \u00c9paisseur et esth\u00e9tique : l\u2019\u00e9paisseur finale d\u2019un verre d\u00e9pend de l\u2019indice, de la correction, du diam\u00e8tre et du centrage de la monture.<br \/>6. EPS\u2122 : Eye Protect System\u2122 contribue \u00e0 r\u00e9duire l\u2019exposition \u00e0 certaines longueurs d\u2019onde de la lumi\u00e8re bleue. Il ne remplace pas un suivi ophtalmologique.<br \/>7. Crizal\u00ae : les traitements Crizal\u00ae Sapphire\u2122 HR et Crizal\u00ae Easy Pro am\u00e9liorent la transparence et l\u2019entretien des verres, sous r\u00e9serve d\u2019un usage et d\u2019un entretien adapt\u00e9s.<br \/>8. Usure et entretien : les traitements de surface sont soumis \u00e0 une usure normale li\u00e9e \u00e0 l\u2019utilisation quotidienne.<br \/>9. Transitions\u00ae : les verres Transitions\u00ae adaptent leur teinte \u00e0 l\u2019exposition aux UV. Le niveau et la vitesse de fonce\u00adment peuvent varier selon l\u2019environnement.<br \/>10. Compatibilit\u00e9 montures : toutes les montures ne sont pas compatibles avec l\u2019ensemble des gammes, mat\u00e9riaux et traitements propos\u00e9s.<br \/>11. Les informations pr\u00e9sent\u00e9es sont non contractuelles. Les caract\u00e9ristiques d\u00e9finitives figurent sur le devis et la facture.<\/p>\t\t\t\t\t\t\t\t<\/div>\n\t\t\t\t\t<\/div>\n\t\t\t\t<\/div>\n\t\t\t\t<\/div>\n\t\t","protected":false},"excerpt":{"rendered":"<p>Un cr\u00e9dit vous engage et doit \u00eatre rembours\u00e9.V\u00e9rifiez vos capacit\u00e9s de remboursement avant de vous engager. Paiement en plusieurs fois. Le paiement en plusieurs fois est propos\u00e9 via notre partenaire Alma. La s\u00e9curisation des paiements est assur\u00e9e par Alma et ses partenaires. &#8211; Conditions : ce type de paiement est r\u00e9serv\u00e9 aux particuliers r\u00e9sidant en [&hellip;]<\/p>\n","protected":false},"author":1,"featured_media":783,"parent":0,"menu_order":0,"comment_status":"closed","ping_status":"closed","template":"","meta":{"_acf_changed":false,"footnotes":""},"class_list":["post-265","page","type-page","status-publish","has-post-thumbnail","hentry"],"acf":[],"yoast_head":"<!-- This site is optimized with the Yoast SEO plugin v27.5 - https:\/\/yoast.com\/product\/yoast-seo-wordpress\/ -->\n<title>Acheter un verre Essilor\u00ae Varilux\u00ae | Archimbaud Opticien<\/title>\n<meta name=\"description\" content=\"D\u00e9couvrez les verres Essilor\u00ae Varilux\u00ae : une vision fluide \u00e0 toutes distances, un confort de lecture optimal et des solutions adapt\u00e9es \u00e0 votre quotidien. Conseils d\u2019expert et accompagnement personnalis\u00e9.\" \/>\n<meta name=\"robots\" content=\"index, follow, max-snippet:-1, max-image-preview:large, max-video-preview:-1\" \/>\n<link rel=\"canonical\" href=\"https:\/\/www.archimbaudopticien.com\/diag\/acheter-essilor-varilux\/\" \/>\n<meta property=\"og:locale\" content=\"fr_FR\" \/>\n<meta property=\"og:type\" content=\"article\" \/>\n<meta property=\"og:title\" content=\"Acheter un verre Essilor\u00ae Varilux\u00ae | Archimbaud Opticien\" \/>\n<meta property=\"og:description\" content=\"D\u00e9couvrez les verres Essilor\u00ae Varilux\u00ae : une vision fluide \u00e0 toutes distances, un confort de lecture optimal et des solutions adapt\u00e9es \u00e0 votre quotidien. Conseils d\u2019expert et accompagnement personnalis\u00e9.\" \/>\n<meta property=\"og:url\" content=\"https:\/\/www.archimbaudopticien.com\/diag\/acheter-essilor-varilux\/\" \/>\n<meta property=\"og:site_name\" content=\"Archimbaud Opticien\" \/>\n<meta property=\"article:modified_time\" content=\"2026-02-04T20:50:33+00:00\" \/>\n<meta property=\"og:image\" content=\"https:\/\/www.archimbaudopticien.com\/diag\/wp-content\/uploads\/2026\/02\/essilor-varilux-gammes-archimbaud-opticien.jpg\" \/>\n\t<meta property=\"og:image:width\" content=\"600\" \/>\n\t<meta property=\"og:image:height\" content=\"750\" \/>\n\t<meta property=\"og:image:type\" content=\"image\/jpeg\" \/>\n<meta name=\"twitter:card\" content=\"summary_large_image\" \/>\n<meta name=\"twitter:label1\" content=\"Dur\u00e9e de lecture estim\u00e9e\" \/>\n\t<meta name=\"twitter:data1\" content=\"11 minutes\" \/>\n<script type=\"application\/ld+json\" class=\"yoast-schema-graph\">{\"@context\":\"https:\\\/\\\/schema.org\",\"@graph\":[{\"@type\":\"WebPage\",\"@id\":\"https:\\\/\\\/www.archimbaudopticien.com\\\/diag\\\/acheter-essilor-varilux\\\/\",\"url\":\"https:\\\/\\\/www.archimbaudopticien.com\\\/diag\\\/acheter-essilor-varilux\\\/\",\"name\":\"Acheter un verre Essilor\u00ae Varilux\u00ae | Archimbaud Opticien\",\"isPartOf\":{\"@id\":\"https:\\\/\\\/www.archimbaudopticien.com\\\/diag\\\/#website\"},\"primaryImageOfPage\":{\"@id\":\"https:\\\/\\\/www.archimbaudopticien.com\\\/diag\\\/acheter-essilor-varilux\\\/#primaryimage\"},\"image\":{\"@id\":\"https:\\\/\\\/www.archimbaudopticien.com\\\/diag\\\/acheter-essilor-varilux\\\/#primaryimage\"},\"thumbnailUrl\":\"https:\\\/\\\/www.archimbaudopticien.com\\\/diag\\\/wp-content\\\/uploads\\\/2026\\\/02\\\/essilor-varilux-gammes-archimbaud-opticien.jpg\",\"datePublished\":\"2026-01-12T12:45:14+00:00\",\"dateModified\":\"2026-02-04T20:50:33+00:00\",\"description\":\"D\u00e9couvrez les verres Essilor\u00ae Varilux\u00ae : une vision fluide \u00e0 toutes distances, un confort de lecture optimal et des solutions adapt\u00e9es \u00e0 votre quotidien. Conseils d\u2019expert et accompagnement personnalis\u00e9.\",\"breadcrumb\":{\"@id\":\"https:\\\/\\\/www.archimbaudopticien.com\\\/diag\\\/acheter-essilor-varilux\\\/#breadcrumb\"},\"inLanguage\":\"fr-FR\",\"potentialAction\":[{\"@type\":\"ReadAction\",\"target\":[\"https:\\\/\\\/www.archimbaudopticien.com\\\/diag\\\/acheter-essilor-varilux\\\/\"]}]},{\"@type\":\"ImageObject\",\"inLanguage\":\"fr-FR\",\"@id\":\"https:\\\/\\\/www.archimbaudopticien.com\\\/diag\\\/acheter-essilor-varilux\\\/#primaryimage\",\"url\":\"https:\\\/\\\/www.archimbaudopticien.com\\\/diag\\\/wp-content\\\/uploads\\\/2026\\\/02\\\/essilor-varilux-gammes-archimbaud-opticien.jpg\",\"contentUrl\":\"https:\\\/\\\/www.archimbaudopticien.com\\\/diag\\\/wp-content\\\/uploads\\\/2026\\\/02\\\/essilor-varilux-gammes-archimbaud-opticien.jpg\",\"width\":600,\"height\":750},{\"@type\":\"BreadcrumbList\",\"@id\":\"https:\\\/\\\/www.archimbaudopticien.com\\\/diag\\\/acheter-essilor-varilux\\\/#breadcrumb\",\"itemListElement\":[{\"@type\":\"ListItem\",\"position\":1,\"name\":\"Accueil\",\"item\":\"https:\\\/\\\/www.archimbaudopticien.com\\\/diag\\\/\"},{\"@type\":\"ListItem\",\"position\":2,\"name\":\"Acheter un verre Essilor\u00ae Varilux\u00ae\"}]},{\"@type\":\"WebSite\",\"@id\":\"https:\\\/\\\/www.archimbaudopticien.com\\\/diag\\\/#website\",\"url\":\"https:\\\/\\\/www.archimbaudopticien.com\\\/diag\\\/\",\"name\":\"Archimbaud Opticien\",\"description\":\"\",\"publisher\":{\"@id\":\"https:\\\/\\\/www.archimbaudopticien.com\\\/diag\\\/#organization\"},\"potentialAction\":[{\"@type\":\"SearchAction\",\"target\":{\"@type\":\"EntryPoint\",\"urlTemplate\":\"https:\\\/\\\/www.archimbaudopticien.com\\\/diag\\\/?s={search_term_string}\"},\"query-input\":{\"@type\":\"PropertyValueSpecification\",\"valueRequired\":true,\"valueName\":\"search_term_string\"}}],\"inLanguage\":\"fr-FR\"},{\"@type\":\"Organization\",\"@id\":\"https:\\\/\\\/www.archimbaudopticien.com\\\/diag\\\/#organization\",\"name\":\"Archimbaud Opticien\",\"url\":\"https:\\\/\\\/www.archimbaudopticien.com\\\/diag\\\/\",\"logo\":{\"@type\":\"ImageObject\",\"inLanguage\":\"fr-FR\",\"@id\":\"https:\\\/\\\/www.archimbaudopticien.com\\\/diag\\\/#\\\/schema\\\/logo\\\/image\\\/\",\"url\":\"https:\\\/\\\/www.archimbaudopticien.com\\\/diag\\\/wp-content\\\/uploads\\\/2026\\\/02\\\/logo-1664963842.png\",\"contentUrl\":\"https:\\\/\\\/www.archimbaudopticien.com\\\/diag\\\/wp-content\\\/uploads\\\/2026\\\/02\\\/logo-1664963842.png\",\"width\":600,\"height\":54,\"caption\":\"Archimbaud Opticien\"},\"image\":{\"@id\":\"https:\\\/\\\/www.archimbaudopticien.com\\\/diag\\\/#\\\/schema\\\/logo\\\/image\\\/\"}}]}<\/script>\n<!-- \/ Yoast SEO plugin. -->","yoast_head_json":{"title":"Acheter un verre Essilor\u00ae Varilux\u00ae | Archimbaud Opticien","description":"D\u00e9couvrez les verres Essilor\u00ae Varilux\u00ae : une vision fluide \u00e0 toutes distances, un confort de lecture optimal et des solutions adapt\u00e9es \u00e0 votre quotidien. Conseils d\u2019expert et accompagnement personnalis\u00e9.","robots":{"index":"index","follow":"follow","max-snippet":"max-snippet:-1","max-image-preview":"max-image-preview:large","max-video-preview":"max-video-preview:-1"},"canonical":"https:\/\/www.archimbaudopticien.com\/diag\/acheter-essilor-varilux\/","og_locale":"fr_FR","og_type":"article","og_title":"Acheter un verre Essilor\u00ae Varilux\u00ae | Archimbaud Opticien","og_description":"D\u00e9couvrez les verres Essilor\u00ae Varilux\u00ae : une vision fluide \u00e0 toutes distances, un confort de lecture optimal et des solutions adapt\u00e9es \u00e0 votre quotidien. Conseils d\u2019expert et accompagnement personnalis\u00e9.","og_url":"https:\/\/www.archimbaudopticien.com\/diag\/acheter-essilor-varilux\/","og_site_name":"Archimbaud Opticien","article_modified_time":"2026-02-04T20:50:33+00:00","og_image":[{"width":600,"height":750,"url":"https:\/\/www.archimbaudopticien.com\/diag\/wp-content\/uploads\/2026\/02\/essilor-varilux-gammes-archimbaud-opticien.jpg","type":"image\/jpeg"}],"twitter_card":"summary_large_image","twitter_misc":{"Dur\u00e9e de lecture estim\u00e9e":"11 minutes"},"schema":{"@context":"https:\/\/schema.org","@graph":[{"@type":"WebPage","@id":"https:\/\/www.archimbaudopticien.com\/diag\/acheter-essilor-varilux\/","url":"https:\/\/www.archimbaudopticien.com\/diag\/acheter-essilor-varilux\/","name":"Acheter un verre Essilor\u00ae Varilux\u00ae | Archimbaud Opticien","isPartOf":{"@id":"https:\/\/www.archimbaudopticien.com\/diag\/#website"},"primaryImageOfPage":{"@id":"https:\/\/www.archimbaudopticien.com\/diag\/acheter-essilor-varilux\/#primaryimage"},"image":{"@id":"https:\/\/www.archimbaudopticien.com\/diag\/acheter-essilor-varilux\/#primaryimage"},"thumbnailUrl":"https:\/\/www.archimbaudopticien.com\/diag\/wp-content\/uploads\/2026\/02\/essilor-varilux-gammes-archimbaud-opticien.jpg","datePublished":"2026-01-12T12:45:14+00:00","dateModified":"2026-02-04T20:50:33+00:00","description":"D\u00e9couvrez les verres Essilor\u00ae Varilux\u00ae : une vision fluide \u00e0 toutes distances, un confort de lecture optimal et des solutions adapt\u00e9es \u00e0 votre quotidien. Conseils d\u2019expert et accompagnement personnalis\u00e9.","breadcrumb":{"@id":"https:\/\/www.archimbaudopticien.com\/diag\/acheter-essilor-varilux\/#breadcrumb"},"inLanguage":"fr-FR","potentialAction":[{"@type":"ReadAction","target":["https:\/\/www.archimbaudopticien.com\/diag\/acheter-essilor-varilux\/"]}]},{"@type":"ImageObject","inLanguage":"fr-FR","@id":"https:\/\/www.archimbaudopticien.com\/diag\/acheter-essilor-varilux\/#primaryimage","url":"https:\/\/www.archimbaudopticien.com\/diag\/wp-content\/uploads\/2026\/02\/essilor-varilux-gammes-archimbaud-opticien.jpg","contentUrl":"https:\/\/www.archimbaudopticien.com\/diag\/wp-content\/uploads\/2026\/02\/essilor-varilux-gammes-archimbaud-opticien.jpg","width":600,"height":750},{"@type":"BreadcrumbList","@id":"https:\/\/www.archimbaudopticien.com\/diag\/acheter-essilor-varilux\/#breadcrumb","itemListElement":[{"@type":"ListItem","position":1,"name":"Accueil","item":"https:\/\/www.archimbaudopticien.com\/diag\/"},{"@type":"ListItem","position":2,"name":"Acheter un verre Essilor\u00ae Varilux\u00ae"}]},{"@type":"WebSite","@id":"https:\/\/www.archimbaudopticien.com\/diag\/#website","url":"https:\/\/www.archimbaudopticien.com\/diag\/","name":"Archimbaud Opticien","description":"","publisher":{"@id":"https:\/\/www.archimbaudopticien.com\/diag\/#organization"},"potentialAction":[{"@type":"SearchAction","target":{"@type":"EntryPoint","urlTemplate":"https:\/\/www.archimbaudopticien.com\/diag\/?s={search_term_string}"},"query-input":{"@type":"PropertyValueSpecification","valueRequired":true,"valueName":"search_term_string"}}],"inLanguage":"fr-FR"},{"@type":"Organization","@id":"https:\/\/www.archimbaudopticien.com\/diag\/#organization","name":"Archimbaud Opticien","url":"https:\/\/www.archimbaudopticien.com\/diag\/","logo":{"@type":"ImageObject","inLanguage":"fr-FR","@id":"https:\/\/www.archimbaudopticien.com\/diag\/#\/schema\/logo\/image\/","url":"https:\/\/www.archimbaudopticien.com\/diag\/wp-content\/uploads\/2026\/02\/logo-1664963842.png","contentUrl":"https:\/\/www.archimbaudopticien.com\/diag\/wp-content\/uploads\/2026\/02\/logo-1664963842.png","width":600,"height":54,"caption":"Archimbaud Opticien"},"image":{"@id":"https:\/\/www.archimbaudopticien.com\/diag\/#\/schema\/logo\/image\/"}}]}},"_links":{"self":[{"href":"https:\/\/www.archimbaudopticien.com\/diag\/wp-json\/wp\/v2\/pages\/265","targetHints":{"allow":["GET"]}}],"collection":[{"href":"https:\/\/www.archimbaudopticien.com\/diag\/wp-json\/wp\/v2\/pages"}],"about":[{"href":"https:\/\/www.archimbaudopticien.com\/diag\/wp-json\/wp\/v2\/types\/page"}],"author":[{"embeddable":true,"href":"https:\/\/www.archimbaudopticien.com\/diag\/wp-json\/wp\/v2\/users\/1"}],"replies":[{"embeddable":true,"href":"https:\/\/www.archimbaudopticien.com\/diag\/wp-json\/wp\/v2\/comments?post=265"}],"version-history":[{"count":61,"href":"https:\/\/www.archimbaudopticien.com\/diag\/wp-json\/wp\/v2\/pages\/265\/revisions"}],"predecessor-version":[{"id":796,"href":"https:\/\/www.archimbaudopticien.com\/diag\/wp-json\/wp\/v2\/pages\/265\/revisions\/796"}],"wp:featuredmedia":[{"embeddable":true,"href":"https:\/\/www.archimbaudopticien.com\/diag\/wp-json\/wp\/v2\/media\/783"}],"wp:attachment":[{"href":"https:\/\/www.archimbaudopticien.com\/diag\/wp-json\/wp\/v2\/media?parent=265"}],"curies":[{"name":"wp","href":"https:\/\/api.w.org\/{rel}","templated":true}]}}