{"id":316,"date":"2026-01-14T12:33:18","date_gmt":"2026-01-14T11:33:18","guid":{"rendered":"https:\/\/archimbaudopticien.com\/diag\/?page_id=316"},"modified":"2026-02-04T22:28:08","modified_gmt":"2026-02-04T21:28:08","slug":"acheter-essilor-varilux-digitime","status":"publish","type":"page","link":"https:\/\/www.archimbaudopticien.com\/diag\/acheter-essilor-varilux-digitime\/","title":{"rendered":"Acheter un verre Essilor\u00ae Varilux\u00ae Digitime\u2122"},"content":{"rendered":"\t\t<div data-elementor-type=\"wp-page\" data-elementor-id=\"316\" class=\"elementor elementor-316\" data-elementor-post-type=\"page\">\n\t\t\t\t<div class=\"elementor-element elementor-element-5ee129f e-flex e-con-boxed e-con e-parent\" data-id=\"5ee129f\" data-element_type=\"container\" data-e-type=\"container\">\n\t\t\t\t\t<div class=\"e-con-inner\">\n\t\t\t\t<div class=\"elementor-element elementor-element-f2a2ed elementor-widget elementor-widget-shortcode\" data-id=\"f2a2ed\" data-element_type=\"widget\" data-e-type=\"widget\" data-widget_type=\"shortcode.default\">\n\t\t\t\t\t\t\t<div class=\"elementor-shortcode\"><div class=\"calculateur-layout is-style-wide\" data-gamme=\"4\">\r\n    <div class=\"rc-progress-scrollbar-container\">\r\n        <div class=\"rc-progress-scrollbar-steps\">\r\n            <div class=\"rc-progress-scrollbar-indicator\"><\/div>\r\n            <div class=\"steps\">\r\n                <div class=\"step\" data-step=\"1\"><span><\/span><\/div>\r\n                <div class=\"step\" data-step=\"2\"><span><\/span><\/div>\r\n                <div class=\"step\" data-step=\"3\"><span><\/span><\/div>\r\n                <div class=\"step\" data-step=\"4\"><span><\/span><\/div>\r\n                <div class=\"step\" data-step=\"5\"><span><\/span><\/div>\r\n                <div class=\"step\" data-step=\"6\"><span><\/span><\/div>\r\n            <\/div>\r\n        <\/div>\r\n    <\/div>\r\n    <div class=\"header-infos\">\r\n        <div class=\"bloc-ttl\">\r\n            <h2 class=\"gamme-ttl\">Varilux\u00ae Immersia\u2122<\/h2>\r\n            <div class=\"dyn-info info-dynamic\" data-dtotalprice=\"0\" data-mns=\"4\">\u00c0 partir de <span class=\"dyn-price\"><\/span> ou <span class=\"dyn-mensualite\"><\/span>\/mois pour <span class=\"mensualite\">4<\/span> mois \u00e0 0% taux d\u00e9biteur**<\/div>\r\n        <\/div>\r\n    <\/div>\r\n    <div class=\"bloc-desc\">Les verres Varilux\u00ae Immersia\u2122 sont des verres progressifs con\u00e7us pour un confort visuel optimal dans un usage quotidien et num\u00e9rique.<\/div>\r\n    <div class=\"option-line\">\r\n        <div class=\"option-label\">\r\n            <strong>Monture.<\/strong>\r\n            <span>Quel mod\u00e8le vous faut-il ?<\/span>\r\n        <\/div>\r\n        <input type=\"text\" id=\"monture-1\" class=\"option-price-input\" placeholder=\"0\" value=\"\">\r\n        <span class=\"currency\">\u20ac<\/span>\r\n    <\/div>\r\n\r\n    <div class=\"calculateur-left\">\r\n        <div class=\"sticky-image\">\r\n            <div class=\"slide for-step-1\"><a href=\"https:\/\/www.archimbaudopticien.com\/diag\/wp-content\/uploads\/2026\/01\/Vx-Digitime-Mid-cz-sapphire-1024x683.jpg\" data-fancybox=\"gallery\"><img decoding=\"async\" src=\"https:\/\/www.archimbaudopticien.com\/diag\/wp-content\/uploads\/2026\/01\/Vx-Digitime-Mid-cz-sapphire-1024x683.jpg\" alt=\"\"><\/a><\/div>\r\n        <\/div>\r\n    <\/div>\r\n    <div class=\"calculateur-right\">\r\n        <form class=\"calculateur-form\" id=\"request-form\">\r\n            <input type=\"hidden\" name=\"monture-1-val\" id=\"monture-1-val\" value=\"0\" \/>\r\n            <input type=\"hidden\" name=\"mensualite\" value=\"4\" \/>\r\n            <div class=\"cu-step\" id=\"step-1\">\r\n                <div class=\"step-sttl\"><p>Choisissez la version adapt\u00e9e \u00e0 vos besoins.<\/p>\n<\/div>\r\n                <div class=\"steps-elements\">\r\n                    <div class=\"img-mobile\"><a href=\"https:\/\/www.archimbaudopticien.com\/diag\/wp-content\/uploads\/2026\/01\/Vx-Digitime-Mid-cz-sapphire-1024x683.jpg\" data-fancybox=\"gallery-mobile\"><img decoding=\"async\" src=\"https:\/\/www.archimbaudopticien.com\/diag\/wp-content\/uploads\/2026\/01\/Vx-Digitime-Mid-cz-sapphire-1024x683.jpg\" alt=\"\"><\/a><\/div>\r\n                                            <label class=\"calc-radio\">\r\n                            <input type=\"radio\" data-label=\"Varilux\u00ae Immersia\u00ae Mid\" data-pricex2=\"318\" data-price=\"159\"\r\n                                name=\"step1\"\r\n                                value=\"271\"\r\n                                data-image=\"https:\/\/www.archimbaudopticien.com\/diag\/wp-content\/uploads\/2026\/01\/Vx-Digitime-Mid-cz-sapphire-1024x683.jpg\">\r\n\r\n                            <span class=\"step-title\">Varilux\u00ae Immersia\u00ae Mid<\/span>\r\n                            <span class=\"step-price\">\r\n                                \u00c0 partir de <span class=\"dyp\">159\u20ac<\/span> ou <br \/> <span class=\"dym\">39.75\u20ac<\/span>\/mois \u00e0 0%                            <\/span>\r\n                        <\/label>\r\n                                            <label class=\"calc-radio\">\r\n                            <input type=\"radio\" data-label=\"Varilux\u00ae Immersia\u00ae Room\" data-pricex2=\"318\" data-price=\"159\"\r\n                                name=\"step1\"\r\n                                value=\"273\"\r\n                                data-image=\"https:\/\/www.archimbaudopticien.com\/diag\/wp-content\/uploads\/2026\/01\/Vx-Digitime-Room-cz-sapphire-1024x683.jpg\">\r\n\r\n                            <span class=\"step-title\">Varilux\u00ae Immersia\u00ae Room<\/span>\r\n                            <span class=\"step-price\">\r\n                                \u00c0 partir de <span class=\"dyp\">159\u20ac<\/span> ou <br \/> <span class=\"dym\">39.75\u20ac<\/span>\/mois \u00e0 0%                            <\/span>\r\n                        <\/label>\r\n                                    <\/div>\r\n                                    <div class=\"step-instruct\">\r\n                        <p class=\"instru-ttl\">Besoin d\u2019aide pour choisir la version ?<\/p><p class=\"sttl-ttl\">D\u00e9couvrez les diff\u00e9rences principales entre les verres Varilux Immersia.<\/p><div class=\"info-icon\"><\/div><div class=\"info-popup\" style=\"display:none;\"><hr style=\"border: none;border-top: 1px solid #ffffff;margin: 18px 0\" \/>\n<div style=\"text-align: center\">\n<p style=\"text-align: center;margin: 0 0 20px 0;font-size: clamp(28px, 5vw, 40px);line-height: 1.2;color: #000000\"><strong>Quels verres de proximit\u00e9s vous faut-il ?<\/strong><\/p>\n<hr style=\"border: none;border-top: 1px solid #ffffff;margin: 50px 0\" \/>\n<table style=\"margin: 0 0 14px 0;width: 100%;border-collapse: collapse\" role=\"presentation\" width=\"100%\" cellspacing=\"0\" cellpadding=\"0\">\n<tbody>\n<tr>\n<td style=\"width: 40%\"><\/td>\n<td style=\"width: 30%;text-align: center\"><img decoding=\"async\" style=\"margin: 0 auto;width: 75%;height: auto\" src=\"https:\/\/www.archimbaudopticien.com\/diag\/wp-content\/uploads\/2026\/04\/Varilux-Immersia-MID-large-noir.jpg\" alt=\"Digitime MID\" \/><\/td>\n<td style=\"width: 30%;text-align: center\"><img decoding=\"async\" style=\"margin: 0 auto;width: 75%;height: auto\" src=\"https:\/\/www.archimbaudopticien.com\/diag\/wp-content\/uploads\/2026\/04\/Varilux-immersia-ROOM-large-noir.jpg\" alt=\"Digitime ROOM\" \/><\/td>\n<\/tr>\n<\/tbody>\n<\/table>\n<table style=\"border-collapse: collapse;width: 100%\" role=\"presentation\" width=\"100%\" cellspacing=\"0\" cellpadding=\"10\">\n<tbody>\n<tr>\n<td style=\"width: 40%;text-align: left;vertical-align: middle;font-size: 13px;line-height: 1.25\"><strong>Vision ultra pr\u00e8s<\/strong><\/td>\n<td style=\"width: 30%;text-align: center;vertical-align: middle;line-height: 0\"><img decoding=\"async\" class=\"aligncenter\" style=\"height: 22px\" src=\"https:\/\/www.archimbaudopticien.com\/blog\/wp-content\/uploads\/2025\/12\/icon-check-double.png\" alt=\"\" \/><\/td>\n<td style=\"width: 30%;text-align: center;vertical-align: middle;line-height: 0\"><img decoding=\"async\" class=\"aligncenter\" style=\"height: 22px\" src=\"https:\/\/www.archimbaudopticien.com\/blog\/wp-content\/uploads\/2025\/12\/icon-no.png\" alt=\"\" \/><\/td>\n<\/tr>\n<tr>\n<td style=\"border-top: 1px solid #ffffff;text-align: left;vertical-align: middle;font-size: 13px\"><strong>Vision de pr\u00e8s<\/strong><\/td>\n<td style=\"border-top: 1px solid #ffffff;text-align: center;vertical-align: middle;line-height: 0\"><img decoding=\"async\" class=\"aligncenter\" style=\"height: 22px\" src=\"https:\/\/www.archimbaudopticien.com\/blog\/wp-content\/uploads\/2025\/12\/icon-check-triple.png\" alt=\"\" \/><\/td>\n<td style=\"border-top: 1px solid #ffffff;text-align: center;vertical-align: middle;line-height: 0\"><img decoding=\"async\" class=\"aligncenter\" style=\"height: 22px\" src=\"https:\/\/www.archimbaudopticien.com\/blog\/wp-content\/uploads\/2025\/12\/icon-check-double.png\" alt=\"\" \/><\/td>\n<\/tr>\n<tr>\n<td style=\"border-top: 1px solid #ffffff;text-align: left;vertical-align: middle;font-size: 13px\"><strong>Vision interm\u00e9diaire<\/strong><\/td>\n<td style=\"border-top: 1px solid #ffffff;text-align: center;vertical-align: middle;line-height: 0\"><img decoding=\"async\" class=\"aligncenter\" style=\"height: 22px\" src=\"https:\/\/www.archimbaudopticien.com\/blog\/wp-content\/uploads\/2025\/12\/icon-check-triple.png\" alt=\"\" \/><\/td>\n<td style=\"border-top: 1px solid #ffffff;text-align: center;vertical-align: middle;line-height: 0\"><img decoding=\"async\" class=\"aligncenter\" style=\"height: 22px\" src=\"https:\/\/www.archimbaudopticien.com\/blog\/wp-content\/uploads\/2025\/12\/icon-check-triple.png\" alt=\"\" \/><\/td>\n<\/tr>\n<tr>\n<td style=\"border-top: 1px solid #ffffff;text-align: left;vertical-align: middle;font-size: 13px\"><strong>Vision \u00e9tendue dans la pi\u00e8ce<\/strong><\/td>\n<td style=\"border-top: 1px solid #ffffff;text-align: center;vertical-align: middle;line-height: 0\"><img decoding=\"async\" class=\"aligncenter\" style=\"height: 22px\" src=\"https:\/\/www.archimbaudopticien.com\/blog\/wp-content\/uploads\/2025\/12\/icon-no.png\" alt=\"\" \/><\/td>\n<td style=\"border-top: 1px solid #ffffff;text-align: center;vertical-align: middle;line-height: 0\"><img decoding=\"async\" class=\"aligncenter\" style=\"height: 22px\" src=\"https:\/\/www.archimbaudopticien.com\/blog\/wp-content\/uploads\/2025\/12\/icon-check-double.png\" alt=\"\" \/><\/td>\n<\/tr>\n<tr>\n<td style=\"border-top: 1px solid #ffffff;text-align: left;vertical-align: middle;font-size: 13px\"><strong>Id\u00e9al pour\u2026<\/strong><\/td>\n<td style=\"border-top: 1px solid #ffffff;text-align: center;color: #000000;font-size: 12px\"><em>\u00c9crans, documents, visioconf\u00e9rence<\/em><\/td>\n<td style=\"border-top: 1px solid #ffffff;text-align: center;color: #000000;font-size: 12px\"><em>R\u00e9unions, \u00e9changes, open-space<\/em><\/td>\n<\/tr>\n<\/tbody>\n<\/table>\n<p style=\"text-align: center;margin: 18px 0 0 0\">\n<a style=\"color: #000000;text-decoration: none\" href=\"https:\/\/www.archimbaudopticien.com\/blog\/nos-verres-essilor\/essilor-varilux-digitime\/varilux-digitime-near-mid-room\" target=\"_blank\" rel=\"noopener noreferrer\"><br \/>\n<span style=\"text-decoration: underline\"><strong>En savoir plus &gt;<\/strong><\/span><br \/>\n<\/a>\n<\/p>\n<\/div>\n<\/div>                    <\/div>\r\n                            <\/div>\r\n                                <div class=\"cu-step disbaled\" id=\"step-2\">\r\n                <div class=\"step-sttl\"><p>Optimisez vos verres.<\/p>\n<\/div>\r\n                <div class=\"steps-elements\">\r\n                                    <\/div>\r\n                                    <div class=\"step-instruct\">\r\n                        <p class=\"instru-ttl\">Quelle mati\u00e8re pour mes verres ?<\/p><p class=\"sttl-ttl\">Visualisez les diff\u00e9rences principales entre les mati\u00e8res.<\/p><div class=\"info-icon\"><\/div><div class=\"info-popup\" style=\"display:none;\"><hr style=\"border: none;border-top: 1px solid #ffffff;margin: 18px 0\" \/>\n<div style=\"text-align: center\">\n<p style=\"text-align: center;margin: 0 0 20px 0;font-size: clamp(22px, 5vw, 32px);line-height: 1.2;color: #000000\"><strong>Quelle mati\u00e8re choisir pour optimiser vos verres\u00a0?<\/strong><\/p>\n<hr style=\"border: none;border-top: 1px solid #ffffff;margin: 50px 0\" \/>\n<table style=\"border-collapse: collapse;margin: 0 0 14px 0;width: 100%\" role=\"presentation\" width=\"100%\" cellspacing=\"0\" cellpadding=\"0\">\n<tbody>\n<tr>\n<td style=\"width: 28%\"><\/td>\n<td style=\"width: 24%;text-align: center\"><strong>Ormix<\/strong><\/td>\n<td style=\"width: 24%;text-align: center\"><strong>Stylis<\/strong><\/td>\n<td style=\"width: 24%;text-align: center\"><strong>Orma<\/strong><\/td>\n<\/tr>\n<\/tbody>\n<\/table>\n<table style=\"border-collapse: collapse;width: 100%\" role=\"presentation\" width=\"100%\" cellspacing=\"0\" cellpadding=\"10\">\n<tbody>\n<tr>\n<td style=\"width: 28%;text-align: left;vertical-align: middle;font-size: 13px;line-height: 1.25\"><strong>Protection UV<\/strong><\/td>\n<td style=\"width: 24%;text-align: center;vertical-align: middle;line-height: 0\"><img decoding=\"async\" style=\"margin: 0 auto;height: 22px\" src=\"https:\/\/www.archimbaudopticien.com\/blog\/wp-content\/uploads\/2025\/12\/icon-check-triple.png\" alt=\"\" \/><\/td>\n<td style=\"width: 24%;text-align: center;vertical-align: middle;line-height: 0\"><img decoding=\"async\" style=\"margin: 0 auto;height: 22px\" src=\"https:\/\/www.archimbaudopticien.com\/blog\/wp-content\/uploads\/2025\/12\/icon-check-triple.png\" alt=\"\" \/><\/td>\n<td style=\"width: 24%;text-align: center;vertical-align: middle;line-height: 0\"><img decoding=\"async\" style=\"margin: 0 auto;height: 22px\" src=\"https:\/\/www.archimbaudopticien.com\/blog\/wp-content\/uploads\/2025\/12\/icon-check.png\" alt=\"\" \/><\/td>\n<\/tr>\n<tr>\n<td style=\"width: 28%;text-align: left;vertical-align: middle;font-size: 13px;line-height: 1.25\"><strong>R\u00e9sistance aux chocs<\/strong><\/td>\n<td style=\"width: 24%;text-align: center;vertical-align: middle;line-height: 0\"><img decoding=\"async\" style=\"margin: 0 auto;height: 22px\" src=\"https:\/\/www.archimbaudopticien.com\/blog\/wp-content\/uploads\/2025\/12\/icon-check-triple.png\" alt=\"\" \/><\/td>\n<td style=\"width: 24%;text-align: center;vertical-align: middle;line-height: 0\"><img decoding=\"async\" style=\"margin: 0 auto;height: 22px\" src=\"https:\/\/www.archimbaudopticien.com\/blog\/wp-content\/uploads\/2025\/12\/icon-check-double.png\" alt=\"\" \/><\/td>\n<td style=\"width: 24%;text-align: center;vertical-align: middle;line-height: 0\"><img decoding=\"async\" style=\"margin: 0 auto;height: 22px\" src=\"https:\/\/www.archimbaudopticien.com\/blog\/wp-content\/uploads\/2025\/12\/icon-check.png\" alt=\"\" \/><\/td>\n<\/tr>\n<tr>\n<td style=\"width: 28%;text-align: left;vertical-align: middle;font-size: 13px;line-height: 1.25\"><strong>L\u00e9g\u00e8ret\u00e9<\/strong><\/td>\n<td style=\"width: 24%;text-align: center;vertical-align: middle;line-height: 0\"><img decoding=\"async\" style=\"margin: 0 auto;height: 22px\" src=\"https:\/\/www.archimbaudopticien.com\/blog\/wp-content\/uploads\/2025\/12\/icon-check-double.png\" alt=\"\" \/><\/td>\n<td style=\"width: 24%;text-align: center;vertical-align: middle;line-height: 0\"><img decoding=\"async\" style=\"margin: 0 auto;height: 22px\" src=\"https:\/\/www.archimbaudopticien.com\/blog\/wp-content\/uploads\/2025\/12\/icon-check-triple.png\" alt=\"\" \/><\/td>\n<td style=\"width: 24%;text-align: center;vertical-align: middle;line-height: 0\"><img decoding=\"async\" style=\"margin: 0 auto;height: 22px\" src=\"https:\/\/www.archimbaudopticien.com\/blog\/wp-content\/uploads\/2025\/12\/icon-no.png\" alt=\"\" \/><\/td>\n<\/tr>\n<tr>\n<td style=\"width: 28%;text-align: left;vertical-align: middle;font-size: 13px;line-height: 1.25\"><strong>Aminci<\/strong><\/td>\n<td style=\"width: 24%;text-align: center;vertical-align: middle;line-height: 0\"><img decoding=\"async\" style=\"margin: 0 auto;height: 22px\" src=\"https:\/\/www.archimbaudopticien.com\/blog\/wp-content\/uploads\/2025\/12\/icon-check.png\" alt=\"\" \/><\/td>\n<td style=\"width: 24%;text-align: center;vertical-align: middle;line-height: 0\"><img decoding=\"async\" style=\"margin: 0 auto;height: 22px\" src=\"https:\/\/www.archimbaudopticien.com\/blog\/wp-content\/uploads\/2025\/12\/icon-check-double.png\" alt=\"\" \/><\/td>\n<td style=\"width: 24%;text-align: center;vertical-align: middle;line-height: 0\"><img decoding=\"async\" style=\"margin: 0 auto;height: 22px\" src=\"https:\/\/www.archimbaudopticien.com\/blog\/wp-content\/uploads\/2025\/12\/icon-no.png\" alt=\"\" \/><\/td>\n<\/tr>\n<\/tbody>\n<\/table>\n<p style=\"text-align: center;margin: 18px 0 0 0\"><a style=\"color: #000000;text-decoration: underline\" href=\"https:\/\/www.archimbaudopticien.com\/blog\/nos-verres-essilor\/orma-vs-ormix-vs-stylis-vs-lineis\" target=\"_blank\" rel=\"noopener\"><br \/>\n<strong>En savoir plus &gt;<\/strong><br \/>\n<\/a><\/p>\n<\/div>\n<\/div>                    <\/div>\r\n                            <\/div>\r\n                                <div class=\"cu-step disbaled\" id=\"step-3\">\r\n                <div class=\"step-sttl\"><p>Choisissez la finition que vous souhaitez.<\/p>\n<\/div>\r\n                <div class=\"steps-elements\">\r\n                                                <label class=\"calc-radio\">\r\n                                                                    <input type=\"radio\" data-label=\"EPS Crizal\u00ae Sapphire\u2122 HR\" data-price=\"50\"\r\n                                        name=\"step3\"\r\n                                        value=\"517\"\r\n                                        data-image=\"https:\/\/www.archimbaudopticien.com\/diag\/wp-content\/uploads\/2026\/01\/Vx-Digitime-Mid-cz-sapphire-1024x683.jpg\">\r\n                                                                <span class=\"step-title\">EPS Crizal\u00ae Sapphire\u2122 HR<\/span>\r\n                                <!-- <span class=\"step-price\"><\/span> -->\r\n                            <\/label>\r\n                                                <label class=\"calc-radio\">\r\n                                                                    <input type=\"radio\" data-label=\"EPS Crizal\u00ae Easy Pro\" data-price=\"\"\r\n                                        name=\"step3\"\r\n                                        value=\"516\"\r\n                                        data-image=\"https:\/\/www.archimbaudopticien.com\/diag\/wp-content\/uploads\/2026\/01\/varilux-digitime-mid-cz-easy-new-1024x683.jpg\">\r\n                                                                <span class=\"step-title\">EPS Crizal\u00ae Easy Pro<\/span>\r\n                                <!-- <span class=\"step-price\"><\/span> -->\r\n                            <\/label>\r\n                                    <\/div>\r\n                                    <div class=\"step-instruct\">\r\n                        <p class=\"instru-ttl\">Vous ne savez pas quelle finition choisir ?<\/p><p class=\"sttl-ttl\">Voici nos conseils de traitement de surface<\/p><div class=\"info-icon\"><\/div><div class=\"info-popup\" style=\"display:none;\"><hr style=\"border: none;border-top: 1px solid #ffffff;margin: 18px 0\" \/>\n<div style=\"text-align: center\">\n<p style=\"text-align: center;margin: 0 0 20px 0;font-size: clamp(28px, 5vw, 40px);line-height: 1.2;color: #000000\"><strong>Quel traitement de surface pour mes verres ?<\/strong><\/p>\n<hr style=\"border: none;border-top: 1px solid #ffffff;margin: 50px 0\" \/>\n<table style=\"margin: 0 0 14px 0;width: 100%;border-collapse: collapse\" role=\"presentation\" width=\"100%\" cellspacing=\"0\" cellpadding=\"0\">\n<tbody>\n<tr>\n<td width=\"33%\"><\/td>\n<td style=\"text-align: center\" width=\"33%\"><img decoding=\"async\" class=\"aligncenter\" style=\"max-width: 50%;height: auto\" src=\"https:\/\/www.archimbaudopticien.com\/blog\/wp-content\/uploads\/2025\/12\/Crizal-Sapphire-HR-noir.jpg\" alt=\"Crizal Sapphire HR\" \/><\/td>\n<td style=\"text-align: center\" width=\"33%\"><img decoding=\"async\" class=\"aligncenter\" style=\"max-width: 50%;height: auto\" src=\"https:\/\/www.archimbaudopticien.com\/blog\/wp-content\/uploads\/2025\/12\/Crizal-Easy-Pro-noir.jpg\" alt=\"Crizal Easy Pro\" \/><\/td>\n<\/tr>\n<\/tbody>\n<\/table>\n<table style=\"border-collapse: collapse;width: 100%\" role=\"presentation\" width=\"100%\" cellspacing=\"0\" cellpadding=\"10\">\n<tbody>\n<tr>\n<td style=\"width: 33%;text-align: left;vertical-align: middle;font-size: 13px;line-height: 1.25\"><strong>Protection UV<\/strong><\/td>\n<td style=\"width: 33%;text-align: center;line-height: 0\"><img decoding=\"async\" class=\"aligncenter\" style=\"height: 22px\" src=\"https:\/\/www.archimbaudopticien.com\/blog\/wp-content\/uploads\/2025\/12\/icon-check-triple.png\" alt=\"\" \/><\/td>\n<td style=\"width: 33%;text-align: center;line-height: 0\"><img decoding=\"async\" class=\"aligncenter\" style=\"height: 22px\" src=\"https:\/\/www.archimbaudopticien.com\/blog\/wp-content\/uploads\/2025\/12\/icon-check-double.png\" alt=\"\" \/><\/td>\n<\/tr>\n<tr>\n<td style=\"width: 33%;text-align: left;vertical-align: middle;font-size: 13px;line-height: 1.25\"><strong>Facilit\u00e9 de nettoyage<\/strong><\/td>\n<td style=\"width: 33%;text-align: center;line-height: 0\"><img decoding=\"async\" class=\"aligncenter\" style=\"height: 22px\" src=\"https:\/\/www.archimbaudopticien.com\/blog\/wp-content\/uploads\/2025\/12\/icon-check-triple.png\" alt=\"\" \/><\/td>\n<td style=\"width: 33%;text-align: center;line-height: 0\"><img decoding=\"async\" class=\"aligncenter\" style=\"height: 22px\" src=\"https:\/\/www.archimbaudopticien.com\/blog\/wp-content\/uploads\/2025\/12\/icon-check.png\" alt=\"\" \/><\/td>\n<\/tr>\n<tr>\n<td style=\"width: 33%;text-align: left;vertical-align: middle;font-size: 13px;line-height: 1.25\"><strong>Haute transparence<\/strong><\/td>\n<td style=\"width: 33%;text-align: center;line-height: 0\"><img decoding=\"async\" class=\"aligncenter\" style=\"height: 22px\" src=\"https:\/\/www.archimbaudopticien.com\/blog\/wp-content\/uploads\/2025\/12\/icon-check-triple.png\" alt=\"\" \/><\/td>\n<td style=\"width: 33%;text-align: center;line-height: 0\"><img decoding=\"async\" class=\"aligncenter\" style=\"height: 22px\" src=\"https:\/\/www.archimbaudopticien.com\/blog\/wp-content\/uploads\/2025\/12\/icon-check.png\" alt=\"\" \/><\/td>\n<\/tr>\n<tr>\n<td style=\"width: 33%;text-align: left;vertical-align: middle;font-size: 13px;line-height: 1.25\"><strong>Haute r\u00e9sistance<\/strong><\/td>\n<td style=\"width: 33%;text-align: center;line-height: 0\"><img decoding=\"async\" class=\"aligncenter\" style=\"height: 22px\" src=\"https:\/\/www.archimbaudopticien.com\/blog\/wp-content\/uploads\/2025\/12\/icon-check-triple.png\" alt=\"\" \/><\/td>\n<td style=\"width: 33%;text-align: center;line-height: 0\"><img decoding=\"async\" class=\"aligncenter\" style=\"height: 22px\" src=\"https:\/\/www.archimbaudopticien.com\/blog\/wp-content\/uploads\/2025\/12\/icon-check.png\" alt=\"\" \/><\/td>\n<\/tr>\n<tr>\n<td style=\"width: 33%;text-align: left;vertical-align: middle;font-size: 13px;line-height: 1.25\"><strong>Vision naturelle<\/strong><\/td>\n<td style=\"width: 33%;text-align: center;line-height: 0\"><img decoding=\"async\" class=\"aligncenter\" style=\"height: 22px\" src=\"https:\/\/www.archimbaudopticien.com\/blog\/wp-content\/uploads\/2025\/12\/icon-check-triple.png\" alt=\"\" \/><\/td>\n<td style=\"width: 33%;text-align: center;line-height: 0\"><img decoding=\"async\" class=\"aligncenter\" style=\"height: 22px\" src=\"https:\/\/www.archimbaudopticien.com\/blog\/wp-content\/uploads\/2025\/12\/icon-check.png\" alt=\"\" \/><\/td>\n<\/tr>\n<\/tbody>\n<\/table>\n<p style=\"text-align: center;margin: 18px 0 0 0\"><a class=\"aligncenter\" style=\"color: #000000;text-decoration: none\" href=\"https:\/\/www.archimbaudopticien.com\/blog\/nos-verres-essilor\/essilor-traitements\/crizal-sapphire-vs-crizal-easy-pro\" target=\"_blank\" rel=\"noopener noreferrer\"><br \/>\n<span style=\"text-decoration: underline\"><strong>En savoir plus &gt;<\/strong><\/span><br \/>\n<\/a><\/p>\n<\/div>\n<\/div>                    <\/div>\r\n                            <\/div>\r\n\r\n                        <div class=\"cu-step disbaled skip-this\" id=\"step-4\">\r\n                <div class=\"step-sttl tohide\"><p>Prot\u00e9gez vos yeux.<\/p>\n<\/div>\r\n                <div class=\"steps-elements\">\r\n                                            <input type=\"hidden\" class=\"step-id\" name=\"step-4-id\" value=\"312\" data-skip=\"true\" \/>\r\n                                    <\/div>\r\n                            <\/div>\r\n            <!-- <div class=\"cu-step disbaled\" id=\"step-5\"> -->\r\n                        <div class=\"cu-step disbaled skip-this\" id=\"step-5\">\r\n                <div class=\"step-sttl tohide\"><p>Votre 2\u00e8me paire.<\/p>\n<\/div>\r\n                                <div class=\"steps-elements\">\r\n                                            <input type=\"hidden\" class=\"step-id\" value=\"313\" data-skip=\"true\" \/>\r\n                                    <\/div>\r\n                            <\/div>\r\n            <!-- <div class=\"cu-step disbaled\" id=\"step-6\"> -->\r\n                        <div class=\"cu-step disbaled skip-this\" id=\"step-6\">\r\n                <div class=\"step-sttl tohide\"><p>Les Mois de la Vision Solidaire.<br \/>\n<span class=\"sbttl\">Obtenez un cr\u00e9dit de <span class='dyn-cred'><\/span> sur l&rsquo;achat de vos lunettes.<\/span><\/p>\n<\/div>\r\n                <div class=\"steps-elements\">\r\n                                    <\/div>\r\n                            <\/div>\r\n                            <div id=\"info-compl\" class=\"step-sttl\">\r\n                    <p>Assistance & Services (Inclus)<\/p>\r\n                <\/div>\r\n                <div class=\"step-instruct compl\">\r\n                    <div class=\"ao-protect\">\n<div class=\"ao-ttl\"><strong>AO Protect +<\/strong><\/div>\n<ul>\n<li><strong>Garantie Adaptation :<\/strong> 1 mois<br \/>\n<em>Avec AO Protect +, vous profitez d\u2019un mois complet pour vous habituer \u00e0 vos nouvelles lunettes.<\/em><\/li>\n<li><strong>Garantie Dommages :<\/strong> 24 mois<br \/>\n<em>Vos lunettes sont prot\u00e9g\u00e9es pendant 24 mois, avec un remplacement une fois par \u00e9l\u00e9ment (monture ou verre),<br \/>\navec application d\u2019une franchise.<br \/>\n<\/em><\/li>\n<li><strong>Garantie Changement de vue :<\/strong> 12 mois<br \/>\n<em>AO Protect + inclut un remplacement de vos verres dans les 12 mois, sur pr\u00e9sentation d\u2019une ordonnance mise \u00e0 jour,<br \/>\navec application d\u2019une franchise.<br \/>\n<\/em><\/li>\n<li><strong>Main-d\u2019\u0153uvre &amp; entretien :<\/strong> 24 mois<br \/>\n<em>Vos lunettes m\u00e9ritent le meilleur entretien.<\/em><\/li>\n<\/ul>\n<p style=\"margin-top: 10px;text-align: right\"><a style=\"color: #000000;text-decoration: none\" href=\"https:\/\/www.archimbaudopticien.com\/blog\/garantie-ao-protect\" target=\"_blank\" rel=\"noopener\"><br \/>\nEn savoir plus \u2192<br \/>\n<\/a><\/p>\n<\/div>\n                <\/div>\r\n                        <div class=\"recap-step\">\r\n            <\/div>\r\n                            <div class=\"step-instruct general\">\r\n                    <p><strong>Payer en plusieurs fois avec Alma :<\/strong><br \/>\nVotre \u00e9quipement principal ainsi que vos \u00e9quipements compl\u00e9mentaires.<\/p>\n<div class=\"info-dynamic\">\u00c0 partir de <span class=\"dyn-price\"><\/span> ou <span class=\"dyn-mensualite\"><\/span>\/mois pour <span class=\"mensualite\">4<\/span> mois \u00e0 0% taux d\u00e9biteur**<\/div>                <\/div>\r\n                        <div class=\"infos-step tohide\">\r\n                <div class=\"form-group\">\r\n                    <label for=\"user_email\">Veuillez ajouter votre adresse email<\/label>\r\n                    <input type=\"email\" id=\"user_email\" name=\"user_email\" class=\"form-control\" required>\r\n                <\/div>\r\n            <\/div>\r\n            <button id=\"send-request\" class=\"btn submit-request\" disabled=\"disabled\">Merci pour votre visite<\/button>\r\n            <div id=\"form-feedback\" style=\"margin-top:10px;\"><\/div>\r\n        <\/form>\r\n    <\/div>\r\n<\/div><\/div>\n\t\t\t\t\t\t<\/div>\n\t\t\t\t\t<\/div>\n\t\t\t\t<\/div>\n\t\t<div class=\"elementor-element elementor-element-0f56a93 e-con-full e-flex e-con e-parent\" data-id=\"0f56a93\" data-element_type=\"container\" data-e-type=\"container\">\n\t\t\t\t<div class=\"elementor-element elementor-element-8f6e944 elementor-widget elementor-widget-text-editor\" data-id=\"8f6e944\" data-element_type=\"widget\" data-e-type=\"widget\" data-widget_type=\"text-editor.default\">\n\t\t\t\t\t\t\t\t\t<p style=\"text-align: center;\">Un cr\u00e9dit vous engage et doit \u00eatre rembours\u00e9.<br \/>V\u00e9rifiez vos capacit\u00e9s de remboursement avant de vous engager.<\/p><p style=\"text-align: center;\"><strong style=\"font-size: 18px;\">Paiement en plusieurs fois.<\/strong><\/p><p style=\"text-align: center;\">Le paiement en plusieurs fois est propos\u00e9 via notre partenaire Alma. La s\u00e9curisation des paiements est assur\u00e9e par Alma et ses partenaires.<\/p><p style=\"text-align: center;\"><strong>&#8211; Conditions<\/strong> : ce type de paiement est r\u00e9serv\u00e9 aux particuliers r\u00e9sidant en France, titulaires d&rsquo;une carte bancaire Visa ou Mastercard.<br \/><strong>&#8211; Options disponibles<\/strong> : r\u00e8glement en 2x, 3x ou 4x sans frais, uniquement pour vos achats de verres correcteurs.<br \/><strong>&#8211; Frais<\/strong> : aucun frais suppl\u00e9mentaires n&rsquo;est appliqu\u00e9 pour le client.<br \/><strong>&#8211; Sous r\u00e9serve d&rsquo;acceptation par Alma<\/strong> : en cas de refus, vous serez invit\u00e9 \u00e0 choisir un autre mode de r\u00e8glement.<br \/>&#8211; Exemple de financement avec Alma :<br \/>Pour un achat de 200 \u20ac, vous pouvez r\u00e9gler 2 mensualit\u00e9s de 100 \u20ac, ou 3 mensualit\u00e9s de 66,67 \u20ac, ou 4 mensualit\u00e9s de 50 \u20ac.<\/p>\t\t\t\t\t\t\t\t<\/div>\n\t\t\t\t<\/div>\n\t\t<div class=\"elementor-element elementor-element-6d4cf0d e-flex e-con-boxed e-con e-parent\" data-id=\"6d4cf0d\" data-element_type=\"container\" data-e-type=\"container\">\n\t\t\t\t\t<div class=\"e-con-inner\">\n\t\t\t\t<div class=\"elementor-element elementor-element-cb893c9 elementor-widget-divider--view-line elementor-widget elementor-widget-divider\" data-id=\"cb893c9\" data-element_type=\"widget\" data-e-type=\"widget\" data-widget_type=\"divider.default\">\n\t\t\t\t\t\t\t<div class=\"elementor-divider\">\n\t\t\t<span class=\"elementor-divider-separator\">\n\t\t\t\t\t\t<\/span>\n\t\t<\/div>\n\t\t\t\t\t\t<\/div>\n\t\t\t\t<div class=\"elementor-element elementor-element-11b18d3 elementor-widget elementor-widget-heading\" data-id=\"11b18d3\" data-element_type=\"widget\" data-e-type=\"widget\" data-widget_type=\"heading.default\">\n\t\t\t\t\t<h3 class=\"elementor-heading-title elementor-size-default\">Questions \/ R\u00e9ponses<\/h3>\t\t\t\t<\/div>\n\t\t\t\t<div class=\"elementor-element elementor-element-07a586b elementor-widget elementor-widget-n-accordion\" data-id=\"07a586b\" data-element_type=\"widget\" data-e-type=\"widget\" data-settings=\"{&quot;default_state&quot;:&quot;expanded&quot;,&quot;max_items_expended&quot;:&quot;one&quot;,&quot;n_accordion_animation_duration&quot;:{&quot;unit&quot;:&quot;ms&quot;,&quot;size&quot;:400,&quot;sizes&quot;:[]}}\" data-widget_type=\"nested-accordion.default\">\n\t\t\t\t\t\t\t<div class=\"e-n-accordion\" aria-label=\"Accordion. Open links with Enter or Space, close with Escape, and navigate with Arrow Keys\">\n\t\t\t\t\t\t<details id=\"e-n-accordion-item-8010\" class=\"e-n-accordion-item\" open>\n\t\t\t\t<summary class=\"e-n-accordion-item-title\" data-accordion-index=\"1\" tabindex=\"0\" aria-expanded=\"true\" aria-controls=\"e-n-accordion-item-8010\" >\n\t\t\t\t\t<span class='e-n-accordion-item-title-header'><h4 class=\"e-n-accordion-item-title-text\"> Qu\u2019est-ce qu\u2019un verre Varilux\u00ae Digitime ? <\/h4><\/span>\n\t\t\t\t\t\t\t<span class='e-n-accordion-item-title-icon'>\n\t\t\t<span class='e-opened' ><svg aria-hidden=\"true\" class=\"e-font-icon-svg e-fas-minus\" viewBox=\"0 0 448 512\" xmlns=\"http:\/\/www.w3.org\/2000\/svg\"><path d=\"M416 208H32c-17.67 0-32 14.33-32 32v32c0 17.67 14.33 32 32 32h384c17.67 0 32-14.33 32-32v-32c0-17.67-14.33-32-32-32z\"><\/path><\/svg><\/span>\n\t\t\t<span class='e-closed'><svg aria-hidden=\"true\" class=\"e-font-icon-svg e-fas-plus\" viewBox=\"0 0 448 512\" xmlns=\"http:\/\/www.w3.org\/2000\/svg\"><path d=\"M416 208H272V64c0-17.67-14.33-32-32-32h-32c-17.67 0-32 14.33-32 32v144H32c-17.67 0-32 14.33-32 32v32c0 17.67 14.33 32 32 32h144v144c0 17.67 14.33 32 32 32h32c17.67 0 32-14.33 32-32V304h144c17.67 0 32-14.33 32-32v-32c0-17.67-14.33-32-32-32z\"><\/path><\/svg><\/span>\n\t\t<\/span>\n\n\t\t\t\t\t\t<\/summary>\n\t\t\t\t<div role=\"region\" aria-labelledby=\"e-n-accordion-item-8010\" class=\"elementor-element elementor-element-d23674d e-con-full e-flex e-con e-child\" data-id=\"d23674d\" data-element_type=\"container\" data-e-type=\"container\">\n\t\t\t\t<div class=\"elementor-element elementor-element-b1573ac elementor-widget elementor-widget-text-editor\" data-id=\"b1573ac\" data-element_type=\"widget\" data-e-type=\"widget\" data-widget_type=\"text-editor.default\">\n\t\t\t\t\t\t\t\t\t<p>Les verres Varilux\u00ae Digitime sont des verres progressifs con\u00e7us pour r\u00e9pondre aux usages visuels modernes, en particulier le travail sur \u00e9cran et les activit\u00e9s de pr\u00e8s. D\u00e9velopp\u00e9s par Essilor, ils offrent une vision fluide \u00e0 toutes distances tout en mettant l\u2019accent sur le confort en vision interm\u00e9diaire et de proximit\u00e9.<\/p>\t\t\t\t\t\t\t\t<\/div>\n\t\t\t\t<\/div>\n\t\t\t\t\t<\/details>\n\t\t\t\t\t\t<details id=\"e-n-accordion-item-8011\" class=\"e-n-accordion-item\" >\n\t\t\t\t<summary class=\"e-n-accordion-item-title\" data-accordion-index=\"2\" tabindex=\"-1\" aria-expanded=\"false\" aria-controls=\"e-n-accordion-item-8011\" >\n\t\t\t\t\t<span class='e-n-accordion-item-title-header'><h4 class=\"e-n-accordion-item-title-text\"> Quelle est la diff\u00e9rence entre Varilux\u00ae Digitime NEAR, MID et ROOM ? <\/h4><\/span>\n\t\t\t\t\t\t\t<span class='e-n-accordion-item-title-icon'>\n\t\t\t<span class='e-opened' ><svg aria-hidden=\"true\" class=\"e-font-icon-svg e-fas-minus\" viewBox=\"0 0 448 512\" xmlns=\"http:\/\/www.w3.org\/2000\/svg\"><path d=\"M416 208H32c-17.67 0-32 14.33-32 32v32c0 17.67 14.33 32 32 32h384c17.67 0 32-14.33 32-32v-32c0-17.67-14.33-32-32-32z\"><\/path><\/svg><\/span>\n\t\t\t<span class='e-closed'><svg aria-hidden=\"true\" class=\"e-font-icon-svg e-fas-plus\" viewBox=\"0 0 448 512\" xmlns=\"http:\/\/www.w3.org\/2000\/svg\"><path d=\"M416 208H272V64c0-17.67-14.33-32-32-32h-32c-17.67 0-32 14.33-32 32v144H32c-17.67 0-32 14.33-32 32v32c0 17.67 14.33 32 32 32h144v144c0 17.67 14.33 32 32 32h32c17.67 0 32-14.33 32-32V304h144c17.67 0 32-14.33 32-32v-32c0-17.67-14.33-32-32-32z\"><\/path><\/svg><\/span>\n\t\t<\/span>\n\n\t\t\t\t\t\t<\/summary>\n\t\t\t\t<div role=\"region\" aria-labelledby=\"e-n-accordion-item-8011\" class=\"elementor-element elementor-element-58f350c e-con-full e-flex e-con e-child\" data-id=\"58f350c\" data-element_type=\"container\" data-e-type=\"container\">\n\t\t\t\t<div class=\"elementor-element elementor-element-396cad2 elementor-widget elementor-widget-text-editor\" data-id=\"396cad2\" data-element_type=\"widget\" data-e-type=\"widget\" data-widget_type=\"text-editor.default\">\n\t\t\t\t\t\t\t\t\t<p>Les trois versions Varilux\u00ae Digitime correspondent \u00e0 des priorit\u00e9s de vision diff\u00e9rentes, selon les habitudes du porteur :<br \/>&#8211; Digitime NEAR privil\u00e9gie la vision de pr\u00e8s, id\u00e9ale pour la lecture intensive et l\u2019usage prolong\u00e9 des \u00e9crans.<br \/>&#8211; Digitime MID \u00e9quilibre la vision de pr\u00e8s et interm\u00e9diaire, adapt\u00e9 au travail sur ordinateur et aux environnements professionnels polyvalents.<br \/>&#8211; Digitime ROOM favorise la vision interm\u00e9diaire et de loin, pour une plus grande libert\u00e9 de mouvement dans les espaces ouverts.<\/p>\t\t\t\t\t\t\t\t<\/div>\n\t\t\t\t<\/div>\n\t\t\t\t\t<\/details>\n\t\t\t\t\t\t<details id=\"e-n-accordion-item-8012\" class=\"e-n-accordion-item\" >\n\t\t\t\t<summary class=\"e-n-accordion-item-title\" data-accordion-index=\"3\" tabindex=\"-1\" aria-expanded=\"false\" aria-controls=\"e-n-accordion-item-8012\" >\n\t\t\t\t\t<span class='e-n-accordion-item-title-header'><h4 class=\"e-n-accordion-item-title-text\"> Varilux\u00ae Digitime est-il un verre progressif ? <\/h4><\/span>\n\t\t\t\t\t\t\t<span class='e-n-accordion-item-title-icon'>\n\t\t\t<span class='e-opened' ><svg aria-hidden=\"true\" class=\"e-font-icon-svg e-fas-minus\" viewBox=\"0 0 448 512\" xmlns=\"http:\/\/www.w3.org\/2000\/svg\"><path d=\"M416 208H32c-17.67 0-32 14.33-32 32v32c0 17.67 14.33 32 32 32h384c17.67 0 32-14.33 32-32v-32c0-17.67-14.33-32-32-32z\"><\/path><\/svg><\/span>\n\t\t\t<span class='e-closed'><svg aria-hidden=\"true\" class=\"e-font-icon-svg e-fas-plus\" viewBox=\"0 0 448 512\" xmlns=\"http:\/\/www.w3.org\/2000\/svg\"><path d=\"M416 208H272V64c0-17.67-14.33-32-32-32h-32c-17.67 0-32 14.33-32 32v144H32c-17.67 0-32 14.33-32 32v32c0 17.67 14.33 32 32 32h144v144c0 17.67 14.33 32 32 32h32c17.67 0 32-14.33 32-32V304h144c17.67 0 32-14.33 32-32v-32c0-17.67-14.33-32-32-32z\"><\/path><\/svg><\/span>\n\t\t<\/span>\n\n\t\t\t\t\t\t<\/summary>\n\t\t\t\t<div role=\"region\" aria-labelledby=\"e-n-accordion-item-8012\" class=\"elementor-element elementor-element-0809834 e-con-full e-flex e-con e-child\" data-id=\"0809834\" data-element_type=\"container\" data-e-type=\"container\">\n\t\t\t\t<div class=\"elementor-element elementor-element-a7f6e06 elementor-widget elementor-widget-text-editor\" data-id=\"a7f6e06\" data-element_type=\"widget\" data-e-type=\"widget\" data-widget_type=\"text-editor.default\">\n\t\t\t\t\t\t\t\t\t<p>Oui. Varilux\u00ae Digitime est un verre progressif, int\u00e9grant une vision de loin, interm\u00e9diaire et de pr\u00e8s. Sa conception est cependant orient\u00e9e vers les usages digitaux, avec une optimisation sp\u00e9cifique des zones utilis\u00e9es au quotidien.<\/p>\t\t\t\t\t\t\t\t<\/div>\n\t\t\t\t<\/div>\n\t\t\t\t\t<\/details>\n\t\t\t\t\t\t<details id=\"e-n-accordion-item-8013\" class=\"e-n-accordion-item\" >\n\t\t\t\t<summary class=\"e-n-accordion-item-title\" data-accordion-index=\"4\" tabindex=\"-1\" aria-expanded=\"false\" aria-controls=\"e-n-accordion-item-8013\" >\n\t\t\t\t\t<span class='e-n-accordion-item-title-header'><h4 class=\"e-n-accordion-item-title-text\"> \u00c0 qui s\u2019adressent les verres Varilux\u00ae Digitime ? <\/h4><\/span>\n\t\t\t\t\t\t\t<span class='e-n-accordion-item-title-icon'>\n\t\t\t<span class='e-opened' ><svg aria-hidden=\"true\" class=\"e-font-icon-svg e-fas-minus\" viewBox=\"0 0 448 512\" xmlns=\"http:\/\/www.w3.org\/2000\/svg\"><path d=\"M416 208H32c-17.67 0-32 14.33-32 32v32c0 17.67 14.33 32 32 32h384c17.67 0 32-14.33 32-32v-32c0-17.67-14.33-32-32-32z\"><\/path><\/svg><\/span>\n\t\t\t<span class='e-closed'><svg aria-hidden=\"true\" class=\"e-font-icon-svg e-fas-plus\" viewBox=\"0 0 448 512\" xmlns=\"http:\/\/www.w3.org\/2000\/svg\"><path d=\"M416 208H272V64c0-17.67-14.33-32-32-32h-32c-17.67 0-32 14.33-32 32v144H32c-17.67 0-32 14.33-32 32v32c0 17.67 14.33 32 32 32h144v144c0 17.67 14.33 32 32 32h32c17.67 0 32-14.33 32-32V304h144c17.67 0 32-14.33 32-32v-32c0-17.67-14.33-32-32-32z\"><\/path><\/svg><\/span>\n\t\t<\/span>\n\n\t\t\t\t\t\t<\/summary>\n\t\t\t\t<div role=\"region\" aria-labelledby=\"e-n-accordion-item-8013\" class=\"elementor-element elementor-element-8b5369c e-con-full e-flex e-con e-child\" data-id=\"8b5369c\" data-element_type=\"container\" data-e-type=\"container\">\n\t\t\t\t<div class=\"elementor-element elementor-element-dc1bc63 elementor-widget elementor-widget-text-editor\" data-id=\"dc1bc63\" data-element_type=\"widget\" data-e-type=\"widget\" data-widget_type=\"text-editor.default\">\n\t\t\t\t\t\t\t\t\t<p>Les verres Varilux\u00ae Digitime s\u2019adressent aux presbytes actifs, souvent expos\u00e9s aux \u00e9crans, qui recherchent un confort visuel durable dans leur environnement professionnel et personnel.<\/p>\t\t\t\t\t\t\t\t<\/div>\n\t\t\t\t<\/div>\n\t\t\t\t\t<\/details>\n\t\t\t\t\t\t<details id=\"e-n-accordion-item-8014\" class=\"e-n-accordion-item\" >\n\t\t\t\t<summary class=\"e-n-accordion-item-title\" data-accordion-index=\"5\" tabindex=\"-1\" aria-expanded=\"false\" aria-controls=\"e-n-accordion-item-8014\" >\n\t\t\t\t\t<span class='e-n-accordion-item-title-header'><h4 class=\"e-n-accordion-item-title-text\"> Les verres Varilux\u00ae Digitime prot\u00e8gent-ils contre la lumi\u00e8re bleue ? <\/h4><\/span>\n\t\t\t\t\t\t\t<span class='e-n-accordion-item-title-icon'>\n\t\t\t<span class='e-opened' ><svg aria-hidden=\"true\" class=\"e-font-icon-svg e-fas-minus\" viewBox=\"0 0 448 512\" xmlns=\"http:\/\/www.w3.org\/2000\/svg\"><path d=\"M416 208H32c-17.67 0-32 14.33-32 32v32c0 17.67 14.33 32 32 32h384c17.67 0 32-14.33 32-32v-32c0-17.67-14.33-32-32-32z\"><\/path><\/svg><\/span>\n\t\t\t<span class='e-closed'><svg aria-hidden=\"true\" class=\"e-font-icon-svg e-fas-plus\" viewBox=\"0 0 448 512\" xmlns=\"http:\/\/www.w3.org\/2000\/svg\"><path d=\"M416 208H272V64c0-17.67-14.33-32-32-32h-32c-17.67 0-32 14.33-32 32v144H32c-17.67 0-32 14.33-32 32v32c0 17.67 14.33 32 32 32h144v144c0 17.67 14.33 32 32 32h32c17.67 0 32-14.33 32-32V304h144c17.67 0 32-14.33 32-32v-32c0-17.67-14.33-32-32-32z\"><\/path><\/svg><\/span>\n\t\t<\/span>\n\n\t\t\t\t\t\t<\/summary>\n\t\t\t\t<div role=\"region\" aria-labelledby=\"e-n-accordion-item-8014\" class=\"elementor-element elementor-element-2cb815b e-flex e-con-boxed e-con e-child\" data-id=\"2cb815b\" data-element_type=\"container\" data-e-type=\"container\">\n\t\t\t\t\t<div class=\"e-con-inner\">\n\t\t\t\t<div class=\"elementor-element elementor-element-1ae9801 elementor-widget elementor-widget-text-editor\" data-id=\"1ae9801\" data-element_type=\"widget\" data-e-type=\"widget\" data-widget_type=\"text-editor.default\">\n\t\t\t\t\t\t\t\t\t<p>Oui. Les verres Varilux\u00ae Digitime peuvent int\u00e9grer l\u2019Eye Protect System\u2122, une technologie visant \u00e0 r\u00e9duire l\u2019exposition \u00e0 certaines longueurs d\u2019onde de la lumi\u00e8re bleue potentiellement nocives, sans alt\u00e9rer la perception des couleurs.<\/p>\t\t\t\t\t\t\t\t<\/div>\n\t\t\t\t\t<\/div>\n\t\t\t\t<\/div>\n\t\t\t\t\t<\/details>\n\t\t\t\t\t\t<details id=\"e-n-accordion-item-8015\" class=\"e-n-accordion-item\" >\n\t\t\t\t<summary class=\"e-n-accordion-item-title\" data-accordion-index=\"6\" tabindex=\"-1\" aria-expanded=\"false\" aria-controls=\"e-n-accordion-item-8015\" >\n\t\t\t\t\t<span class='e-n-accordion-item-title-header'><h4 class=\"e-n-accordion-item-title-text\"> Varilux\u00ae Digitime n\u00e9cessite-t-il un temps d\u2019adaptation ? <\/h4><\/span>\n\t\t\t\t\t\t\t<span class='e-n-accordion-item-title-icon'>\n\t\t\t<span class='e-opened' ><svg aria-hidden=\"true\" class=\"e-font-icon-svg e-fas-minus\" viewBox=\"0 0 448 512\" xmlns=\"http:\/\/www.w3.org\/2000\/svg\"><path d=\"M416 208H32c-17.67 0-32 14.33-32 32v32c0 17.67 14.33 32 32 32h384c17.67 0 32-14.33 32-32v-32c0-17.67-14.33-32-32-32z\"><\/path><\/svg><\/span>\n\t\t\t<span class='e-closed'><svg aria-hidden=\"true\" class=\"e-font-icon-svg e-fas-plus\" viewBox=\"0 0 448 512\" xmlns=\"http:\/\/www.w3.org\/2000\/svg\"><path d=\"M416 208H272V64c0-17.67-14.33-32-32-32h-32c-17.67 0-32 14.33-32 32v144H32c-17.67 0-32 14.33-32 32v32c0 17.67 14.33 32 32 32h144v144c0 17.67 14.33 32 32 32h32c17.67 0 32-14.33 32-32V304h144c17.67 0 32-14.33 32-32v-32c0-17.67-14.33-32-32-32z\"><\/path><\/svg><\/span>\n\t\t<\/span>\n\n\t\t\t\t\t\t<\/summary>\n\t\t\t\t<div role=\"region\" aria-labelledby=\"e-n-accordion-item-8015\" class=\"elementor-element elementor-element-7f883e8 e-flex e-con-boxed e-con e-child\" data-id=\"7f883e8\" data-element_type=\"container\" data-e-type=\"container\">\n\t\t\t\t\t<div class=\"e-con-inner\">\n\t\t\t\t<div class=\"elementor-element elementor-element-fd00d95 elementor-widget elementor-widget-text-editor\" data-id=\"fd00d95\" data-element_type=\"widget\" data-e-type=\"widget\" data-widget_type=\"text-editor.default\">\n\t\t\t\t\t\t\t\t\t<p>Comme tout verre progressif, une phase d\u2019adaptation peut \u00eatre n\u00e9cessaire. Toutefois, la conception Digitime vise \u00e0 faciliter cette adaptation en offrant une transition naturelle entre les zones de vision.<\/p>\t\t\t\t\t\t\t\t<\/div>\n\t\t\t\t\t<\/div>\n\t\t\t\t<\/div>\n\t\t\t\t\t<\/details>\n\t\t\t\t\t\t<details id=\"e-n-accordion-item-8016\" class=\"e-n-accordion-item\" >\n\t\t\t\t<summary class=\"e-n-accordion-item-title\" data-accordion-index=\"7\" tabindex=\"-1\" aria-expanded=\"false\" aria-controls=\"e-n-accordion-item-8016\" >\n\t\t\t\t\t<span class='e-n-accordion-item-title-header'><h4 class=\"e-n-accordion-item-title-text\"> Les verres Varilux\u00ae Digitime sont-ils compatibles avec toutes les montures ? <\/h4><\/span>\n\t\t\t\t\t\t\t<span class='e-n-accordion-item-title-icon'>\n\t\t\t<span class='e-opened' ><svg aria-hidden=\"true\" class=\"e-font-icon-svg e-fas-minus\" viewBox=\"0 0 448 512\" xmlns=\"http:\/\/www.w3.org\/2000\/svg\"><path d=\"M416 208H32c-17.67 0-32 14.33-32 32v32c0 17.67 14.33 32 32 32h384c17.67 0 32-14.33 32-32v-32c0-17.67-14.33-32-32-32z\"><\/path><\/svg><\/span>\n\t\t\t<span class='e-closed'><svg aria-hidden=\"true\" class=\"e-font-icon-svg e-fas-plus\" viewBox=\"0 0 448 512\" xmlns=\"http:\/\/www.w3.org\/2000\/svg\"><path d=\"M416 208H272V64c0-17.67-14.33-32-32-32h-32c-17.67 0-32 14.33-32 32v144H32c-17.67 0-32 14.33-32 32v32c0 17.67 14.33 32 32 32h144v144c0 17.67 14.33 32 32 32h32c17.67 0 32-14.33 32-32V304h144c17.67 0 32-14.33 32-32v-32c0-17.67-14.33-32-32-32z\"><\/path><\/svg><\/span>\n\t\t<\/span>\n\n\t\t\t\t\t\t<\/summary>\n\t\t\t\t<div role=\"region\" aria-labelledby=\"e-n-accordion-item-8016\" class=\"elementor-element elementor-element-889c669 e-flex e-con-boxed e-con e-child\" data-id=\"889c669\" data-element_type=\"container\" data-e-type=\"container\">\n\t\t\t\t\t<div class=\"e-con-inner\">\n\t\t\t\t<div class=\"elementor-element elementor-element-df6a82f elementor-widget elementor-widget-text-editor\" data-id=\"df6a82f\" data-element_type=\"widget\" data-e-type=\"widget\" data-widget_type=\"text-editor.default\">\n\t\t\t\t\t\t\t\t\t<p>La majorit\u00e9 des montures sont compatibles avec les verres Varilux\u00ae Digitime. Certaines contraintes techniques li\u00e9es \u00e0 la forme ou \u00e0 la hauteur de la monture peuvent n\u00e9anmoins orienter le choix de la version ou du mat\u00e9riau.<\/p>\t\t\t\t\t\t\t\t<\/div>\n\t\t\t\t\t<\/div>\n\t\t\t\t<\/div>\n\t\t\t\t\t<\/details>\n\t\t\t\t\t<\/div>\n\t\t\t\t\t\t<\/div>\n\t\t\t\t\t<\/div>\n\t\t\t\t<\/div>\n\t\t<div class=\"elementor-element elementor-element-eb13718 ao_basgris e-flex e-con-boxed e-con e-parent\" data-id=\"eb13718\" data-element_type=\"container\" data-e-type=\"container\">\n\t\t\t\t\t<div class=\"e-con-inner\">\n\t\t\t\t<div class=\"elementor-element elementor-element-33da9ec elementor-widget elementor-widget-text-editor\" data-id=\"33da9ec\" data-element_type=\"widget\" data-e-type=\"widget\" data-widget_type=\"text-editor.default\">\n\t\t\t\t\t\t\t\t\t1. Appellations Varilux\u00ae Digitime : les d\u00e9nominations Varilux\u00ae Digitime NEAR, Varilux\u00ae Digitime MID et Varilux\u00ae Digitime ROOM d\u00e9signent des gammes de verres progressifs d\u00e9velopp\u00e9es par Essilor.\n2. Finalit\u00e9 des verres : les verres Varilux\u00ae Digitime sont destin\u00e9s \u00e0 corriger la presbytie et \u00e0 am\u00e9liorer le confort visuel, notamment lors des usages num\u00e9riques.\n3. R\u00e9sultats et variabilit\u00e9 individuelle : le confort visuel et le temps d\u2019adaptation peuvent varier selon la correction, la morphologie, la monture et les habitudes visuelles du porteur.\n4. Mati\u00e8res de verres : Orma\u00ae 1,50, Ormix\u00ae 1,60 et Stylis\u00ae 1,67 correspondent \u00e0 diff\u00e9rents mat\u00e9riaux et indices de r\u00e9fraction, choisis selon la correction et la monture.\n5. EPS\u2122 : Eye Protect System\u2122 contribue \u00e0 r\u00e9duire l\u2019exposition \u00e0 certaines longueurs d\u2019onde de la lumi\u00e8re bleue. Il ne constitue pas un dispositif m\u00e9dical.\n6. Crizal\u00ae : les traitements Crizal\u00ae Sapphire\u2122 HR et Crizal\u00ae Easy Pro am\u00e9liorent la transparence et facilitent l\u2019entretien des verres, sous r\u00e9serve d\u2019un usage conforme.\n7. Compatibilit\u00e9 montures : toutes les montures ne sont pas compatibles avec l\u2019ensemble des versions, mat\u00e9riaux et traitements propos\u00e9s.\n8. Les informations pr\u00e9sent\u00e9es sont donn\u00e9es \u00e0 titre indicatif. Les caract\u00e9ristiques finales figurent sur le devis et la facture.\t\t\t\t\t\t\t\t<\/div>\n\t\t\t\t\t<\/div>\n\t\t\t\t<\/div>\n\t\t\t\t<\/div>\n\t\t","protected":false},"excerpt":{"rendered":"<p>Un cr\u00e9dit vous engage et doit \u00eatre rembours\u00e9.V\u00e9rifiez vos capacit\u00e9s de remboursement avant de vous engager. Paiement en plusieurs fois. Le paiement en plusieurs fois est propos\u00e9 via notre partenaire Alma. La s\u00e9curisation des paiements est assur\u00e9e par Alma et ses partenaires. &#8211; Conditions : ce type de paiement est r\u00e9serv\u00e9 aux particuliers r\u00e9sidant en [&hellip;]<\/p>\n","protected":false},"author":1,"featured_media":788,"parent":0,"menu_order":0,"comment_status":"closed","ping_status":"closed","template":"","meta":{"_acf_changed":false,"footnotes":""},"class_list":["post-316","page","type-page","status-publish","has-post-thumbnail","hentry"],"acf":[],"yoast_head":"<!-- This site is optimized with the Yoast SEO plugin v27.5 - https:\/\/yoast.com\/product\/yoast-seo-wordpress\/ -->\n<title>Acheter un verre Essilor\u00ae Varilux\u00ae Digitime | Archimbaud Opticien<\/title>\n<meta name=\"description\" content=\"Varilux\u00ae Digitime s\u2019adapte \u00e0 votre quotidien num\u00e9rique avec des zones de vision optimis\u00e9es selon vos usages : lecture, \u00e9crans, mobilit\u00e9. Un progressif pens\u00e9 pour les modes de vie modernes.\" \/>\n<meta name=\"robots\" content=\"index, follow, max-snippet:-1, max-image-preview:large, max-video-preview:-1\" \/>\n<link rel=\"canonical\" href=\"https:\/\/www.archimbaudopticien.com\/diag\/acheter-essilor-varilux-digitime\/\" \/>\n<meta property=\"og:locale\" content=\"fr_FR\" \/>\n<meta property=\"og:type\" content=\"article\" \/>\n<meta property=\"og:title\" content=\"Acheter un verre Essilor\u00ae Varilux\u00ae Digitime | Archimbaud Opticien\" \/>\n<meta property=\"og:description\" content=\"Varilux\u00ae Digitime s\u2019adapte \u00e0 votre quotidien num\u00e9rique avec des zones de vision optimis\u00e9es selon vos usages : lecture, \u00e9crans, mobilit\u00e9. Un progressif pens\u00e9 pour les modes de vie modernes.\" \/>\n<meta property=\"og:url\" content=\"https:\/\/www.archimbaudopticien.com\/diag\/acheter-essilor-varilux-digitime\/\" \/>\n<meta property=\"og:site_name\" content=\"Archimbaud Opticien\" \/>\n<meta property=\"article:modified_time\" content=\"2026-02-04T21:28:08+00:00\" \/>\n<meta property=\"og:image\" content=\"https:\/\/www.archimbaudopticien.com\/diag\/wp-content\/uploads\/2026\/02\/verres-progressifs-varilux-digitime-essilor.jpg\" \/>\n\t<meta property=\"og:image:width\" content=\"600\" \/>\n\t<meta property=\"og:image:height\" content=\"750\" \/>\n\t<meta property=\"og:image:type\" content=\"image\/jpeg\" \/>\n<meta name=\"twitter:card\" content=\"summary_large_image\" \/>\n<meta name=\"twitter:label1\" content=\"Dur\u00e9e de lecture estim\u00e9e\" \/>\n\t<meta name=\"twitter:data1\" content=\"9 minutes\" \/>\n<script type=\"application\/ld+json\" class=\"yoast-schema-graph\">{\"@context\":\"https:\\\/\\\/schema.org\",\"@graph\":[{\"@type\":\"WebPage\",\"@id\":\"https:\\\/\\\/www.archimbaudopticien.com\\\/diag\\\/acheter-essilor-varilux-digitime\\\/\",\"url\":\"https:\\\/\\\/www.archimbaudopticien.com\\\/diag\\\/acheter-essilor-varilux-digitime\\\/\",\"name\":\"Acheter un verre Essilor\u00ae Varilux\u00ae Digitime | Archimbaud Opticien\",\"isPartOf\":{\"@id\":\"https:\\\/\\\/www.archimbaudopticien.com\\\/diag\\\/#website\"},\"primaryImageOfPage\":{\"@id\":\"https:\\\/\\\/www.archimbaudopticien.com\\\/diag\\\/acheter-essilor-varilux-digitime\\\/#primaryimage\"},\"image\":{\"@id\":\"https:\\\/\\\/www.archimbaudopticien.com\\\/diag\\\/acheter-essilor-varilux-digitime\\\/#primaryimage\"},\"thumbnailUrl\":\"https:\\\/\\\/www.archimbaudopticien.com\\\/diag\\\/wp-content\\\/uploads\\\/2026\\\/02\\\/verres-progressifs-varilux-digitime-essilor.jpg\",\"datePublished\":\"2026-01-14T11:33:18+00:00\",\"dateModified\":\"2026-02-04T21:28:08+00:00\",\"description\":\"Varilux\u00ae Digitime s\u2019adapte \u00e0 votre quotidien num\u00e9rique avec des zones de vision optimis\u00e9es selon vos usages : lecture, \u00e9crans, mobilit\u00e9. Un progressif pens\u00e9 pour les modes de vie modernes.\",\"breadcrumb\":{\"@id\":\"https:\\\/\\\/www.archimbaudopticien.com\\\/diag\\\/acheter-essilor-varilux-digitime\\\/#breadcrumb\"},\"inLanguage\":\"fr-FR\",\"potentialAction\":[{\"@type\":\"ReadAction\",\"target\":[\"https:\\\/\\\/www.archimbaudopticien.com\\\/diag\\\/acheter-essilor-varilux-digitime\\\/\"]}]},{\"@type\":\"ImageObject\",\"inLanguage\":\"fr-FR\",\"@id\":\"https:\\\/\\\/www.archimbaudopticien.com\\\/diag\\\/acheter-essilor-varilux-digitime\\\/#primaryimage\",\"url\":\"https:\\\/\\\/www.archimbaudopticien.com\\\/diag\\\/wp-content\\\/uploads\\\/2026\\\/02\\\/verres-progressifs-varilux-digitime-essilor.jpg\",\"contentUrl\":\"https:\\\/\\\/www.archimbaudopticien.com\\\/diag\\\/wp-content\\\/uploads\\\/2026\\\/02\\\/verres-progressifs-varilux-digitime-essilor.jpg\",\"width\":600,\"height\":750},{\"@type\":\"BreadcrumbList\",\"@id\":\"https:\\\/\\\/www.archimbaudopticien.com\\\/diag\\\/acheter-essilor-varilux-digitime\\\/#breadcrumb\",\"itemListElement\":[{\"@type\":\"ListItem\",\"position\":1,\"name\":\"Accueil\",\"item\":\"https:\\\/\\\/www.archimbaudopticien.com\\\/diag\\\/\"},{\"@type\":\"ListItem\",\"position\":2,\"name\":\"Acheter un verre Essilor\u00ae Varilux\u00ae Digitime\u2122\"}]},{\"@type\":\"WebSite\",\"@id\":\"https:\\\/\\\/www.archimbaudopticien.com\\\/diag\\\/#website\",\"url\":\"https:\\\/\\\/www.archimbaudopticien.com\\\/diag\\\/\",\"name\":\"Archimbaud Opticien\",\"description\":\"\",\"publisher\":{\"@id\":\"https:\\\/\\\/www.archimbaudopticien.com\\\/diag\\\/#organization\"},\"potentialAction\":[{\"@type\":\"SearchAction\",\"target\":{\"@type\":\"EntryPoint\",\"urlTemplate\":\"https:\\\/\\\/www.archimbaudopticien.com\\\/diag\\\/?s={search_term_string}\"},\"query-input\":{\"@type\":\"PropertyValueSpecification\",\"valueRequired\":true,\"valueName\":\"search_term_string\"}}],\"inLanguage\":\"fr-FR\"},{\"@type\":\"Organization\",\"@id\":\"https:\\\/\\\/www.archimbaudopticien.com\\\/diag\\\/#organization\",\"name\":\"Archimbaud Opticien\",\"url\":\"https:\\\/\\\/www.archimbaudopticien.com\\\/diag\\\/\",\"logo\":{\"@type\":\"ImageObject\",\"inLanguage\":\"fr-FR\",\"@id\":\"https:\\\/\\\/www.archimbaudopticien.com\\\/diag\\\/#\\\/schema\\\/logo\\\/image\\\/\",\"url\":\"https:\\\/\\\/www.archimbaudopticien.com\\\/diag\\\/wp-content\\\/uploads\\\/2026\\\/02\\\/logo-1664963842.png\",\"contentUrl\":\"https:\\\/\\\/www.archimbaudopticien.com\\\/diag\\\/wp-content\\\/uploads\\\/2026\\\/02\\\/logo-1664963842.png\",\"width\":600,\"height\":54,\"caption\":\"Archimbaud Opticien\"},\"image\":{\"@id\":\"https:\\\/\\\/www.archimbaudopticien.com\\\/diag\\\/#\\\/schema\\\/logo\\\/image\\\/\"}}]}<\/script>\n<!-- \/ Yoast SEO plugin. -->","yoast_head_json":{"title":"Acheter un verre Essilor\u00ae Varilux\u00ae Digitime | Archimbaud Opticien","description":"Varilux\u00ae Digitime s\u2019adapte \u00e0 votre quotidien num\u00e9rique avec des zones de vision optimis\u00e9es selon vos usages : lecture, \u00e9crans, mobilit\u00e9. Un progressif pens\u00e9 pour les modes de vie modernes.","robots":{"index":"index","follow":"follow","max-snippet":"max-snippet:-1","max-image-preview":"max-image-preview:large","max-video-preview":"max-video-preview:-1"},"canonical":"https:\/\/www.archimbaudopticien.com\/diag\/acheter-essilor-varilux-digitime\/","og_locale":"fr_FR","og_type":"article","og_title":"Acheter un verre Essilor\u00ae Varilux\u00ae Digitime | Archimbaud Opticien","og_description":"Varilux\u00ae Digitime s\u2019adapte \u00e0 votre quotidien num\u00e9rique avec des zones de vision optimis\u00e9es selon vos usages : lecture, \u00e9crans, mobilit\u00e9. Un progressif pens\u00e9 pour les modes de vie modernes.","og_url":"https:\/\/www.archimbaudopticien.com\/diag\/acheter-essilor-varilux-digitime\/","og_site_name":"Archimbaud Opticien","article_modified_time":"2026-02-04T21:28:08+00:00","og_image":[{"width":600,"height":750,"url":"https:\/\/www.archimbaudopticien.com\/diag\/wp-content\/uploads\/2026\/02\/verres-progressifs-varilux-digitime-essilor.jpg","type":"image\/jpeg"}],"twitter_card":"summary_large_image","twitter_misc":{"Dur\u00e9e de lecture estim\u00e9e":"9 minutes"},"schema":{"@context":"https:\/\/schema.org","@graph":[{"@type":"WebPage","@id":"https:\/\/www.archimbaudopticien.com\/diag\/acheter-essilor-varilux-digitime\/","url":"https:\/\/www.archimbaudopticien.com\/diag\/acheter-essilor-varilux-digitime\/","name":"Acheter un verre Essilor\u00ae Varilux\u00ae Digitime | Archimbaud Opticien","isPartOf":{"@id":"https:\/\/www.archimbaudopticien.com\/diag\/#website"},"primaryImageOfPage":{"@id":"https:\/\/www.archimbaudopticien.com\/diag\/acheter-essilor-varilux-digitime\/#primaryimage"},"image":{"@id":"https:\/\/www.archimbaudopticien.com\/diag\/acheter-essilor-varilux-digitime\/#primaryimage"},"thumbnailUrl":"https:\/\/www.archimbaudopticien.com\/diag\/wp-content\/uploads\/2026\/02\/verres-progressifs-varilux-digitime-essilor.jpg","datePublished":"2026-01-14T11:33:18+00:00","dateModified":"2026-02-04T21:28:08+00:00","description":"Varilux\u00ae Digitime s\u2019adapte \u00e0 votre quotidien num\u00e9rique avec des zones de vision optimis\u00e9es selon vos usages : lecture, \u00e9crans, mobilit\u00e9. Un progressif pens\u00e9 pour les modes de vie modernes.","breadcrumb":{"@id":"https:\/\/www.archimbaudopticien.com\/diag\/acheter-essilor-varilux-digitime\/#breadcrumb"},"inLanguage":"fr-FR","potentialAction":[{"@type":"ReadAction","target":["https:\/\/www.archimbaudopticien.com\/diag\/acheter-essilor-varilux-digitime\/"]}]},{"@type":"ImageObject","inLanguage":"fr-FR","@id":"https:\/\/www.archimbaudopticien.com\/diag\/acheter-essilor-varilux-digitime\/#primaryimage","url":"https:\/\/www.archimbaudopticien.com\/diag\/wp-content\/uploads\/2026\/02\/verres-progressifs-varilux-digitime-essilor.jpg","contentUrl":"https:\/\/www.archimbaudopticien.com\/diag\/wp-content\/uploads\/2026\/02\/verres-progressifs-varilux-digitime-essilor.jpg","width":600,"height":750},{"@type":"BreadcrumbList","@id":"https:\/\/www.archimbaudopticien.com\/diag\/acheter-essilor-varilux-digitime\/#breadcrumb","itemListElement":[{"@type":"ListItem","position":1,"name":"Accueil","item":"https:\/\/www.archimbaudopticien.com\/diag\/"},{"@type":"ListItem","position":2,"name":"Acheter un verre Essilor\u00ae Varilux\u00ae Digitime\u2122"}]},{"@type":"WebSite","@id":"https:\/\/www.archimbaudopticien.com\/diag\/#website","url":"https:\/\/www.archimbaudopticien.com\/diag\/","name":"Archimbaud Opticien","description":"","publisher":{"@id":"https:\/\/www.archimbaudopticien.com\/diag\/#organization"},"potentialAction":[{"@type":"SearchAction","target":{"@type":"EntryPoint","urlTemplate":"https:\/\/www.archimbaudopticien.com\/diag\/?s={search_term_string}"},"query-input":{"@type":"PropertyValueSpecification","valueRequired":true,"valueName":"search_term_string"}}],"inLanguage":"fr-FR"},{"@type":"Organization","@id":"https:\/\/www.archimbaudopticien.com\/diag\/#organization","name":"Archimbaud Opticien","url":"https:\/\/www.archimbaudopticien.com\/diag\/","logo":{"@type":"ImageObject","inLanguage":"fr-FR","@id":"https:\/\/www.archimbaudopticien.com\/diag\/#\/schema\/logo\/image\/","url":"https:\/\/www.archimbaudopticien.com\/diag\/wp-content\/uploads\/2026\/02\/logo-1664963842.png","contentUrl":"https:\/\/www.archimbaudopticien.com\/diag\/wp-content\/uploads\/2026\/02\/logo-1664963842.png","width":600,"height":54,"caption":"Archimbaud Opticien"},"image":{"@id":"https:\/\/www.archimbaudopticien.com\/diag\/#\/schema\/logo\/image\/"}}]}},"_links":{"self":[{"href":"https:\/\/www.archimbaudopticien.com\/diag\/wp-json\/wp\/v2\/pages\/316","targetHints":{"allow":["GET"]}}],"collection":[{"href":"https:\/\/www.archimbaudopticien.com\/diag\/wp-json\/wp\/v2\/pages"}],"about":[{"href":"https:\/\/www.archimbaudopticien.com\/diag\/wp-json\/wp\/v2\/types\/page"}],"author":[{"embeddable":true,"href":"https:\/\/www.archimbaudopticien.com\/diag\/wp-json\/wp\/v2\/users\/1"}],"replies":[{"embeddable":true,"href":"https:\/\/www.archimbaudopticien.com\/diag\/wp-json\/wp\/v2\/comments?post=316"}],"version-history":[{"count":15,"href":"https:\/\/www.archimbaudopticien.com\/diag\/wp-json\/wp\/v2\/pages\/316\/revisions"}],"predecessor-version":[{"id":805,"href":"https:\/\/www.archimbaudopticien.com\/diag\/wp-json\/wp\/v2\/pages\/316\/revisions\/805"}],"wp:featuredmedia":[{"embeddable":true,"href":"https:\/\/www.archimbaudopticien.com\/diag\/wp-json\/wp\/v2\/media\/788"}],"wp:attachment":[{"href":"https:\/\/www.archimbaudopticien.com\/diag\/wp-json\/wp\/v2\/media?parent=316"}],"curies":[{"name":"wp","href":"https:\/\/api.w.org\/{rel}","templated":true}]}}