{"id":348,"date":"2026-01-14T14:58:31","date_gmt":"2026-01-14T13:58:31","guid":{"rendered":"https:\/\/archimbaudopticien.com\/diag\/?page_id=348"},"modified":"2026-02-04T21:57:21","modified_gmt":"2026-02-04T20:57:21","slug":"acheter-essilor-eyezen-enfant","status":"publish","type":"page","link":"https:\/\/www.archimbaudopticien.com\/diag\/acheter-essilor-eyezen-enfant\/","title":{"rendered":"Acheter un verre Essilor\u00ae Eyezen\u00ae enfant"},"content":{"rendered":"\t\t<div data-elementor-type=\"wp-page\" data-elementor-id=\"348\" class=\"elementor elementor-348\" data-elementor-post-type=\"page\">\n\t\t\t\t<div class=\"elementor-element elementor-element-77465ef1 e-flex e-con-boxed e-con e-parent\" data-id=\"77465ef1\" data-element_type=\"container\" data-e-type=\"container\">\n\t\t\t\t\t<div class=\"e-con-inner\">\n\t\t\t\t<div class=\"elementor-element elementor-element-2e5e1662 elementor-widget elementor-widget-shortcode\" data-id=\"2e5e1662\" data-element_type=\"widget\" data-e-type=\"widget\" data-widget_type=\"shortcode.default\">\n\t\t\t\t\t\t\t<div class=\"elementor-shortcode\"><div class=\"calculateur-layout is-style-wide\" data-gamme=\"5\">\r\n    <div class=\"rc-progress-scrollbar-container\">\r\n        <div class=\"rc-progress-scrollbar-steps\">\r\n            <div class=\"rc-progress-scrollbar-indicator\"><\/div>\r\n            <div class=\"steps\">\r\n                <div class=\"step\" data-step=\"1\"><span><\/span><\/div>\r\n                <div class=\"step\" data-step=\"2\"><span><\/span><\/div>\r\n                <div class=\"step\" data-step=\"3\"><span><\/span><\/div>\r\n                <div class=\"step\" data-step=\"4\"><span><\/span><\/div>\r\n                <div class=\"step\" data-step=\"5\"><span><\/span><\/div>\r\n                <div class=\"step\" data-step=\"6\"><span><\/span><\/div>\r\n            <\/div>\r\n        <\/div>\r\n    <\/div>\r\n    <div class=\"header-infos\">\r\n        <div class=\"bloc-ttl\">\r\n            <h2 class=\"gamme-ttl\">Eyezen kids\u00ae<\/h2>\r\n            <div class=\"dyn-info info-dynamic\" data-dtotalprice=\"0\" data-mns=\"4\">\u00c0 partir de <span class=\"dyn-price\"><\/span> ou <span class=\"dyn-mensualite\"><\/span>\/mois pour <span class=\"mensualite\">4<\/span> mois \u00e0 0% taux d\u00e9biteur**<\/div>\r\n        <\/div>\r\n    <\/div>\r\n    <div class=\"bloc-desc\">Essilor\u00ae Eyezen Kids\u00ae &amp; Essilor\u00ae Stellest\u00ae, des verres con\u00e7us pour accompagner la vision des enfants et pr\u00e9server leur avenir visuel.<\/div>\r\n    <div class=\"option-line\">\r\n        <div class=\"option-label\">\r\n            <strong>Monture.<\/strong>\r\n            <span>Quel mod\u00e8le vous faut-il ?<\/span>\r\n        <\/div>\r\n        <input type=\"text\" id=\"monture-1\" class=\"option-price-input\" placeholder=\"0\" value=\"\">\r\n        <span class=\"currency\">\u20ac<\/span>\r\n    <\/div>\r\n\r\n    <div class=\"calculateur-left\">\r\n        <div class=\"sticky-image\">\r\n            <div class=\"slide for-step-1\"><a href=\"https:\/\/www.archimbaudopticien.com\/diag\/wp-content\/uploads\/2026\/01\/eyezen-kids-cz-easy-pro-new-1024x683.jpg\" data-fancybox=\"gallery\"><img decoding=\"async\" src=\"https:\/\/www.archimbaudopticien.com\/diag\/wp-content\/uploads\/2026\/01\/eyezen-kids-cz-easy-pro-new-1024x683.jpg\" alt=\"\"><\/a><\/div>\r\n        <\/div>\r\n    <\/div>\r\n    <div class=\"calculateur-right\">\r\n        <form class=\"calculateur-form\" id=\"request-form\">\r\n            <input type=\"hidden\" name=\"monture-1-val\" id=\"monture-1-val\" value=\"0\" \/>\r\n            <input type=\"hidden\" name=\"mensualite\" value=\"4\" \/>\r\n            <div class=\"cu-step\" id=\"step-1\">\r\n                <div class=\"step-sttl\"><p>Choisissez la version adapt\u00e9e \u00e0 vos besoins.<\/p>\n<\/div>\r\n                <div class=\"steps-elements\">\r\n                    <div class=\"img-mobile\"><a href=\"https:\/\/www.archimbaudopticien.com\/diag\/wp-content\/uploads\/2026\/01\/eyezen-kids-cz-easy-pro-new-1024x683.jpg\" data-fancybox=\"gallery-mobile\"><img decoding=\"async\" src=\"https:\/\/www.archimbaudopticien.com\/diag\/wp-content\/uploads\/2026\/01\/eyezen-kids-cz-easy-pro-new-1024x683.jpg\" alt=\"\"><\/a><\/div>\r\n                                            <label class=\"calc-radio\">\r\n                            <input type=\"radio\" data-label=\"Essilor\u00ae Eyezen\u00ae\" data-pricex2=\"178\" data-price=\"89\"\r\n                                name=\"step1\"\r\n                                value=\"318\"\r\n                                data-image=\"https:\/\/www.archimbaudopticien.com\/diag\/wp-content\/uploads\/2026\/01\/eyezen-kids-cz-easy-pro-new-1024x683.jpg\">\r\n\r\n                            <span class=\"step-title\">Eyezen kids\u00ae<\/span>\r\n                            <span class=\"step-price\">\r\n                                \u00c0 partir de <span class=\"dyp\">89\u20ac<\/span> ou <br \/> <span class=\"dym\">22.25\u20ac<\/span>\/mois \u00e0 0%                            <\/span>\r\n                        <\/label>\r\n                                            <label class=\"calc-radio\">\r\n                            <input type=\"radio\" data-label=\"Stellest\u00ae\" data-pricex2=\"298\" data-price=\"149\"\r\n                                name=\"step1\"\r\n                                value=\"320\"\r\n                                data-image=\"https:\/\/www.archimbaudopticien.com\/diag\/wp-content\/uploads\/2026\/01\/eyezen-kids-cz-easy-pro-new-1024x683.jpg\">\r\n\r\n                            <span class=\"step-title\">Stellest\u00ae<\/span>\r\n                            <span class=\"step-price\">\r\n                                \u00c0 partir de <span class=\"dyp\">149\u20ac<\/span> ou <br \/> <span class=\"dym\">37.25\u20ac<\/span>\/mois \u00e0 0%                            <\/span>\r\n                        <\/label>\r\n                                            <label class=\"calc-radio\">\r\n                            <input type=\"radio\" data-label=\"Essilor\u00ae\" data-pricex2=\"98\" data-price=\"49\"\r\n                                name=\"step1\"\r\n                                value=\"1131\"\r\n                                data-image=\"https:\/\/www.archimbaudopticien.com\/diag\/wp-content\/uploads\/2026\/04\/essilor-chrono-kids-1024x683.jpg\">\r\n\r\n                            <span class=\"step-title\">Essilor\u00ae Chrono<\/span>\r\n                            <span class=\"step-price\">\r\n                                \u00c0 partir de <span class=\"dyp\">49\u20ac<\/span> ou <br \/> <span class=\"dym\">12.25\u20ac<\/span>\/mois \u00e0 0%                            <\/span>\r\n                        <\/label>\r\n                                    <\/div>\r\n                                    <div class=\"step-instruct\">\r\n                        <p class=\"instru-ttl\">Besoin d\u2019aide pour choisir la version ?<\/p><p class=\"sttl-ttl\">D\u00e9couvrez les diff\u00e9rences principales entre ces verres pour enfants.<\/p><div class=\"info-icon\"><\/div><div class=\"info-popup\" style=\"display:none;\"><hr style=\"border: none;border-top: 1px solid #ffffff;margin: 18px 0\" \/>\n<div style=\"text-align: center\">\n<p style=\"text-align: center;margin: 0 0 20px 0;font-size: clamp(28px, 5vw, 40px);line-height: 1.2;color: #000000\">\n    <strong>Quels verres choisir pour votre enfant ?<\/strong>\n  <\/p>\n<hr style=\"border: none;border-top: 1px solid #ffffff;margin: 50px 0\" \/>\n<table style=\"margin: 0 0 14px 0;width: 100%;border-collapse: collapse\" role=\"presentation\" width=\"100%\" cellspacing=\"0\" cellpadding=\"0\">\n<tbody>\n<tr>\n<td style=\"width: 25%\"><\/td>\n<td style=\"width: 25%;text-align: center\">\n          <img decoding=\"async\" style=\"margin: 0 auto;width: 60%;height: auto\" src=\"https:\/\/www.archimbaudopticien.com\/blog\/wp-content\/uploads\/2025\/12\/Eyezen-kids-noir.jpg\" alt=\"Logo Eyezen Kids\" \/>\n        <\/td>\n<td style=\"width: 25%;text-align: center\">\n          <img decoding=\"async\" style=\"margin: 0 auto;width: 60%;height: auto\" src=\"https:\/\/www.archimbaudopticien.com\/blog\/wp-content\/uploads\/2025\/12\/STellest-noir.jpg\" alt=\"Logo Stellest\" \/>\n        <\/td>\n<td style=\"width: 25%;text-align: center\">\n          <img decoding=\"async\" style=\"margin: 0 auto;width: 60%;height: auto\" src=\"https:\/\/www.archimbaudopticien.com\/diag\/wp-content\/uploads\/2026\/04\/Essilor-Chrono-noir.jpg\" alt=\"Logo Essilor Chrono\" \/>\n        <\/td>\n<\/tr>\n<\/tbody>\n<\/table>\n<table style=\"border-collapse: collapse;width: 100%\" role=\"presentation\" width=\"100%\" cellspacing=\"0\" cellpadding=\"10\">\n<tbody>\n<tr>\n<td style=\"width: 25%;text-align: left;vertical-align: middle;font-size: 13px;line-height: 1.25\">\n          <strong>Technologie adapt\u00e9e aux enfants<\/strong>\n        <\/td>\n<td style=\"width: 25%;text-align: center;vertical-align: middle;line-height: 0\">\n          <img decoding=\"async\" class=\"aligncenter\" style=\"margin: 0 auto;height: 22px;width: auto\" src=\"https:\/\/www.archimbaudopticien.com\/blog\/wp-content\/uploads\/2025\/12\/icon-check-triple.png\" alt=\"Oui Eyezen Kids\" \/>\n        <\/td>\n<td style=\"width: 25%;text-align: center;vertical-align: middle;line-height: 0\">\n          <img decoding=\"async\" class=\"aligncenter\" style=\"margin: 0 auto;height: 22px;width: auto\" src=\"https:\/\/www.archimbaudopticien.com\/blog\/wp-content\/uploads\/2025\/12\/icon-check-triple.png\" alt=\"Oui Stellest\" \/>\n        <\/td>\n<td style=\"width: 25%;text-align: center;vertical-align: middle;line-height: 0\">\n          <img decoding=\"async\" class=\"aligncenter\" style=\"margin: 0 auto;height: 22px;width: auto\" src=\"https:\/\/www.archimbaudopticien.com\/blog\/wp-content\/uploads\/2025\/12\/icon-check-double.png\" alt=\"Oui Essilor Chrono\" \/>\n        <\/td>\n<\/tr>\n<tr>\n<td style=\"border-top: 1px solid #ffffff;text-align: left;vertical-align: middle;font-size: 13px\">\n          <strong>Confort en lecture et devoirs<\/strong>\n        <\/td>\n<td style=\"border-top: 1px solid #ffffff;text-align: center;vertical-align: middle;line-height: 0\">\n          <img decoding=\"async\" class=\"aligncenter\" style=\"margin: 0 auto;height: 22px;width: auto\" src=\"https:\/\/www.archimbaudopticien.com\/blog\/wp-content\/uploads\/2025\/12\/icon-check-triple.png\" alt=\"Oui Eyezen Kids\" \/>\n        <\/td>\n<td style=\"border-top: 1px solid #ffffff;text-align: center;vertical-align: middle;line-height: 0\">\n          <img decoding=\"async\" class=\"aligncenter\" style=\"margin: 0 auto;height: 22px;width: auto\" src=\"https:\/\/www.archimbaudopticien.com\/blog\/wp-content\/uploads\/2025\/12\/icon-check-double.png\" alt=\"Moins concern\u00e9 Stellest\" \/>\n        <\/td>\n<td style=\"border-top: 1px solid #ffffff;text-align: center;vertical-align: middle;line-height: 0\">\n          <img decoding=\"async\" class=\"aligncenter\" style=\"margin: 0 auto;height: 22px;width: auto\" src=\"https:\/\/www.archimbaudopticien.com\/blog\/wp-content\/uploads\/2025\/12\/icon-check.png\" alt=\"Moins concern\u00e9 Essilor Chrono\" \/>\n        <\/td>\n<\/tr>\n<tr>\n<td style=\"border-top: 1px solid #ffffff;text-align: left;vertical-align: middle;font-size: 13px\">\n          <strong>Confort prolong\u00e9 sur \u00e9cran<\/strong>\n        <\/td>\n<td style=\"border-top: 1px solid #ffffff;text-align: center;vertical-align: middle;line-height: 0\">\n          <img decoding=\"async\" class=\"aligncenter\" style=\"margin: 0 auto;height: 22px;width: auto\" src=\"https:\/\/www.archimbaudopticien.com\/blog\/wp-content\/uploads\/2025\/12\/icon-check-triple.png\" alt=\"Oui Eyezen Kids\" \/>\n        <\/td>\n<td style=\"border-top: 1px solid #ffffff;text-align: center;vertical-align: middle;line-height: 0\">\n          <img decoding=\"async\" class=\"aligncenter\" style=\"margin: 0 auto;height: 22px;width: auto\" src=\"https:\/\/www.archimbaudopticien.com\/blog\/wp-content\/uploads\/2025\/12\/icon-check-double.png\" alt=\"Moins concern\u00e9 Stellest\" \/>\n        <\/td>\n<td style=\"border-top: 1px solid #ffffff;text-align: center;vertical-align: middle;line-height: 0\">\n          <img decoding=\"async\" class=\"aligncenter\" style=\"margin: 0 auto;height: 22px;width: auto\" src=\"https:\/\/www.archimbaudopticien.com\/blog\/wp-content\/uploads\/2025\/12\/icon-no.png\" alt=\"Non Essilor Chrono\" \/>\n        <\/td>\n<\/tr>\n<tr>\n<td style=\"border-top: 1px solid #ffffff;text-align: left;vertical-align: middle;font-size: 13px\">\n          <strong>Contr\u00f4lent la progression de la myopie<\/strong>\n        <\/td>\n<td style=\"border-top: 1px solid #ffffff;text-align: center;vertical-align: middle;line-height: 0\">\n          <img decoding=\"async\" class=\"aligncenter\" style=\"margin: 0 auto;height: 22px;width: auto\" src=\"https:\/\/www.archimbaudopticien.com\/blog\/wp-content\/uploads\/2025\/12\/icon-no.png\" alt=\"Non Eyezen Kids\" \/>\n        <\/td>\n<td style=\"border-top: 1px solid #ffffff;text-align: center;vertical-align: middle;line-height: 0\">\n          <img decoding=\"async\" class=\"aligncenter\" style=\"margin: 0 auto;height: 22px;width: auto\" src=\"https:\/\/www.archimbaudopticien.com\/blog\/wp-content\/uploads\/2025\/12\/icon-check-triple.png\" alt=\"Oui Stellest\" \/>\n        <\/td>\n<td style=\"border-top: 1px solid #ffffff;text-align: center;vertical-align: middle;line-height: 0\">\n          <img decoding=\"async\" class=\"aligncenter\" style=\"margin: 0 auto;height: 22px;width: auto\" src=\"https:\/\/www.archimbaudopticien.com\/blog\/wp-content\/uploads\/2025\/12\/icon-no.png\" alt=\"Non Essilor Chrono\" \/>\n        <\/td>\n<\/tr>\n<tr>\n<td style=\"border-top: 1px solid #ffffff;text-align: left;vertical-align: middle;font-size: 13px\">\n          <strong>Id\u00e9al pour\u2026<\/strong>\n        <\/td>\n<td style=\"border-top: 1px solid #ffffff;text-align: center;color: #000000;font-size: 12px\">\n          <em>Lecture, \u00e9crans &amp; confort visuel au quotidien<\/em>\n        <\/td>\n<td style=\"border-top: 1px solid #ffffff;text-align: center;color: #000000;font-size: 12px\">\n          <em>Freiner la myopie tout en assurant une vision nette<\/em>\n        <\/td>\n<td style=\"border-top: 1px solid #ffffff;text-align: center;color: #000000;font-size: 12px\">\n          <em>Confort vision classique<\/em>\n        <\/td>\n<\/tr>\n<\/tbody>\n<\/table>\n<p style=\"text-align: center;margin: 18px 0 0 0\">\n    <a style=\"color: #000000;text-decoration: none\" href=\"https:\/\/www.archimbaudopticien.com\/blog\/nos-verres-essilor\/essilor-eyezen-kids-stellest\/eyezen-kids-vs-stellest\" target=\"_blank\" rel=\"noopener noreferrer\"><br \/>\n      <span style=\"text-decoration: underline\"><strong>En savoir plus &gt;<\/strong><\/span><br \/>\n    <\/a>\n  <\/p>\n<\/div>\n<\/div>                    <\/div>\r\n                            <\/div>\r\n                                <div class=\"cu-step disbaled\" id=\"step-2\">\r\n                <div class=\"step-sttl\"><p>Optimisez vos verres.<\/p>\n<\/div>\r\n                <div class=\"steps-elements\">\r\n                                    <\/div>\r\n                                    <div class=\"step-instruct\">\r\n                        <p class=\"instru-ttl\">Quelle mati\u00e8re pour ses verres ?<\/p><p class=\"sttl-ttl\">Visualisez les diff\u00e9rences principales entre les mati\u00e8res.<\/p><div class=\"info-icon\"><\/div><div class=\"info-popup\" style=\"display:none;\"><hr style=\"border: none;border-top: 1px solid #ffffff;margin: 18px 0\" \/>\n<div style=\"text-align: center\">\n<p style=\"text-align: center;margin: 0 0 20px 0;font-size: clamp(22px, 5vw, 32px);line-height: 1.2;color: #000000\"><strong>Quelle mati\u00e8re choisir pour optimiser vos verres\u00a0?<\/strong><\/p>\n<hr style=\"border: none;border-top: 1px solid #ffffff;margin: 50px 0\" \/>\n<table style=\"border-collapse: collapse;margin: 0 0 14px 0;width: 100%\" role=\"presentation\" width=\"100%\" cellspacing=\"0\" cellpadding=\"0\">\n<tbody>\n<tr>\n<td style=\"width: 28%\"><\/td>\n<td style=\"width: 24%;text-align: center\"><strong>Ormix<\/strong><\/td>\n<td style=\"width: 24%;text-align: center\"><strong>Stylis<\/strong><\/td>\n<td style=\"width: 24%;text-align: center\"><strong>Orma<\/strong><\/td>\n<\/tr>\n<\/tbody>\n<\/table>\n<table style=\"border-collapse: collapse;width: 100%\" role=\"presentation\" width=\"100%\" cellspacing=\"0\" cellpadding=\"10\">\n<tbody>\n<tr>\n<td style=\"width: 28%;text-align: left;vertical-align: middle;font-size: 13px;line-height: 1.25\"><strong>Protection UV<\/strong><\/td>\n<td style=\"width: 24%;text-align: center;vertical-align: middle;line-height: 0\"><img decoding=\"async\" style=\"margin: 0 auto;height: 22px\" src=\"https:\/\/www.archimbaudopticien.com\/blog\/wp-content\/uploads\/2025\/12\/icon-check-triple.png\" alt=\"\" \/><\/td>\n<td style=\"width: 24%;text-align: center;vertical-align: middle;line-height: 0\"><img decoding=\"async\" style=\"margin: 0 auto;height: 22px\" src=\"https:\/\/www.archimbaudopticien.com\/blog\/wp-content\/uploads\/2025\/12\/icon-check-triple.png\" alt=\"\" \/><\/td>\n<td style=\"width: 24%;text-align: center;vertical-align: middle;line-height: 0\"><img decoding=\"async\" style=\"margin: 0 auto;height: 22px\" src=\"https:\/\/www.archimbaudopticien.com\/blog\/wp-content\/uploads\/2025\/12\/icon-check.png\" alt=\"\" \/><\/td>\n<\/tr>\n<tr>\n<td style=\"width: 28%;text-align: left;vertical-align: middle;font-size: 13px;line-height: 1.25\"><strong>R\u00e9sistance aux chocs<\/strong><\/td>\n<td style=\"width: 24%;text-align: center;vertical-align: middle;line-height: 0\"><img decoding=\"async\" style=\"margin: 0 auto;height: 22px\" src=\"https:\/\/www.archimbaudopticien.com\/blog\/wp-content\/uploads\/2025\/12\/icon-check-triple.png\" alt=\"\" \/><\/td>\n<td style=\"width: 24%;text-align: center;vertical-align: middle;line-height: 0\"><img decoding=\"async\" style=\"margin: 0 auto;height: 22px\" src=\"https:\/\/www.archimbaudopticien.com\/blog\/wp-content\/uploads\/2025\/12\/icon-check-double.png\" alt=\"\" \/><\/td>\n<td style=\"width: 24%;text-align: center;vertical-align: middle;line-height: 0\"><img decoding=\"async\" style=\"margin: 0 auto;height: 22px\" src=\"https:\/\/www.archimbaudopticien.com\/blog\/wp-content\/uploads\/2025\/12\/icon-check.png\" alt=\"\" \/><\/td>\n<\/tr>\n<tr>\n<td style=\"width: 28%;text-align: left;vertical-align: middle;font-size: 13px;line-height: 1.25\"><strong>L\u00e9g\u00e8ret\u00e9<\/strong><\/td>\n<td style=\"width: 24%;text-align: center;vertical-align: middle;line-height: 0\"><img decoding=\"async\" style=\"margin: 0 auto;height: 22px\" src=\"https:\/\/www.archimbaudopticien.com\/blog\/wp-content\/uploads\/2025\/12\/icon-check-double.png\" alt=\"\" \/><\/td>\n<td style=\"width: 24%;text-align: center;vertical-align: middle;line-height: 0\"><img decoding=\"async\" style=\"margin: 0 auto;height: 22px\" src=\"https:\/\/www.archimbaudopticien.com\/blog\/wp-content\/uploads\/2025\/12\/icon-check-triple.png\" alt=\"\" \/><\/td>\n<td style=\"width: 24%;text-align: center;vertical-align: middle;line-height: 0\"><img decoding=\"async\" style=\"margin: 0 auto;height: 22px\" src=\"https:\/\/www.archimbaudopticien.com\/blog\/wp-content\/uploads\/2025\/12\/icon-no.png\" alt=\"\" \/><\/td>\n<\/tr>\n<tr>\n<td style=\"width: 28%;text-align: left;vertical-align: middle;font-size: 13px;line-height: 1.25\"><strong>Aminci<\/strong><\/td>\n<td style=\"width: 24%;text-align: center;vertical-align: middle;line-height: 0\"><img decoding=\"async\" style=\"margin: 0 auto;height: 22px\" src=\"https:\/\/www.archimbaudopticien.com\/blog\/wp-content\/uploads\/2025\/12\/icon-check.png\" alt=\"\" \/><\/td>\n<td style=\"width: 24%;text-align: center;vertical-align: middle;line-height: 0\"><img decoding=\"async\" style=\"margin: 0 auto;height: 22px\" src=\"https:\/\/www.archimbaudopticien.com\/blog\/wp-content\/uploads\/2025\/12\/icon-check-double.png\" alt=\"\" \/><\/td>\n<td style=\"width: 24%;text-align: center;vertical-align: middle;line-height: 0\"><img decoding=\"async\" style=\"margin: 0 auto;height: 22px\" src=\"https:\/\/www.archimbaudopticien.com\/blog\/wp-content\/uploads\/2025\/12\/icon-no.png\" alt=\"\" \/><\/td>\n<\/tr>\n<\/tbody>\n<\/table>\n<p style=\"text-align: center;margin: 18px 0 0 0\"><a style=\"color: #000000;text-decoration: underline\" href=\"https:\/\/www.archimbaudopticien.com\/blog\/nos-verres-essilor\/orma-vs-ormix-vs-stylis-vs-lineis\" target=\"_blank\" rel=\"noopener\"><br \/>\n<strong>En savoir plus &gt;<\/strong><br \/>\n<\/a><\/p>\n<\/div>\n<\/div>                    <\/div>\r\n                            <\/div>\r\n                                <div class=\"cu-step disbaled\" id=\"step-3\">\r\n                <div class=\"step-sttl\"><p>Choisissez la finition que vous souhaitez.<\/p>\n<\/div>\r\n                <div class=\"steps-elements\">\r\n                                                <label class=\"calc-radio\">\r\n                                                                    <input type=\"radio\" data-label=\"EPS Crizal\u00ae Kids\" data-price=\"\"\r\n                                        name=\"step3\"\r\n                                        value=\"532\"\r\n                                        data-image=\"https:\/\/www.archimbaudopticien.com\/diag\/wp-content\/uploads\/2026\/01\/eyezen-kids-cz-easy-pro-new-1024x683.jpg\">\r\n                                                                <span class=\"step-title\">EPS Crizal\u00ae Kids<\/span>\r\n                                <!-- <span class=\"step-price\"><\/span> -->\r\n                            <\/label>\r\n                                    <\/div>\r\n                            <\/div>\r\n\r\n                        <div class=\"cu-step disbaled\" id=\"step-4\">\r\n                <div class=\"step-sttl\"><p>Prot\u00e9gez vos yeux.<\/p>\n<\/div>\r\n                <div class=\"steps-elements\">\r\n                                        <label class=\"calc-radio st4\">\r\n                        <div class=\"wrp-trans\">\r\n                            <span class=\"step-title\">Transitions\u00ae<\/span>\r\n                            <input type=\"hidden\" class=\"step-id\" value=\"537\" \/>\r\n                            <div class=\"teintes-palette\">                                    <label class=\"teinte-item\">\r\n                                        <input type=\"radio\" data-label=\"Transitions\u00ae GEN S\u2122 Graphite Green\" name=\"step4\" value=\"Transitions\u00ae GEN S\u2122 Graphite Green\" data-price=\"1\" data-image=\"\">\r\n                                        <span class=\"teinte-color\" title=\"Graphite Green\" style=\"--teinte-color: rgb(54,69,44);\"><\/span>\r\n                                    <\/label>\r\n                                                                <label class=\"teinte-item\">\r\n                                        <input type=\"radio\" data-label=\"Transitions\u00ae GEN S\u2122 Brun\" name=\"step4\" value=\"Transitions\u00ae GEN S\u2122 Brun\" data-price=\"1\" data-image=\"\">\r\n                                        <span class=\"teinte-color\" title=\"Brown\" style=\"--teinte-color: rgb(81,53,44);\"><\/span>\r\n                                    <\/label>\r\n                                                                <label class=\"teinte-item\">\r\n                                        <input type=\"radio\" data-label=\"Transitions\u00ae GEN S\u2122 Gris\" name=\"step4\" value=\"Transitions\u00ae GEN S\u2122 Gris\" data-price=\"1\" data-image=\"\">\r\n                                        <span class=\"teinte-color\" title=\"Grey\" style=\"--teinte-color: rgb(115,125,119);\"><\/span>\r\n                                    <\/label>\r\n                                                                <label class=\"teinte-item\">\r\n                                        <input type=\"radio\" data-label=\"Transitions\u00ae GEN S\u2122 Saphir\" name=\"step4\" value=\"Transitions\u00ae GEN S\u2122 Saphir\" data-price=\"1\" data-image=\"\">\r\n                                        <span class=\"teinte-color\" title=\"Sapphire\" style=\"--teinte-color:  #1d4469;\"><\/span>\r\n                                    <\/label>\r\n                                                                <label class=\"teinte-item\">\r\n                                        <input type=\"radio\" data-label=\"Transitions\u00ae GEN S\u2122 \u00c9meraude\" name=\"step4\" value=\"Transitions\u00ae GEN S\u2122 \u00c9meraude\" data-price=\"1\" data-image=\"\">\r\n                                        <span class=\"teinte-color\" title=\"Emerald\" style=\"--teinte-color: rgb(8,87,63);\"><\/span>\r\n                                    <\/label>\r\n                                                                <label class=\"teinte-item\">\r\n                                        <input type=\"radio\" data-label=\"Transitions\u00ae GEN S\u2122 Ambre\" name=\"step4\" value=\"Transitions\u00ae GEN S\u2122 Ambre\" data-price=\"1\" data-image=\"\">\r\n                                        <span class=\"teinte-color\" title=\"Amber\" style=\"--teinte-color: rgb(153,128,82);\"><\/span>\r\n                                    <\/label>\r\n                                                                <label class=\"teinte-item\">\r\n                                        <input type=\"radio\" data-label=\"Transitions\u00ae GEN S\u2122 Rubis\" name=\"step4\" value=\"Transitions\u00ae GEN S\u2122 Rubis\" data-price=\"1\" data-image=\"\">\r\n                                        <span class=\"teinte-color\" title=\"Ruby\" style=\"--teinte-color: rgb(134,22,65);\"><\/span>\r\n                                    <\/label>\r\n                                                                <label class=\"teinte-item\">\r\n                                        <input type=\"radio\" data-label=\"Transitions\u00ae GEN S\u2122 Am\u00e9thyste\" name=\"step4\" value=\"Transitions\u00ae GEN S\u2122 Am\u00e9thyste\" data-price=\"1\" data-image=\"\">\r\n                                        <span class=\"teinte-color\" title=\"Amethyst\" style=\"--teinte-color: rgb(121,70,128);\"><\/span>\r\n                                    <\/label>\r\n                            <\/div>                        <\/div>\r\n                                                        <div class=\"wrp-sans-trans\">\r\n                                    <span class=\"step-title sans-trans\">Sans transition<\/span>\r\n                                    <div class=\"teintes-palette\">\r\n                                        <label class=\"teinte-item\">\r\n                                            <input type=\"radio\" data-label=\"Blanc\" name=\"step4\" value=\"Blanc\" data-price=\"0\" data-image=\"\">\r\n                                            <span class=\"teinte-color\" title=\"Blanc\" style=\"--teinte-color: rgb(255,255,255);\"><\/span>\r\n                                        <\/label>\r\n                                    <\/div>\r\n                                <\/div>\r\n                                            <\/label>\r\n                            <\/div>\r\n                                    <div class=\"step-instruct\">\r\n                        <p class=\"instru-ttl\">Vous voulez visualiser les diff\u00e9rentes teintes ?<\/p><p class=\"sttl-ttl\">D\u00e9couvrez les diff\u00e9rentes teintes disponibles<\/p><div class=\"info-icon\"><\/div><div class=\"info-popup\" style=\"display:none;\"><hr style=\"border: none;border-top: 1px solid #ffffff;margin: 18px 0\" \/>\n<div style=\"text-align: center\">\n<p style=\"text-align: center;margin: 0 0 20px 0;font-size: clamp(28px, 5vw, 40px);line-height: 1.2;color: #000000\"><strong>Prot\u00e9gez vos yeux avec Transitions\u00ae Gen S\u2122<\/strong><\/p>\n<hr style=\"border: none;border-top: 1px solid #ffffff;margin: 50px 0\" \/>\n<div style=\"margin: 0 0 54px 0\">\n<p style=\"margin: 0 0 10px 0\"><img decoding=\"async\" style=\"width: 32px;height: 32px;margin: 0 auto\" src=\"https:\/\/www.archimbaudopticien.com\/blog\/wp-content\/uploads\/2026\/01\/grey.png.webp\" alt=\"Ic\u00f4ne Transitions Gris\" \/><\/p>\n<p style=\"margin: 0 0 10px 0;text-align: center\"><strong>Transitions\u00ae Gris<\/strong><\/p>\n<p style=\"margin: 0\"><img decoding=\"async\" style=\"max-width: 75%;height: auto;margin: 0 auto\" src=\"https:\/\/www.archimbaudopticien.com\/diag\/wp-content\/uploads\/2026\/01\/eyzen-kids-transitions-gris.jpg\" alt=\"Teinte Transitions Gris\" \/><\/p>\n<\/div>\n<div style=\"margin: 0 0 54px 0\">\n<p style=\"margin: 0 0 10px 0\"><img decoding=\"async\" style=\"width: 32px;height: 32px;margin: 0 auto\" src=\"https:\/\/www.archimbaudopticien.com\/blog\/wp-content\/uploads\/2026\/01\/brown.png.webp\" alt=\"Ic\u00f4ne Transitions Brun\" \/><\/p>\n<p style=\"margin: 0 0 10px 0;text-align: center\"><strong>Transitions\u00ae Brun<\/strong><\/p>\n<p style=\"margin: 0\"><img decoding=\"async\" style=\"max-width: 75%;height: auto;margin: 0 auto\" src=\"https:\/\/www.archimbaudopticien.com\/diag\/wp-content\/uploads\/2026\/01\/eyzen-kids-transitions-brown.jpg\" alt=\"Teinte Transitions Brun\" \/><\/p>\n<\/div>\n<div style=\"margin: 0 0 54px 0\">\n<p style=\"margin: 0 0 10px 0\"><img decoding=\"async\" style=\"width: 32px;height: 32px;margin: 0 auto\" src=\"https:\/\/www.archimbaudopticien.com\/blog\/wp-content\/uploads\/2026\/01\/graphite-green.png.webp\" alt=\"Ic\u00f4ne Transitions Graphite Green\" \/><\/p>\n<p style=\"margin: 0 0 10px 0;text-align: center\"><strong>Transitions\u00ae Graphite Green<\/strong><\/p>\n<p style=\"margin: 0\"><img decoding=\"async\" style=\"max-width: 75%;height: auto;margin: 0 auto\" src=\"https:\/\/www.archimbaudopticien.com\/diag\/wp-content\/uploads\/2026\/01\/eyzen-kids-transitions-graphite-green1.jpg\" alt=\"Teinte Transitions Graphite Green\" \/><\/p>\n<\/div>\n<div style=\"margin: 0 0 54px 0\">\n<p style=\"margin: 0 0 10px 0\"><img decoding=\"async\" style=\"width: 32px;height: 32px;margin: 0 auto\" src=\"https:\/\/www.archimbaudopticien.com\/blog\/wp-content\/uploads\/2026\/01\/sapphire.png.webp\" alt=\"Ic\u00f4ne Transitions Saphir\" \/><\/p>\n<p style=\"margin: 0 0 10px 0;text-align: center\"><strong>Transitions\u00ae Saphir<\/strong><\/p>\n<p style=\"margin: 0\"><img decoding=\"async\" style=\"max-width: 75%;height: auto;margin: 0 auto\" src=\"https:\/\/www.archimbaudopticien.com\/diag\/wp-content\/uploads\/2026\/01\/eyzen-kids-transitions-sapphire.jpg\" alt=\"Teinte Transitions Saphir\" \/><\/p>\n<\/div>\n<div style=\"margin: 0 0 54px 0\">\n<p style=\"margin: 0 0 10px 0\"><img decoding=\"async\" style=\"width: 32px;height: 32px;margin: 0 auto\" src=\"https:\/\/www.archimbaudopticien.com\/blog\/wp-content\/uploads\/2026\/01\/amethyst.png.webp\" alt=\"Ic\u00f4ne Transitions Am\u00e9thyste\" \/><\/p>\n<p style=\"margin: 0 0 10px 0;text-align: center\"><strong>Transitions\u00ae Am\u00e9thyste<\/strong><\/p>\n<p style=\"margin: 0\"><img decoding=\"async\" style=\"max-width: 75%;height: auto;margin: 0 auto\" src=\"https:\/\/www.archimbaudopticien.com\/diag\/wp-content\/uploads\/2026\/01\/eyzen-kids-transitions-amethyste.jpg\" alt=\"Teinte Transitions Am\u00e9thyste\" \/><\/p>\n<\/div>\n<div style=\"margin: 0 0 54px 0\">\n<p style=\"margin: 0 0 10px 0\"><img decoding=\"async\" style=\"width: 32px;height: 32px;margin: 0 auto\" src=\"https:\/\/www.archimbaudopticien.com\/blog\/wp-content\/uploads\/2026\/01\/emerald.png.webp\" alt=\"Ic\u00f4ne Transitions \u00c9meraude\" \/><\/p>\n<p style=\"margin: 0 0 10px 0;text-align: center\"><strong>Transitions\u00ae \u00c9meraude<\/strong><\/p>\n<p style=\"margin: 0\"><img decoding=\"async\" style=\"max-width: 75%;height: auto;margin: 0 auto\" src=\"https:\/\/www.archimbaudopticien.com\/diag\/wp-content\/uploads\/2026\/01\/eyzen-kids-transitions-emerald.jpg\" alt=\"Teinte Transitions \u00c9meraude\" \/><\/p>\n<\/div>\n<div style=\"margin: 0 0 54px 0\">\n<p style=\"margin: 0 0 10px 0\"><img decoding=\"async\" style=\"width: 32px;height: 32px;margin: 0 auto\" src=\"https:\/\/www.archimbaudopticien.com\/blog\/wp-content\/uploads\/2026\/01\/amber.png.webp\" alt=\"Ic\u00f4ne Transitions Ambre\" \/><\/p>\n<p style=\"margin: 0 0 10px 0;text-align: center\"><strong>Transitions\u00ae Ambre<\/strong><\/p>\n<p style=\"margin: 0\"><img decoding=\"async\" style=\"max-width: 75%;height: auto;margin: 0 auto\" src=\"https:\/\/www.archimbaudopticien.com\/diag\/wp-content\/uploads\/2026\/01\/eyzen-kids-transitions-amber.jpg\" alt=\"Teinte Transitions Ambre\" \/><\/p>\n<\/div>\n<div style=\"margin: 0 0 54px 0\">\n<p style=\"margin: 0 0 10px 0\"><img decoding=\"async\" style=\"width: 32px;height: 32px;margin: 0 auto\" src=\"https:\/\/www.archimbaudopticien.com\/blog\/wp-content\/uploads\/2026\/01\/ruby.png.webp\" alt=\"Ic\u00f4ne Transitions Rubis\" \/><\/p>\n<p style=\"margin: 0 0 10px 0;text-align: center\"><strong>Transitions\u00ae Rubis<\/strong><\/p>\n<p style=\"margin: 0\"><img decoding=\"async\" style=\"max-width: 75%;height: auto;margin: 0 auto\" src=\"https:\/\/www.archimbaudopticien.com\/diag\/wp-content\/uploads\/2026\/01\/eyzen-kids-transitions-ruby.jpg\" alt=\"Teinte Transitions Rubis\" \/><\/p>\n<\/div>\n<p style=\"text-align: center;margin: 18px 0 0 0\"><a style=\"color: #000000;text-decoration: none\" href=\"https:\/\/www.archimbaudopticien.com\/blog\/nos-verres-essilor\/transitions-gen-s-teintes\" target=\"_blank\" rel=\"noopener noreferrer\"><br \/>\n<span style=\"text-decoration: underline\"><br \/>\n<strong>En savoir plus &gt;<\/strong><br \/>\n<\/span><br \/>\n<\/a><\/p>\n<\/div>\n<\/div>                    <\/div>\r\n                            <\/div>\r\n            <!-- <div class=\"cu-step disbaled\" id=\"step-5\"> -->\r\n                        <div class=\"cu-step disbaled\" id=\"step-5\">\r\n                <div class=\"step-sttl\"><p>Votre 2\u00e8me paire.<\/p>\n<\/div>\r\n                                    <div class=\"option-line\">\r\n                        <div class=\"option-label\">\r\n                            <strong>Monture.<\/strong>\r\n                        <\/div>\r\n                        <input type=\"text\" id=\"monture-2\" name=\"monture-2-val\" class=\"option-price-input\" placeholder=\"0\" value=\"\">\r\n                        <span class=\"currency\">\u20ac<\/span>\r\n                    <\/div>\r\n                                <div class=\"steps-elements\">\r\n                                        <label class=\"calc-radio\">\r\n                        <input type=\"radio\" data-label=\"+ 2\u00e8me paire\" data-price=\"40\"\r\n                            name=\"step5\"\r\n                            value=\"1145\"\r\n                            data-image=\"\">\r\n\r\n                        <span class=\"step-title\">Pack Vision<\/span>\r\n                    <\/label>\r\n                                <label class=\"calc-radio\">\r\n                        <input type=\"radio\" data-label=\"+ 2\u00e8me paire\" data-price=\"60\"\r\n                            name=\"step5\"\r\n                            value=\"1146\"\r\n                            data-image=\"\">\r\n\r\n                        <span class=\"step-title\">Pack Vision Aminci<\/span>\r\n                    <\/label>\r\n                                <label class=\"calc-radio\">\r\n                        <input type=\"radio\" data-label=\"+ 2\u00e8me paire solaire\" data-price=\"20\"\r\n                            name=\"step5\"\r\n                            value=\"538\"\r\n                            data-image=\"\">\r\n\r\n                        <span class=\"step-title\">Pack Sun Lite<\/span>\r\n                    <\/label>\r\n                                <label class=\"calc-radio\">\r\n                        <input type=\"radio\" data-label=\"+ 2\u00e8me paire solaire\" data-price=\"80\"\r\n                            name=\"step5\"\r\n                            value=\"539\"\r\n                            data-image=\"\">\r\n\r\n                        <span class=\"step-title\">Pack Sun Pro<\/span>\r\n                    <\/label>\r\n                                <label class=\"calc-radio\">\r\n                        <input type=\"radio\" data-label=\"+ 2\u00e8me paire solaire\" data-price=\"120\"\r\n                            name=\"step5\"\r\n                            value=\"540\"\r\n                            data-image=\"\">\r\n\r\n                        <span class=\"step-title\">Pack Sun Pro Aminci<\/span>\r\n                    <\/label>\r\n                                <label class=\"calc-radio\">\r\n                        <input type=\"radio\" data-label=\"Pas de 2\u00e8me paire\" data-price=\"\"\r\n                            name=\"step5\"\r\n                            value=\"541\"\r\n                            data-image=\"\">\r\n\r\n                        <span class=\"step-title\">Pas de 2\u00e8me paire<\/span>\r\n                    <\/label>\r\n                            <\/div>\r\n                                    <div class=\"step-instruct\">\r\n                        <p class=\"instru-ttl\">Quels verres lui faut-il ?<\/p><p class=\"sttl-ttl\">D\u00e9couvrez les caract\u00e9ristiques de nos pack AO.<\/p><div class=\"info-icon\"><\/div><div class=\"info-popup\" style=\"display:none;\"><div style=\"text-align: center\">\n<p style=\"text-align: center;margin: 0 0 20px 0;font-size: clamp(28px, 5vw, 40px);line-height: 1.2;color: #000000\"><strong>Quels verres pour votre 2\u00e8me paire ?<\/strong><\/p>\n<hr style=\"border: none;border-top: 1px solid #ffffff;margin: 50px 0\" \/>\n<p style=\"text-align: left;margin: 0 0 10px 0;font-size: 20px;color: #000000\"><strong>Pack Vision<\/strong><\/p>\n<hr style=\"border: none;border-top: 1px solid #000000;margin: 0 0 40px 0\" \/>\n<table style=\"width: 100%;border-collapse: collapse;border: none !important;box-shadow: none !important\" role=\"presentation\" width=\"100%\" cellspacing=\"0\" cellpadding=\"0\">\n<tbody style=\"border: none !important;box-shadow: none !important\">\n<tr style=\"border: none !important\">\n<td style=\"width: 33.33%;vertical-align: top;padding: 0 10px 54px 10px;border: none !important;box-shadow: none !important\">\n<p style=\"margin: 0 0 10px 0;text-align: center\"><strong>Orma Trio Clean<\/strong><\/p>\n<p><img decoding=\"async\" style=\"margin: 0 auto;width: 50%;height: auto\" src=\"https:\/\/www.archimbaudopticien.com\/diag\/wp-content\/uploads\/2026\/04\/orma-ormix-trio-clean.jpg\" alt=\"Trio Clean\" \/><\/td>\n<td style=\"width: 33.33%;vertical-align: top;padding: 0 10px 54px 10px;border: none !important;box-shadow: none !important\"><\/td>\n<td style=\"width: 33.33%;vertical-align: top;padding: 0 10px 54px 10px;border: none !important;box-shadow: none !important\"><\/td>\n<\/tr>\n<\/tbody>\n<\/table>\n<hr style=\"border: none;border-top: 1px solid #ffffff;margin: 50px 0\" \/>\n<p style=\"text-align: left;margin: 0 0 10px 0;font-size: 20px;color: #000000\"><strong>Pack Vision Aminci<\/strong><\/p>\n<hr style=\"border: none;border-top: 1px solid #000000;margin: 0 0 40px 0\" \/>\n<table style=\"width: 100%;border-collapse: collapse;border: none !important;box-shadow: none !important\" role=\"presentation\" width=\"100%\" cellspacing=\"0\" cellpadding=\"0\">\n<tbody style=\"border: none !important;box-shadow: none !important\">\n<tr style=\"border: none !important\">\n<td style=\"width: 33.33%;vertical-align: top;padding: 0 10px 54px 10px;border: none !important;box-shadow: none !important\">\n<p style=\"margin: 0 0 10px 0;text-align: center\"><strong>Ormix Trio Clean<\/strong><\/p>\n<p><img decoding=\"async\" style=\"margin: 0 auto;width: 50%;height: auto\" src=\"https:\/\/www.archimbaudopticien.com\/diag\/wp-content\/uploads\/2026\/04\/orma-ormix-trio-clean.jpg\" alt=\"Trio Clean\" \/><\/td>\n<td style=\"width: 33.33%;vertical-align: top;padding: 0 10px 54px 10px;border: none !important;box-shadow: none !important\"><\/td>\n<td style=\"width: 33.33%;vertical-align: top;padding: 0 10px 54px 10px;border: none !important;box-shadow: none !important\"><\/td>\n<\/tr>\n<\/tbody>\n<\/table>\n<hr style=\"border: none;border-top: 1px solid #ffffff;margin: 50px 0\" \/>\n<p style=\"text-align: left;margin: 0 0 10px 0;font-size: 20px;color: #000000\"><strong>Pack Sun Lite <\/strong><em>Orma Sun Chrono Supra \/ Cz Sun<\/em><\/p>\n<hr style=\"border: none;border-top: 1px solid #000000;margin: 0 0 40px 0\" \/>\n<table style=\"width: 100%;border-collapse: collapse;border: none !important;box-shadow: none !important\" role=\"presentation\" width=\"100%\" cellspacing=\"0\" cellpadding=\"0\">\n<tbody style=\"border: none !important;box-shadow: none !important\">\n<tr style=\"border: none !important\">\n<td style=\"width: 33.33%;vertical-align: top;padding: 0 10px 54px 10px;border: none !important;box-shadow: none !important\">\n<p style=\"margin: 0 0 10px 0;text-align: center\"><strong>Xperio\u00ae Brun<\/strong><\/p>\n<p><img decoding=\"async\" style=\"margin: 0 auto;width: 50%;height: auto\" src=\"https:\/\/www.archimbaudopticien.com\/modules\/jscomposer\/uploads\/Verres%20Essilor\/brun-3.jpg\" alt=\"Teinte Brun\" \/><\/td>\n<td style=\"width: 33.33%;vertical-align: top;padding: 0 10px 54px 10px;border: none !important;box-shadow: none !important\">\n<p style=\"margin: 0 0 10px 0;text-align: center\"><strong>Xperio\u00ae Gris<\/strong><\/p>\n<p><img decoding=\"async\" style=\"margin: 0 auto;width: 50%;height: auto\" src=\"https:\/\/www.archimbaudopticien.com\/modules\/jscomposer\/uploads\/Verres%20Essilor\/gris-3.jpg\" alt=\"Teinte Gris\" \/><\/td>\n<td style=\"width: 33.33%;vertical-align: top;padding: 0 10px 54px 10px;border: none !important;box-shadow: none !important\">\n<p style=\"margin: 0 0 10px 0;text-align: center\"><strong>Xperio\u00ae XV<\/strong><\/p>\n<p><img decoding=\"async\" style=\"margin: 0 auto;width: 50%;height: auto\" src=\"https:\/\/www.archimbaudopticien.com\/modules\/jscomposer\/uploads\/Verres%20Essilor\/XV-3.jpg\" alt=\"Teinte XV\" \/><\/td>\n<\/tr>\n<tr style=\"border: none !important\">\n<td style=\"width: 33.33%;vertical-align: top;padding: 0 10px 54px 10px;border: none !important;box-shadow: none !important\">\n<p style=\"margin: 0 0 10px 0;text-align: center\"><strong>Xperio\u00ae Black<\/strong><\/p>\n<p><img decoding=\"async\" style=\"margin: 0 auto;width: 50%;height: auto\" src=\"https:\/\/www.archimbaudopticien.com\/modules\/jscomposer\/uploads\/Verres%20Essilor\/black-3.jpg\" alt=\"Teinte Black\" \/><\/td>\n<\/tr>\n<\/tbody>\n<\/table>\n<div style=\"height: 40px;line-height: 40px\"><\/div>\n<p style=\"text-align: left;margin: 0 0 10px 0;font-size: 20px;color: #000000\"><strong>Pack Sun Pro <\/strong><em>Orma Sun Xperio Supra \/ Cz Sun \/ Pola<\/em><\/p>\n<hr style=\"border: none;border-top: 1px solid #000000;margin: 0 0 40px 0\" \/>\n<table style=\"width: 100%;border-collapse: collapse;border: none !important;box-shadow: none !important\" role=\"presentation\" width=\"100%\" cellspacing=\"0\" cellpadding=\"0\">\n<tbody style=\"border: none !important;box-shadow: none !important\">\n<tr style=\"border: none !important\">\n<td style=\"width: 33.33%;vertical-align: top;padding: 0 10px 54px 10px;border: none !important;box-shadow: none !important\">\n<p style=\"margin: 0 0 10px 0;text-align: center\"><strong>Xperio\u00ae Brun<\/strong><\/p>\n<p><img decoding=\"async\" style=\"margin: 0 auto;width: 50%;height: auto\" src=\"https:\/\/www.archimbaudopticien.com\/modules\/jscomposer\/uploads\/Verres%20Essilor\/brun-3.jpg\" alt=\"Teinte Brun\" \/><\/td>\n<td style=\"width: 33.33%;vertical-align: top;padding: 0 10px 54px 10px;border: none !important;box-shadow: none !important\">\n<p style=\"margin: 0 0 10px 0;text-align: center\"><strong>Xperio\u00ae Gris<\/strong><\/p>\n<p><img decoding=\"async\" style=\"margin: 0 auto;width: 50%;height: auto\" src=\"https:\/\/www.archimbaudopticien.com\/modules\/jscomposer\/uploads\/Verres%20Essilor\/gris-3.jpg\" alt=\"Teinte Gris\" \/><\/td>\n<td style=\"width: 33.33%;vertical-align: top;padding: 0 10px 54px 10px;border: none !important;box-shadow: none !important\">\n<p style=\"margin: 0 0 10px 0;text-align: center\"><strong>Xperio\u00ae XV<\/strong><\/p>\n<p><img decoding=\"async\" style=\"margin: 0 auto;width: 50%;height: auto\" src=\"https:\/\/www.archimbaudopticien.com\/modules\/jscomposer\/uploads\/Verres%20Essilor\/XV-3.jpg\" alt=\"Teinte XV\" \/><\/td>\n<\/tr>\n<tr style=\"border: none !important\">\n<td style=\"width: 33.33%;vertical-align: top;padding: 0 10px 54px 10px;border: none !important;box-shadow: none !important\">\n<p style=\"margin: 0 0 10px 0;text-align: center\"><strong>Xperio\u00ae Black<\/strong><\/p>\n<p><img decoding=\"async\" style=\"margin: 0 auto;width: 50%;height: auto\" src=\"https:\/\/www.archimbaudopticien.com\/modules\/jscomposer\/uploads\/Verres%20Essilor\/black-3.jpg\" alt=\"Teinte Black\" \/><\/td>\n<td style=\"width: 33.33%;vertical-align: top;padding: 0 10px 54px 10px;border: none !important;box-shadow: none !important\">\n<p style=\"margin: 0 0 10px 0;text-align: center\"><strong>Xperio\u00ae Blue Ink<\/strong><\/p>\n<p><img decoding=\"async\" style=\"margin: 0 auto;width: 50%;height: auto\" src=\"https:\/\/www.archimbaudopticien.com\/modules\/jscomposer\/uploads\/Verres%20Essilor\/blueink-3.jpg\" alt=\"Teinte Blue Ink\" \/><\/td>\n<td style=\"width: 33.33%;vertical-align: top;padding: 0 10px 54px 10px;border: none !important;box-shadow: none !important\">\n<p style=\"margin: 0 0 10px 0;text-align: center\"><strong>Xperio\u00ae Burgundy<\/strong><\/p>\n<p><img decoding=\"async\" style=\"margin: 0 auto;width: 50%;height: auto\" src=\"https:\/\/www.archimbaudopticien.com\/modules\/jscomposer\/uploads\/Verres%20Essilor\/burgundy-3.jpg\" alt=\"Teinte Burgundy\" \/><\/td>\n<\/tr>\n<tr style=\"border: none !important\">\n<td style=\"width: 33.33%;vertical-align: top;padding: 0 10px 54px 10px;border: none !important;box-shadow: none !important\">\n<p style=\"margin: 0 0 10px 0;text-align: center\"><strong>Xperio\u00ae Herbal<\/strong><\/p>\n<p><img decoding=\"async\" style=\"margin: 0 auto;width: 50%;height: auto\" src=\"https:\/\/www.archimbaudopticien.com\/modules\/jscomposer\/uploads\/Verres%20Essilor\/HERBAL-3.jpg\" alt=\"Teinte Herbal\" \/><\/td>\n<td style=\"width: 33.33%;vertical-align: top;padding: 0 10px 54px 10px;border: none !important;box-shadow: none !important\">\n<p style=\"margin: 0 0 10px 0;text-align: center\"><strong>Xperio\u00ae Chocolate<\/strong><\/p>\n<p><img decoding=\"async\" style=\"margin: 0 auto;width: 50%;height: auto\" src=\"https:\/\/www.archimbaudopticien.com\/modules\/jscomposer\/uploads\/Verres%20Essilor\/chocolate-3.jpg\" alt=\"Teinte Chocolate\" \/><\/td>\n<td style=\"width: 33.33%;vertical-align: top;padding: 0 10px 54px 10px;border: none !important;box-shadow: none !important\"><\/td>\n<\/tr>\n<tr style=\"border: none !important\">\n<td style=\"width: 33.33%;vertical-align: top;padding: 0 10px 54px 10px;border: none !important;box-shadow: none !important\">\n<p style=\"margin: 0 0 10px 0;text-align: center\"><strong>Xperio\u00ae Brun D\u00e9grad\u00e9<\/strong><\/p>\n<p><img decoding=\"async\" style=\"margin: 0 auto;width: 50%;height: auto\" src=\"https:\/\/www.archimbaudopticien.com\/modules\/jscomposer\/uploads\/Verres%20Essilor\/brun-d-grad-.jpg\" alt=\"Teinte Brun Deg\" \/><\/td>\n<td style=\"width: 33.33%;vertical-align: top;padding: 0 10px 54px 10px;border: none !important;box-shadow: none !important\">\n<p style=\"margin: 0 0 10px 0;text-align: center\"><strong>Xperio\u00ae Gris D\u00e9grad\u00e9<\/strong><\/p>\n<p><img decoding=\"async\" style=\"margin: 0 auto;width: 50%;height: auto\" src=\"https:\/\/www.archimbaudopticien.com\/modules\/jscomposer\/uploads\/Verres%20Essilor\/gris-d-grad-.jpg\" alt=\"Teinte Gris Deg\" \/><\/td>\n<td style=\"width: 33.33%;vertical-align: top;padding: 0 10px 54px 10px;border: none !important;box-shadow: none !important\">\n<p style=\"margin: 0 0 10px 0;text-align: center\"><strong>Xperio\u00ae XV D\u00e9grad\u00e9<\/strong><\/p>\n<p><img decoding=\"async\" style=\"margin: 0 auto;width: 50%;height: auto\" src=\"https:\/\/www.archimbaudopticien.com\/modules\/jscomposer\/uploads\/Verres%20Essilor\/XV-DEGRADE.jpg\" alt=\"Teinte XV Deg\" \/><\/td>\n<\/tr>\n<tr style=\"border: none !important\">\n<td style=\"width: 33.33%;vertical-align: top;padding: 0 10px 54px 10px;border: none !important;box-shadow: none !important\">\n<p style=\"margin: 0 0 10px 0;text-align: center\"><strong>Xperio\u00ae Black D\u00e9grad\u00e9<\/strong><\/p>\n<p><img decoding=\"async\" style=\"margin: 0 auto;width: 50%;height: auto\" src=\"https:\/\/www.archimbaudopticien.com\/modules\/jscomposer\/uploads\/Verres%20Essilor\/black-d-grad-.jpg\" alt=\"Teinte Black Deg\" \/><\/td>\n<td style=\"width: 33.33%;vertical-align: top;padding: 0 10px 54px 10px;border: none !important;box-shadow: none !important\">\n<p style=\"margin: 0 0 10px 0;text-align: center\"><strong>Xperio\u00ae Blue Ink D\u00e9grad\u00e9<\/strong><\/p>\n<p><img decoding=\"async\" style=\"margin: 0 auto;width: 50%;height: auto\" src=\"https:\/\/www.archimbaudopticien.com\/modules\/jscomposer\/uploads\/Verres%20Essilor\/blueink-d-grad-.jpg\" alt=\"Teinte Blue Ink Deg\" \/><\/td>\n<td style=\"width: 33.33%;vertical-align: top;padding: 0 10px 54px 10px;border: none !important;box-shadow: none !important\">\n<p style=\"margin: 0 0 10px 0;text-align: center\"><strong>Xperio\u00ae Burgundy D\u00e9grad\u00e9<\/strong><\/p>\n<p><img decoding=\"async\" style=\"margin: 0 auto;width: 50%;height: auto\" src=\"https:\/\/www.archimbaudopticien.com\/modules\/jscomposer\/uploads\/Verres%20Essilor\/burgundy-d-grad-.jpg\" alt=\"Teinte Burgundy Deg\" \/><\/td>\n<\/tr>\n<tr style=\"border: none !important\">\n<td style=\"width: 33.33%;vertical-align: top;padding: 0 10px 54px 10px;border: none !important;box-shadow: none !important\">\n<p style=\"margin: 0 0 10px 0;text-align: center\"><strong>Xperio\u00ae Herbal D\u00e9grad\u00e9<\/strong><\/p>\n<p><img decoding=\"async\" style=\"margin: 0 auto;width: 50%;height: auto\" src=\"https:\/\/www.archimbaudopticien.com\/modules\/jscomposer\/uploads\/Verres%20Essilor\/HERBAL-DEGRADE.jpg\" alt=\"Teinte Herbal Deg\" \/><\/td>\n<td style=\"width: 33.33%;vertical-align: top;padding: 0 10px 54px 10px;border: none !important;box-shadow: none !important\">\n<p style=\"margin: 0 0 10px 0;text-align: center\"><strong>Xperio\u00ae Chocolate D\u00e9grad\u00e9<\/strong><\/p>\n<p><img decoding=\"async\" style=\"margin: 0 auto;width: 50%;height: auto\" src=\"https:\/\/www.archimbaudopticien.com\/modules\/jscomposer\/uploads\/Verres%20Essilor\/chocolate-degrade.jpg\" alt=\"Teinte Chocolate Deg\" \/><\/td>\n<td style=\"width: 33.33%;vertical-align: top;padding: 0 10px 54px 10px;border: none !important;box-shadow: none !important\"><\/td>\n<\/tr>\n<tr style=\"border: none !important\">\n<td style=\"width: 33.33%;vertical-align: top;padding: 0 10px 54px 10px;border: none !important;box-shadow: none !important\">\n<p style=\"margin: 0 0 10px 0;text-align: center\"><strong>Xperio\u00ae Brun Pola<\/strong><\/p>\n<p><img decoding=\"async\" style=\"margin: 0 auto;width: 50%;height: auto\" src=\"https:\/\/www.archimbaudopticien.com\/modules\/jscomposer\/uploads\/Verres%20Essilor\/xperio-pola-brun3.jpg\" alt=\"Teinte Brun Pola\" \/><\/td>\n<td style=\"width: 33.33%;vertical-align: top;padding: 0 10px 54px 10px;border: none !important;box-shadow: none !important\">\n<p style=\"margin: 0 0 10px 0;text-align: center\"><strong>Xperio\u00ae Gris Pola<\/strong><\/p>\n<p><img decoding=\"async\" style=\"margin: 0 auto;width: 50%;height: auto\" src=\"https:\/\/www.archimbaudopticien.com\/modules\/jscomposer\/uploads\/Verres%20Essilor\/xperio-pola-grey3.jpg\" alt=\"Teinte Gris Pola\" \/><\/td>\n<td style=\"width: 33.33%;vertical-align: top;padding: 0 10px 54px 10px;border: none !important;box-shadow: none !important\">\n<p style=\"margin: 0 0 10px 0;text-align: center\"><strong>Xperio\u00ae Gris-Vert Pola<\/strong><\/p>\n<p><img decoding=\"async\" style=\"margin: 0 auto;width: 50%;height: auto\" src=\"https:\/\/www.archimbaudopticien.com\/modules\/jscomposer\/uploads\/Verres%20Essilor\/xperio-pola-greygreen3.jpg\" alt=\"Teinte Gris-Vert Pola\" \/><\/td>\n<\/tr>\n<tr style=\"border: none !important\">\n<td style=\"width: 33.33%;vertical-align: top;padding: 0 10px 54px 10px;border: none !important;box-shadow: none !important\">\n<p style=\"margin: 0 0 10px 0;text-align: center\"><strong>Xperio\u00ae Blue Ink Pola<\/strong><\/p>\n<p><img decoding=\"async\" style=\"margin: 0 auto;width: 50%;height: auto\" src=\"https:\/\/www.archimbaudopticien.com\/modules\/jscomposer\/uploads\/Verres%20Essilor\/xperio-pola-blueink3.jpg\" alt=\"Teinte Blue Ink Pola\" \/><\/td>\n<td style=\"width: 33.33%;vertical-align: top;padding: 0 10px 54px 10px;border: none !important;box-shadow: none !important\">\n<p style=\"margin: 0 0 10px 0;text-align: center\"><strong>Xperio\u00ae Pourpre Pola<\/strong><\/p>\n<p><img decoding=\"async\" style=\"margin: 0 auto;width: 50%;height: auto\" src=\"https:\/\/www.archimbaudopticien.com\/modules\/jscomposer\/uploads\/Verres%20Essilor\/xperio-pola-pourpre3.jpg\" alt=\"Teinte Pourpre Pola\" \/><\/td>\n<td style=\"width: 33.33%;vertical-align: top;padding: 0 10px 54px 10px;border: none !important;box-shadow: none !important\">\n<p style=\"margin: 0 0 10px 0;text-align: center\"><strong>Xperio\u00ae Violet Pola<\/strong><\/p>\n<p><img decoding=\"async\" style=\"margin: 0 auto;width: 50%;height: auto\" src=\"https:\/\/www.archimbaudopticien.com\/modules\/jscomposer\/uploads\/Verres%20Essilor\/xperio-pola-violet3.jpg\" alt=\"Teinte Violet Pola\" \/><\/td>\n<\/tr>\n<tr style=\"border: none !important\">\n<td style=\"width: 33.33%;vertical-align: top;padding: 0 10px 54px 10px;border: none !important;box-shadow: none !important\">\n<p style=\"margin: 0 0 10px 0;text-align: center\"><strong>Xperio\u00ae Bleu Pola<\/strong><\/p>\n<p><img decoding=\"async\" style=\"margin: 0 auto;width: 50%;height: auto\" src=\"https:\/\/www.archimbaudopticien.com\/modules\/jscomposer\/uploads\/Verres%20Essilor\/xperio-pola-bleu3.jpg\" alt=\"Teinte Bleu Pola\" \/><\/td>\n<td style=\"width: 33.33%;vertical-align: top;padding: 0 10px 54px 10px;border: none !important;box-shadow: none !important\">\n<p style=\"margin: 0 0 10px 0;text-align: center\"><strong>Xperio\u00ae Chocolate Pola<\/strong><\/p>\n<p><img decoding=\"async\" style=\"margin: 0 auto;width: 50%;height: auto\" src=\"https:\/\/www.archimbaudopticien.com\/modules\/jscomposer\/uploads\/Verres%20Essilor\/chocolate-3.jpg\" alt=\"Teinte Chocolate Pola\" \/><\/td>\n<td style=\"width: 33.33%;vertical-align: top;padding: 0 10px 54px 10px;border: none !important;box-shadow: none !important\">\n<p style=\"margin: 0 0 10px 0;text-align: center\"><strong>Xperio\u00ae Herbal Pola<\/strong><\/p>\n<p><img decoding=\"async\" style=\"margin: 0 auto;width: 50%;height: auto\" src=\"https:\/\/www.archimbaudopticien.com\/modules\/jscomposer\/uploads\/Verres%20Essilor\/xperio-pola-herbal3.jpg\" alt=\"Teinte Herbal Pola\" \/><\/td>\n<\/tr>\n<tr style=\"border: none !important\">\n<td style=\"width: 33.33%;vertical-align: top;padding: 0 10px 54px 10px;border: none !important;box-shadow: none !important\">\n<p style=\"margin: 0 0 10px 0;text-align: center\"><strong>Xperio\u00ae Brun D\u00e9grad\u00e9 Pola<\/strong><\/p>\n<p><img decoding=\"async\" style=\"margin: 0 auto;width: 50%;height: auto\" src=\"https:\/\/www.archimbaudopticien.com\/modules\/jscomposer\/uploads\/Verres%20Essilor\/xperio-pola-brun-degrade.jpg\" alt=\"Teinte Brun Deg Pola\" \/><\/td>\n<td style=\"width: 33.33%;vertical-align: top;padding: 0 10px 54px 10px;border: none !important;box-shadow: none !important\">\n<p style=\"margin: 0 0 10px 0;text-align: center\"><strong>Xperio\u00ae Gris D\u00e9grad\u00e9 Pola<\/strong><\/p>\n<p><img decoding=\"async\" style=\"margin: 0 auto;width: 50%;height: auto\" src=\"https:\/\/www.archimbaudopticien.com\/modules\/jscomposer\/uploads\/Verres%20Essilor\/xperio-pola-grey-degrade.jpg\" alt=\"Teinte Gris Deg Pola\" \/><\/td>\n<td style=\"width: 33.33%;vertical-align: top;padding: 0 10px 54px 10px;border: none !important;box-shadow: none !important\">\n<p style=\"margin: 0 0 10px 0;text-align: center\"><strong>Xperio\u00ae Gris-Vert D\u00e9grad\u00e9 Pola<\/strong><\/p>\n<p><img decoding=\"async\" style=\"margin: 0 auto;width: 50%;height: auto\" src=\"https:\/\/www.archimbaudopticien.com\/modules\/jscomposer\/uploads\/Verres%20Essilor\/xperio-pola-greygreen-degrade.jpg\" alt=\"Teinte Gris-Vert Deg Pola\" \/><\/td>\n<\/tr>\n<tr style=\"border: none !important\">\n<td style=\"width: 33.33%;vertical-align: top;padding: 0 10px 54px 10px;border: none !important;box-shadow: none !important\">\n<p style=\"margin: 0 0 10px 0;text-align: center\"><strong>Xperio\u00ae Blue Ink D\u00e9grad\u00e9 Pola<\/strong><\/p>\n<p><img decoding=\"async\" style=\"margin: 0 auto;width: 50%;height: auto\" src=\"https:\/\/www.archimbaudopticien.com\/modules\/jscomposer\/uploads\/Verres%20Essilor\/xperio-pola-blueink-degrade.jpg\" alt=\"Teinte Blue Ink Deg Pola\" \/><\/td>\n<td style=\"width: 33.33%;vertical-align: top;padding: 0 10px 54px 10px;border: none !important;box-shadow: none !important\">\n<p style=\"margin: 0 0 10px 0;text-align: center\"><strong>Xperio\u00ae Pourpre D\u00e9grad\u00e9 Pola<\/strong><\/p>\n<p><img decoding=\"async\" style=\"margin: 0 auto;width: 50%;height: auto\" src=\"https:\/\/www.archimbaudopticien.com\/modules\/jscomposer\/uploads\/Verres%20Essilor\/xperio-pola-pourpre-degrade.jpg\" alt=\"Teinte Pourpre Deg Pola\" \/><\/td>\n<td style=\"width: 33.33%;vertical-align: top;padding: 0 10px 54px 10px;border: none !important;box-shadow: none !important\">\n<p style=\"margin: 0 0 10px 0;text-align: center\"><strong>Xperio\u00ae Violet D\u00e9grad\u00e9 Pola<\/strong><\/p>\n<p><img decoding=\"async\" style=\"margin: 0 auto;width: 50%;height: auto\" src=\"https:\/\/www.archimbaudopticien.com\/modules\/jscomposer\/uploads\/Verres%20Essilor\/xperio-pola-violet-degrade.jpg\" alt=\"Teinte Violet Deg Pola\" \/><\/td>\n<\/tr>\n<tr style=\"border: none !important\">\n<td style=\"width: 33.33%;vertical-align: top;padding: 0 10px 54px 10px;border: none !important;box-shadow: none !important\">\n<p style=\"margin: 0 0 10px 0;text-align: center\"><strong>Xperio\u00ae Bleu D\u00e9grad\u00e9 Pola<\/strong><\/p>\n<p><img decoding=\"async\" style=\"margin: 0 auto;width: 50%;height: auto\" src=\"https:\/\/www.archimbaudopticien.com\/modules\/jscomposer\/uploads\/Verres%20Essilor\/xperio-pola-bleu-degrade.jpg\" alt=\"Teinte Bleu Deg Pola\" \/><\/td>\n<td style=\"width: 33.33%;vertical-align: top;padding: 0 10px 54px 10px;border: none !important;box-shadow: none !important\">\n<p style=\"margin: 0 0 10px 0;text-align: center\"><strong>Xperio\u00ae Chocolate D\u00e9grad\u00e9 Pola<\/strong><\/p>\n<p><img decoding=\"async\" style=\"margin: 0 auto;width: 50%;height: auto\" src=\"https:\/\/www.archimbaudopticien.com\/modules\/jscomposer\/uploads\/Verres%20Essilor\/chocolate-degrade.jpg\" alt=\"Teinte Chocolate Deg Pola\" \/><\/td>\n<td style=\"width: 33.33%;vertical-align: top;padding: 0 10px 54px 10px;border: none !important;box-shadow: none !important\">\n<p style=\"margin: 0 0 10px 0;text-align: center\"><strong>Xperio\u00ae Herbal D\u00e9grad\u00e9 Pola<\/strong><\/p>\n<p><img decoding=\"async\" style=\"margin: 0 auto;width: 50%;height: auto\" src=\"https:\/\/www.archimbaudopticien.com\/modules\/jscomposer\/uploads\/Verres%20Essilor\/xperio-pola-herbal-degrade.jpg\" alt=\"Teinte Herbal Deg Pola\" \/><\/td>\n<\/tr>\n<\/tbody>\n<\/table>\n<div style=\"height: 40px;line-height: 40px\"><\/div>\n<p style=\"text-align: left;margin: 0 0 10px 0;font-size: 20px;color: #000000\"><strong>Pack Sun Pro Aminci <\/strong><em>Ormix Sun Xperio Supra \/ Cz Sun \/ Pola<\/em><\/p>\n<hr style=\"border: none;border-top: 1px solid #000000;margin: 0 0 40px 0\" \/>\n<table style=\"width: 100%;border-collapse: collapse;border: none !important;box-shadow: none !important\" role=\"presentation\" width=\"100%\" cellspacing=\"0\" cellpadding=\"0\">\n<tbody style=\"border: none !important;box-shadow: none !important\">\n<tr style=\"border: none !important\">\n<td style=\"width: 33.33%;vertical-align: top;padding: 0 10px 54px 10px;border: none !important;box-shadow: none !important\">\n<p style=\"margin: 0 0 10px 0;text-align: center\"><strong>Xperio\u00ae Brun<\/strong><\/p>\n<p><img decoding=\"async\" style=\"margin: 0 auto;width: 50%;height: auto\" src=\"https:\/\/www.archimbaudopticien.com\/modules\/jscomposer\/uploads\/Verres%20Essilor\/brun-3.jpg\" alt=\"Teinte Brun\" \/><\/td>\n<td style=\"width: 33.33%;vertical-align: top;padding: 0 10px 54px 10px;border: none !important;box-shadow: none !important\">\n<p style=\"margin: 0 0 10px 0;text-align: center\"><strong>Xperio\u00ae Gris<\/strong><\/p>\n<p><img decoding=\"async\" style=\"margin: 0 auto;width: 50%;height: auto\" src=\"https:\/\/www.archimbaudopticien.com\/modules\/jscomposer\/uploads\/Verres%20Essilor\/gris-3.jpg\" alt=\"Teinte Gris\" \/><\/td>\n<td style=\"width: 33.33%;vertical-align: top;padding: 0 10px 54px 10px;border: none !important;box-shadow: none !important\">\n<p style=\"margin: 0 0 10px 0;text-align: center\"><strong>Xperio\u00ae XV<\/strong><\/p>\n<p><img decoding=\"async\" style=\"margin: 0 auto;width: 50%;height: auto\" src=\"https:\/\/www.archimbaudopticien.com\/modules\/jscomposer\/uploads\/Verres%20Essilor\/XV-3.jpg\" alt=\"Teinte XV\" \/><\/td>\n<\/tr>\n<tr style=\"border: none !important\">\n<td style=\"width: 33.33%;vertical-align: top;padding: 0 10px 54px 10px;border: none !important;box-shadow: none !important\">\n<p style=\"margin: 0 0 10px 0;text-align: center\"><strong>Xperio\u00ae Black<\/strong><\/p>\n<p><img decoding=\"async\" style=\"margin: 0 auto;width: 50%;height: auto\" src=\"https:\/\/www.archimbaudopticien.com\/modules\/jscomposer\/uploads\/Verres%20Essilor\/black-3.jpg\" alt=\"Teinte Black\" \/><\/td>\n<td style=\"width: 33.33%;vertical-align: top;padding: 0 10px 54px 10px;border: none !important;box-shadow: none !important\">\n<p style=\"margin: 0 0 10px 0;text-align: center\"><strong>Xperio\u00ae Blue Ink<\/strong><\/p>\n<p><img decoding=\"async\" style=\"margin: 0 auto;width: 50%;height: auto\" src=\"https:\/\/www.archimbaudopticien.com\/modules\/jscomposer\/uploads\/Verres%20Essilor\/blueink-3.jpg\" alt=\"Teinte Blue Ink\" \/><\/td>\n<td style=\"width: 33.33%;vertical-align: top;padding: 0 10px 54px 10px;border: none !important;box-shadow: none !important\">\n<p style=\"margin: 0 0 10px 0;text-align: center\"><strong>Xperio\u00ae Burgundy<\/strong><\/p>\n<p><img decoding=\"async\" style=\"margin: 0 auto;width: 50%;height: auto\" src=\"https:\/\/www.archimbaudopticien.com\/modules\/jscomposer\/uploads\/Verres%20Essilor\/burgundy-3.jpg\" alt=\"Teinte Burgundy\" \/><\/td>\n<\/tr>\n<tr style=\"border: none !important\">\n<td style=\"width: 33.33%;vertical-align: top;padding: 0 10px 54px 10px;border: none !important;box-shadow: none !important\">\n<p style=\"margin: 0 0 10px 0;text-align: center\"><strong>Xperio\u00ae Herbal<\/strong><\/p>\n<p><img decoding=\"async\" style=\"margin: 0 auto;width: 50%;height: auto\" src=\"https:\/\/www.archimbaudopticien.com\/modules\/jscomposer\/uploads\/Verres%20Essilor\/HERBAL-3.jpg\" alt=\"Teinte Herbal\" \/><\/td>\n<td style=\"width: 33.33%;vertical-align: top;padding: 0 10px 54px 10px;border: none !important;box-shadow: none !important\"><\/td>\n<td style=\"width: 33.33%;vertical-align: top;padding: 0 10px 54px 10px;border: none !important;box-shadow: none !important\"><\/td>\n<\/tr>\n<tr style=\"border: none !important\">\n<td style=\"width: 33.33%;vertical-align: top;padding: 0 10px 54px 10px;border: none !important;box-shadow: none !important\">\n<p style=\"margin: 0 0 10px 0;text-align: center\"><strong>Xperio\u00ae Brun D\u00e9grad\u00e9<\/strong><\/p>\n<p><img decoding=\"async\" style=\"margin: 0 auto;width: 50%;height: auto\" src=\"https:\/\/www.archimbaudopticien.com\/modules\/jscomposer\/uploads\/Verres%20Essilor\/brun-d-grad-.jpg\" alt=\"Teinte Brun Deg\" \/><\/td>\n<td style=\"width: 33.33%;vertical-align: top;padding: 0 10px 54px 10px;border: none !important;box-shadow: none !important\">\n<p style=\"margin: 0 0 10px 0;text-align: center\"><strong>Xperio\u00ae Gris D\u00e9grad\u00e9<\/strong><\/p>\n<p><img decoding=\"async\" style=\"margin: 0 auto;width: 50%;height: auto\" src=\"https:\/\/www.archimbaudopticien.com\/modules\/jscomposer\/uploads\/Verres%20Essilor\/gris-d-grad-.jpg\" alt=\"Teinte Gris Deg\" \/><\/td>\n<td style=\"width: 33.33%;vertical-align: top;padding: 0 10px 54px 10px;border: none !important;box-shadow: none !important\">\n<p style=\"margin: 0 0 10px 0;text-align: center\"><strong>Xperio\u00ae XV D\u00e9grad\u00e9<\/strong><\/p>\n<p><img decoding=\"async\" style=\"margin: 0 auto;width: 50%;height: auto\" src=\"https:\/\/www.archimbaudopticien.com\/modules\/jscomposer\/uploads\/Verres%20Essilor\/XV-DEGRADE.jpg\" alt=\"Teinte XV Deg\" \/><\/td>\n<\/tr>\n<tr style=\"border: none !important\">\n<td style=\"width: 33.33%;vertical-align: top;padding: 0 10px 54px 10px;border: none !important;box-shadow: none !important\">\n<p style=\"margin: 0 0 10px 0;text-align: center\"><strong>Xperio\u00ae Black D\u00e9grad\u00e9<\/strong><\/p>\n<p><img decoding=\"async\" style=\"margin: 0 auto;width: 50%;height: auto\" src=\"https:\/\/www.archimbaudopticien.com\/modules\/jscomposer\/uploads\/Verres%20Essilor\/black-d-grad-.jpg\" alt=\"Teinte Black Deg\" \/><\/td>\n<td style=\"width: 33.33%;vertical-align: top;padding: 0 10px 54px 10px;border: none !important;box-shadow: none !important\">\n<p style=\"margin: 0 0 10px 0;text-align: center\"><strong>Xperio\u00ae Blue Ink D\u00e9grad\u00e9<\/strong><\/p>\n<p><img decoding=\"async\" style=\"margin: 0 auto;width: 50%;height: auto\" src=\"https:\/\/www.archimbaudopticien.com\/modules\/jscomposer\/uploads\/Verres%20Essilor\/blueink-d-grad-.jpg\" alt=\"Teinte Blue Ink Deg\" \/><\/td>\n<td style=\"width: 33.33%;vertical-align: top;padding: 0 10px 54px 10px;border: none !important;box-shadow: none !important\">\n<p style=\"margin: 0 0 10px 0;text-align: center\"><strong>Xperio\u00ae Burgundy D\u00e9grad\u00e9<\/strong><\/p>\n<p><img decoding=\"async\" style=\"margin: 0 auto;width: 50%;height: auto\" src=\"https:\/\/www.archimbaudopticien.com\/modules\/jscomposer\/uploads\/Verres%20Essilor\/burgundy-d-grad-.jpg\" alt=\"Teinte Burgundy Deg\" \/><\/td>\n<\/tr>\n<tr style=\"border: none !important\">\n<td style=\"width: 33.33%;vertical-align: top;padding: 0 10px 54px 10px;border: none !important;box-shadow: none !important\">\n<p style=\"margin: 0 0 10px 0;text-align: center\"><strong>Xperio\u00ae Herbal D\u00e9grad\u00e9<\/strong><\/p>\n<p><img decoding=\"async\" style=\"margin: 0 auto;width: 50%;height: auto\" src=\"https:\/\/www.archimbaudopticien.com\/modules\/jscomposer\/uploads\/Verres%20Essilor\/HERBAL-DEGRADE.jpg\" alt=\"Teinte Herbal Deg\" \/><\/td>\n<td style=\"width: 33.33%;vertical-align: top;padding: 0 10px 54px 10px;border: none !important;box-shadow: none !important\"><\/td>\n<td style=\"width: 33.33%;vertical-align: top;padding: 0 10px 54px 10px;border: none !important;box-shadow: none !important\"><\/td>\n<\/tr>\n<tr style=\"border: none !important\">\n<td style=\"width: 33.33%;vertical-align: top;padding: 0 10px 54px 10px;border: none !important;box-shadow: none !important\">\n<p style=\"margin: 0 0 10px 0;text-align: center\"><strong>Xperio\u00ae Brun Pola<\/strong><\/p>\n<p><img decoding=\"async\" style=\"margin: 0 auto;width: 50%;height: auto\" src=\"https:\/\/www.archimbaudopticien.com\/modules\/jscomposer\/uploads\/Verres%20Essilor\/xperio-pola-brun3.jpg\" alt=\"Teinte Brun Pola\" \/><\/td>\n<td style=\"width: 33.33%;vertical-align: top;padding: 0 10px 54px 10px;border: none !important;box-shadow: none !important\">\n<p style=\"margin: 0 0 10px 0;text-align: center\"><strong>Xperio\u00ae Gris Pola<\/strong><\/p>\n<p><img decoding=\"async\" style=\"margin: 0 auto;width: 50%;height: auto\" src=\"https:\/\/www.archimbaudopticien.com\/modules\/jscomposer\/uploads\/Verres%20Essilor\/xperio-pola-grey3.jpg\" alt=\"Teinte Gris Pola\" \/><\/td>\n<td style=\"width: 33.33%;vertical-align: top;padding: 0 10px 54px 10px;border: none !important;box-shadow: none !important\">\n<p style=\"margin: 0 0 10px 0;text-align: center\"><strong>Xperio\u00ae Gris-Vert Pola<\/strong><\/p>\n<p><img decoding=\"async\" style=\"margin: 0 auto;width: 50%;height: auto\" src=\"https:\/\/www.archimbaudopticien.com\/modules\/jscomposer\/uploads\/Verres%20Essilor\/xperio-pola-greygreen3.jpg\" alt=\"Teinte Gris-Vert Pola\" \/><\/td>\n<\/tr>\n<tr style=\"border: none !important\">\n<td style=\"width: 33.33%;vertical-align: top;padding: 0 10px 54px 10px;border: none !important;box-shadow: none !important\">\n<p style=\"margin: 0 0 10px 0;text-align: center\"><strong>Xperio\u00ae Brun D\u00e9grad\u00e9 Pola<\/strong><\/p>\n<p><img decoding=\"async\" style=\"margin: 0 auto;width: 50%;height: auto\" src=\"https:\/\/www.archimbaudopticien.com\/modules\/jscomposer\/uploads\/Verres%20Essilor\/xperio-pola-brun-degrade.jpg\" alt=\"Teinte Brun Deg Pola\" \/><\/td>\n<td style=\"width: 33.33%;vertical-align: top;padding: 0 10px 54px 10px;border: none !important;box-shadow: none !important\">\n<p style=\"margin: 0 0 10px 0;text-align: center\"><strong>Xperio\u00ae Gris D\u00e9grad\u00e9 Pola<\/strong><\/p>\n<p><img decoding=\"async\" style=\"margin: 0 auto;width: 50%;height: auto\" src=\"https:\/\/www.archimbaudopticien.com\/modules\/jscomposer\/uploads\/Verres%20Essilor\/xperio-pola-grey-degrade.jpg\" alt=\"Teinte Gris Deg Pola\" \/><\/td>\n<td style=\"width: 33.33%;vertical-align: top;padding: 0 10px 54px 10px;border: none !important;box-shadow: none !important\">\n<p style=\"margin: 0 0 10px 0;text-align: center\"><strong>Xperio\u00ae Gris-Vert D\u00e9grad\u00e9 Pola<\/strong><\/p>\n<p><img decoding=\"async\" style=\"margin: 0 auto;width: 50%;height: auto\" src=\"https:\/\/www.archimbaudopticien.com\/modules\/jscomposer\/uploads\/Verres%20Essilor\/xperio-pola-greygreen-degrade.jpg\" alt=\"Teinte Gris-Vert Deg Pola\" \/><\/td>\n<\/tr>\n<\/tbody>\n<\/table>\n<hr style=\"border: none;border-top: 1px solid #ffffff;margin: 50px 0\" \/>\n<p style=\"text-align: left;margin: 0 0 10px 0;font-size: 20px;color: #000000\"><strong>Autres solutions 2\u00e8me paire<\/strong><\/p>\n<hr style=\"border: none;border-top: 1px solid #000000;margin: 0 0 40px 0\" \/>\n<ul style=\"text-align: left;font-size: 14px\">\n<li>\n    <strong style=\"font-size: 18px\">Offre Qualissime<\/strong><br \/>\n    Lors de votre commande initiale, b\u00e9n\u00e9ficiez de -50% sur vos verres dans le cadre d\u2019une 2e paire<br \/>\n    (hors Pack Sun et Pack Vision)\n  <\/li>\n<li>\n    <strong style=\"font-size: 18px\">Pack Compl\u00e9mentaire<\/strong><br \/>\n    Dans les 12 mois suivant votre achat, b\u00e9n\u00e9ficiez de -30% sur un \u00e9quipement compl\u00e9mentaire<br \/>\n    (monture + verres)\n  <\/li>\n<\/ul>\n<\/div>\n<\/div>                    <\/div>\r\n                            <\/div>\r\n            <!-- <div class=\"cu-step disbaled\" id=\"step-6\"> -->\r\n                        <div class=\"cu-step disbaled skip-this\" id=\"step-6\">\r\n                <div class=\"step-sttl tohide\"><p>Les Mois de la Vision Solidaire.<br \/>\n<span class=\"sbttl\">Obtenez un cr\u00e9dit de <span class='dyn-cred'><\/span> sur l&rsquo;achat de vos lunettes.<\/span><\/p>\n<\/div>\r\n                <div class=\"steps-elements\">\r\n                                    <\/div>\r\n                            <\/div>\r\n                            <div id=\"info-compl\" class=\"step-sttl\">\r\n                    <p>Assistance & Services (Inclus)<\/p>\r\n                <\/div>\r\n                <div class=\"step-instruct compl\">\r\n                    <div class=\"ao-protect\">\n<div class=\"ao-ttl\"><strong>AO Protect +<\/strong><\/div>\n<ul>\n<li><strong>Garantie Adaptation :<\/strong> 1 mois<br \/>\n<em>Avec AO Protect +, vous profitez d\u2019un mois complet pour vous habituer \u00e0 vos nouvelles lunettes.<\/em><\/li>\n<li><strong>Garantie Dommages :<\/strong> 24 mois<br \/>\n<em>Vos lunettes sont prot\u00e9g\u00e9es pendant 24 mois, avec un remplacement une fois par \u00e9l\u00e9ment (monture ou verre),<br \/>\navec application d\u2019une franchise.<br \/>\n<\/em><\/li>\n<li><strong>Garantie Changement de vue :<\/strong> 12 mois<br \/>\n<em>AO Protect + inclut un remplacement de vos verres dans les 12 mois, sur pr\u00e9sentation d\u2019une ordonnance mise \u00e0 jour,<br \/>\navec application d\u2019une franchise.<br \/>\n<\/em><\/li>\n<li><strong>Main-d\u2019\u0153uvre &amp; entretien :<\/strong> 24 mois<br \/>\n<em>Vos lunettes m\u00e9ritent le meilleur entretien.<\/em><\/li>\n<\/ul>\n<p style=\"margin-top: 10px;text-align: right\"><a style=\"color: #000000;text-decoration: none\" href=\"https:\/\/www.archimbaudopticien.com\/blog\/garantie-ao-protect\" target=\"_blank\" rel=\"noopener\"><br \/>\nEn savoir plus \u2192<br \/>\n<\/a><\/p>\n<\/div>\n                <\/div>\r\n                        <div class=\"recap-step\">\r\n            <\/div>\r\n                            <div class=\"step-instruct general\">\r\n                    <p><strong>Payer en plusieurs fois avec Alma :<\/strong><br \/>\nVotre \u00e9quipement principal ainsi que vos \u00e9quipements compl\u00e9mentaires.<\/p>\n<div class=\"info-dynamic\">\u00c0 partir de <span class=\"dyn-price\"><\/span> ou <span class=\"dyn-mensualite\"><\/span>\/mois pour <span class=\"mensualite\">4<\/span> mois \u00e0 0% taux d\u00e9biteur**<\/div>                <\/div>\r\n                        <div class=\"infos-step tohide\">\r\n                <div class=\"form-group\">\r\n                    <label for=\"user_email\">Veuillez ajouter votre adresse email<\/label>\r\n                    <input type=\"email\" id=\"user_email\" name=\"user_email\" class=\"form-control\" required>\r\n                <\/div>\r\n            <\/div>\r\n            <button id=\"send-request\" class=\"btn submit-request\" disabled=\"disabled\">Merci pour votre visite<\/button>\r\n            <div id=\"form-feedback\" style=\"margin-top:10px;\"><\/div>\r\n        <\/form>\r\n    <\/div>\r\n<\/div><\/div>\n\t\t\t\t\t\t<\/div>\n\t\t\t\t\t<\/div>\n\t\t\t\t<\/div>\n\t\t<div class=\"elementor-element elementor-element-f37b394 e-con-full e-flex e-con e-parent\" data-id=\"f37b394\" data-element_type=\"container\" data-e-type=\"container\">\n\t\t\t\t<div class=\"elementor-element elementor-element-ec8ee98 elementor-widget elementor-widget-text-editor\" data-id=\"ec8ee98\" data-element_type=\"widget\" data-e-type=\"widget\" data-widget_type=\"text-editor.default\">\n\t\t\t\t\t\t\t\t\t<p style=\"text-align: center;\">Un cr\u00e9dit vous engage et doit \u00eatre rembours\u00e9.<br \/>V\u00e9rifiez vos capacit\u00e9s de remboursement avant de vous engager.<\/p><p style=\"text-align: center;\"><strong style=\"font-size: 18px;\">Paiement en plusieurs fois.<\/strong><\/p><p style=\"text-align: center;\">Le paiement en plusieurs fois est propos\u00e9 via notre partenaire Alma. La s\u00e9curisation des paiements est assur\u00e9e par Alma et ses partenaires.<\/p><p style=\"text-align: center;\"><strong>&#8211; Conditions<\/strong> : ce type de paiement est r\u00e9serv\u00e9 aux particuliers r\u00e9sidant en France, titulaires d&rsquo;une carte bancaire Visa ou Mastercard.<br \/><strong>&#8211; Options disponibles<\/strong> : r\u00e8glement en 2x, 3x ou 4x sans frais, uniquement pour vos achats de verres correcteurs.<br \/><strong>&#8211; Frais<\/strong> : aucun frais suppl\u00e9mentaires n&rsquo;est appliqu\u00e9 pour le client.<br \/><strong>&#8211; Sous r\u00e9serve d&rsquo;acceptation par Alma<\/strong> : en cas de refus, vous serez invit\u00e9 \u00e0 choisir un autre mode de r\u00e8glement.<br \/>&#8211; Exemple de financement avec Alma :<br \/>Pour un achat de 200 \u20ac, vous pouvez r\u00e9gler 2 mensualit\u00e9s de 100 \u20ac, ou 3 mensualit\u00e9s de 66,67 \u20ac, ou 4 mensualit\u00e9s de 50 \u20ac.<\/p>\t\t\t\t\t\t\t\t<\/div>\n\t\t\t\t<\/div>\n\t\t<div class=\"elementor-element elementor-element-d89c4e2 e-flex e-con-boxed e-con e-parent\" data-id=\"d89c4e2\" data-element_type=\"container\" data-e-type=\"container\">\n\t\t\t\t\t<div class=\"e-con-inner\">\n\t\t\t\t<div class=\"elementor-element elementor-element-d53493e elementor-widget-divider--view-line elementor-widget elementor-widget-divider\" data-id=\"d53493e\" data-element_type=\"widget\" data-e-type=\"widget\" data-widget_type=\"divider.default\">\n\t\t\t\t\t\t\t<div class=\"elementor-divider\">\n\t\t\t<span class=\"elementor-divider-separator\">\n\t\t\t\t\t\t<\/span>\n\t\t<\/div>\n\t\t\t\t\t\t<\/div>\n\t\t\t\t<div class=\"elementor-element elementor-element-62f6394 elementor-widget elementor-widget-heading\" data-id=\"62f6394\" data-element_type=\"widget\" data-e-type=\"widget\" data-widget_type=\"heading.default\">\n\t\t\t\t\t<h3 class=\"elementor-heading-title elementor-size-default\">Questions \/ R\u00e9ponses<\/h3>\t\t\t\t<\/div>\n\t\t\t\t<div class=\"elementor-element elementor-element-c285888 elementor-widget elementor-widget-n-accordion\" data-id=\"c285888\" data-element_type=\"widget\" data-e-type=\"widget\" data-settings=\"{&quot;default_state&quot;:&quot;all_collapsed&quot;,&quot;max_items_expended&quot;:&quot;one&quot;,&quot;n_accordion_animation_duration&quot;:{&quot;unit&quot;:&quot;ms&quot;,&quot;size&quot;:400,&quot;sizes&quot;:[]}}\" data-widget_type=\"nested-accordion.default\">\n\t\t\t\t\t\t\t<div class=\"e-n-accordion\" aria-label=\"Accordion. Open links with Enter or Space, close with Escape, and navigate with Arrow Keys\">\n\t\t\t\t\t\t<details id=\"e-n-accordion-item-2030\" class=\"e-n-accordion-item\" >\n\t\t\t\t<summary class=\"e-n-accordion-item-title\" data-accordion-index=\"1\" tabindex=\"0\" aria-expanded=\"false\" aria-controls=\"e-n-accordion-item-2030\" >\n\t\t\t\t\t<span class='e-n-accordion-item-title-header'><h4 class=\"e-n-accordion-item-title-text\"> Quelle est la diff\u00e9rence entre Eyezen\u00ae Kids et Stellest\u00ae ? <\/h4><\/span>\n\t\t\t\t\t\t\t<span class='e-n-accordion-item-title-icon'>\n\t\t\t<span class='e-opened' ><svg aria-hidden=\"true\" class=\"e-font-icon-svg e-fas-minus\" viewBox=\"0 0 448 512\" xmlns=\"http:\/\/www.w3.org\/2000\/svg\"><path d=\"M416 208H32c-17.67 0-32 14.33-32 32v32c0 17.67 14.33 32 32 32h384c17.67 0 32-14.33 32-32v-32c0-17.67-14.33-32-32-32z\"><\/path><\/svg><\/span>\n\t\t\t<span class='e-closed'><svg aria-hidden=\"true\" class=\"e-font-icon-svg e-fas-plus\" viewBox=\"0 0 448 512\" xmlns=\"http:\/\/www.w3.org\/2000\/svg\"><path d=\"M416 208H272V64c0-17.67-14.33-32-32-32h-32c-17.67 0-32 14.33-32 32v144H32c-17.67 0-32 14.33-32 32v32c0 17.67 14.33 32 32 32h144v144c0 17.67 14.33 32 32 32h32c17.67 0 32-14.33 32-32V304h144c17.67 0 32-14.33 32-32v-32c0-17.67-14.33-32-32-32z\"><\/path><\/svg><\/span>\n\t\t<\/span>\n\n\t\t\t\t\t\t<\/summary>\n\t\t\t\t<div role=\"region\" aria-labelledby=\"e-n-accordion-item-2030\" class=\"elementor-element elementor-element-049ad8b e-con-full e-flex e-con e-child\" data-id=\"049ad8b\" data-element_type=\"container\" data-e-type=\"container\">\n\t\t\t\t<div class=\"elementor-element elementor-element-316fe1d elementor-widget elementor-widget-text-editor\" data-id=\"316fe1d\" data-element_type=\"widget\" data-e-type=\"widget\" data-widget_type=\"text-editor.default\">\n\t\t\t\t\t\t\t\t\t<p>Eyezen\u00ae Kids et Stellest\u00ae r\u00e9pondent \u00e0 deux besoins visuels distincts chez l\u2019enfant.<br \/>Eyezen\u00ae Kids vise principalement le confort visuel, notamment face aux \u00e9crans et aux activit\u00e9s de pr\u00e8s. Stellest\u00ae, quant \u00e0 lui, est un verre sp\u00e9cifiquement con\u00e7u pour le contr\u00f4le de la progression de la myopie chez l\u2019enfant. Le choix d\u00e9pend donc du profil visuel, de l\u2019\u00e2ge et de l\u2019\u00e9volution de la correction.<\/p>\t\t\t\t\t\t\t\t<\/div>\n\t\t\t\t<\/div>\n\t\t\t\t\t<\/details>\n\t\t\t\t\t\t<details id=\"e-n-accordion-item-2031\" class=\"e-n-accordion-item\" >\n\t\t\t\t<summary class=\"e-n-accordion-item-title\" data-accordion-index=\"2\" tabindex=\"-1\" aria-expanded=\"false\" aria-controls=\"e-n-accordion-item-2031\" >\n\t\t\t\t\t<span class='e-n-accordion-item-title-header'><h4 class=\"e-n-accordion-item-title-text\"> \u00c0 quoi servent les verres Essilor\u00ae Eyezen\u00ae Kids ? <\/h4><\/span>\n\t\t\t\t\t\t\t<span class='e-n-accordion-item-title-icon'>\n\t\t\t<span class='e-opened' ><svg aria-hidden=\"true\" class=\"e-font-icon-svg e-fas-minus\" viewBox=\"0 0 448 512\" xmlns=\"http:\/\/www.w3.org\/2000\/svg\"><path d=\"M416 208H32c-17.67 0-32 14.33-32 32v32c0 17.67 14.33 32 32 32h384c17.67 0 32-14.33 32-32v-32c0-17.67-14.33-32-32-32z\"><\/path><\/svg><\/span>\n\t\t\t<span class='e-closed'><svg aria-hidden=\"true\" class=\"e-font-icon-svg e-fas-plus\" viewBox=\"0 0 448 512\" xmlns=\"http:\/\/www.w3.org\/2000\/svg\"><path d=\"M416 208H272V64c0-17.67-14.33-32-32-32h-32c-17.67 0-32 14.33-32 32v144H32c-17.67 0-32 14.33-32 32v32c0 17.67 14.33 32 32 32h144v144c0 17.67 14.33 32 32 32h32c17.67 0 32-14.33 32-32V304h144c17.67 0 32-14.33 32-32v-32c0-17.67-14.33-32-32-32z\"><\/path><\/svg><\/span>\n\t\t<\/span>\n\n\t\t\t\t\t\t<\/summary>\n\t\t\t\t<div role=\"region\" aria-labelledby=\"e-n-accordion-item-2031\" class=\"elementor-element elementor-element-de30659 e-con-full e-flex e-con e-child\" data-id=\"de30659\" data-element_type=\"container\" data-e-type=\"container\">\n\t\t\t\t<div class=\"elementor-element elementor-element-e6d8218 elementor-widget elementor-widget-text-editor\" data-id=\"e6d8218\" data-element_type=\"widget\" data-e-type=\"widget\" data-widget_type=\"text-editor.default\">\n\t\t\t\t\t\t\t\t\t<p>Les verres Eyezen\u00ae Kids sont con\u00e7us pour soulager la fatigue visuelle des enfants sollicit\u00e9s par la lecture, l\u2019\u00e9criture et les \u00e9crans.<br \/>Ils int\u00e8grent une optimisation optique en vision de pr\u00e8s et une protection contre la lumi\u00e8re bleue nocive, contribuant \u00e0 un meilleur confort au quotidien, \u00e0 l\u2019\u00e9cole comme \u00e0 la maison.<\/p>\t\t\t\t\t\t\t\t<\/div>\n\t\t\t\t<\/div>\n\t\t\t\t\t<\/details>\n\t\t\t\t\t\t<details id=\"e-n-accordion-item-2032\" class=\"e-n-accordion-item\" >\n\t\t\t\t<summary class=\"e-n-accordion-item-title\" data-accordion-index=\"3\" tabindex=\"-1\" aria-expanded=\"false\" aria-controls=\"e-n-accordion-item-2032\" >\n\t\t\t\t\t<span class='e-n-accordion-item-title-header'><h4 class=\"e-n-accordion-item-title-text\"> Qu\u2019est-ce qu\u2019un verre Essilor\u00ae Stellest\u00ae ? <\/h4><\/span>\n\t\t\t\t\t\t\t<span class='e-n-accordion-item-title-icon'>\n\t\t\t<span class='e-opened' ><svg aria-hidden=\"true\" class=\"e-font-icon-svg e-fas-minus\" viewBox=\"0 0 448 512\" xmlns=\"http:\/\/www.w3.org\/2000\/svg\"><path d=\"M416 208H32c-17.67 0-32 14.33-32 32v32c0 17.67 14.33 32 32 32h384c17.67 0 32-14.33 32-32v-32c0-17.67-14.33-32-32-32z\"><\/path><\/svg><\/span>\n\t\t\t<span class='e-closed'><svg aria-hidden=\"true\" class=\"e-font-icon-svg e-fas-plus\" viewBox=\"0 0 448 512\" xmlns=\"http:\/\/www.w3.org\/2000\/svg\"><path d=\"M416 208H272V64c0-17.67-14.33-32-32-32h-32c-17.67 0-32 14.33-32 32v144H32c-17.67 0-32 14.33-32 32v32c0 17.67 14.33 32 32 32h144v144c0 17.67 14.33 32 32 32h32c17.67 0 32-14.33 32-32V304h144c17.67 0 32-14.33 32-32v-32c0-17.67-14.33-32-32-32z\"><\/path><\/svg><\/span>\n\t\t<\/span>\n\n\t\t\t\t\t\t<\/summary>\n\t\t\t\t<div role=\"region\" aria-labelledby=\"e-n-accordion-item-2032\" class=\"elementor-element elementor-element-b1d5b4a e-con-full e-flex e-con e-child\" data-id=\"b1d5b4a\" data-element_type=\"container\" data-e-type=\"container\">\n\t\t\t\t<div class=\"elementor-element elementor-element-afeb4e4 elementor-widget elementor-widget-text-editor\" data-id=\"afeb4e4\" data-element_type=\"widget\" data-e-type=\"widget\" data-widget_type=\"text-editor.default\">\n\t\t\t\t\t\t\t\t\t<p>Stellest\u00ae est un verre ophtalmique innovant d\u00e9velopp\u00e9 par Essilor pour ralentir la progression de la myopie chez l\u2019enfant.<br \/>Il repose sur une technologie optique sp\u00e9cifique qui agit sur la p\u00e9riph\u00e9rie de la r\u00e9tine, tout en conservant une vision nette au centre du verre.<\/p>\t\t\t\t\t\t\t\t<\/div>\n\t\t\t\t<\/div>\n\t\t\t\t\t<\/details>\n\t\t\t\t\t\t<details id=\"e-n-accordion-item-2033\" class=\"e-n-accordion-item\" >\n\t\t\t\t<summary class=\"e-n-accordion-item-title\" data-accordion-index=\"4\" tabindex=\"-1\" aria-expanded=\"false\" aria-controls=\"e-n-accordion-item-2033\" >\n\t\t\t\t\t<span class='e-n-accordion-item-title-header'><h4 class=\"e-n-accordion-item-title-text\"> \u00c0 partir de quel \u00e2ge peut-on porter Eyezen\u00ae Kids ou Stellest\u00ae ? <\/h4><\/span>\n\t\t\t\t\t\t\t<span class='e-n-accordion-item-title-icon'>\n\t\t\t<span class='e-opened' ><svg aria-hidden=\"true\" class=\"e-font-icon-svg e-fas-minus\" viewBox=\"0 0 448 512\" xmlns=\"http:\/\/www.w3.org\/2000\/svg\"><path d=\"M416 208H32c-17.67 0-32 14.33-32 32v32c0 17.67 14.33 32 32 32h384c17.67 0 32-14.33 32-32v-32c0-17.67-14.33-32-32-32z\"><\/path><\/svg><\/span>\n\t\t\t<span class='e-closed'><svg aria-hidden=\"true\" class=\"e-font-icon-svg e-fas-plus\" viewBox=\"0 0 448 512\" xmlns=\"http:\/\/www.w3.org\/2000\/svg\"><path d=\"M416 208H272V64c0-17.67-14.33-32-32-32h-32c-17.67 0-32 14.33-32 32v144H32c-17.67 0-32 14.33-32 32v32c0 17.67 14.33 32 32 32h144v144c0 17.67 14.33 32 32 32h32c17.67 0 32-14.33 32-32V304h144c17.67 0 32-14.33 32-32v-32c0-17.67-14.33-32-32-32z\"><\/path><\/svg><\/span>\n\t\t<\/span>\n\n\t\t\t\t\t\t<\/summary>\n\t\t\t\t<div role=\"region\" aria-labelledby=\"e-n-accordion-item-2033\" class=\"elementor-element elementor-element-9edbf9a e-con-full e-flex e-con e-child\" data-id=\"9edbf9a\" data-element_type=\"container\" data-e-type=\"container\">\n\t\t\t\t<div class=\"elementor-element elementor-element-e0be88a elementor-widget elementor-widget-text-editor\" data-id=\"e0be88a\" data-element_type=\"widget\" data-e-type=\"widget\" data-widget_type=\"text-editor.default\">\n\t\t\t\t\t\t\t\t\t<p>&#8211; Eyezen\u00ae Kids peut \u00eatre propos\u00e9 d\u00e8s que l\u2019enfant porte une correction et pr\u00e9sente une fatigue visuelle li\u00e9e aux usages scolaires ou num\u00e9riques.<br \/>&#8211; Stellest\u00ae est g\u00e9n\u00e9ralement recommand\u00e9 chez les enfants myopes, souvent entre 6 et 12 ans, lorsque la myopie est \u00e9volutive et n\u00e9cessite une prise en charge sp\u00e9cifique.<\/p>\t\t\t\t\t\t\t\t<\/div>\n\t\t\t\t<\/div>\n\t\t\t\t\t<\/details>\n\t\t\t\t\t\t<details id=\"e-n-accordion-item-2034\" class=\"e-n-accordion-item\" >\n\t\t\t\t<summary class=\"e-n-accordion-item-title\" data-accordion-index=\"5\" tabindex=\"-1\" aria-expanded=\"false\" aria-controls=\"e-n-accordion-item-2034\" >\n\t\t\t\t\t<span class='e-n-accordion-item-title-header'><h4 class=\"e-n-accordion-item-title-text\"> Les verres Stellest\u00ae remplacent-ils les lunettes classiques ? <\/h4><\/span>\n\t\t\t\t\t\t\t<span class='e-n-accordion-item-title-icon'>\n\t\t\t<span class='e-opened' ><svg aria-hidden=\"true\" class=\"e-font-icon-svg e-fas-minus\" viewBox=\"0 0 448 512\" xmlns=\"http:\/\/www.w3.org\/2000\/svg\"><path d=\"M416 208H32c-17.67 0-32 14.33-32 32v32c0 17.67 14.33 32 32 32h384c17.67 0 32-14.33 32-32v-32c0-17.67-14.33-32-32-32z\"><\/path><\/svg><\/span>\n\t\t\t<span class='e-closed'><svg aria-hidden=\"true\" class=\"e-font-icon-svg e-fas-plus\" viewBox=\"0 0 448 512\" xmlns=\"http:\/\/www.w3.org\/2000\/svg\"><path d=\"M416 208H272V64c0-17.67-14.33-32-32-32h-32c-17.67 0-32 14.33-32 32v144H32c-17.67 0-32 14.33-32 32v32c0 17.67 14.33 32 32 32h144v144c0 17.67 14.33 32 32 32h32c17.67 0 32-14.33 32-32V304h144c17.67 0 32-14.33 32-32v-32c0-17.67-14.33-32-32-32z\"><\/path><\/svg><\/span>\n\t\t<\/span>\n\n\t\t\t\t\t\t<\/summary>\n\t\t\t\t<div role=\"region\" aria-labelledby=\"e-n-accordion-item-2034\" class=\"elementor-element elementor-element-cb67525 e-flex e-con-boxed e-con e-child\" data-id=\"cb67525\" data-element_type=\"container\" data-e-type=\"container\">\n\t\t\t\t\t<div class=\"e-con-inner\">\n\t\t\t\t<div class=\"elementor-element elementor-element-800d7bb elementor-widget elementor-widget-text-editor\" data-id=\"800d7bb\" data-element_type=\"widget\" data-e-type=\"widget\" data-widget_type=\"text-editor.default\">\n\t\t\t\t\t\t\t\t\t<p>Non. Stellest\u00ae est un verre correcteur \u00e0 part enti\u00e8re, qui corrige la myopie tout en int\u00e9grant une fonction de contr\u00f4le de son \u00e9volution.<br \/>L\u2019enfant porte donc ses lunettes normalement, sans contrainte particuli\u00e8re d\u2019adaptation visuelle ou esth\u00e9tique.<\/p>\t\t\t\t\t\t\t\t<\/div>\n\t\t\t\t\t<\/div>\n\t\t\t\t<\/div>\n\t\t\t\t\t<\/details>\n\t\t\t\t\t\t<details id=\"e-n-accordion-item-2035\" class=\"e-n-accordion-item\" >\n\t\t\t\t<summary class=\"e-n-accordion-item-title\" data-accordion-index=\"6\" tabindex=\"-1\" aria-expanded=\"false\" aria-controls=\"e-n-accordion-item-2035\" >\n\t\t\t\t\t<span class='e-n-accordion-item-title-header'><h4 class=\"e-n-accordion-item-title-text\"> Eyezen\u00ae Kids et Stellest\u00ae prot\u00e8gent-ils contre la lumi\u00e8re bleue ? <\/h4><\/span>\n\t\t\t\t\t\t\t<span class='e-n-accordion-item-title-icon'>\n\t\t\t<span class='e-opened' ><svg aria-hidden=\"true\" class=\"e-font-icon-svg e-fas-minus\" viewBox=\"0 0 448 512\" xmlns=\"http:\/\/www.w3.org\/2000\/svg\"><path d=\"M416 208H32c-17.67 0-32 14.33-32 32v32c0 17.67 14.33 32 32 32h384c17.67 0 32-14.33 32-32v-32c0-17.67-14.33-32-32-32z\"><\/path><\/svg><\/span>\n\t\t\t<span class='e-closed'><svg aria-hidden=\"true\" class=\"e-font-icon-svg e-fas-plus\" viewBox=\"0 0 448 512\" xmlns=\"http:\/\/www.w3.org\/2000\/svg\"><path d=\"M416 208H272V64c0-17.67-14.33-32-32-32h-32c-17.67 0-32 14.33-32 32v144H32c-17.67 0-32 14.33-32 32v32c0 17.67 14.33 32 32 32h144v144c0 17.67 14.33 32 32 32h32c17.67 0 32-14.33 32-32V304h144c17.67 0 32-14.33 32-32v-32c0-17.67-14.33-32-32-32z\"><\/path><\/svg><\/span>\n\t\t<\/span>\n\n\t\t\t\t\t\t<\/summary>\n\t\t\t\t<div role=\"region\" aria-labelledby=\"e-n-accordion-item-2035\" class=\"elementor-element elementor-element-0b2d7c6 e-flex e-con-boxed e-con e-child\" data-id=\"0b2d7c6\" data-element_type=\"container\" data-e-type=\"container\">\n\t\t\t\t\t<div class=\"e-con-inner\">\n\t\t\t\t<div class=\"elementor-element elementor-element-8242db2 elementor-widget elementor-widget-text-editor\" data-id=\"8242db2\" data-element_type=\"widget\" data-e-type=\"widget\" data-widget_type=\"text-editor.default\">\n\t\t\t\t\t\t\t\t\t<p>Oui. Les deux solutions int\u00e8grent la technologie Eye Protect System, une protection contre la lumi\u00e8re bleue nocive, adapt\u00e9e aux enfants, sans alt\u00e9rer la perception des couleurs. Cette protection est essentielle dans un contexte d\u2019exposition croissante aux \u00e9crans d\u00e8s le plus jeune \u00e2ge.<\/p>\t\t\t\t\t\t\t\t<\/div>\n\t\t\t\t\t<\/div>\n\t\t\t\t<\/div>\n\t\t\t\t\t<\/details>\n\t\t\t\t\t\t<details id=\"e-n-accordion-item-2036\" class=\"e-n-accordion-item\" >\n\t\t\t\t<summary class=\"e-n-accordion-item-title\" data-accordion-index=\"7\" tabindex=\"-1\" aria-expanded=\"false\" aria-controls=\"e-n-accordion-item-2036\" >\n\t\t\t\t\t<span class='e-n-accordion-item-title-header'><h4 class=\"e-n-accordion-item-title-text\"> Les verres Stellest\u00ae n\u00e9cessitent-ils un suivi particulier ? <\/h4><\/span>\n\t\t\t\t\t\t\t<span class='e-n-accordion-item-title-icon'>\n\t\t\t<span class='e-opened' ><svg aria-hidden=\"true\" class=\"e-font-icon-svg e-fas-minus\" viewBox=\"0 0 448 512\" xmlns=\"http:\/\/www.w3.org\/2000\/svg\"><path d=\"M416 208H32c-17.67 0-32 14.33-32 32v32c0 17.67 14.33 32 32 32h384c17.67 0 32-14.33 32-32v-32c0-17.67-14.33-32-32-32z\"><\/path><\/svg><\/span>\n\t\t\t<span class='e-closed'><svg aria-hidden=\"true\" class=\"e-font-icon-svg e-fas-plus\" viewBox=\"0 0 448 512\" xmlns=\"http:\/\/www.w3.org\/2000\/svg\"><path d=\"M416 208H272V64c0-17.67-14.33-32-32-32h-32c-17.67 0-32 14.33-32 32v144H32c-17.67 0-32 14.33-32 32v32c0 17.67 14.33 32 32 32h144v144c0 17.67 14.33 32 32 32h32c17.67 0 32-14.33 32-32V304h144c17.67 0 32-14.33 32-32v-32c0-17.67-14.33-32-32-32z\"><\/path><\/svg><\/span>\n\t\t<\/span>\n\n\t\t\t\t\t\t<\/summary>\n\t\t\t\t<div role=\"region\" aria-labelledby=\"e-n-accordion-item-2036\" class=\"elementor-element elementor-element-de44567 e-flex e-con-boxed e-con e-child\" data-id=\"de44567\" data-element_type=\"container\" data-e-type=\"container\">\n\t\t\t\t\t<div class=\"e-con-inner\">\n\t\t\t\t<div class=\"elementor-element elementor-element-8f478ba elementor-widget elementor-widget-text-editor\" data-id=\"8f478ba\" data-element_type=\"widget\" data-e-type=\"widget\" data-widget_type=\"text-editor.default\">\n\t\t\t\t\t\t\t\t\t<p>Oui. Le port de Stellest\u00ae s\u2019inscrit dans une strat\u00e9gie de suivi r\u00e9gulier de la myopie. Des contr\u00f4les visuels p\u00e9riodiques sont recommand\u00e9s afin d\u2019\u00e9valuer l\u2019\u00e9volution de la correction et l\u2019efficacit\u00e9 du dispositif.<\/p>\t\t\t\t\t\t\t\t<\/div>\n\t\t\t\t\t<\/div>\n\t\t\t\t<\/div>\n\t\t\t\t\t<\/details>\n\t\t\t\t\t\t<details id=\"e-n-accordion-item-2037\" class=\"e-n-accordion-item\" >\n\t\t\t\t<summary class=\"e-n-accordion-item-title\" data-accordion-index=\"8\" tabindex=\"-1\" aria-expanded=\"false\" aria-controls=\"e-n-accordion-item-2037\" >\n\t\t\t\t\t<span class='e-n-accordion-item-title-header'><h4 class=\"e-n-accordion-item-title-text\"> Ces verres sont-ils compatibles avec toutes les montures enfants ? <\/h4><\/span>\n\t\t\t\t\t\t\t<span class='e-n-accordion-item-title-icon'>\n\t\t\t<span class='e-opened' ><svg aria-hidden=\"true\" class=\"e-font-icon-svg e-fas-minus\" viewBox=\"0 0 448 512\" xmlns=\"http:\/\/www.w3.org\/2000\/svg\"><path d=\"M416 208H32c-17.67 0-32 14.33-32 32v32c0 17.67 14.33 32 32 32h384c17.67 0 32-14.33 32-32v-32c0-17.67-14.33-32-32-32z\"><\/path><\/svg><\/span>\n\t\t\t<span class='e-closed'><svg aria-hidden=\"true\" class=\"e-font-icon-svg e-fas-plus\" viewBox=\"0 0 448 512\" xmlns=\"http:\/\/www.w3.org\/2000\/svg\"><path d=\"M416 208H272V64c0-17.67-14.33-32-32-32h-32c-17.67 0-32 14.33-32 32v144H32c-17.67 0-32 14.33-32 32v32c0 17.67 14.33 32 32 32h144v144c0 17.67 14.33 32 32 32h32c17.67 0 32-14.33 32-32V304h144c17.67 0 32-14.33 32-32v-32c0-17.67-14.33-32-32-32z\"><\/path><\/svg><\/span>\n\t\t<\/span>\n\n\t\t\t\t\t\t<\/summary>\n\t\t\t\t<div role=\"region\" aria-labelledby=\"e-n-accordion-item-2037\" class=\"elementor-element elementor-element-d2d636a e-flex e-con-boxed e-con e-child\" data-id=\"d2d636a\" data-element_type=\"container\" data-e-type=\"container\">\n\t\t\t\t\t<div class=\"e-con-inner\">\n\t\t\t\t<div class=\"elementor-element elementor-element-405722a elementor-widget elementor-widget-text-editor\" data-id=\"405722a\" data-element_type=\"widget\" data-e-type=\"widget\" data-widget_type=\"text-editor.default\">\n\t\t\t\t\t\t\t\t\t<p>Dans la majorit\u00e9 des cas, oui. Eyezen\u00ae Kids et Stellest\u00ae peuvent \u00eatre adapt\u00e9s \u00e0 un large choix de montures enfants, \u00e0 condition de respecter certains crit\u00e8res de centrage et de tenue, essentiels pour garantir l\u2019efficacit\u00e9 et le confort du verre.<\/p>\t\t\t\t\t\t\t\t<\/div>\n\t\t\t\t\t<\/div>\n\t\t\t\t<\/div>\n\t\t\t\t\t<\/details>\n\t\t\t\t\t<\/div>\n\t\t\t\t\t\t<\/div>\n\t\t\t\t\t<\/div>\n\t\t\t\t<\/div>\n\t\t<div class=\"elementor-element elementor-element-0165e67 ao_basgris e-flex e-con-boxed e-con e-parent\" data-id=\"0165e67\" data-element_type=\"container\" data-e-type=\"container\">\n\t\t\t\t\t<div class=\"e-con-inner\">\n\t\t\t\t<div class=\"elementor-element elementor-element-90c508f elementor-widget elementor-widget-text-editor\" data-id=\"90c508f\" data-element_type=\"widget\" data-e-type=\"widget\" data-widget_type=\"text-editor.default\">\n\t\t\t\t\t\t\t\t\t<p>1. Appellations commerciales : les d\u00e9nominations Eyezen\u00ae Kids et Stellest\u00ae d\u00e9signent des gammes de verres ophtalmiques d\u00e9velopp\u00e9es par Essilor, reposant sur des conceptions optiques distinctes.<br \/>2. Finalit\u00e9 des verres : Eyezen\u00ae Kids vise le confort visuel des enfants, notamment lors des activit\u00e9s de pr\u00e8s.<br \/>Stellest\u00ae est destin\u00e9 \u00e0 accompagner la prise en charge de la myopie \u00e9volutive chez l\u2019enfant.<br \/>3. R\u00e9sultats et variabilit\u00e9 individuelle : les effets visuels, le confort et l\u2019\u00e9volution de la correction peuvent varier selon l\u2019\u00e2ge, la correction, le comportement visuel et le suivi r\u00e9gulier de l\u2019enfant.<br \/>4. Mati\u00e8res de verres : Orma\u00ae 1,50, Ormix\u00ae 1,60, Stylis\u00ae 1,67 et Lin\u00e9is\u00ae 1,74 correspondent \u00e0 diff\u00e9rents mat\u00e9riaux et indices de r\u00e9fraction, choisis selon la correction, la monture et les contraintes techniques.<br \/>5. EPS\u2122 : Eye Protect System\u2122 contribue \u00e0 r\u00e9duire l\u2019exposition \u00e0 certaines longueurs d\u2019onde de la lumi\u00e8re bleue. Il ne constitue pas un dispositif m\u00e9dical.<br \/>6. Crizal\u00ae : les traitements Crizal\u00ae Sapphire\u2122 HR et Crizal\u00ae Easy Pro am\u00e9liorent la transparence et facilitent l\u2019entretien des verres, sous r\u00e9serve d\u2019un usage conforme.<br \/>7. Transitions\u00ae : les verres Transitions\u00ae adaptent leur teinte en fonction de l\u2019exposition aux UV. Les performances peuvent varier selon l\u2019environnement et les conditions d\u2019utilisation.<br \/>8. Compatibilit\u00e9 montures enfants : toutes les montures enfants ne sont pas compatibles avec l\u2019ensemble des mat\u00e9riaux, traitements ou technologies propos\u00e9es.<br \/>9. Suivi visuel : le port de verres correcteurs, notamment dans le cadre de la myopie, n\u00e9cessite un suivi visuel r\u00e9gulier conform\u00e9ment aux recommandations des professionnels de sant\u00e9.<br \/>10. Les informations pr\u00e9sent\u00e9es sont donn\u00e9es \u00e0 titre indicatif. Les caract\u00e9ristiques finales de l\u2019\u00e9quipement figurent sur le devis et la facture.<\/p>\t\t\t\t\t\t\t\t<\/div>\n\t\t\t\t\t<\/div>\n\t\t\t\t<\/div>\n\t\t\t\t<\/div>\n\t\t","protected":false},"excerpt":{"rendered":"<p>Un cr\u00e9dit vous engage et doit \u00eatre rembours\u00e9.V\u00e9rifiez vos capacit\u00e9s de remboursement avant de vous engager. Paiement en plusieurs fois. Le paiement en plusieurs fois est propos\u00e9 via notre partenaire Alma. La s\u00e9curisation des paiements est assur\u00e9e par Alma et ses partenaires. &#8211; Conditions : ce type de paiement est r\u00e9serv\u00e9 aux particuliers r\u00e9sidant en [&hellip;]<\/p>\n","protected":false},"author":1,"featured_media":766,"parent":0,"menu_order":0,"comment_status":"closed","ping_status":"closed","template":"","meta":{"_acf_changed":false,"footnotes":""},"class_list":["post-348","page","type-page","status-publish","has-post-thumbnail","hentry"],"acf":[],"yoast_head":"<!-- This site is optimized with the Yoast SEO plugin v27.5 - https:\/\/yoast.com\/product\/yoast-seo-wordpress\/ -->\n<title>Acheter un verre Essilor\u00ae Eyezen\u00ae enfant | Archimbaud Opticien<\/title>\n<meta name=\"description\" content=\"Eyezen\u00ae Kids et Stellest\u00ae : deux solutions Essilor\u00ae pour prot\u00e9ger la vision des enfants, r\u00e9duire la fatigue visuelle et accompagner le contr\u00f4le de la myopie. Conseils d\u2019expert et suivi personnalis\u00e9.\" \/>\n<meta name=\"robots\" content=\"index, follow, max-snippet:-1, max-image-preview:large, max-video-preview:-1\" \/>\n<link rel=\"canonical\" href=\"https:\/\/www.archimbaudopticien.com\/diag\/acheter-essilor-eyezen-enfant\/\" \/>\n<meta property=\"og:locale\" content=\"fr_FR\" \/>\n<meta property=\"og:type\" content=\"article\" \/>\n<meta property=\"og:title\" content=\"Acheter un verre Essilor\u00ae Eyezen\u00ae enfant | Archimbaud Opticien\" \/>\n<meta property=\"og:description\" content=\"Eyezen\u00ae Kids et Stellest\u00ae : deux solutions Essilor\u00ae pour prot\u00e9ger la vision des enfants, r\u00e9duire la fatigue visuelle et accompagner le contr\u00f4le de la myopie. Conseils d\u2019expert et suivi personnalis\u00e9.\" \/>\n<meta property=\"og:url\" content=\"https:\/\/www.archimbaudopticien.com\/diag\/acheter-essilor-eyezen-enfant\/\" \/>\n<meta property=\"og:site_name\" content=\"Archimbaud Opticien\" \/>\n<meta property=\"article:modified_time\" content=\"2026-02-04T20:57:21+00:00\" \/>\n<meta property=\"og:image\" content=\"https:\/\/www.archimbaudopticien.com\/diag\/wp-content\/uploads\/2026\/02\/essilor-eyezenkids-stellest-archimbaud.jpg\" \/>\n\t<meta property=\"og:image:width\" content=\"600\" \/>\n\t<meta property=\"og:image:height\" content=\"650\" \/>\n\t<meta property=\"og:image:type\" content=\"image\/jpeg\" \/>\n<meta name=\"twitter:card\" content=\"summary_large_image\" \/>\n<meta name=\"twitter:label1\" content=\"Dur\u00e9e de lecture estim\u00e9e\" \/>\n\t<meta name=\"twitter:data1\" content=\"10 minutes\" \/>\n<script type=\"application\/ld+json\" class=\"yoast-schema-graph\">{\"@context\":\"https:\\\/\\\/schema.org\",\"@graph\":[{\"@type\":\"WebPage\",\"@id\":\"https:\\\/\\\/www.archimbaudopticien.com\\\/diag\\\/acheter-essilor-eyezen-enfant\\\/\",\"url\":\"https:\\\/\\\/www.archimbaudopticien.com\\\/diag\\\/acheter-essilor-eyezen-enfant\\\/\",\"name\":\"Acheter un verre Essilor\u00ae Eyezen\u00ae enfant | Archimbaud Opticien\",\"isPartOf\":{\"@id\":\"https:\\\/\\\/www.archimbaudopticien.com\\\/diag\\\/#website\"},\"primaryImageOfPage\":{\"@id\":\"https:\\\/\\\/www.archimbaudopticien.com\\\/diag\\\/acheter-essilor-eyezen-enfant\\\/#primaryimage\"},\"image\":{\"@id\":\"https:\\\/\\\/www.archimbaudopticien.com\\\/diag\\\/acheter-essilor-eyezen-enfant\\\/#primaryimage\"},\"thumbnailUrl\":\"https:\\\/\\\/www.archimbaudopticien.com\\\/diag\\\/wp-content\\\/uploads\\\/2026\\\/02\\\/essilor-eyezenkids-stellest-archimbaud.jpg\",\"datePublished\":\"2026-01-14T13:58:31+00:00\",\"dateModified\":\"2026-02-04T20:57:21+00:00\",\"description\":\"Eyezen\u00ae Kids et Stellest\u00ae : deux solutions Essilor\u00ae pour prot\u00e9ger la vision des enfants, r\u00e9duire la fatigue visuelle et accompagner le contr\u00f4le de la myopie. Conseils d\u2019expert et suivi personnalis\u00e9.\",\"breadcrumb\":{\"@id\":\"https:\\\/\\\/www.archimbaudopticien.com\\\/diag\\\/acheter-essilor-eyezen-enfant\\\/#breadcrumb\"},\"inLanguage\":\"fr-FR\",\"potentialAction\":[{\"@type\":\"ReadAction\",\"target\":[\"https:\\\/\\\/www.archimbaudopticien.com\\\/diag\\\/acheter-essilor-eyezen-enfant\\\/\"]}]},{\"@type\":\"ImageObject\",\"inLanguage\":\"fr-FR\",\"@id\":\"https:\\\/\\\/www.archimbaudopticien.com\\\/diag\\\/acheter-essilor-eyezen-enfant\\\/#primaryimage\",\"url\":\"https:\\\/\\\/www.archimbaudopticien.com\\\/diag\\\/wp-content\\\/uploads\\\/2026\\\/02\\\/essilor-eyezenkids-stellest-archimbaud.jpg\",\"contentUrl\":\"https:\\\/\\\/www.archimbaudopticien.com\\\/diag\\\/wp-content\\\/uploads\\\/2026\\\/02\\\/essilor-eyezenkids-stellest-archimbaud.jpg\",\"width\":600,\"height\":650},{\"@type\":\"BreadcrumbList\",\"@id\":\"https:\\\/\\\/www.archimbaudopticien.com\\\/diag\\\/acheter-essilor-eyezen-enfant\\\/#breadcrumb\",\"itemListElement\":[{\"@type\":\"ListItem\",\"position\":1,\"name\":\"Accueil\",\"item\":\"https:\\\/\\\/www.archimbaudopticien.com\\\/diag\\\/\"},{\"@type\":\"ListItem\",\"position\":2,\"name\":\"Acheter un verre Essilor\u00ae Eyezen\u00ae enfant\"}]},{\"@type\":\"WebSite\",\"@id\":\"https:\\\/\\\/www.archimbaudopticien.com\\\/diag\\\/#website\",\"url\":\"https:\\\/\\\/www.archimbaudopticien.com\\\/diag\\\/\",\"name\":\"Archimbaud Opticien\",\"description\":\"\",\"publisher\":{\"@id\":\"https:\\\/\\\/www.archimbaudopticien.com\\\/diag\\\/#organization\"},\"potentialAction\":[{\"@type\":\"SearchAction\",\"target\":{\"@type\":\"EntryPoint\",\"urlTemplate\":\"https:\\\/\\\/www.archimbaudopticien.com\\\/diag\\\/?s={search_term_string}\"},\"query-input\":{\"@type\":\"PropertyValueSpecification\",\"valueRequired\":true,\"valueName\":\"search_term_string\"}}],\"inLanguage\":\"fr-FR\"},{\"@type\":\"Organization\",\"@id\":\"https:\\\/\\\/www.archimbaudopticien.com\\\/diag\\\/#organization\",\"name\":\"Archimbaud Opticien\",\"url\":\"https:\\\/\\\/www.archimbaudopticien.com\\\/diag\\\/\",\"logo\":{\"@type\":\"ImageObject\",\"inLanguage\":\"fr-FR\",\"@id\":\"https:\\\/\\\/www.archimbaudopticien.com\\\/diag\\\/#\\\/schema\\\/logo\\\/image\\\/\",\"url\":\"https:\\\/\\\/www.archimbaudopticien.com\\\/diag\\\/wp-content\\\/uploads\\\/2026\\\/02\\\/logo-1664963842.png\",\"contentUrl\":\"https:\\\/\\\/www.archimbaudopticien.com\\\/diag\\\/wp-content\\\/uploads\\\/2026\\\/02\\\/logo-1664963842.png\",\"width\":600,\"height\":54,\"caption\":\"Archimbaud Opticien\"},\"image\":{\"@id\":\"https:\\\/\\\/www.archimbaudopticien.com\\\/diag\\\/#\\\/schema\\\/logo\\\/image\\\/\"}}]}<\/script>\n<!-- \/ Yoast SEO plugin. -->","yoast_head_json":{"title":"Acheter un verre Essilor\u00ae Eyezen\u00ae enfant | Archimbaud Opticien","description":"Eyezen\u00ae Kids et Stellest\u00ae : deux solutions Essilor\u00ae pour prot\u00e9ger la vision des enfants, r\u00e9duire la fatigue visuelle et accompagner le contr\u00f4le de la myopie. Conseils d\u2019expert et suivi personnalis\u00e9.","robots":{"index":"index","follow":"follow","max-snippet":"max-snippet:-1","max-image-preview":"max-image-preview:large","max-video-preview":"max-video-preview:-1"},"canonical":"https:\/\/www.archimbaudopticien.com\/diag\/acheter-essilor-eyezen-enfant\/","og_locale":"fr_FR","og_type":"article","og_title":"Acheter un verre Essilor\u00ae Eyezen\u00ae enfant | Archimbaud Opticien","og_description":"Eyezen\u00ae Kids et Stellest\u00ae : deux solutions Essilor\u00ae pour prot\u00e9ger la vision des enfants, r\u00e9duire la fatigue visuelle et accompagner le contr\u00f4le de la myopie. Conseils d\u2019expert et suivi personnalis\u00e9.","og_url":"https:\/\/www.archimbaudopticien.com\/diag\/acheter-essilor-eyezen-enfant\/","og_site_name":"Archimbaud Opticien","article_modified_time":"2026-02-04T20:57:21+00:00","og_image":[{"width":600,"height":650,"url":"https:\/\/www.archimbaudopticien.com\/diag\/wp-content\/uploads\/2026\/02\/essilor-eyezenkids-stellest-archimbaud.jpg","type":"image\/jpeg"}],"twitter_card":"summary_large_image","twitter_misc":{"Dur\u00e9e de lecture estim\u00e9e":"10 minutes"},"schema":{"@context":"https:\/\/schema.org","@graph":[{"@type":"WebPage","@id":"https:\/\/www.archimbaudopticien.com\/diag\/acheter-essilor-eyezen-enfant\/","url":"https:\/\/www.archimbaudopticien.com\/diag\/acheter-essilor-eyezen-enfant\/","name":"Acheter un verre Essilor\u00ae Eyezen\u00ae enfant | Archimbaud Opticien","isPartOf":{"@id":"https:\/\/www.archimbaudopticien.com\/diag\/#website"},"primaryImageOfPage":{"@id":"https:\/\/www.archimbaudopticien.com\/diag\/acheter-essilor-eyezen-enfant\/#primaryimage"},"image":{"@id":"https:\/\/www.archimbaudopticien.com\/diag\/acheter-essilor-eyezen-enfant\/#primaryimage"},"thumbnailUrl":"https:\/\/www.archimbaudopticien.com\/diag\/wp-content\/uploads\/2026\/02\/essilor-eyezenkids-stellest-archimbaud.jpg","datePublished":"2026-01-14T13:58:31+00:00","dateModified":"2026-02-04T20:57:21+00:00","description":"Eyezen\u00ae Kids et Stellest\u00ae : deux solutions Essilor\u00ae pour prot\u00e9ger la vision des enfants, r\u00e9duire la fatigue visuelle et accompagner le contr\u00f4le de la myopie. Conseils d\u2019expert et suivi personnalis\u00e9.","breadcrumb":{"@id":"https:\/\/www.archimbaudopticien.com\/diag\/acheter-essilor-eyezen-enfant\/#breadcrumb"},"inLanguage":"fr-FR","potentialAction":[{"@type":"ReadAction","target":["https:\/\/www.archimbaudopticien.com\/diag\/acheter-essilor-eyezen-enfant\/"]}]},{"@type":"ImageObject","inLanguage":"fr-FR","@id":"https:\/\/www.archimbaudopticien.com\/diag\/acheter-essilor-eyezen-enfant\/#primaryimage","url":"https:\/\/www.archimbaudopticien.com\/diag\/wp-content\/uploads\/2026\/02\/essilor-eyezenkids-stellest-archimbaud.jpg","contentUrl":"https:\/\/www.archimbaudopticien.com\/diag\/wp-content\/uploads\/2026\/02\/essilor-eyezenkids-stellest-archimbaud.jpg","width":600,"height":650},{"@type":"BreadcrumbList","@id":"https:\/\/www.archimbaudopticien.com\/diag\/acheter-essilor-eyezen-enfant\/#breadcrumb","itemListElement":[{"@type":"ListItem","position":1,"name":"Accueil","item":"https:\/\/www.archimbaudopticien.com\/diag\/"},{"@type":"ListItem","position":2,"name":"Acheter un verre Essilor\u00ae Eyezen\u00ae enfant"}]},{"@type":"WebSite","@id":"https:\/\/www.archimbaudopticien.com\/diag\/#website","url":"https:\/\/www.archimbaudopticien.com\/diag\/","name":"Archimbaud Opticien","description":"","publisher":{"@id":"https:\/\/www.archimbaudopticien.com\/diag\/#organization"},"potentialAction":[{"@type":"SearchAction","target":{"@type":"EntryPoint","urlTemplate":"https:\/\/www.archimbaudopticien.com\/diag\/?s={search_term_string}"},"query-input":{"@type":"PropertyValueSpecification","valueRequired":true,"valueName":"search_term_string"}}],"inLanguage":"fr-FR"},{"@type":"Organization","@id":"https:\/\/www.archimbaudopticien.com\/diag\/#organization","name":"Archimbaud Opticien","url":"https:\/\/www.archimbaudopticien.com\/diag\/","logo":{"@type":"ImageObject","inLanguage":"fr-FR","@id":"https:\/\/www.archimbaudopticien.com\/diag\/#\/schema\/logo\/image\/","url":"https:\/\/www.archimbaudopticien.com\/diag\/wp-content\/uploads\/2026\/02\/logo-1664963842.png","contentUrl":"https:\/\/www.archimbaudopticien.com\/diag\/wp-content\/uploads\/2026\/02\/logo-1664963842.png","width":600,"height":54,"caption":"Archimbaud Opticien"},"image":{"@id":"https:\/\/www.archimbaudopticien.com\/diag\/#\/schema\/logo\/image\/"}}]}},"_links":{"self":[{"href":"https:\/\/www.archimbaudopticien.com\/diag\/wp-json\/wp\/v2\/pages\/348","targetHints":{"allow":["GET"]}}],"collection":[{"href":"https:\/\/www.archimbaudopticien.com\/diag\/wp-json\/wp\/v2\/pages"}],"about":[{"href":"https:\/\/www.archimbaudopticien.com\/diag\/wp-json\/wp\/v2\/types\/page"}],"author":[{"embeddable":true,"href":"https:\/\/www.archimbaudopticien.com\/diag\/wp-json\/wp\/v2\/users\/1"}],"replies":[{"embeddable":true,"href":"https:\/\/www.archimbaudopticien.com\/diag\/wp-json\/wp\/v2\/comments?post=348"}],"version-history":[{"count":30,"href":"https:\/\/www.archimbaudopticien.com\/diag\/wp-json\/wp\/v2\/pages\/348\/revisions"}],"predecessor-version":[{"id":799,"href":"https:\/\/www.archimbaudopticien.com\/diag\/wp-json\/wp\/v2\/pages\/348\/revisions\/799"}],"wp:featuredmedia":[{"embeddable":true,"href":"https:\/\/www.archimbaudopticien.com\/diag\/wp-json\/wp\/v2\/media\/766"}],"wp:attachment":[{"href":"https:\/\/www.archimbaudopticien.com\/diag\/wp-json\/wp\/v2\/media?parent=348"}],"curies":[{"name":"wp","href":"https:\/\/api.w.org\/{rel}","templated":true}]}}